{"id":277,"date":"2025-04-22T22:05:23","date_gmt":"2025-04-23T01:05:23","guid":{"rendered":"http:\/\/localhost:10008\/?page_id=277"},"modified":"2026-03-25T15:16:37","modified_gmt":"2026-03-25T18:16:37","slug":"projetos","status":"publish","type":"page","link":"https:\/\/davidbastos.com.br\/en\/projetos\/","title":{"rendered":"Projects"},"content":{"rendered":"<div data-elementor-type=\"wp-page\" data-elementor-id=\"277\" class=\"elementor elementor-277\" data-elementor-post-type=\"page\">\n\t\t\t\t<div class=\"elementor-element elementor-element-cc312bd e-con-full e-flex e-con e-parent\" data-id=\"cc312bd\" data-element_type=\"container\" data-e-type=\"container\">\n\t\t\t\t<div class=\"elementor-element elementor-element-f0b81f8 elementor-widget-divider--view-line elementor-widget elementor-widget-divider\" data-id=\"f0b81f8\" data-element_type=\"widget\" data-e-type=\"widget\" data-widget_type=\"divider.default\">\n\t\t\t\t<div class=\"elementor-widget-container\">\n\t\t\t\t\t\t\t<div class=\"elementor-divider\">\n\t\t\t<span class=\"elementor-divider-separator\">\n\t\t\t\t\t\t<\/span>\n\t\t<\/div>\n\t\t\t\t\t\t<\/div>\n\t\t\t\t<\/div>\n\t\t\t\t<\/div>\n\t\t<div class=\"elementor-element elementor-element-4e5f27e e-con-full e-flex e-con e-parent\" data-id=\"4e5f27e\" data-element_type=\"container\" data-e-type=\"container\">\n\t\t\t\t<div class=\"elementor-element elementor-element-d6f76a3 e-n-tabs-none elementor-invisible elementor-widget elementor-widget-n-tabs\" data-id=\"d6f76a3\" data-element_type=\"widget\" data-e-type=\"widget\" data-settings=\"{&quot;tabs_justify_horizontal&quot;:&quot;start&quot;,&quot;_animation&quot;:&quot;fadeIn&quot;,&quot;horizontal_scroll&quot;:&quot;disable&quot;}\" data-widget_type=\"nested-tabs.default\">\n\t\t\t\t<div class=\"elementor-widget-container\">\n\t\t\t\t\t\t\t<div class=\"e-n-tabs\" data-widget-number=\"225408675\" aria-label=\"Tabs. Open items with Enter or Space, close with Escape and navigate using the Arrow keys.\">\n\t\t\t<div class=\"e-n-tabs-heading\" role=\"tablist\">\n\t\t\t\t\t<button id=\"e-n-tab-title-2254086751\" data-tab-title-id=\"e-n-tab-title-2254086751\" class=\"e-n-tab-title\" aria-selected=\"true\" data-tab-index=\"1\" role=\"tab\" tabindex=\"0\" aria-controls=\"e-n-tab-content-2254086751\" style=\"--n-tabs-title-order: 1;\">\n\t\t\t\t\t\t<span class=\"e-n-tab-title-text\">\n\t\t\t\tApartments\t\t\t<\/span>\n\t\t<\/button>\n\t\t\t\t<button id=\"e-n-tab-title-2254086752\" data-tab-title-id=\"e-n-tab-title-2254086752\" class=\"e-n-tab-title\" aria-selected=\"false\" data-tab-index=\"2\" role=\"tab\" tabindex=\"-1\" aria-controls=\"e-n-tab-content-2254086752\" style=\"--n-tabs-title-order: 2;\">\n\t\t\t\t\t\t<span class=\"e-n-tab-title-text\">\n\t\t\t\tHouses\t\t\t<\/span>\n\t\t<\/button>\n\t\t\t\t<button id=\"e-n-tab-title-2254086753\" data-tab-title-id=\"e-n-tab-title-2254086753\" class=\"e-n-tab-title\" aria-selected=\"false\" data-tab-index=\"3\" role=\"tab\" tabindex=\"-1\" aria-controls=\"e-n-tab-content-2254086753\" style=\"--n-tabs-title-order: 3;\">\n\t\t\t\t\t\t<span class=\"e-n-tab-title-text\">\n\t\t\t\tCommercial\t\t\t<\/span>\n\t\t<\/button>\n\t\t\t\t<button id=\"e-n-tab-title-2254086754\" data-tab-title-id=\"e-n-tab-title-2254086754\" class=\"e-n-tab-title\" aria-selected=\"false\" data-tab-index=\"4\" role=\"tab\" tabindex=\"-1\" aria-controls=\"e-n-tab-content-2254086754\" style=\"--n-tabs-title-order: 4;\">\n\t\t\t\t\t\t<span class=\"e-n-tab-title-text\">\n\t\t\t\tMostras\t\t\t<\/span>\n\t\t<\/button>\n\t\t\t\t<button id=\"e-n-tab-title-2254086755\" data-tab-title-id=\"e-n-tab-title-2254086755\" class=\"e-n-tab-title\" aria-selected=\"false\" data-tab-index=\"5\" role=\"tab\" tabindex=\"-1\" aria-controls=\"e-n-tab-content-2254086755\" style=\"--n-tabs-title-order: 5;\">\n\t\t\t\t\t\t<span class=\"e-n-tab-title-text\">\n\t\t\t\tEdif\u00edcios\t\t\t<\/span>\n\t\t<\/button>\n\t\t\t\t<button id=\"e-n-tab-title-2254086756\" data-tab-title-id=\"e-n-tab-title-2254086756\" class=\"e-n-tab-title\" aria-selected=\"false\" data-tab-index=\"6\" role=\"tab\" tabindex=\"-1\" aria-controls=\"e-n-tab-content-2254086756\" style=\"--n-tabs-title-order: 6;\">\n\t\t\t\t\t\t<span class=\"e-n-tab-title-text\">\n\t\t\t\tUrbanismo\t\t\t<\/span>\n\t\t<\/button>\n\t\t\t\t\t<\/div>\n\t\t\t<div class=\"e-n-tabs-content\">\n\t\t\t\t<div id=\"e-n-tab-content-2254086751\" role=\"tabpanel\" aria-labelledby=\"e-n-tab-title-2254086751\" data-tab-index=\"1\" style=\"--n-tabs-title-order: 1;\" class=\"e-active elementor-element elementor-element-091f512 e-con-full e-flex elementor-invisible e-con e-child\" data-id=\"091f512\" data-element_type=\"container\" data-e-type=\"container\" data-settings=\"{&quot;animation&quot;:&quot;fadeIn&quot;}\">\n\t\t<div class=\"elementor-element elementor-element-0df5739 e-con-full e-flex e-con e-child\" data-id=\"0df5739\" data-element_type=\"container\" data-e-type=\"container\">\n\t\t\t\t<div class=\"elementor-element elementor-element-e991211 e-n-tabs-none elementor-widget elementor-widget-n-tabs\" data-id=\"e991211\" data-element_type=\"widget\" data-e-type=\"widget\" data-settings=\"{&quot;tabs_justify_horizontal&quot;:&quot;start&quot;,&quot;horizontal_scroll&quot;:&quot;disable&quot;}\" data-widget_type=\"nested-tabs.default\">\n\t\t\t\t<div class=\"elementor-widget-container\">\n\t\t\t\t\t\t\t<div class=\"e-n-tabs\" data-widget-number=\"244912657\" aria-label=\"Tabs. Open items with Enter or Space, close with Escape and navigate using the Arrow keys.\">\n\t\t\t<div class=\"e-n-tabs-heading\" role=\"tablist\">\n\t\t\t\t\t<button id=\"e-n-tab-title-2449126571\" data-tab-title-id=\"e-n-tab-title-2449126571\" class=\"e-n-tab-title\" aria-selected=\"true\" data-tab-index=\"1\" role=\"tab\" tabindex=\"0\" aria-controls=\"e-n-tab-content-2449126571\" style=\"--n-tabs-title-order: 1;\">\n\t\t\t\t\t\t<span class=\"e-n-tab-title-text\">\n\t\t\t\tAll\t\t\t<\/span>\n\t\t<\/button>\n\t\t\t\t<button id=\"e-n-tab-title-2449126572\" data-tab-title-id=\"e-n-tab-title-2449126572\" class=\"e-n-tab-title\" aria-selected=\"false\" data-tab-index=\"2\" role=\"tab\" tabindex=\"-1\" aria-controls=\"e-n-tab-content-2449126572\" style=\"--n-tabs-title-order: 2;\">\n\t\t\t\t\t\t<span class=\"e-n-tab-title-text\">\n\t\t\t\tPenthouses\t\t\t<\/span>\n\t\t<\/button>\n\t\t\t\t<button id=\"e-n-tab-title-2449126573\" data-tab-title-id=\"e-n-tab-title-2449126573\" class=\"e-n-tab-title\" aria-selected=\"false\" data-tab-index=\"3\" role=\"tab\" tabindex=\"-1\" aria-controls=\"e-n-tab-content-2449126573\" style=\"--n-tabs-title-order: 3;\">\n\t\t\t\t\t\t<span class=\"e-n-tab-title-text\">\n\t\t\t\tGardens\t\t\t<\/span>\n\t\t<\/button>\n\t\t\t\t\t<\/div>\n\t\t\t<div class=\"e-n-tabs-content\">\n\t\t\t\t<div id=\"e-n-tab-content-2449126571\" role=\"tabpanel\" aria-labelledby=\"e-n-tab-title-2449126571\" data-tab-index=\"1\" style=\"--n-tabs-title-order: 1;\" class=\"e-active elementor-element elementor-element-fee1aba e-con-full e-flex e-con e-child\" data-id=\"fee1aba\" data-element_type=\"container\" data-e-type=\"container\">\n\t\t<div class=\"elementor-element elementor-element-526b4c8 e-con-full e-flex elementor-invisible e-con e-child\" data-id=\"526b4c8\" data-element_type=\"container\" data-e-type=\"container\" data-settings=\"{&quot;animation&quot;:&quot;fadeIn&quot;}\">\n\t\t\t\t<div class=\"elementor-element elementor-element-d23a84f elementor-grid-4 elementor-widget__width-inherit elementor-grid-tablet-2 elementor-grid-mobile-1 elementor-widget elementor-widget-portfolio\" data-id=\"d23a84f\" data-element_type=\"widget\" data-e-type=\"widget\" data-settings=\"{&quot;columns&quot;:&quot;4&quot;,&quot;row_gap&quot;:{&quot;unit&quot;:&quot;px&quot;,&quot;size&quot;:12,&quot;sizes&quot;:[]},&quot;columns_tablet&quot;:&quot;2&quot;,&quot;columns_mobile&quot;:&quot;1&quot;,&quot;item_ratio&quot;:{&quot;unit&quot;:&quot;px&quot;,&quot;size&quot;:0.66,&quot;sizes&quot;:[]},&quot;item_gap&quot;:{&quot;unit&quot;:&quot;px&quot;,&quot;size&quot;:&quot;&quot;,&quot;sizes&quot;:[]}}\" data-widget_type=\"portfolio.default\">\n\t\t\t\t<div class=\"elementor-widget-container\">\n\t\t\t\t\t\t\t<div class=\"elementor-portfolio elementor-grid elementor-posts-container\" role=\"list\">\n\t\t\t\t<article class=\"elementor-portfolio-item elementor-post elementor-filter-5 post-4696 projeto type-projeto status-publish has-post-thumbnail hentry categoria-de-projeto-apartamentos\" role=\"listitem\">\n\t\t\t<a class=\"elementor-post__thumbnail__link\" href=\"https:\/\/davidbastos.com.br\/en\/projeto\/vila-madalena-ii\/\">\n\t\t\t\t<div class=\"elementor-portfolio-item__img elementor-post__thumbnail\">\n\t\t\t<img decoding=\"async\" width=\"1920\" height=\"1280\" src=\"https:\/\/davidbastos.com.br\/wp-content\/uploads\/2026\/04\/T.Reines_T.Reines_IMG_2026_2.webp\" class=\"attachment-full size-full wp-image-4701\" alt=\"\" srcset=\"https:\/\/davidbastos.com.br\/wp-content\/uploads\/2026\/04\/T.Reines_T.Reines_IMG_2026_2.webp 1920w, https:\/\/davidbastos.com.br\/wp-content\/uploads\/2026\/04\/T.Reines_T.Reines_IMG_2026_2-300x200.webp 300w, https:\/\/davidbastos.com.br\/wp-content\/uploads\/2026\/04\/T.Reines_T.Reines_IMG_2026_2-1024x683.webp 1024w, https:\/\/davidbastos.com.br\/wp-content\/uploads\/2026\/04\/T.Reines_T.Reines_IMG_2026_2-768x512.webp 768w, https:\/\/davidbastos.com.br\/wp-content\/uploads\/2026\/04\/T.Reines_T.Reines_IMG_2026_2-1536x1024.webp 1536w, https:\/\/davidbastos.com.br\/wp-content\/uploads\/2026\/04\/T.Reines_T.Reines_IMG_2026_2-18x12.webp 18w\" sizes=\"(max-width: 1920px) 100vw, 1920px\" \/>\t\t<\/div>\n\t\t\t\t<div class=\"elementor-portfolio-item__overlay\">\n\t\t\t\t<h5 class=\"elementor-portfolio-item__title\">\n\t\tLacerda Vergueiro &#8211; Vila Madalena II\t\t<\/h5>\n\t\t\t\t<\/div>\n\t\t\t\t<\/a>\n\t\t<\/article>\n\t\t\t\t<article class=\"elementor-portfolio-item elementor-post elementor-filter-5 post-4635 projeto type-projeto status-publish has-post-thumbnail hentry categoria-de-projeto-apartamentos\" role=\"listitem\">\n\t\t\t<a class=\"elementor-post__thumbnail__link\" href=\"https:\/\/davidbastos.com.br\/en\/projeto\/apartamento-marion-1o-imovel-do-david-bastos-em-sp\/\">\n\t\t\t\t<div class=\"elementor-portfolio-item__img elementor-post__thumbnail\">\n\t\t\t<img decoding=\"async\" width=\"2560\" height=\"1700\" src=\"https:\/\/davidbastos.com.br\/wp-content\/uploads\/2026\/03\/IMG_2356.tif-scaled.jpg\" class=\"attachment-full size-full wp-image-4636\" alt=\"\" srcset=\"https:\/\/davidbastos.com.br\/wp-content\/uploads\/2026\/03\/IMG_2356.tif-scaled.jpg 2560w, https:\/\/davidbastos.com.br\/wp-content\/uploads\/2026\/03\/IMG_2356.tif-300x199.jpg 300w, https:\/\/davidbastos.com.br\/wp-content\/uploads\/2026\/03\/IMG_2356.tif-1024x680.jpg 1024w, https:\/\/davidbastos.com.br\/wp-content\/uploads\/2026\/03\/IMG_2356.tif-768x510.jpg 768w, https:\/\/davidbastos.com.br\/wp-content\/uploads\/2026\/03\/IMG_2356.tif-1536x1020.jpg 1536w, https:\/\/davidbastos.com.br\/wp-content\/uploads\/2026\/03\/IMG_2356.tif-2048x1360.jpg 2048w, https:\/\/davidbastos.com.br\/wp-content\/uploads\/2026\/03\/IMG_2356.tif-18x12.jpg 18w\" sizes=\"(max-width: 2560px) 100vw, 2560px\" \/>\t\t<\/div>\n\t\t\t\t<div class=\"elementor-portfolio-item__overlay\">\n\t\t\t\t<h5 class=\"elementor-portfolio-item__title\">\n\t\tApartamento Marion &#8211; 1\u00ba im\u00f3vel do David Bastos em SP\t\t<\/h5>\n\t\t\t\t<\/div>\n\t\t\t\t<\/a>\n\t\t<\/article>\n\t\t\t\t<article class=\"elementor-portfolio-item elementor-post elementor-filter-5 elementor-filter-40 post-4107 projeto type-projeto status-publish has-post-thumbnail hentry categoria-de-projeto-apartamentos categoria-de-projeto-garden\" role=\"listitem\">\n\t\t\t<a class=\"elementor-post__thumbnail__link\" href=\"https:\/\/davidbastos.com.br\/en\/projeto\/one-sixty-vila-olimpia-iii\/\">\n\t\t\t\t<div class=\"elementor-portfolio-item__img elementor-post__thumbnail\">\n\t\t\t<img decoding=\"async\" width=\"1920\" height=\"1280\" src=\"https:\/\/davidbastos.com.br\/wp-content\/uploads\/2026\/02\/T.ReinesIMG_1365.webp\" class=\"attachment-full size-full wp-image-4133\" alt=\"\" srcset=\"https:\/\/davidbastos.com.br\/wp-content\/uploads\/2026\/02\/T.ReinesIMG_1365.webp 1920w, https:\/\/davidbastos.com.br\/wp-content\/uploads\/2026\/02\/T.ReinesIMG_1365-300x200.webp 300w, https:\/\/davidbastos.com.br\/wp-content\/uploads\/2026\/02\/T.ReinesIMG_1365-1024x683.webp 1024w, https:\/\/davidbastos.com.br\/wp-content\/uploads\/2026\/02\/T.ReinesIMG_1365-768x512.webp 768w, https:\/\/davidbastos.com.br\/wp-content\/uploads\/2026\/02\/T.ReinesIMG_1365-1536x1024.webp 1536w, https:\/\/davidbastos.com.br\/wp-content\/uploads\/2026\/02\/T.ReinesIMG_1365-18x12.webp 18w\" sizes=\"(max-width: 1920px) 100vw, 1920px\" \/>\t\t<\/div>\n\t\t\t\t<div class=\"elementor-portfolio-item__overlay\">\n\t\t\t\t<h5 class=\"elementor-portfolio-item__title\">\n\t\tOne Sixty &#8211; Vila Ol\u00edmpia III\t\t<\/h5>\n\t\t\t\t<\/div>\n\t\t\t\t<\/a>\n\t\t<\/article>\n\t\t\t\t<article class=\"elementor-portfolio-item elementor-post elementor-filter-5 elementor-filter-6 post-94 projeto type-projeto status-publish has-post-thumbnail hentry categoria-de-projeto-apartamentos categoria-de-projeto-coberturas\" role=\"listitem\">\n\t\t\t<a class=\"elementor-post__thumbnail__link\" href=\"https:\/\/davidbastos.com.br\/en\/projeto\/itaim-bibi\/\">\n\t\t\t\t<div class=\"elementor-portfolio-item__img elementor-post__thumbnail\">\n\t\t\t<img decoding=\"async\" width=\"1920\" height=\"1281\" src=\"https:\/\/davidbastos.com.br\/wp-content\/uploads\/2025\/04\/IMG_5457-scaled.webp\" class=\"attachment-full size-full wp-image-805\" alt=\"\" srcset=\"https:\/\/davidbastos.com.br\/wp-content\/uploads\/2025\/04\/IMG_5457-scaled.webp 1920w, https:\/\/davidbastos.com.br\/wp-content\/uploads\/2025\/04\/IMG_5457-300x200.webp 300w, https:\/\/davidbastos.com.br\/wp-content\/uploads\/2025\/04\/IMG_5457-1024x683.webp 1024w, https:\/\/davidbastos.com.br\/wp-content\/uploads\/2025\/04\/IMG_5457-768x512.webp 768w, https:\/\/davidbastos.com.br\/wp-content\/uploads\/2025\/04\/IMG_5457-1536x1025.webp 1536w\" sizes=\"(max-width: 1920px) 100vw, 1920px\" \/>\t\t<\/div>\n\t\t\t\t<div class=\"elementor-portfolio-item__overlay\">\n\t\t\t\t<h5 class=\"elementor-portfolio-item__title\">\n\t\tItaim Bibi\t\t<\/h5>\n\t\t\t\t<\/div>\n\t\t\t\t<\/a>\n\t\t<\/article>\n\t\t\t\t<article class=\"elementor-portfolio-item elementor-post elementor-filter-5 elementor-filter-6 post-571 projeto type-projeto status-publish has-post-thumbnail hentry categoria-de-projeto-apartamentos categoria-de-projeto-coberturas\" role=\"listitem\">\n\t\t\t<a class=\"elementor-post__thumbnail__link\" href=\"https:\/\/davidbastos.com.br\/en\/projeto\/cobertura-vila-nova-conceicao\/\">\n\t\t\t\t<div class=\"elementor-portfolio-item__img elementor-post__thumbnail\">\n\t\t\t<img decoding=\"async\" width=\"2560\" height=\"1707\" src=\"https:\/\/davidbastos.com.br\/wp-content\/uploads\/2025\/06\/T.ReinesIMG_1911-scaled.jpg\" class=\"attachment-full size-full wp-image-893\" alt=\"\" srcset=\"https:\/\/davidbastos.com.br\/wp-content\/uploads\/2025\/06\/T.ReinesIMG_1911-scaled.jpg 2560w, https:\/\/davidbastos.com.br\/wp-content\/uploads\/2025\/06\/T.ReinesIMG_1911-300x200.jpg 300w, https:\/\/davidbastos.com.br\/wp-content\/uploads\/2025\/06\/T.ReinesIMG_1911-1024x683.jpg 1024w, https:\/\/davidbastos.com.br\/wp-content\/uploads\/2025\/06\/T.ReinesIMG_1911-768x512.jpg 768w, https:\/\/davidbastos.com.br\/wp-content\/uploads\/2025\/06\/T.ReinesIMG_1911-1536x1024.jpg 1536w, https:\/\/davidbastos.com.br\/wp-content\/uploads\/2025\/06\/T.ReinesIMG_1911-2048x1365.jpg 2048w\" sizes=\"(max-width: 2560px) 100vw, 2560px\" \/>\t\t<\/div>\n\t\t\t\t<div class=\"elementor-portfolio-item__overlay\">\n\t\t\t\t<h5 class=\"elementor-portfolio-item__title\">\n\t\tCobertura Vila Nova Concei\u00e7\u00e3o\t\t<\/h5>\n\t\t\t\t<\/div>\n\t\t\t\t<\/a>\n\t\t<\/article>\n\t\t\t\t<article class=\"elementor-portfolio-item elementor-post elementor-filter-5 post-3756 projeto type-projeto status-publish has-post-thumbnail hentry categoria-de-projeto-apartamentos\" role=\"listitem\">\n\t\t\t<a class=\"elementor-post__thumbnail__link\" href=\"https:\/\/davidbastos.com.br\/en\/projeto\/apartamento-david-bastos-v-rio-verde-copacabana\/\">\n\t\t\t\t<div class=\"elementor-portfolio-item__img elementor-post__thumbnail\">\n\t\t\t<img decoding=\"async\" width=\"1920\" height=\"1281\" src=\"https:\/\/davidbastos.com.br\/wp-content\/uploads\/2026\/01\/Foto-05.webp\" class=\"attachment-full size-full wp-image-3761\" alt=\"\" srcset=\"https:\/\/davidbastos.com.br\/wp-content\/uploads\/2026\/01\/Foto-05.webp 1920w, https:\/\/davidbastos.com.br\/wp-content\/uploads\/2026\/01\/Foto-05-300x200.webp 300w, https:\/\/davidbastos.com.br\/wp-content\/uploads\/2026\/01\/Foto-05-1024x683.webp 1024w, https:\/\/davidbastos.com.br\/wp-content\/uploads\/2026\/01\/Foto-05-768x512.webp 768w, https:\/\/davidbastos.com.br\/wp-content\/uploads\/2026\/01\/Foto-05-1536x1025.webp 1536w, https:\/\/davidbastos.com.br\/wp-content\/uploads\/2026\/01\/Foto-05-18x12.webp 18w\" sizes=\"(max-width: 1920px) 100vw, 1920px\" \/>\t\t<\/div>\n\t\t\t\t<div class=\"elementor-portfolio-item__overlay\">\n\t\t\t\t<h5 class=\"elementor-portfolio-item__title\">\n\t\tApartamento David Bastos V &#8211; Rio Verde Copacabana\t\t<\/h5>\n\t\t\t\t<\/div>\n\t\t\t\t<\/a>\n\t\t<\/article>\n\t\t\t\t<article class=\"elementor-portfolio-item elementor-post elementor-filter-5 elementor-filter-6 post-2065 projeto type-projeto status-publish has-post-thumbnail hentry categoria-de-projeto-apartamentos categoria-de-projeto-coberturas\" role=\"listitem\">\n\t\t\t<a class=\"elementor-post__thumbnail__link\" href=\"https:\/\/davidbastos.com.br\/en\/projeto\/itaim-bibi-vi\/\">\n\t\t\t\t<div class=\"elementor-portfolio-item__img elementor-post__thumbnail\">\n\t\t\t<img decoding=\"async\" width=\"1920\" height=\"1281\" src=\"https:\/\/davidbastos.com.br\/wp-content\/uploads\/2025\/12\/IMG_5672.webp\" class=\"attachment-full size-full wp-image-2083\" alt=\"\" srcset=\"https:\/\/davidbastos.com.br\/wp-content\/uploads\/2025\/12\/IMG_5672.webp 1920w, https:\/\/davidbastos.com.br\/wp-content\/uploads\/2025\/12\/IMG_5672-300x200.webp 300w, https:\/\/davidbastos.com.br\/wp-content\/uploads\/2025\/12\/IMG_5672-1024x683.webp 1024w, https:\/\/davidbastos.com.br\/wp-content\/uploads\/2025\/12\/IMG_5672-768x512.webp 768w, https:\/\/davidbastos.com.br\/wp-content\/uploads\/2025\/12\/IMG_5672-1536x1025.webp 1536w, https:\/\/davidbastos.com.br\/wp-content\/uploads\/2025\/12\/IMG_5672-18x12.webp 18w\" sizes=\"(max-width: 1920px) 100vw, 1920px\" \/>\t\t<\/div>\n\t\t\t\t<div class=\"elementor-portfolio-item__overlay\">\n\t\t\t\t<h5 class=\"elementor-portfolio-item__title\">\n\t\tItaim Bibi VI\t\t<\/h5>\n\t\t\t\t<\/div>\n\t\t\t\t<\/a>\n\t\t<\/article>\n\t\t\t\t<article class=\"elementor-portfolio-item elementor-post elementor-filter-5 elementor-filter-40 post-2869 projeto type-projeto status-publish has-post-thumbnail hentry categoria-de-projeto-apartamentos categoria-de-projeto-garden\" role=\"listitem\">\n\t\t\t<a class=\"elementor-post__thumbnail__link\" href=\"https:\/\/davidbastos.com.br\/en\/projeto\/vila-nova-conceicao-vi\/\">\n\t\t\t\t<div class=\"elementor-portfolio-item__img elementor-post__thumbnail\">\n\t\t\t<img decoding=\"async\" width=\"1920\" height=\"1280\" src=\"https:\/\/davidbastos.com.br\/wp-content\/uploads\/2026\/01\/3B3A1157.webp\" class=\"attachment-full size-full wp-image-2880\" alt=\"\" srcset=\"https:\/\/davidbastos.com.br\/wp-content\/uploads\/2026\/01\/3B3A1157.webp 1920w, https:\/\/davidbastos.com.br\/wp-content\/uploads\/2026\/01\/3B3A1157-300x200.webp 300w, https:\/\/davidbastos.com.br\/wp-content\/uploads\/2026\/01\/3B3A1157-1024x683.webp 1024w, https:\/\/davidbastos.com.br\/wp-content\/uploads\/2026\/01\/3B3A1157-768x512.webp 768w, https:\/\/davidbastos.com.br\/wp-content\/uploads\/2026\/01\/3B3A1157-1536x1024.webp 1536w, https:\/\/davidbastos.com.br\/wp-content\/uploads\/2026\/01\/3B3A1157-18x12.webp 18w\" sizes=\"(max-width: 1920px) 100vw, 1920px\" \/>\t\t<\/div>\n\t\t\t\t<div class=\"elementor-portfolio-item__overlay\">\n\t\t\t\t<h5 class=\"elementor-portfolio-item__title\">\n\t\tVila Nova Concei\u00e7\u00e3o VI\t\t<\/h5>\n\t\t\t\t<\/div>\n\t\t\t\t<\/a>\n\t\t<\/article>\n\t\t\t\t<article class=\"elementor-portfolio-item elementor-post elementor-filter-5 post-1626 projeto type-projeto status-publish has-post-thumbnail hentry categoria-de-projeto-apartamentos\" role=\"listitem\">\n\t\t\t<a class=\"elementor-post__thumbnail__link\" href=\"https:\/\/davidbastos.com.br\/en\/projeto\/wildberger-iii\/\">\n\t\t\t\t<div class=\"elementor-portfolio-item__img elementor-post__thumbnail\">\n\t\t\t<img decoding=\"async\" width=\"1920\" height=\"1280\" src=\"https:\/\/davidbastos.com.br\/wp-content\/uploads\/2025\/12\/T.Reines_IMG_8099.webp\" class=\"attachment-full size-full wp-image-1642\" alt=\"\" srcset=\"https:\/\/davidbastos.com.br\/wp-content\/uploads\/2025\/12\/T.Reines_IMG_8099.webp 1920w, https:\/\/davidbastos.com.br\/wp-content\/uploads\/2025\/12\/T.Reines_IMG_8099-300x200.webp 300w, https:\/\/davidbastos.com.br\/wp-content\/uploads\/2025\/12\/T.Reines_IMG_8099-1024x683.webp 1024w, https:\/\/davidbastos.com.br\/wp-content\/uploads\/2025\/12\/T.Reines_IMG_8099-768x512.webp 768w, https:\/\/davidbastos.com.br\/wp-content\/uploads\/2025\/12\/T.Reines_IMG_8099-1536x1024.webp 1536w, https:\/\/davidbastos.com.br\/wp-content\/uploads\/2025\/12\/T.Reines_IMG_8099-18x12.webp 18w\" sizes=\"(max-width: 1920px) 100vw, 1920px\" \/>\t\t<\/div>\n\t\t\t\t<div class=\"elementor-portfolio-item__overlay\">\n\t\t\t\t<h5 class=\"elementor-portfolio-item__title\">\n\t\tWildberger III &#8211; Corredor da Vit\u00f3ria III\t\t<\/h5>\n\t\t\t\t<\/div>\n\t\t\t\t<\/a>\n\t\t<\/article>\n\t\t\t\t<article class=\"elementor-portfolio-item elementor-post elementor-filter-5 post-1328 projeto type-projeto status-publish has-post-thumbnail hentry categoria-de-projeto-apartamentos\" role=\"listitem\">\n\t\t\t<a class=\"elementor-post__thumbnail__link\" href=\"https:\/\/davidbastos.com.br\/en\/projeto\/wildberger-i\/\">\n\t\t\t\t<div class=\"elementor-portfolio-item__img elementor-post__thumbnail\">\n\t\t\t<img decoding=\"async\" width=\"1920\" height=\"1280\" src=\"https:\/\/davidbastos.com.br\/wp-content\/uploads\/2025\/12\/IMG_1131.webp\" class=\"attachment-full size-full wp-image-1331\" alt=\"\" srcset=\"https:\/\/davidbastos.com.br\/wp-content\/uploads\/2025\/12\/IMG_1131.webp 1920w, https:\/\/davidbastos.com.br\/wp-content\/uploads\/2025\/12\/IMG_1131-300x200.webp 300w, https:\/\/davidbastos.com.br\/wp-content\/uploads\/2025\/12\/IMG_1131-1024x683.webp 1024w, https:\/\/davidbastos.com.br\/wp-content\/uploads\/2025\/12\/IMG_1131-768x512.webp 768w, https:\/\/davidbastos.com.br\/wp-content\/uploads\/2025\/12\/IMG_1131-1536x1024.webp 1536w, https:\/\/davidbastos.com.br\/wp-content\/uploads\/2025\/12\/IMG_1131-18x12.webp 18w\" sizes=\"(max-width: 1920px) 100vw, 1920px\" \/>\t\t<\/div>\n\t\t\t\t<div class=\"elementor-portfolio-item__overlay\">\n\t\t\t\t<h5 class=\"elementor-portfolio-item__title\">\n\t\tWildberger I &#8211; Corredor da Vit\u00f3ria I\t\t<\/h5>\n\t\t\t\t<\/div>\n\t\t\t\t<\/a>\n\t\t<\/article>\n\t\t\t\t<article class=\"elementor-portfolio-item elementor-post elementor-filter-5 elementor-filter-6 post-2618 projeto type-projeto status-publish has-post-thumbnail hentry categoria-de-projeto-apartamentos categoria-de-projeto-coberturas\" role=\"listitem\">\n\t\t\t<a class=\"elementor-post__thumbnail__link\" href=\"https:\/\/davidbastos.com.br\/en\/projeto\/duplex-ladeira-da-barra\/\">\n\t\t\t\t<div class=\"elementor-portfolio-item__img elementor-post__thumbnail\">\n\t\t\t<img decoding=\"async\" width=\"1920\" height=\"1280\" src=\"https:\/\/davidbastos.com.br\/wp-content\/uploads\/2026\/01\/T.Reines_IMG_1237.webp\" class=\"attachment-full size-full wp-image-2634\" alt=\"\" srcset=\"https:\/\/davidbastos.com.br\/wp-content\/uploads\/2026\/01\/T.Reines_IMG_1237.webp 1920w, https:\/\/davidbastos.com.br\/wp-content\/uploads\/2026\/01\/T.Reines_IMG_1237-300x200.webp 300w, https:\/\/davidbastos.com.br\/wp-content\/uploads\/2026\/01\/T.Reines_IMG_1237-1024x683.webp 1024w, https:\/\/davidbastos.com.br\/wp-content\/uploads\/2026\/01\/T.Reines_IMG_1237-768x512.webp 768w, https:\/\/davidbastos.com.br\/wp-content\/uploads\/2026\/01\/T.Reines_IMG_1237-1536x1024.webp 1536w, https:\/\/davidbastos.com.br\/wp-content\/uploads\/2026\/01\/T.Reines_IMG_1237-18x12.webp 18w\" sizes=\"(max-width: 1920px) 100vw, 1920px\" \/>\t\t<\/div>\n\t\t\t\t<div class=\"elementor-portfolio-item__overlay\">\n\t\t\t\t<h5 class=\"elementor-portfolio-item__title\">\n\t\tDuplex Ladeira da Barra\t\t<\/h5>\n\t\t\t\t<\/div>\n\t\t\t\t<\/a>\n\t\t<\/article>\n\t\t\t\t<article class=\"elementor-portfolio-item elementor-post elementor-filter-5 post-3977 projeto type-projeto status-publish has-post-thumbnail hentry categoria-de-projeto-apartamentos\" role=\"listitem\">\n\t\t\t<a class=\"elementor-post__thumbnail__link\" href=\"https:\/\/davidbastos.com.br\/en\/projeto\/pellegrino-vila-nova-conceicao-viii\/\">\n\t\t\t\t<div class=\"elementor-portfolio-item__img elementor-post__thumbnail\">\n\t\t\t<img decoding=\"async\" width=\"1920\" height=\"1280\" src=\"https:\/\/davidbastos.com.br\/wp-content\/uploads\/2026\/02\/IMG_0456_T.Reines.webp\" class=\"attachment-full size-full wp-image-3995\" alt=\"\" srcset=\"https:\/\/davidbastos.com.br\/wp-content\/uploads\/2026\/02\/IMG_0456_T.Reines.webp 1920w, https:\/\/davidbastos.com.br\/wp-content\/uploads\/2026\/02\/IMG_0456_T.Reines-300x200.webp 300w, https:\/\/davidbastos.com.br\/wp-content\/uploads\/2026\/02\/IMG_0456_T.Reines-1024x683.webp 1024w, https:\/\/davidbastos.com.br\/wp-content\/uploads\/2026\/02\/IMG_0456_T.Reines-768x512.webp 768w, https:\/\/davidbastos.com.br\/wp-content\/uploads\/2026\/02\/IMG_0456_T.Reines-1536x1024.webp 1536w, https:\/\/davidbastos.com.br\/wp-content\/uploads\/2026\/02\/IMG_0456_T.Reines-18x12.webp 18w\" sizes=\"(max-width: 1920px) 100vw, 1920px\" \/>\t\t<\/div>\n\t\t\t\t<div class=\"elementor-portfolio-item__overlay\">\n\t\t\t\t<h5 class=\"elementor-portfolio-item__title\">\n\t\tPellegrino &#8211; Vila Nova Concei\u00e7\u00e3o IX\t\t<\/h5>\n\t\t\t\t<\/div>\n\t\t\t\t<\/a>\n\t\t<\/article>\n\t\t\t\t<article class=\"elementor-portfolio-item elementor-post elementor-filter-5 post-4168 projeto type-projeto status-publish has-post-thumbnail hentry categoria-de-projeto-apartamentos\" role=\"listitem\">\n\t\t\t<a class=\"elementor-post__thumbnail__link\" href=\"https:\/\/davidbastos.com.br\/en\/projeto\/pelegrino-ii-vila-nova-conceicao-x\/\">\n\t\t\t\t<div class=\"elementor-portfolio-item__img elementor-post__thumbnail\">\n\t\t\t<img decoding=\"async\" width=\"1920\" height=\"1280\" src=\"https:\/\/davidbastos.com.br\/wp-content\/uploads\/2026\/02\/26_V7A8308_VILA-NOVA_CL-01.webp\" class=\"attachment-full size-full wp-image-4174\" alt=\"\" srcset=\"https:\/\/davidbastos.com.br\/wp-content\/uploads\/2026\/02\/26_V7A8308_VILA-NOVA_CL-01.webp 1920w, https:\/\/davidbastos.com.br\/wp-content\/uploads\/2026\/02\/26_V7A8308_VILA-NOVA_CL-01-300x200.webp 300w, https:\/\/davidbastos.com.br\/wp-content\/uploads\/2026\/02\/26_V7A8308_VILA-NOVA_CL-01-1024x683.webp 1024w, https:\/\/davidbastos.com.br\/wp-content\/uploads\/2026\/02\/26_V7A8308_VILA-NOVA_CL-01-768x512.webp 768w, https:\/\/davidbastos.com.br\/wp-content\/uploads\/2026\/02\/26_V7A8308_VILA-NOVA_CL-01-1536x1024.webp 1536w, https:\/\/davidbastos.com.br\/wp-content\/uploads\/2026\/02\/26_V7A8308_VILA-NOVA_CL-01-18x12.webp 18w\" sizes=\"(max-width: 1920px) 100vw, 1920px\" \/>\t\t<\/div>\n\t\t\t\t<div class=\"elementor-portfolio-item__overlay\">\n\t\t\t\t<h5 class=\"elementor-portfolio-item__title\">\n\t\tPelegrino II &#8211; Vila Nova Concei\u00e7\u00e3o X\t\t<\/h5>\n\t\t\t\t<\/div>\n\t\t\t\t<\/a>\n\t\t<\/article>\n\t\t\t\t<article class=\"elementor-portfolio-item elementor-post elementor-filter-5 elementor-filter-6 post-1504 projeto type-projeto status-publish has-post-thumbnail hentry categoria-de-projeto-apartamentos categoria-de-projeto-coberturas\" role=\"listitem\">\n\t\t\t<a class=\"elementor-post__thumbnail__link\" href=\"https:\/\/davidbastos.com.br\/en\/projeto\/itaim-bibi-iv-mario-ferraz\/\">\n\t\t\t\t<div class=\"elementor-portfolio-item__img elementor-post__thumbnail\">\n\t\t\t<img decoding=\"async\" width=\"1920\" height=\"1280\" src=\"https:\/\/davidbastos.com.br\/wp-content\/uploads\/2025\/12\/T.Reines_IMG_2890.webp\" class=\"attachment-full size-full wp-image-1513\" alt=\"\" srcset=\"https:\/\/davidbastos.com.br\/wp-content\/uploads\/2025\/12\/T.Reines_IMG_2890.webp 1920w, https:\/\/davidbastos.com.br\/wp-content\/uploads\/2025\/12\/T.Reines_IMG_2890-300x200.webp 300w, https:\/\/davidbastos.com.br\/wp-content\/uploads\/2025\/12\/T.Reines_IMG_2890-1024x683.webp 1024w, https:\/\/davidbastos.com.br\/wp-content\/uploads\/2025\/12\/T.Reines_IMG_2890-768x512.webp 768w, https:\/\/davidbastos.com.br\/wp-content\/uploads\/2025\/12\/T.Reines_IMG_2890-1536x1024.webp 1536w, https:\/\/davidbastos.com.br\/wp-content\/uploads\/2025\/12\/T.Reines_IMG_2890-18x12.webp 18w\" sizes=\"(max-width: 1920px) 100vw, 1920px\" \/>\t\t<\/div>\n\t\t\t\t<div class=\"elementor-portfolio-item__overlay\">\n\t\t\t\t<h5 class=\"elementor-portfolio-item__title\">\n\t\tItaim Bibi IX &#8211; M\u00e1rio Ferraz\t\t<\/h5>\n\t\t\t\t<\/div>\n\t\t\t\t<\/a>\n\t\t<\/article>\n\t\t\t\t<article class=\"elementor-portfolio-item elementor-post elementor-filter-5 elementor-filter-40 post-3772 projeto type-projeto status-publish has-post-thumbnail hentry categoria-de-projeto-apartamentos categoria-de-projeto-garden\" role=\"listitem\">\n\t\t\t<a class=\"elementor-post__thumbnail__link\" href=\"https:\/\/davidbastos.com.br\/en\/projeto\/garden-curitiba-vila-mariana-i\/\">\n\t\t\t\t<div class=\"elementor-portfolio-item__img elementor-post__thumbnail\">\n\t\t\t<img decoding=\"async\" width=\"1920\" height=\"1280\" src=\"https:\/\/davidbastos.com.br\/wp-content\/uploads\/2026\/01\/Capa-3.webp\" class=\"attachment-full size-full wp-image-3785\" alt=\"\" srcset=\"https:\/\/davidbastos.com.br\/wp-content\/uploads\/2026\/01\/Capa-3.webp 1920w, https:\/\/davidbastos.com.br\/wp-content\/uploads\/2026\/01\/Capa-3-300x200.webp 300w, https:\/\/davidbastos.com.br\/wp-content\/uploads\/2026\/01\/Capa-3-1024x683.webp 1024w, https:\/\/davidbastos.com.br\/wp-content\/uploads\/2026\/01\/Capa-3-768x512.webp 768w, https:\/\/davidbastos.com.br\/wp-content\/uploads\/2026\/01\/Capa-3-1536x1024.webp 1536w, https:\/\/davidbastos.com.br\/wp-content\/uploads\/2026\/01\/Capa-3-18x12.webp 18w\" sizes=\"(max-width: 1920px) 100vw, 1920px\" \/>\t\t<\/div>\n\t\t\t\t<div class=\"elementor-portfolio-item__overlay\">\n\t\t\t\t<h5 class=\"elementor-portfolio-item__title\">\n\t\tGarden Curitiba &#8211; Vila Mariana I\t\t<\/h5>\n\t\t\t\t<\/div>\n\t\t\t\t<\/a>\n\t\t<\/article>\n\t\t\t\t<article class=\"elementor-portfolio-item elementor-post elementor-filter-5 post-1543 projeto type-projeto status-publish has-post-thumbnail hentry categoria-de-projeto-apartamentos\" role=\"listitem\">\n\t\t\t<a class=\"elementor-post__thumbnail__link\" href=\"https:\/\/davidbastos.com.br\/en\/projeto\/vieira-souto-ipanema\/\">\n\t\t\t\t<div class=\"elementor-portfolio-item__img elementor-post__thumbnail\">\n\t\t\t<img decoding=\"async\" width=\"1920\" height=\"1202\" src=\"https:\/\/davidbastos.com.br\/wp-content\/uploads\/2025\/12\/0Z7A1570_1.webp\" class=\"attachment-full size-full wp-image-1554\" alt=\"\" srcset=\"https:\/\/davidbastos.com.br\/wp-content\/uploads\/2025\/12\/0Z7A1570_1.webp 1920w, https:\/\/davidbastos.com.br\/wp-content\/uploads\/2025\/12\/0Z7A1570_1-300x188.webp 300w, https:\/\/davidbastos.com.br\/wp-content\/uploads\/2025\/12\/0Z7A1570_1-1024x641.webp 1024w, https:\/\/davidbastos.com.br\/wp-content\/uploads\/2025\/12\/0Z7A1570_1-768x481.webp 768w, https:\/\/davidbastos.com.br\/wp-content\/uploads\/2025\/12\/0Z7A1570_1-1536x962.webp 1536w, https:\/\/davidbastos.com.br\/wp-content\/uploads\/2025\/12\/0Z7A1570_1-18x12.webp 18w\" sizes=\"(max-width: 1920px) 100vw, 1920px\" \/>\t\t<\/div>\n\t\t\t\t<div class=\"elementor-portfolio-item__overlay\">\n\t\t\t\t<h5 class=\"elementor-portfolio-item__title\">\n\t\tVieira Souto &#8211; Ipanema\t\t<\/h5>\n\t\t\t\t<\/div>\n\t\t\t\t<\/a>\n\t\t<\/article>\n\t\t\t\t<article class=\"elementor-portfolio-item elementor-post elementor-filter-5 post-4087 projeto type-projeto status-publish has-post-thumbnail hentry categoria-de-projeto-apartamentos\" role=\"listitem\">\n\t\t\t<a class=\"elementor-post__thumbnail__link\" href=\"https:\/\/davidbastos.com.br\/en\/projeto\/ap-david-bastos-iii-sao-paulo-i-jardins-x\/\">\n\t\t\t\t<div class=\"elementor-portfolio-item__img elementor-post__thumbnail\">\n\t\t\t<img decoding=\"async\" width=\"1920\" height=\"1280\" src=\"https:\/\/davidbastos.com.br\/wp-content\/uploads\/2026\/02\/IMG_5331_090129-Tuca-Reines.webp\" class=\"attachment-full size-full wp-image-4103\" alt=\"\" srcset=\"https:\/\/davidbastos.com.br\/wp-content\/uploads\/2026\/02\/IMG_5331_090129-Tuca-Reines.webp 1920w, https:\/\/davidbastos.com.br\/wp-content\/uploads\/2026\/02\/IMG_5331_090129-Tuca-Reines-300x200.webp 300w, https:\/\/davidbastos.com.br\/wp-content\/uploads\/2026\/02\/IMG_5331_090129-Tuca-Reines-1024x683.webp 1024w, https:\/\/davidbastos.com.br\/wp-content\/uploads\/2026\/02\/IMG_5331_090129-Tuca-Reines-768x512.webp 768w, https:\/\/davidbastos.com.br\/wp-content\/uploads\/2026\/02\/IMG_5331_090129-Tuca-Reines-1536x1024.webp 1536w, https:\/\/davidbastos.com.br\/wp-content\/uploads\/2026\/02\/IMG_5331_090129-Tuca-Reines-18x12.webp 18w\" sizes=\"(max-width: 1920px) 100vw, 1920px\" \/>\t\t<\/div>\n\t\t\t\t<div class=\"elementor-portfolio-item__overlay\">\n\t\t\t\t<h5 class=\"elementor-portfolio-item__title\">\n\t\tAp. David Bastos III &#8211; S\u00e3o Paulo I &#8211; Jardins X\t\t<\/h5>\n\t\t\t\t<\/div>\n\t\t\t\t<\/a>\n\t\t<\/article>\n\t\t\t\t<article class=\"elementor-portfolio-item elementor-post elementor-filter-5 post-3260 projeto type-projeto status-publish has-post-thumbnail hentry categoria-de-projeto-apartamentos\" role=\"listitem\">\n\t\t\t<a class=\"elementor-post__thumbnail__link\" href=\"https:\/\/davidbastos.com.br\/en\/projeto\/margarida-costa-pinto-corredor-da-vitoria-x\/\">\n\t\t\t\t<div class=\"elementor-portfolio-item__img elementor-post__thumbnail\">\n\t\t\t<img decoding=\"async\" width=\"1920\" height=\"1280\" src=\"https:\/\/davidbastos.com.br\/wp-content\/uploads\/2026\/01\/PA_0026.webp\" class=\"attachment-full size-full wp-image-3261\" alt=\"\" srcset=\"https:\/\/davidbastos.com.br\/wp-content\/uploads\/2026\/01\/PA_0026.webp 1920w, https:\/\/davidbastos.com.br\/wp-content\/uploads\/2026\/01\/PA_0026-300x200.webp 300w, https:\/\/davidbastos.com.br\/wp-content\/uploads\/2026\/01\/PA_0026-1024x683.webp 1024w, https:\/\/davidbastos.com.br\/wp-content\/uploads\/2026\/01\/PA_0026-768x512.webp 768w, https:\/\/davidbastos.com.br\/wp-content\/uploads\/2026\/01\/PA_0026-1536x1024.webp 1536w, https:\/\/davidbastos.com.br\/wp-content\/uploads\/2026\/01\/PA_0026-18x12.webp 18w\" sizes=\"(max-width: 1920px) 100vw, 1920px\" \/>\t\t<\/div>\n\t\t\t\t<div class=\"elementor-portfolio-item__overlay\">\n\t\t\t\t<h5 class=\"elementor-portfolio-item__title\">\n\t\tMargarida Costa Pinto &#8211; Corredor da Vit\u00f3ria X\t\t<\/h5>\n\t\t\t\t<\/div>\n\t\t\t\t<\/a>\n\t\t<\/article>\n\t\t\t\t<article class=\"elementor-portfolio-item elementor-post elementor-filter-5 post-4008 projeto type-projeto status-publish has-post-thumbnail hentry categoria-de-projeto-apartamentos\" role=\"listitem\">\n\t\t\t<a class=\"elementor-post__thumbnail__link\" href=\"https:\/\/davidbastos.com.br\/en\/projeto\/apartamento-david-bastos-ii-corredor-da-vitoria-xv\/\">\n\t\t\t\t<div class=\"elementor-portfolio-item__img elementor-post__thumbnail\">\n\t\t\t<img decoding=\"async\" width=\"1920\" height=\"1280\" src=\"https:\/\/davidbastos.com.br\/wp-content\/uploads\/2026\/02\/0Z7A4829-1.webp\" class=\"attachment-full size-full wp-image-4009\" alt=\"\" srcset=\"https:\/\/davidbastos.com.br\/wp-content\/uploads\/2026\/02\/0Z7A4829-1.webp 1920w, https:\/\/davidbastos.com.br\/wp-content\/uploads\/2026\/02\/0Z7A4829-1-300x200.webp 300w, https:\/\/davidbastos.com.br\/wp-content\/uploads\/2026\/02\/0Z7A4829-1-1024x683.webp 1024w, https:\/\/davidbastos.com.br\/wp-content\/uploads\/2026\/02\/0Z7A4829-1-768x512.webp 768w, https:\/\/davidbastos.com.br\/wp-content\/uploads\/2026\/02\/0Z7A4829-1-1536x1024.webp 1536w, https:\/\/davidbastos.com.br\/wp-content\/uploads\/2026\/02\/0Z7A4829-1-18x12.webp 18w\" sizes=\"(max-width: 1920px) 100vw, 1920px\" \/>\t\t<\/div>\n\t\t\t\t<div class=\"elementor-portfolio-item__overlay\">\n\t\t\t\t<h5 class=\"elementor-portfolio-item__title\">\n\t\tAp. David Bastos II &#8211; Corredor da Vit\u00f3ria XV\t\t<\/h5>\n\t\t\t\t<\/div>\n\t\t\t\t<\/a>\n\t\t<\/article>\n\t\t\t\t<article class=\"elementor-portfolio-item elementor-post elementor-filter-5 post-3970 projeto type-projeto status-publish has-post-thumbnail hentry categoria-de-projeto-apartamentos\" role=\"listitem\">\n\t\t\t<a class=\"elementor-post__thumbnail__link\" href=\"https:\/\/davidbastos.com.br\/en\/projeto\/consolacao-ii-jardins-ix\/\">\n\t\t\t\t<div class=\"elementor-portfolio-item__img elementor-post__thumbnail\">\n\t\t\t<img decoding=\"async\" width=\"1920\" height=\"1280\" src=\"https:\/\/davidbastos.com.br\/wp-content\/uploads\/2026\/02\/IMG_6390helenareduzidas.webp\" class=\"attachment-full size-full wp-image-3971\" alt=\"\" srcset=\"https:\/\/davidbastos.com.br\/wp-content\/uploads\/2026\/02\/IMG_6390helenareduzidas.webp 1920w, https:\/\/davidbastos.com.br\/wp-content\/uploads\/2026\/02\/IMG_6390helenareduzidas-300x200.webp 300w, https:\/\/davidbastos.com.br\/wp-content\/uploads\/2026\/02\/IMG_6390helenareduzidas-1024x683.webp 1024w, https:\/\/davidbastos.com.br\/wp-content\/uploads\/2026\/02\/IMG_6390helenareduzidas-768x512.webp 768w, https:\/\/davidbastos.com.br\/wp-content\/uploads\/2026\/02\/IMG_6390helenareduzidas-1536x1024.webp 1536w, https:\/\/davidbastos.com.br\/wp-content\/uploads\/2026\/02\/IMG_6390helenareduzidas-18x12.webp 18w\" sizes=\"(max-width: 1920px) 100vw, 1920px\" \/>\t\t<\/div>\n\t\t\t\t<div class=\"elementor-portfolio-item__overlay\">\n\t\t\t\t<h5 class=\"elementor-portfolio-item__title\">\n\t\tConsola\u00e7\u00e3o II &#8211; Jardins IX\t\t<\/h5>\n\t\t\t\t<\/div>\n\t\t\t\t<\/a>\n\t\t<\/article>\n\t\t\t\t<article class=\"elementor-portfolio-item elementor-post elementor-filter-5 post-1593 projeto type-projeto status-publish has-post-thumbnail hentry categoria-de-projeto-apartamentos\" role=\"listitem\">\n\t\t\t<a class=\"elementor-post__thumbnail__link\" href=\"https:\/\/davidbastos.com.br\/en\/projeto\/wildberger-ii\/\">\n\t\t\t\t<div class=\"elementor-portfolio-item__img elementor-post__thumbnail\">\n\t\t\t<img decoding=\"async\" width=\"1920\" height=\"1280\" src=\"https:\/\/davidbastos.com.br\/wp-content\/uploads\/2025\/12\/T.ReinesIMG_1671.webp\" class=\"attachment-full size-full wp-image-1625\" alt=\"\" srcset=\"https:\/\/davidbastos.com.br\/wp-content\/uploads\/2025\/12\/T.ReinesIMG_1671.webp 1920w, https:\/\/davidbastos.com.br\/wp-content\/uploads\/2025\/12\/T.ReinesIMG_1671-300x200.webp 300w, https:\/\/davidbastos.com.br\/wp-content\/uploads\/2025\/12\/T.ReinesIMG_1671-1024x683.webp 1024w, https:\/\/davidbastos.com.br\/wp-content\/uploads\/2025\/12\/T.ReinesIMG_1671-768x512.webp 768w, https:\/\/davidbastos.com.br\/wp-content\/uploads\/2025\/12\/T.ReinesIMG_1671-1536x1024.webp 1536w, https:\/\/davidbastos.com.br\/wp-content\/uploads\/2025\/12\/T.ReinesIMG_1671-18x12.webp 18w\" sizes=\"(max-width: 1920px) 100vw, 1920px\" \/>\t\t<\/div>\n\t\t\t\t<div class=\"elementor-portfolio-item__overlay\">\n\t\t\t\t<h5 class=\"elementor-portfolio-item__title\">\n\t\tWildberger II &#8211; Corredor da Vit\u00f3ria II\t\t<\/h5>\n\t\t\t\t<\/div>\n\t\t\t\t<\/a>\n\t\t<\/article>\n\t\t\t\t<article class=\"elementor-portfolio-item elementor-post elementor-filter-5 post-2526 projeto type-projeto status-publish has-post-thumbnail hentry categoria-de-projeto-apartamentos\" role=\"listitem\">\n\t\t\t<a class=\"elementor-post__thumbnail__link\" href=\"https:\/\/davidbastos.com.br\/en\/projeto\/alphaville\/\">\n\t\t\t\t<div class=\"elementor-portfolio-item__img elementor-post__thumbnail\">\n\t\t\t<img decoding=\"async\" width=\"1920\" height=\"1280\" src=\"https:\/\/davidbastos.com.br\/wp-content\/uploads\/2026\/01\/T.Reines__IMG_5144.webp\" class=\"attachment-full size-full wp-image-2534\" alt=\"\" srcset=\"https:\/\/davidbastos.com.br\/wp-content\/uploads\/2026\/01\/T.Reines__IMG_5144.webp 1920w, https:\/\/davidbastos.com.br\/wp-content\/uploads\/2026\/01\/T.Reines__IMG_5144-300x200.webp 300w, https:\/\/davidbastos.com.br\/wp-content\/uploads\/2026\/01\/T.Reines__IMG_5144-1024x683.webp 1024w, https:\/\/davidbastos.com.br\/wp-content\/uploads\/2026\/01\/T.Reines__IMG_5144-768x512.webp 768w, https:\/\/davidbastos.com.br\/wp-content\/uploads\/2026\/01\/T.Reines__IMG_5144-1536x1024.webp 1536w, https:\/\/davidbastos.com.br\/wp-content\/uploads\/2026\/01\/T.Reines__IMG_5144-18x12.webp 18w\" sizes=\"(max-width: 1920px) 100vw, 1920px\" \/>\t\t<\/div>\n\t\t\t\t<div class=\"elementor-portfolio-item__overlay\">\n\t\t\t\t<h5 class=\"elementor-portfolio-item__title\">\n\t\tAlphaville\t\t<\/h5>\n\t\t\t\t<\/div>\n\t\t\t\t<\/a>\n\t\t<\/article>\n\t\t\t\t<article class=\"elementor-portfolio-item elementor-post elementor-filter-5 post-2646 projeto type-projeto status-publish has-post-thumbnail hentry categoria-de-projeto-apartamentos\" role=\"listitem\">\n\t\t\t<a class=\"elementor-post__thumbnail__link\" href=\"https:\/\/davidbastos.com.br\/en\/projeto\/itaim-bibi-iii\/\">\n\t\t\t\t<div class=\"elementor-portfolio-item__img elementor-post__thumbnail\">\n\t\t\t<img decoding=\"async\" width=\"1920\" height=\"1440\" src=\"https:\/\/davidbastos.com.br\/wp-content\/uploads\/2026\/01\/DSF3958.webp\" class=\"attachment-full size-full wp-image-2653\" alt=\"\" srcset=\"https:\/\/davidbastos.com.br\/wp-content\/uploads\/2026\/01\/DSF3958.webp 1920w, https:\/\/davidbastos.com.br\/wp-content\/uploads\/2026\/01\/DSF3958-300x225.webp 300w, https:\/\/davidbastos.com.br\/wp-content\/uploads\/2026\/01\/DSF3958-1024x768.webp 1024w, https:\/\/davidbastos.com.br\/wp-content\/uploads\/2026\/01\/DSF3958-768x576.webp 768w, https:\/\/davidbastos.com.br\/wp-content\/uploads\/2026\/01\/DSF3958-1536x1152.webp 1536w, https:\/\/davidbastos.com.br\/wp-content\/uploads\/2026\/01\/DSF3958-16x12.webp 16w\" sizes=\"(max-width: 1920px) 100vw, 1920px\" \/>\t\t<\/div>\n\t\t\t\t<div class=\"elementor-portfolio-item__overlay\">\n\t\t\t\t<h5 class=\"elementor-portfolio-item__title\">\n\t\tItaim Bibi VIII\t\t<\/h5>\n\t\t\t\t<\/div>\n\t\t\t\t<\/a>\n\t\t<\/article>\n\t\t\t\t<article class=\"elementor-portfolio-item elementor-post elementor-filter-5 elementor-filter-6 post-3225 projeto type-projeto status-publish has-post-thumbnail hentry categoria-de-projeto-apartamentos categoria-de-projeto-coberturas\" role=\"listitem\">\n\t\t\t<a class=\"elementor-post__thumbnail__link\" href=\"https:\/\/davidbastos.com.br\/en\/projeto\/leonor-calmon-cobertura\/\">\n\t\t\t\t<div class=\"elementor-portfolio-item__img elementor-post__thumbnail\">\n\t\t\t<img decoding=\"async\" width=\"1920\" height=\"1280\" src=\"https:\/\/davidbastos.com.br\/wp-content\/uploads\/2026\/01\/IMG_7502_Tuca_Reines.webp\" class=\"attachment-full size-full wp-image-3232\" alt=\"\" srcset=\"https:\/\/davidbastos.com.br\/wp-content\/uploads\/2026\/01\/IMG_7502_Tuca_Reines.webp 1920w, https:\/\/davidbastos.com.br\/wp-content\/uploads\/2026\/01\/IMG_7502_Tuca_Reines-300x200.webp 300w, https:\/\/davidbastos.com.br\/wp-content\/uploads\/2026\/01\/IMG_7502_Tuca_Reines-1024x683.webp 1024w, https:\/\/davidbastos.com.br\/wp-content\/uploads\/2026\/01\/IMG_7502_Tuca_Reines-768x512.webp 768w, https:\/\/davidbastos.com.br\/wp-content\/uploads\/2026\/01\/IMG_7502_Tuca_Reines-1536x1024.webp 1536w, https:\/\/davidbastos.com.br\/wp-content\/uploads\/2026\/01\/IMG_7502_Tuca_Reines-18x12.webp 18w\" sizes=\"(max-width: 1920px) 100vw, 1920px\" \/>\t\t<\/div>\n\t\t\t\t<div class=\"elementor-portfolio-item__overlay\">\n\t\t\t\t<h5 class=\"elementor-portfolio-item__title\">\n\t\tCobertura Duplex Leonor Calmon &#8211; Corredor da Vit\u00f3ria IX\t\t<\/h5>\n\t\t\t\t<\/div>\n\t\t\t\t<\/a>\n\t\t<\/article>\n\t\t\t\t<article class=\"elementor-portfolio-item elementor-post elementor-filter-5 post-3920 projeto type-projeto status-publish has-post-thumbnail hentry categoria-de-projeto-apartamentos\" role=\"listitem\">\n\t\t\t<a class=\"elementor-post__thumbnail__link\" href=\"https:\/\/davidbastos.com.br\/en\/projeto\/arthur-moreira-lima-iii-corredor-da-vitoria-xiv\/\">\n\t\t\t\t<div class=\"elementor-portfolio-item__img elementor-post__thumbnail\">\n\t\t\t<img decoding=\"async\" width=\"1920\" height=\"1280\" src=\"https:\/\/davidbastos.com.br\/wp-content\/uploads\/2026\/01\/t.reines_img_9268.webp\" class=\"attachment-full size-full wp-image-3924\" alt=\"\" srcset=\"https:\/\/davidbastos.com.br\/wp-content\/uploads\/2026\/01\/t.reines_img_9268.webp 1920w, https:\/\/davidbastos.com.br\/wp-content\/uploads\/2026\/01\/t.reines_img_9268-300x200.webp 300w, https:\/\/davidbastos.com.br\/wp-content\/uploads\/2026\/01\/t.reines_img_9268-1024x683.webp 1024w, https:\/\/davidbastos.com.br\/wp-content\/uploads\/2026\/01\/t.reines_img_9268-768x512.webp 768w, https:\/\/davidbastos.com.br\/wp-content\/uploads\/2026\/01\/t.reines_img_9268-1536x1024.webp 1536w, https:\/\/davidbastos.com.br\/wp-content\/uploads\/2026\/01\/t.reines_img_9268-18x12.webp 18w\" sizes=\"(max-width: 1920px) 100vw, 1920px\" \/>\t\t<\/div>\n\t\t\t\t<div class=\"elementor-portfolio-item__overlay\">\n\t\t\t\t<h5 class=\"elementor-portfolio-item__title\">\n\t\tArthur Moreira Lima III &#8211; Corredor da Vit\u00f3ria XIV\t\t<\/h5>\n\t\t\t\t<\/div>\n\t\t\t\t<\/a>\n\t\t<\/article>\n\t\t\t\t<article class=\"elementor-portfolio-item elementor-post elementor-filter-5 post-3910 projeto type-projeto status-publish has-post-thumbnail hentry categoria-de-projeto-apartamentos\" role=\"listitem\">\n\t\t\t<a class=\"elementor-post__thumbnail__link\" href=\"https:\/\/davidbastos.com.br\/en\/projeto\/arthur-moreira-lima-iii-corredor-da-vitoria-xiii\/\">\n\t\t\t\t<div class=\"elementor-portfolio-item__img elementor-post__thumbnail\">\n\t\t\t<img decoding=\"async\" width=\"1920\" height=\"1278\" src=\"https:\/\/davidbastos.com.br\/wp-content\/uploads\/2026\/01\/27072011-Arthur-Moreira-Lima-0003.webp\" class=\"attachment-full size-full wp-image-3919\" alt=\"\" srcset=\"https:\/\/davidbastos.com.br\/wp-content\/uploads\/2026\/01\/27072011-Arthur-Moreira-Lima-0003.webp 1920w, https:\/\/davidbastos.com.br\/wp-content\/uploads\/2026\/01\/27072011-Arthur-Moreira-Lima-0003-300x200.webp 300w, https:\/\/davidbastos.com.br\/wp-content\/uploads\/2026\/01\/27072011-Arthur-Moreira-Lima-0003-1024x682.webp 1024w, https:\/\/davidbastos.com.br\/wp-content\/uploads\/2026\/01\/27072011-Arthur-Moreira-Lima-0003-768x511.webp 768w, https:\/\/davidbastos.com.br\/wp-content\/uploads\/2026\/01\/27072011-Arthur-Moreira-Lima-0003-1536x1022.webp 1536w, https:\/\/davidbastos.com.br\/wp-content\/uploads\/2026\/01\/27072011-Arthur-Moreira-Lima-0003-18x12.webp 18w\" sizes=\"(max-width: 1920px) 100vw, 1920px\" \/>\t\t<\/div>\n\t\t\t\t<div class=\"elementor-portfolio-item__overlay\">\n\t\t\t\t<h5 class=\"elementor-portfolio-item__title\">\n\t\tArthur Moreira LIma III &#8211; Corredor da Vit\u00f3ria XIII\t\t<\/h5>\n\t\t\t\t<\/div>\n\t\t\t\t<\/a>\n\t\t<\/article>\n\t\t\t\t<article class=\"elementor-portfolio-item elementor-post elementor-filter-5 post-3900 projeto type-projeto status-publish has-post-thumbnail hentry categoria-de-projeto-apartamentos\" role=\"listitem\">\n\t\t\t<a class=\"elementor-post__thumbnail__link\" href=\"https:\/\/davidbastos.com.br\/en\/projeto\/arpoador\/\">\n\t\t\t\t<div class=\"elementor-portfolio-item__img elementor-post__thumbnail\">\n\t\t\t<img decoding=\"async\" width=\"1920\" height=\"1281\" src=\"https:\/\/davidbastos.com.br\/wp-content\/uploads\/2026\/01\/img_5398Tuca-Reines.webp\" class=\"attachment-full size-full wp-image-3907\" alt=\"\" srcset=\"https:\/\/davidbastos.com.br\/wp-content\/uploads\/2026\/01\/img_5398Tuca-Reines.webp 1920w, https:\/\/davidbastos.com.br\/wp-content\/uploads\/2026\/01\/img_5398Tuca-Reines-300x200.webp 300w, https:\/\/davidbastos.com.br\/wp-content\/uploads\/2026\/01\/img_5398Tuca-Reines-1024x683.webp 1024w, https:\/\/davidbastos.com.br\/wp-content\/uploads\/2026\/01\/img_5398Tuca-Reines-768x512.webp 768w, https:\/\/davidbastos.com.br\/wp-content\/uploads\/2026\/01\/img_5398Tuca-Reines-1536x1025.webp 1536w, https:\/\/davidbastos.com.br\/wp-content\/uploads\/2026\/01\/img_5398Tuca-Reines-18x12.webp 18w\" sizes=\"(max-width: 1920px) 100vw, 1920px\" \/>\t\t<\/div>\n\t\t\t\t<div class=\"elementor-portfolio-item__overlay\">\n\t\t\t\t<h5 class=\"elementor-portfolio-item__title\">\n\t\tArpoador\t\t<\/h5>\n\t\t\t\t<\/div>\n\t\t\t\t<\/a>\n\t\t<\/article>\n\t\t\t\t<article class=\"elementor-portfolio-item elementor-post elementor-filter-5 post-3811 projeto type-projeto status-publish has-post-thumbnail hentry categoria-de-projeto-apartamentos\" role=\"listitem\">\n\t\t\t<a class=\"elementor-post__thumbnail__link\" href=\"https:\/\/davidbastos.com.br\/en\/projeto\/tabapua-itaim-bibi-xi\/\">\n\t\t\t\t<div class=\"elementor-portfolio-item__img elementor-post__thumbnail\">\n\t\t\t<img decoding=\"async\" width=\"1920\" height=\"1280\" src=\"https:\/\/davidbastos.com.br\/wp-content\/uploads\/2026\/01\/Foto-01-8.webp\" class=\"attachment-full size-full wp-image-3816\" alt=\"\" srcset=\"https:\/\/davidbastos.com.br\/wp-content\/uploads\/2026\/01\/Foto-01-8.webp 1920w, https:\/\/davidbastos.com.br\/wp-content\/uploads\/2026\/01\/Foto-01-8-300x200.webp 300w, https:\/\/davidbastos.com.br\/wp-content\/uploads\/2026\/01\/Foto-01-8-1024x683.webp 1024w, https:\/\/davidbastos.com.br\/wp-content\/uploads\/2026\/01\/Foto-01-8-768x512.webp 768w, https:\/\/davidbastos.com.br\/wp-content\/uploads\/2026\/01\/Foto-01-8-1536x1024.webp 1536w, https:\/\/davidbastos.com.br\/wp-content\/uploads\/2026\/01\/Foto-01-8-18x12.webp 18w\" sizes=\"(max-width: 1920px) 100vw, 1920px\" \/>\t\t<\/div>\n\t\t\t\t<div class=\"elementor-portfolio-item__overlay\">\n\t\t\t\t<h5 class=\"elementor-portfolio-item__title\">\n\t\tTabapu\u00e3 &#8211; Itaim Bibi XI\t\t<\/h5>\n\t\t\t\t<\/div>\n\t\t\t\t<\/a>\n\t\t<\/article>\n\t\t\t\t<article class=\"elementor-portfolio-item elementor-post elementor-filter-5 post-3797 projeto type-projeto status-publish has-post-thumbnail hentry categoria-de-projeto-apartamentos\" role=\"listitem\">\n\t\t\t<a class=\"elementor-post__thumbnail__link\" href=\"https:\/\/davidbastos.com.br\/en\/projeto\/rainha-guilhermina-leblon-ii\/\">\n\t\t\t\t<div class=\"elementor-portfolio-item__img elementor-post__thumbnail\">\n\t\t\t<img decoding=\"async\" width=\"1920\" height=\"1280\" src=\"https:\/\/davidbastos.com.br\/wp-content\/uploads\/2026\/01\/Capa-6.webp\" class=\"attachment-full size-full wp-image-3802\" alt=\"\" srcset=\"https:\/\/davidbastos.com.br\/wp-content\/uploads\/2026\/01\/Capa-6.webp 1920w, https:\/\/davidbastos.com.br\/wp-content\/uploads\/2026\/01\/Capa-6-300x200.webp 300w, https:\/\/davidbastos.com.br\/wp-content\/uploads\/2026\/01\/Capa-6-1024x683.webp 1024w, https:\/\/davidbastos.com.br\/wp-content\/uploads\/2026\/01\/Capa-6-768x512.webp 768w, https:\/\/davidbastos.com.br\/wp-content\/uploads\/2026\/01\/Capa-6-1536x1024.webp 1536w, https:\/\/davidbastos.com.br\/wp-content\/uploads\/2026\/01\/Capa-6-18x12.webp 18w\" sizes=\"(max-width: 1920px) 100vw, 1920px\" \/>\t\t<\/div>\n\t\t\t\t<div class=\"elementor-portfolio-item__overlay\">\n\t\t\t\t<h5 class=\"elementor-portfolio-item__title\">\n\t\tRainha Guilhermina &#8211; Leblon II\t\t<\/h5>\n\t\t\t\t<\/div>\n\t\t\t\t<\/a>\n\t\t<\/article>\n\t\t\t\t<article class=\"elementor-portfolio-item elementor-post elementor-filter-5 post-3786 projeto type-projeto status-publish has-post-thumbnail hentry categoria-de-projeto-apartamentos\" role=\"listitem\">\n\t\t\t<a class=\"elementor-post__thumbnail__link\" href=\"https:\/\/davidbastos.com.br\/en\/projeto\/paes-de-barros-itaim-bibi-x\/\">\n\t\t\t\t<div class=\"elementor-portfolio-item__img elementor-post__thumbnail\">\n\t\t\t<img decoding=\"async\" width=\"1920\" height=\"1280\" src=\"https:\/\/davidbastos.com.br\/wp-content\/uploads\/2026\/01\/Capa-5.webp\" class=\"attachment-full size-full wp-image-3796\" alt=\"\" srcset=\"https:\/\/davidbastos.com.br\/wp-content\/uploads\/2026\/01\/Capa-5.webp 1920w, https:\/\/davidbastos.com.br\/wp-content\/uploads\/2026\/01\/Capa-5-300x200.webp 300w, https:\/\/davidbastos.com.br\/wp-content\/uploads\/2026\/01\/Capa-5-1024x683.webp 1024w, https:\/\/davidbastos.com.br\/wp-content\/uploads\/2026\/01\/Capa-5-768x512.webp 768w, https:\/\/davidbastos.com.br\/wp-content\/uploads\/2026\/01\/Capa-5-1536x1024.webp 1536w, https:\/\/davidbastos.com.br\/wp-content\/uploads\/2026\/01\/Capa-5-18x12.webp 18w\" sizes=\"(max-width: 1920px) 100vw, 1920px\" \/>\t\t<\/div>\n\t\t\t\t<div class=\"elementor-portfolio-item__overlay\">\n\t\t\t\t<h5 class=\"elementor-portfolio-item__title\">\n\t\tPaes de Barros &#8211; Itaim Bibi X\t\t<\/h5>\n\t\t\t\t<\/div>\n\t\t\t\t<\/a>\n\t\t<\/article>\n\t\t\t\t<article class=\"elementor-portfolio-item elementor-post elementor-filter-5 elementor-filter-22 elementor-filter-19 post-3487 projeto type-projeto status-publish has-post-thumbnail hentry categoria-de-projeto-apartamentos categoria-de-projeto-decorados categoria-de-projeto-edificios\" role=\"listitem\">\n\t\t\t<a class=\"elementor-post__thumbnail__link\" href=\"https:\/\/davidbastos.com.br\/en\/projeto\/reserva-victoria-decorado-nazca-vitoria-es\/\">\n\t\t\t\t<div class=\"elementor-portfolio-item__img elementor-post__thumbnail\">\n\t\t\t<img decoding=\"async\" width=\"1920\" height=\"1283\" src=\"https:\/\/davidbastos.com.br\/wp-content\/uploads\/2026\/01\/2266_dez21-_-CAMILA-SANTOS.FOT_.webp\" class=\"attachment-full size-full wp-image-3499\" alt=\"\" srcset=\"https:\/\/davidbastos.com.br\/wp-content\/uploads\/2026\/01\/2266_dez21-_-CAMILA-SANTOS.FOT_.webp 1920w, https:\/\/davidbastos.com.br\/wp-content\/uploads\/2026\/01\/2266_dez21-_-CAMILA-SANTOS.FOT_-300x200.webp 300w, https:\/\/davidbastos.com.br\/wp-content\/uploads\/2026\/01\/2266_dez21-_-CAMILA-SANTOS.FOT_-1024x684.webp 1024w, https:\/\/davidbastos.com.br\/wp-content\/uploads\/2026\/01\/2266_dez21-_-CAMILA-SANTOS.FOT_-768x513.webp 768w, https:\/\/davidbastos.com.br\/wp-content\/uploads\/2026\/01\/2266_dez21-_-CAMILA-SANTOS.FOT_-1536x1026.webp 1536w, https:\/\/davidbastos.com.br\/wp-content\/uploads\/2026\/01\/2266_dez21-_-CAMILA-SANTOS.FOT_-18x12.webp 18w\" sizes=\"(max-width: 1920px) 100vw, 1920px\" \/>\t\t<\/div>\n\t\t\t\t<div class=\"elementor-portfolio-item__overlay\">\n\t\t\t\t<h5 class=\"elementor-portfolio-item__title\">\n\t\tReserva Vict\u00f3ria &#8211; Decorado Nazca &#8211; Vit\u00f3ria ES\t\t<\/h5>\n\t\t\t\t<\/div>\n\t\t\t\t<\/a>\n\t\t<\/article>\n\t\t\t\t<article class=\"elementor-portfolio-item elementor-post elementor-filter-5 post-1033 projeto type-projeto status-publish has-post-thumbnail hentry categoria-de-projeto-apartamentos\" role=\"listitem\">\n\t\t\t<a class=\"elementor-post__thumbnail__link\" href=\"https:\/\/davidbastos.com.br\/en\/projeto\/apartamento-lisboa\/\">\n\t\t\t\t<div class=\"elementor-portfolio-item__img elementor-post__thumbnail\">\n\t\t\t<img decoding=\"async\" width=\"1600\" height=\"1067\" src=\"https:\/\/davidbastos.com.br\/wp-content\/uploads\/2025\/10\/apartamento-lisboa-2.webp\" class=\"attachment-full size-full wp-image-1040\" alt=\"\" srcset=\"https:\/\/davidbastos.com.br\/wp-content\/uploads\/2025\/10\/apartamento-lisboa-2.webp 1600w, https:\/\/davidbastos.com.br\/wp-content\/uploads\/2025\/10\/apartamento-lisboa-2-300x200.webp 300w, https:\/\/davidbastos.com.br\/wp-content\/uploads\/2025\/10\/apartamento-lisboa-2-1024x683.webp 1024w, https:\/\/davidbastos.com.br\/wp-content\/uploads\/2025\/10\/apartamento-lisboa-2-768x512.webp 768w, https:\/\/davidbastos.com.br\/wp-content\/uploads\/2025\/10\/apartamento-lisboa-2-1536x1024.webp 1536w, https:\/\/davidbastos.com.br\/wp-content\/uploads\/2025\/10\/apartamento-lisboa-2-18x12.webp 18w\" sizes=\"(max-width: 1600px) 100vw, 1600px\" \/>\t\t<\/div>\n\t\t\t\t<div class=\"elementor-portfolio-item__overlay\">\n\t\t\t\t<h5 class=\"elementor-portfolio-item__title\">\n\t\tApartamento Lisboa\t\t<\/h5>\n\t\t\t\t<\/div>\n\t\t\t\t<\/a>\n\t\t<\/article>\n\t\t\t\t<article class=\"elementor-portfolio-item elementor-post elementor-filter-5 elementor-filter-22 elementor-filter-19 post-3475 projeto type-projeto status-publish has-post-thumbnail hentry categoria-de-projeto-apartamentos categoria-de-projeto-decorados categoria-de-projeto-edificios\" role=\"listitem\">\n\t\t\t<a class=\"elementor-post__thumbnail__link\" href=\"https:\/\/davidbastos.com.br\/en\/projeto\/jeronimo-155-decorado-yuny-incorporadora\/\">\n\t\t\t\t<div class=\"elementor-portfolio-item__img elementor-post__thumbnail\">\n\t\t\t<img decoding=\"async\" width=\"1920\" height=\"1266\" src=\"https:\/\/davidbastos.com.br\/wp-content\/uploads\/2026\/01\/CA_2365-1.webp\" class=\"attachment-full size-full wp-image-3479\" alt=\"\" srcset=\"https:\/\/davidbastos.com.br\/wp-content\/uploads\/2026\/01\/CA_2365-1.webp 1920w, https:\/\/davidbastos.com.br\/wp-content\/uploads\/2026\/01\/CA_2365-1-300x198.webp 300w, https:\/\/davidbastos.com.br\/wp-content\/uploads\/2026\/01\/CA_2365-1-1024x675.webp 1024w, https:\/\/davidbastos.com.br\/wp-content\/uploads\/2026\/01\/CA_2365-1-768x506.webp 768w, https:\/\/davidbastos.com.br\/wp-content\/uploads\/2026\/01\/CA_2365-1-1536x1013.webp 1536w, https:\/\/davidbastos.com.br\/wp-content\/uploads\/2026\/01\/CA_2365-1-18x12.webp 18w\" sizes=\"(max-width: 1920px) 100vw, 1920px\" \/>\t\t<\/div>\n\t\t\t\t<div class=\"elementor-portfolio-item__overlay\">\n\t\t\t\t<h5 class=\"elementor-portfolio-item__title\">\n\t\tJer\u00f4nimo 155 &#8211; Decorado Yuny Incorporadora    Itaim Bibi IX\t\t<\/h5>\n\t\t\t\t<\/div>\n\t\t\t\t<\/a>\n\t\t<\/article>\n\t\t\t\t<article class=\"elementor-portfolio-item elementor-post elementor-filter-5 post-3461 projeto type-projeto status-publish has-post-thumbnail hentry categoria-de-projeto-apartamentos\" role=\"listitem\">\n\t\t\t<a class=\"elementor-post__thumbnail__link\" href=\"https:\/\/davidbastos.com.br\/en\/projeto\/vila-nova-conceicao-viii\/\">\n\t\t\t\t<div class=\"elementor-portfolio-item__img elementor-post__thumbnail\">\n\t\t\t<img decoding=\"async\" width=\"1920\" height=\"1280\" src=\"https:\/\/davidbastos.com.br\/wp-content\/uploads\/2026\/01\/TRE5867_Tuca_Reines.webp\" class=\"attachment-full size-full wp-image-3474\" alt=\"\" srcset=\"https:\/\/davidbastos.com.br\/wp-content\/uploads\/2026\/01\/TRE5867_Tuca_Reines.webp 1920w, https:\/\/davidbastos.com.br\/wp-content\/uploads\/2026\/01\/TRE5867_Tuca_Reines-300x200.webp 300w, https:\/\/davidbastos.com.br\/wp-content\/uploads\/2026\/01\/TRE5867_Tuca_Reines-1024x683.webp 1024w, https:\/\/davidbastos.com.br\/wp-content\/uploads\/2026\/01\/TRE5867_Tuca_Reines-768x512.webp 768w, https:\/\/davidbastos.com.br\/wp-content\/uploads\/2026\/01\/TRE5867_Tuca_Reines-1536x1024.webp 1536w, https:\/\/davidbastos.com.br\/wp-content\/uploads\/2026\/01\/TRE5867_Tuca_Reines-18x12.webp 18w\" sizes=\"(max-width: 1920px) 100vw, 1920px\" \/>\t\t<\/div>\n\t\t\t\t<div class=\"elementor-portfolio-item__overlay\">\n\t\t\t\t<h5 class=\"elementor-portfolio-item__title\">\n\t\tVila Nova Concei\u00e7\u00e3o VIII\t\t<\/h5>\n\t\t\t\t<\/div>\n\t\t\t\t<\/a>\n\t\t<\/article>\n\t\t\t\t<article class=\"elementor-portfolio-item elementor-post elementor-filter-5 post-3449 projeto type-projeto status-publish has-post-thumbnail hentry categoria-de-projeto-apartamentos\" role=\"listitem\">\n\t\t\t<a class=\"elementor-post__thumbnail__link\" href=\"https:\/\/davidbastos.com.br\/en\/projeto\/vila-nova-conceicao-vii\/\">\n\t\t\t\t<div class=\"elementor-portfolio-item__img elementor-post__thumbnail\">\n\t\t\t<img decoding=\"async\" width=\"1920\" height=\"1280\" src=\"https:\/\/davidbastos.com.br\/wp-content\/uploads\/2026\/01\/Tuca-Reines-_img_4229.webp\" class=\"attachment-full size-full wp-image-3454\" alt=\"\" srcset=\"https:\/\/davidbastos.com.br\/wp-content\/uploads\/2026\/01\/Tuca-Reines-_img_4229.webp 1920w, https:\/\/davidbastos.com.br\/wp-content\/uploads\/2026\/01\/Tuca-Reines-_img_4229-300x200.webp 300w, https:\/\/davidbastos.com.br\/wp-content\/uploads\/2026\/01\/Tuca-Reines-_img_4229-1024x683.webp 1024w, https:\/\/davidbastos.com.br\/wp-content\/uploads\/2026\/01\/Tuca-Reines-_img_4229-768x512.webp 768w, https:\/\/davidbastos.com.br\/wp-content\/uploads\/2026\/01\/Tuca-Reines-_img_4229-1536x1024.webp 1536w, https:\/\/davidbastos.com.br\/wp-content\/uploads\/2026\/01\/Tuca-Reines-_img_4229-18x12.webp 18w\" sizes=\"(max-width: 1920px) 100vw, 1920px\" \/>\t\t<\/div>\n\t\t\t\t<div class=\"elementor-portfolio-item__overlay\">\n\t\t\t\t<h5 class=\"elementor-portfolio-item__title\">\n\t\tVila Nova Concei\u00e7\u00e3o VII\t\t<\/h5>\n\t\t\t\t<\/div>\n\t\t\t\t<\/a>\n\t\t<\/article>\n\t\t\t\t<article class=\"elementor-portfolio-item elementor-post elementor-filter-5 post-3434 projeto type-projeto status-publish has-post-thumbnail hentry categoria-de-projeto-apartamentos\" role=\"listitem\">\n\t\t\t<a class=\"elementor-post__thumbnail__link\" href=\"https:\/\/davidbastos.com.br\/en\/projeto\/riviera-ipiranga-ii-barra-iii\/\">\n\t\t\t\t<div class=\"elementor-portfolio-item__img elementor-post__thumbnail\">\n\t\t\t<img decoding=\"async\" width=\"1920\" height=\"1280\" src=\"https:\/\/davidbastos.com.br\/wp-content\/uploads\/2026\/01\/IMG_7958_T.Reines.webp\" class=\"attachment-full size-full wp-image-3445\" alt=\"\" srcset=\"https:\/\/davidbastos.com.br\/wp-content\/uploads\/2026\/01\/IMG_7958_T.Reines.webp 1920w, https:\/\/davidbastos.com.br\/wp-content\/uploads\/2026\/01\/IMG_7958_T.Reines-300x200.webp 300w, https:\/\/davidbastos.com.br\/wp-content\/uploads\/2026\/01\/IMG_7958_T.Reines-1024x683.webp 1024w, https:\/\/davidbastos.com.br\/wp-content\/uploads\/2026\/01\/IMG_7958_T.Reines-768x512.webp 768w, https:\/\/davidbastos.com.br\/wp-content\/uploads\/2026\/01\/IMG_7958_T.Reines-1536x1024.webp 1536w, https:\/\/davidbastos.com.br\/wp-content\/uploads\/2026\/01\/IMG_7958_T.Reines-18x12.webp 18w\" sizes=\"(max-width: 1920px) 100vw, 1920px\" \/>\t\t<\/div>\n\t\t\t\t<div class=\"elementor-portfolio-item__overlay\">\n\t\t\t\t<h5 class=\"elementor-portfolio-item__title\">\n\t\tRiviera Ipiranga II &#8211; Barra III\t\t<\/h5>\n\t\t\t\t<\/div>\n\t\t\t\t<\/a>\n\t\t<\/article>\n\t\t\t\t<article class=\"elementor-portfolio-item elementor-post elementor-filter-5 post-3422 projeto type-projeto status-publish has-post-thumbnail hentry categoria-de-projeto-apartamentos\" role=\"listitem\">\n\t\t\t<a class=\"elementor-post__thumbnail__link\" href=\"https:\/\/davidbastos.com.br\/en\/projeto\/riviera-ipiranga-i-barra-ii\/\">\n\t\t\t\t<div class=\"elementor-portfolio-item__img elementor-post__thumbnail\">\n\t\t\t<img decoding=\"async\" width=\"1920\" height=\"1071\" src=\"https:\/\/davidbastos.com.br\/wp-content\/uploads\/2026\/01\/IMG_7757_T.Reines.webp\" class=\"attachment-full size-full wp-image-3429\" alt=\"\" srcset=\"https:\/\/davidbastos.com.br\/wp-content\/uploads\/2026\/01\/IMG_7757_T.Reines.webp 1920w, https:\/\/davidbastos.com.br\/wp-content\/uploads\/2026\/01\/IMG_7757_T.Reines-300x167.webp 300w, https:\/\/davidbastos.com.br\/wp-content\/uploads\/2026\/01\/IMG_7757_T.Reines-1024x571.webp 1024w, https:\/\/davidbastos.com.br\/wp-content\/uploads\/2026\/01\/IMG_7757_T.Reines-768x428.webp 768w, https:\/\/davidbastos.com.br\/wp-content\/uploads\/2026\/01\/IMG_7757_T.Reines-1536x857.webp 1536w, https:\/\/davidbastos.com.br\/wp-content\/uploads\/2026\/01\/IMG_7757_T.Reines-18x10.webp 18w\" sizes=\"(max-width: 1920px) 100vw, 1920px\" \/>\t\t<\/div>\n\t\t\t\t<div class=\"elementor-portfolio-item__overlay\">\n\t\t\t\t<h5 class=\"elementor-portfolio-item__title\">\n\t\tRiviera Ipiranga I &#8211; Barra II\t\t<\/h5>\n\t\t\t\t<\/div>\n\t\t\t\t<\/a>\n\t\t<\/article>\n\t\t\t\t<article class=\"elementor-portfolio-item elementor-post elementor-filter-5 post-3409 projeto type-projeto status-publish has-post-thumbnail hentry categoria-de-projeto-apartamentos\" role=\"listitem\">\n\t\t\t<a class=\"elementor-post__thumbnail__link\" href=\"https:\/\/davidbastos.com.br\/en\/projeto\/porto-vitoria-corredor-da-vitoria-xii\/\">\n\t\t\t\t<div class=\"elementor-portfolio-item__img elementor-post__thumbnail\">\n\t\t\t<img decoding=\"async\" width=\"1920\" height=\"1525\" src=\"https:\/\/davidbastos.com.br\/wp-content\/uploads\/2026\/01\/APT.-HAMILTON-PADILHA17.webp\" class=\"attachment-full size-full wp-image-3419\" alt=\"\" srcset=\"https:\/\/davidbastos.com.br\/wp-content\/uploads\/2026\/01\/APT.-HAMILTON-PADILHA17.webp 1920w, https:\/\/davidbastos.com.br\/wp-content\/uploads\/2026\/01\/APT.-HAMILTON-PADILHA17-300x238.webp 300w, https:\/\/davidbastos.com.br\/wp-content\/uploads\/2026\/01\/APT.-HAMILTON-PADILHA17-1024x813.webp 1024w, https:\/\/davidbastos.com.br\/wp-content\/uploads\/2026\/01\/APT.-HAMILTON-PADILHA17-768x610.webp 768w, https:\/\/davidbastos.com.br\/wp-content\/uploads\/2026\/01\/APT.-HAMILTON-PADILHA17-1536x1220.webp 1536w, https:\/\/davidbastos.com.br\/wp-content\/uploads\/2026\/01\/APT.-HAMILTON-PADILHA17-15x12.webp 15w\" sizes=\"(max-width: 1920px) 100vw, 1920px\" \/>\t\t<\/div>\n\t\t\t\t<div class=\"elementor-portfolio-item__overlay\">\n\t\t\t\t<h5 class=\"elementor-portfolio-item__title\">\n\t\tPorto Vit\u00f3ria &#8211; Corredor da Vit\u00f3ria XII\t\t<\/h5>\n\t\t\t\t<\/div>\n\t\t\t\t<\/a>\n\t\t<\/article>\n\t\t\t\t<article class=\"elementor-portfolio-item elementor-post elementor-filter-5 post-3389 projeto type-projeto status-publish has-post-thumbnail hentry categoria-de-projeto-apartamentos\" role=\"listitem\">\n\t\t\t<a class=\"elementor-post__thumbnail__link\" href=\"https:\/\/davidbastos.com.br\/en\/projeto\/porto-trapiche-iv\/\">\n\t\t\t\t<div class=\"elementor-portfolio-item__img elementor-post__thumbnail\">\n\t\t\t<img decoding=\"async\" width=\"1920\" height=\"1280\" src=\"https:\/\/davidbastos.com.br\/wp-content\/uploads\/2026\/01\/IMG_8228_TucaReines_100730.webp\" class=\"attachment-full size-full wp-image-3396\" alt=\"\" srcset=\"https:\/\/davidbastos.com.br\/wp-content\/uploads\/2026\/01\/IMG_8228_TucaReines_100730.webp 1920w, https:\/\/davidbastos.com.br\/wp-content\/uploads\/2026\/01\/IMG_8228_TucaReines_100730-300x200.webp 300w, https:\/\/davidbastos.com.br\/wp-content\/uploads\/2026\/01\/IMG_8228_TucaReines_100730-1024x683.webp 1024w, https:\/\/davidbastos.com.br\/wp-content\/uploads\/2026\/01\/IMG_8228_TucaReines_100730-768x512.webp 768w, https:\/\/davidbastos.com.br\/wp-content\/uploads\/2026\/01\/IMG_8228_TucaReines_100730-1536x1024.webp 1536w, https:\/\/davidbastos.com.br\/wp-content\/uploads\/2026\/01\/IMG_8228_TucaReines_100730-18x12.webp 18w\" sizes=\"(max-width: 1920px) 100vw, 1920px\" \/>\t\t<\/div>\n\t\t\t\t<div class=\"elementor-portfolio-item__overlay\">\n\t\t\t\t<h5 class=\"elementor-portfolio-item__title\">\n\t\tPorto Trapiche IV\t\t<\/h5>\n\t\t\t\t<\/div>\n\t\t\t\t<\/a>\n\t\t<\/article>\n\t\t\t\t<article class=\"elementor-portfolio-item elementor-post elementor-filter-5 post-3358 projeto type-projeto status-publish has-post-thumbnail hentry categoria-de-projeto-apartamentos\" role=\"listitem\">\n\t\t\t<a class=\"elementor-post__thumbnail__link\" href=\"https:\/\/davidbastos.com.br\/en\/projeto\/porto-trapiche-ii\/\">\n\t\t\t\t<div class=\"elementor-portfolio-item__img elementor-post__thumbnail\">\n\t\t\t<img decoding=\"async\" width=\"1920\" height=\"1280\" src=\"https:\/\/davidbastos.com.br\/wp-content\/uploads\/2026\/01\/IMG_8246_Tuca_Reines.webp\" class=\"attachment-full size-full wp-image-3360\" alt=\"\" srcset=\"https:\/\/davidbastos.com.br\/wp-content\/uploads\/2026\/01\/IMG_8246_Tuca_Reines.webp 1920w, https:\/\/davidbastos.com.br\/wp-content\/uploads\/2026\/01\/IMG_8246_Tuca_Reines-300x200.webp 300w, https:\/\/davidbastos.com.br\/wp-content\/uploads\/2026\/01\/IMG_8246_Tuca_Reines-1024x683.webp 1024w, https:\/\/davidbastos.com.br\/wp-content\/uploads\/2026\/01\/IMG_8246_Tuca_Reines-768x512.webp 768w, https:\/\/davidbastos.com.br\/wp-content\/uploads\/2026\/01\/IMG_8246_Tuca_Reines-1536x1024.webp 1536w, https:\/\/davidbastos.com.br\/wp-content\/uploads\/2026\/01\/IMG_8246_Tuca_Reines-18x12.webp 18w\" sizes=\"(max-width: 1920px) 100vw, 1920px\" \/>\t\t<\/div>\n\t\t\t\t<div class=\"elementor-portfolio-item__overlay\">\n\t\t\t\t<h5 class=\"elementor-portfolio-item__title\">\n\t\tPorto Trapiche II\t\t<\/h5>\n\t\t\t\t<\/div>\n\t\t\t\t<\/a>\n\t\t<\/article>\n\t\t\t\t<article class=\"elementor-portfolio-item elementor-post elementor-filter-5 post-3344 projeto type-projeto status-publish has-post-thumbnail hentry categoria-de-projeto-apartamentos\" role=\"listitem\">\n\t\t\t<a class=\"elementor-post__thumbnail__link\" href=\"https:\/\/davidbastos.com.br\/en\/projeto\/porto-trapiche-i\/\">\n\t\t\t\t<div class=\"elementor-portfolio-item__img elementor-post__thumbnail\">\n\t\t\t<img decoding=\"async\" width=\"1920\" height=\"1280\" src=\"https:\/\/davidbastos.com.br\/wp-content\/uploads\/2026\/01\/IMG_7978_TucaReines_100730.webp\" class=\"attachment-full size-full wp-image-3351\" alt=\"\" srcset=\"https:\/\/davidbastos.com.br\/wp-content\/uploads\/2026\/01\/IMG_7978_TucaReines_100730.webp 1920w, https:\/\/davidbastos.com.br\/wp-content\/uploads\/2026\/01\/IMG_7978_TucaReines_100730-300x200.webp 300w, https:\/\/davidbastos.com.br\/wp-content\/uploads\/2026\/01\/IMG_7978_TucaReines_100730-1024x683.webp 1024w, https:\/\/davidbastos.com.br\/wp-content\/uploads\/2026\/01\/IMG_7978_TucaReines_100730-768x512.webp 768w, https:\/\/davidbastos.com.br\/wp-content\/uploads\/2026\/01\/IMG_7978_TucaReines_100730-1536x1024.webp 1536w, https:\/\/davidbastos.com.br\/wp-content\/uploads\/2026\/01\/IMG_7978_TucaReines_100730-18x12.webp 18w\" sizes=\"(max-width: 1920px) 100vw, 1920px\" \/>\t\t<\/div>\n\t\t\t\t<div class=\"elementor-portfolio-item__overlay\">\n\t\t\t\t<h5 class=\"elementor-portfolio-item__title\">\n\t\tPorto Trapiche I\t\t<\/h5>\n\t\t\t\t<\/div>\n\t\t\t\t<\/a>\n\t\t<\/article>\n\t\t\t\t<article class=\"elementor-portfolio-item elementor-post elementor-filter-5 post-3320 projeto type-projeto status-publish has-post-thumbnail hentry categoria-de-projeto-apartamentos\" role=\"listitem\">\n\t\t\t<a class=\"elementor-post__thumbnail__link\" href=\"https:\/\/davidbastos.com.br\/en\/projeto\/phileto-sobrinho-corredor-da-vitoria-xi\/\">\n\t\t\t\t<div class=\"elementor-portfolio-item__img elementor-post__thumbnail\">\n\t\t\t<img decoding=\"async\" width=\"1920\" height=\"1280\" src=\"https:\/\/davidbastos.com.br\/wp-content\/uploads\/2026\/01\/IMG_4943.webp\" class=\"attachment-full size-full wp-image-3326\" alt=\"\" srcset=\"https:\/\/davidbastos.com.br\/wp-content\/uploads\/2026\/01\/IMG_4943.webp 1920w, https:\/\/davidbastos.com.br\/wp-content\/uploads\/2026\/01\/IMG_4943-300x200.webp 300w, https:\/\/davidbastos.com.br\/wp-content\/uploads\/2026\/01\/IMG_4943-1024x683.webp 1024w, https:\/\/davidbastos.com.br\/wp-content\/uploads\/2026\/01\/IMG_4943-768x512.webp 768w, https:\/\/davidbastos.com.br\/wp-content\/uploads\/2026\/01\/IMG_4943-1536x1024.webp 1536w, https:\/\/davidbastos.com.br\/wp-content\/uploads\/2026\/01\/IMG_4943-18x12.webp 18w\" sizes=\"(max-width: 1920px) 100vw, 1920px\" \/>\t\t<\/div>\n\t\t\t\t<div class=\"elementor-portfolio-item__overlay\">\n\t\t\t\t<h5 class=\"elementor-portfolio-item__title\">\n\t\tPhileto Sobrinho &#8211; Corredor da Vit\u00f3ria XI\t\t<\/h5>\n\t\t\t\t<\/div>\n\t\t\t\t<\/a>\n\t\t<\/article>\n\t\t\t\t<article class=\"elementor-portfolio-item elementor-post elementor-filter-5 post-3303 projeto type-projeto status-publish has-post-thumbnail hentry categoria-de-projeto-apartamentos\" role=\"listitem\">\n\t\t\t<a class=\"elementor-post__thumbnail__link\" href=\"https:\/\/davidbastos.com.br\/en\/projeto\/olympic-tower-manhattan\/\">\n\t\t\t\t<div class=\"elementor-portfolio-item__img elementor-post__thumbnail\">\n\t\t\t<img decoding=\"async\" width=\"1920\" height=\"1281\" src=\"https:\/\/davidbastos.com.br\/wp-content\/uploads\/2026\/01\/006_Casa_Voge_David_Bastos_Fran_Parente_IMG_1638.webp\" class=\"attachment-full size-full wp-image-3304\" alt=\"\" srcset=\"https:\/\/davidbastos.com.br\/wp-content\/uploads\/2026\/01\/006_Casa_Voge_David_Bastos_Fran_Parente_IMG_1638.webp 1920w, https:\/\/davidbastos.com.br\/wp-content\/uploads\/2026\/01\/006_Casa_Voge_David_Bastos_Fran_Parente_IMG_1638-300x200.webp 300w, https:\/\/davidbastos.com.br\/wp-content\/uploads\/2026\/01\/006_Casa_Voge_David_Bastos_Fran_Parente_IMG_1638-1024x683.webp 1024w, https:\/\/davidbastos.com.br\/wp-content\/uploads\/2026\/01\/006_Casa_Voge_David_Bastos_Fran_Parente_IMG_1638-768x512.webp 768w, https:\/\/davidbastos.com.br\/wp-content\/uploads\/2026\/01\/006_Casa_Voge_David_Bastos_Fran_Parente_IMG_1638-1536x1025.webp 1536w, https:\/\/davidbastos.com.br\/wp-content\/uploads\/2026\/01\/006_Casa_Voge_David_Bastos_Fran_Parente_IMG_1638-18x12.webp 18w\" sizes=\"(max-width: 1920px) 100vw, 1920px\" \/>\t\t<\/div>\n\t\t\t\t<div class=\"elementor-portfolio-item__overlay\">\n\t\t\t\t<h5 class=\"elementor-portfolio-item__title\">\n\t\tOlympic Tower &#8211; Manhattan\t\t<\/h5>\n\t\t\t\t<\/div>\n\t\t\t\t<\/a>\n\t\t<\/article>\n\t\t\t\t<article class=\"elementor-portfolio-item elementor-post elementor-filter-5 post-3284 projeto type-projeto status-publish has-post-thumbnail hentry categoria-de-projeto-apartamentos\" role=\"listitem\">\n\t\t\t<a class=\"elementor-post__thumbnail__link\" href=\"https:\/\/davidbastos.com.br\/en\/projeto\/morada-dos-cardeais-i-corredor-da-vitoria-x\/\">\n\t\t\t\t<div class=\"elementor-portfolio-item__img elementor-post__thumbnail\">\n\t\t\t<img decoding=\"async\" width=\"1920\" height=\"1063\" src=\"https:\/\/davidbastos.com.br\/wp-content\/uploads\/2026\/01\/T.ReinesIMG_0588.webp\" class=\"attachment-full size-full wp-image-3300\" alt=\"\" srcset=\"https:\/\/davidbastos.com.br\/wp-content\/uploads\/2026\/01\/T.ReinesIMG_0588.webp 1920w, https:\/\/davidbastos.com.br\/wp-content\/uploads\/2026\/01\/T.ReinesIMG_0588-300x166.webp 300w, https:\/\/davidbastos.com.br\/wp-content\/uploads\/2026\/01\/T.ReinesIMG_0588-1024x567.webp 1024w, https:\/\/davidbastos.com.br\/wp-content\/uploads\/2026\/01\/T.ReinesIMG_0588-768x425.webp 768w, https:\/\/davidbastos.com.br\/wp-content\/uploads\/2026\/01\/T.ReinesIMG_0588-1536x850.webp 1536w, https:\/\/davidbastos.com.br\/wp-content\/uploads\/2026\/01\/T.ReinesIMG_0588-18x10.webp 18w\" sizes=\"(max-width: 1920px) 100vw, 1920px\" \/>\t\t<\/div>\n\t\t\t\t<div class=\"elementor-portfolio-item__overlay\">\n\t\t\t\t<h5 class=\"elementor-portfolio-item__title\">\n\t\tMorada dos Cardeais I &#8211; Corredor da Vit\u00f3ria X\t\t<\/h5>\n\t\t\t\t<\/div>\n\t\t\t\t<\/a>\n\t\t<\/article>\n\t\t\t\t<article class=\"elementor-portfolio-item elementor-post elementor-filter-5 post-3273 projeto type-projeto status-publish has-post-thumbnail hentry categoria-de-projeto-apartamentos\" role=\"listitem\">\n\t\t\t<a class=\"elementor-post__thumbnail__link\" href=\"https:\/\/davidbastos.com.br\/en\/projeto\/moema\/\">\n\t\t\t\t<div class=\"elementor-portfolio-item__img elementor-post__thumbnail\">\n\t\t\t<img decoding=\"async\" width=\"1920\" height=\"1279\" src=\"https:\/\/davidbastos.com.br\/wp-content\/uploads\/2026\/01\/017_MG_9996.webp\" class=\"attachment-full size-full wp-image-3279\" alt=\"\" srcset=\"https:\/\/davidbastos.com.br\/wp-content\/uploads\/2026\/01\/017_MG_9996.webp 1920w, https:\/\/davidbastos.com.br\/wp-content\/uploads\/2026\/01\/017_MG_9996-300x200.webp 300w, https:\/\/davidbastos.com.br\/wp-content\/uploads\/2026\/01\/017_MG_9996-1024x682.webp 1024w, https:\/\/davidbastos.com.br\/wp-content\/uploads\/2026\/01\/017_MG_9996-768x512.webp 768w, https:\/\/davidbastos.com.br\/wp-content\/uploads\/2026\/01\/017_MG_9996-1536x1023.webp 1536w, https:\/\/davidbastos.com.br\/wp-content\/uploads\/2026\/01\/017_MG_9996-18x12.webp 18w\" sizes=\"(max-width: 1920px) 100vw, 1920px\" \/>\t\t<\/div>\n\t\t\t\t<div class=\"elementor-portfolio-item__overlay\">\n\t\t\t\t<h5 class=\"elementor-portfolio-item__title\">\n\t\tMoema\t\t<\/h5>\n\t\t\t\t<\/div>\n\t\t\t\t<\/a>\n\t\t<\/article>\n\t\t\t\t<article class=\"elementor-portfolio-item elementor-post elementor-filter-5 post-1457 projeto type-projeto status-publish has-post-thumbnail hentry categoria-de-projeto-apartamentos\" role=\"listitem\">\n\t\t\t<a class=\"elementor-post__thumbnail__link\" href=\"https:\/\/davidbastos.com.br\/en\/projeto\/jardim-europa-serido\/\">\n\t\t\t\t<div class=\"elementor-portfolio-item__img elementor-post__thumbnail\">\n\t\t\t<img decoding=\"async\" width=\"1920\" height=\"1304\" src=\"https:\/\/davidbastos.com.br\/wp-content\/uploads\/2025\/12\/serido-03.webp\" class=\"attachment-full size-full wp-image-1471\" alt=\"\" srcset=\"https:\/\/davidbastos.com.br\/wp-content\/uploads\/2025\/12\/serido-03.webp 1920w, https:\/\/davidbastos.com.br\/wp-content\/uploads\/2025\/12\/serido-03-300x204.webp 300w, https:\/\/davidbastos.com.br\/wp-content\/uploads\/2025\/12\/serido-03-1024x695.webp 1024w, https:\/\/davidbastos.com.br\/wp-content\/uploads\/2025\/12\/serido-03-768x522.webp 768w, https:\/\/davidbastos.com.br\/wp-content\/uploads\/2025\/12\/serido-03-1536x1043.webp 1536w, https:\/\/davidbastos.com.br\/wp-content\/uploads\/2025\/12\/serido-03-18x12.webp 18w\" sizes=\"(max-width: 1920px) 100vw, 1920px\" \/>\t\t<\/div>\n\t\t\t\t<div class=\"elementor-portfolio-item__overlay\">\n\t\t\t\t<h5 class=\"elementor-portfolio-item__title\">\n\t\tJardim Europa I &#8211; Serid\u00f3\t\t<\/h5>\n\t\t\t\t<\/div>\n\t\t\t\t<\/a>\n\t\t<\/article>\n\t\t\t\t<article class=\"elementor-portfolio-item elementor-post elementor-filter-5 post-1724 projeto type-projeto status-publish has-post-thumbnail hentry categoria-de-projeto-apartamentos\" role=\"listitem\">\n\t\t\t<a class=\"elementor-post__thumbnail__link\" href=\"https:\/\/davidbastos.com.br\/en\/projeto\/wildberger-viii\/\">\n\t\t\t\t<div class=\"elementor-portfolio-item__img elementor-post__thumbnail\">\n\t\t\t<img decoding=\"async\" width=\"1920\" height=\"1280\" src=\"https:\/\/davidbastos.com.br\/wp-content\/uploads\/2025\/12\/T.ReinesIMG_7397.webp\" class=\"attachment-full size-full wp-image-1725\" alt=\"\" srcset=\"https:\/\/davidbastos.com.br\/wp-content\/uploads\/2025\/12\/T.ReinesIMG_7397.webp 1920w, https:\/\/davidbastos.com.br\/wp-content\/uploads\/2025\/12\/T.ReinesIMG_7397-300x200.webp 300w, https:\/\/davidbastos.com.br\/wp-content\/uploads\/2025\/12\/T.ReinesIMG_7397-1024x683.webp 1024w, https:\/\/davidbastos.com.br\/wp-content\/uploads\/2025\/12\/T.ReinesIMG_7397-768x512.webp 768w, https:\/\/davidbastos.com.br\/wp-content\/uploads\/2025\/12\/T.ReinesIMG_7397-1536x1024.webp 1536w, https:\/\/davidbastos.com.br\/wp-content\/uploads\/2025\/12\/T.ReinesIMG_7397-18x12.webp 18w\" sizes=\"(max-width: 1920px) 100vw, 1920px\" \/>\t\t<\/div>\n\t\t\t\t<div class=\"elementor-portfolio-item__overlay\">\n\t\t\t\t<h5 class=\"elementor-portfolio-item__title\">\n\t\tWildberger VIII &#8211; Corredor da Vit\u00f3ria VIII\t\t<\/h5>\n\t\t\t\t<\/div>\n\t\t\t\t<\/a>\n\t\t<\/article>\n\t\t\t\t<article class=\"elementor-portfolio-item elementor-post elementor-filter-5 post-1701 projeto type-projeto status-publish has-post-thumbnail hentry categoria-de-projeto-apartamentos\" role=\"listitem\">\n\t\t\t<a class=\"elementor-post__thumbnail__link\" href=\"https:\/\/davidbastos.com.br\/en\/projeto\/wildberger-vii\/\">\n\t\t\t\t<div class=\"elementor-portfolio-item__img elementor-post__thumbnail\">\n\t\t\t<img decoding=\"async\" width=\"1920\" height=\"1173\" src=\"https:\/\/davidbastos.com.br\/wp-content\/uploads\/2025\/12\/T.ReinesIMG_9418.webp\" class=\"attachment-full size-full wp-image-1721\" alt=\"\" srcset=\"https:\/\/davidbastos.com.br\/wp-content\/uploads\/2025\/12\/T.ReinesIMG_9418.webp 1920w, https:\/\/davidbastos.com.br\/wp-content\/uploads\/2025\/12\/T.ReinesIMG_9418-300x183.webp 300w, https:\/\/davidbastos.com.br\/wp-content\/uploads\/2025\/12\/T.ReinesIMG_9418-1024x626.webp 1024w, https:\/\/davidbastos.com.br\/wp-content\/uploads\/2025\/12\/T.ReinesIMG_9418-768x469.webp 768w, https:\/\/davidbastos.com.br\/wp-content\/uploads\/2025\/12\/T.ReinesIMG_9418-1536x938.webp 1536w, https:\/\/davidbastos.com.br\/wp-content\/uploads\/2025\/12\/T.ReinesIMG_9418-18x12.webp 18w\" sizes=\"(max-width: 1920px) 100vw, 1920px\" \/>\t\t<\/div>\n\t\t\t\t<div class=\"elementor-portfolio-item__overlay\">\n\t\t\t\t<h5 class=\"elementor-portfolio-item__title\">\n\t\tWildberger VII &#8211; Corredor da Vit\u00f3ria VII\t\t<\/h5>\n\t\t\t\t<\/div>\n\t\t\t\t<\/a>\n\t\t<\/article>\n\t\t\t\t<article class=\"elementor-portfolio-item elementor-post elementor-filter-5 post-1688 projeto type-projeto status-publish has-post-thumbnail hentry categoria-de-projeto-apartamentos\" role=\"listitem\">\n\t\t\t<a class=\"elementor-post__thumbnail__link\" href=\"https:\/\/davidbastos.com.br\/en\/projeto\/wildberger-vi\/\">\n\t\t\t\t<div class=\"elementor-portfolio-item__img elementor-post__thumbnail\">\n\t\t\t<img decoding=\"async\" width=\"1920\" height=\"1280\" src=\"https:\/\/davidbastos.com.br\/wp-content\/uploads\/2025\/12\/T.Reines_IMG_8807.webp\" class=\"attachment-full size-full wp-image-1695\" alt=\"\" srcset=\"https:\/\/davidbastos.com.br\/wp-content\/uploads\/2025\/12\/T.Reines_IMG_8807.webp 1920w, https:\/\/davidbastos.com.br\/wp-content\/uploads\/2025\/12\/T.Reines_IMG_8807-300x200.webp 300w, https:\/\/davidbastos.com.br\/wp-content\/uploads\/2025\/12\/T.Reines_IMG_8807-1024x683.webp 1024w, https:\/\/davidbastos.com.br\/wp-content\/uploads\/2025\/12\/T.Reines_IMG_8807-768x512.webp 768w, https:\/\/davidbastos.com.br\/wp-content\/uploads\/2025\/12\/T.Reines_IMG_8807-1536x1024.webp 1536w, https:\/\/davidbastos.com.br\/wp-content\/uploads\/2025\/12\/T.Reines_IMG_8807-18x12.webp 18w\" sizes=\"(max-width: 1920px) 100vw, 1920px\" \/>\t\t<\/div>\n\t\t\t\t<div class=\"elementor-portfolio-item__overlay\">\n\t\t\t\t<h5 class=\"elementor-portfolio-item__title\">\n\t\tWildberger VI &#8211; Corredor da Vit\u00f3ria VI\t\t<\/h5>\n\t\t\t\t<\/div>\n\t\t\t\t<\/a>\n\t\t<\/article>\n\t\t\t\t<article class=\"elementor-portfolio-item elementor-post elementor-filter-5 post-1672 projeto type-projeto status-publish has-post-thumbnail hentry categoria-de-projeto-apartamentos\" role=\"listitem\">\n\t\t\t<a class=\"elementor-post__thumbnail__link\" href=\"https:\/\/davidbastos.com.br\/en\/projeto\/wildberger-v\/\">\n\t\t\t\t<div class=\"elementor-portfolio-item__img elementor-post__thumbnail\">\n\t\t\t<img decoding=\"async\" width=\"1920\" height=\"1280\" src=\"https:\/\/davidbastos.com.br\/wp-content\/uploads\/2025\/12\/T.Reines_IMG_8195.webp\" class=\"attachment-full size-full wp-image-1674\" alt=\"\" srcset=\"https:\/\/davidbastos.com.br\/wp-content\/uploads\/2025\/12\/T.Reines_IMG_8195.webp 1920w, https:\/\/davidbastos.com.br\/wp-content\/uploads\/2025\/12\/T.Reines_IMG_8195-300x200.webp 300w, https:\/\/davidbastos.com.br\/wp-content\/uploads\/2025\/12\/T.Reines_IMG_8195-1024x683.webp 1024w, https:\/\/davidbastos.com.br\/wp-content\/uploads\/2025\/12\/T.Reines_IMG_8195-768x512.webp 768w, https:\/\/davidbastos.com.br\/wp-content\/uploads\/2025\/12\/T.Reines_IMG_8195-1536x1024.webp 1536w, https:\/\/davidbastos.com.br\/wp-content\/uploads\/2025\/12\/T.Reines_IMG_8195-18x12.webp 18w\" sizes=\"(max-width: 1920px) 100vw, 1920px\" \/>\t\t<\/div>\n\t\t\t\t<div class=\"elementor-portfolio-item__overlay\">\n\t\t\t\t<h5 class=\"elementor-portfolio-item__title\">\n\t\tWildberger V &#8211; Corredor da Vit\u00f3ria V\t\t<\/h5>\n\t\t\t\t<\/div>\n\t\t\t\t<\/a>\n\t\t<\/article>\n\t\t\t\t<article class=\"elementor-portfolio-item elementor-post elementor-filter-5 post-1650 projeto type-projeto status-publish has-post-thumbnail hentry categoria-de-projeto-apartamentos\" role=\"listitem\">\n\t\t\t<a class=\"elementor-post__thumbnail__link\" href=\"https:\/\/davidbastos.com.br\/en\/projeto\/wildberger-iv\/\">\n\t\t\t\t<div class=\"elementor-portfolio-item__img elementor-post__thumbnail\">\n\t\t\t<img decoding=\"async\" width=\"1920\" height=\"1280\" src=\"https:\/\/davidbastos.com.br\/wp-content\/uploads\/2025\/12\/T.Reines_IMG_7145.webp\" class=\"attachment-full size-full wp-image-1654\" alt=\"\" srcset=\"https:\/\/davidbastos.com.br\/wp-content\/uploads\/2025\/12\/T.Reines_IMG_7145.webp 1920w, https:\/\/davidbastos.com.br\/wp-content\/uploads\/2025\/12\/T.Reines_IMG_7145-300x200.webp 300w, https:\/\/davidbastos.com.br\/wp-content\/uploads\/2025\/12\/T.Reines_IMG_7145-1024x683.webp 1024w, https:\/\/davidbastos.com.br\/wp-content\/uploads\/2025\/12\/T.Reines_IMG_7145-768x512.webp 768w, https:\/\/davidbastos.com.br\/wp-content\/uploads\/2025\/12\/T.Reines_IMG_7145-1536x1024.webp 1536w, https:\/\/davidbastos.com.br\/wp-content\/uploads\/2025\/12\/T.Reines_IMG_7145-18x12.webp 18w\" sizes=\"(max-width: 1920px) 100vw, 1920px\" \/>\t\t<\/div>\n\t\t\t\t<div class=\"elementor-portfolio-item__overlay\">\n\t\t\t\t<h5 class=\"elementor-portfolio-item__title\">\n\t\tWildberger IV &#8211; Corredor da Vit\u00f3ria IV\t\t<\/h5>\n\t\t\t\t<\/div>\n\t\t\t\t<\/a>\n\t\t<\/article>\n\t\t\t\t<article class=\"elementor-portfolio-item elementor-post elementor-filter-5 post-3244 projeto type-projeto status-publish has-post-thumbnail hentry categoria-de-projeto-apartamentos\" role=\"listitem\">\n\t\t\t<a class=\"elementor-post__thumbnail__link\" href=\"https:\/\/davidbastos.com.br\/en\/projeto\/lopes-neto-itaim-bibi-vii\/\">\n\t\t\t\t<div class=\"elementor-portfolio-item__img elementor-post__thumbnail\">\n\t\t\t<img decoding=\"async\" width=\"1920\" height=\"1338\" src=\"https:\/\/davidbastos.com.br\/wp-content\/uploads\/2026\/01\/DSC6034.webp\" class=\"attachment-full size-full wp-image-3246\" alt=\"\" srcset=\"https:\/\/davidbastos.com.br\/wp-content\/uploads\/2026\/01\/DSC6034.webp 1920w, https:\/\/davidbastos.com.br\/wp-content\/uploads\/2026\/01\/DSC6034-300x209.webp 300w, https:\/\/davidbastos.com.br\/wp-content\/uploads\/2026\/01\/DSC6034-1024x714.webp 1024w, https:\/\/davidbastos.com.br\/wp-content\/uploads\/2026\/01\/DSC6034-768x535.webp 768w, https:\/\/davidbastos.com.br\/wp-content\/uploads\/2026\/01\/DSC6034-1536x1070.webp 1536w, https:\/\/davidbastos.com.br\/wp-content\/uploads\/2026\/01\/DSC6034-18x12.webp 18w\" sizes=\"(max-width: 1920px) 100vw, 1920px\" \/>\t\t<\/div>\n\t\t\t\t<div class=\"elementor-portfolio-item__overlay\">\n\t\t\t\t<h5 class=\"elementor-portfolio-item__title\">\n\t\tLopes Neto &#8211; Itaim Bibi VII\t\t<\/h5>\n\t\t\t\t<\/div>\n\t\t\t\t<\/a>\n\t\t<\/article>\n\t\t\t\t<article class=\"elementor-portfolio-item elementor-post elementor-filter-5 post-3207 projeto type-projeto status-publish has-post-thumbnail hentry categoria-de-projeto-apartamentos\" role=\"listitem\">\n\t\t\t<a class=\"elementor-post__thumbnail__link\" href=\"https:\/\/davidbastos.com.br\/en\/projeto\/delfin-moreira-leblon-iii\/\">\n\t\t\t\t<div class=\"elementor-portfolio-item__img elementor-post__thumbnail\">\n\t\t\t<img decoding=\"async\" width=\"1920\" height=\"1280\" src=\"https:\/\/davidbastos.com.br\/wp-content\/uploads\/2026\/01\/img_5243Tuca-Reines.webp\" class=\"attachment-full size-full wp-image-3213\" alt=\"\" srcset=\"https:\/\/davidbastos.com.br\/wp-content\/uploads\/2026\/01\/img_5243Tuca-Reines.webp 1920w, https:\/\/davidbastos.com.br\/wp-content\/uploads\/2026\/01\/img_5243Tuca-Reines-300x200.webp 300w, https:\/\/davidbastos.com.br\/wp-content\/uploads\/2026\/01\/img_5243Tuca-Reines-1024x683.webp 1024w, https:\/\/davidbastos.com.br\/wp-content\/uploads\/2026\/01\/img_5243Tuca-Reines-768x512.webp 768w, https:\/\/davidbastos.com.br\/wp-content\/uploads\/2026\/01\/img_5243Tuca-Reines-1536x1024.webp 1536w, https:\/\/davidbastos.com.br\/wp-content\/uploads\/2026\/01\/img_5243Tuca-Reines-18x12.webp 18w\" sizes=\"(max-width: 1920px) 100vw, 1920px\" \/>\t\t<\/div>\n\t\t\t\t<div class=\"elementor-portfolio-item__overlay\">\n\t\t\t\t<h5 class=\"elementor-portfolio-item__title\">\n\t\tDelfin Moreira &#8211; Leblon III\t\t<\/h5>\n\t\t\t\t<\/div>\n\t\t\t\t<\/a>\n\t\t<\/article>\n\t\t\t\t<article class=\"elementor-portfolio-item elementor-post elementor-filter-5 post-3197 projeto type-projeto status-publish has-post-thumbnail hentry categoria-de-projeto-apartamentos\" role=\"listitem\">\n\t\t\t<a class=\"elementor-post__thumbnail__link\" href=\"https:\/\/davidbastos.com.br\/en\/projeto\/le-parc-patamares-ssa\/\">\n\t\t\t\t<div class=\"elementor-portfolio-item__img elementor-post__thumbnail\">\n\t\t\t<img decoding=\"async\" width=\"1920\" height=\"1254\" src=\"https:\/\/davidbastos.com.br\/wp-content\/uploads\/2026\/01\/foto9.webp\" class=\"attachment-full size-full wp-image-3206\" alt=\"\" srcset=\"https:\/\/davidbastos.com.br\/wp-content\/uploads\/2026\/01\/foto9.webp 1920w, https:\/\/davidbastos.com.br\/wp-content\/uploads\/2026\/01\/foto9-300x196.webp 300w, https:\/\/davidbastos.com.br\/wp-content\/uploads\/2026\/01\/foto9-1024x669.webp 1024w, https:\/\/davidbastos.com.br\/wp-content\/uploads\/2026\/01\/foto9-768x502.webp 768w, https:\/\/davidbastos.com.br\/wp-content\/uploads\/2026\/01\/foto9-1536x1003.webp 1536w, https:\/\/davidbastos.com.br\/wp-content\/uploads\/2026\/01\/foto9-18x12.webp 18w\" sizes=\"(max-width: 1920px) 100vw, 1920px\" \/>\t\t<\/div>\n\t\t\t\t<div class=\"elementor-portfolio-item__overlay\">\n\t\t\t\t<h5 class=\"elementor-portfolio-item__title\">\n\t\tLe Parc &#8211; Patamares SSA\t\t<\/h5>\n\t\t\t\t<\/div>\n\t\t\t\t<\/a>\n\t\t<\/article>\n\t\t\t\t<article class=\"elementor-portfolio-item elementor-post elementor-filter-5 post-3174 projeto type-projeto status-publish has-post-thumbnail hentry categoria-de-projeto-apartamentos\" role=\"listitem\">\n\t\t\t<a class=\"elementor-post__thumbnail__link\" href=\"https:\/\/davidbastos.com.br\/en\/projeto\/peixoto-gomide-jardins-vii\/\">\n\t\t\t\t<div class=\"elementor-portfolio-item__img elementor-post__thumbnail\">\n\t\t\t<img decoding=\"async\" width=\"1920\" height=\"1279\" src=\"https:\/\/davidbastos.com.br\/wp-content\/uploads\/2026\/01\/DSC_9423.webp\" class=\"attachment-full size-full wp-image-3190\" alt=\"\" srcset=\"https:\/\/davidbastos.com.br\/wp-content\/uploads\/2026\/01\/DSC_9423.webp 1920w, https:\/\/davidbastos.com.br\/wp-content\/uploads\/2026\/01\/DSC_9423-300x200.webp 300w, https:\/\/davidbastos.com.br\/wp-content\/uploads\/2026\/01\/DSC_9423-1024x682.webp 1024w, https:\/\/davidbastos.com.br\/wp-content\/uploads\/2026\/01\/DSC_9423-768x512.webp 768w, https:\/\/davidbastos.com.br\/wp-content\/uploads\/2026\/01\/DSC_9423-1536x1023.webp 1536w, https:\/\/davidbastos.com.br\/wp-content\/uploads\/2026\/01\/DSC_9423-18x12.webp 18w\" sizes=\"(max-width: 1920px) 100vw, 1920px\" \/>\t\t<\/div>\n\t\t\t\t<div class=\"elementor-portfolio-item__overlay\">\n\t\t\t\t<h5 class=\"elementor-portfolio-item__title\">\n\t\tPeixoto Gomide &#8211; Jardins VII\t\t<\/h5>\n\t\t\t\t<\/div>\n\t\t\t\t<\/a>\n\t\t<\/article>\n\t\t\t\t<article class=\"elementor-portfolio-item elementor-post elementor-filter-5 elementor-filter-6 post-3155 projeto type-projeto status-publish has-post-thumbnail hentry categoria-de-projeto-apartamentos categoria-de-projeto-coberturas\" role=\"listitem\">\n\t\t\t<a class=\"elementor-post__thumbnail__link\" href=\"https:\/\/davidbastos.com.br\/en\/projeto\/cobertura-al-tiete-jardins-ix\/\">\n\t\t\t\t<div class=\"elementor-portfolio-item__img elementor-post__thumbnail\">\n\t\t\t<img decoding=\"async\" width=\"1920\" height=\"1280\" src=\"https:\/\/davidbastos.com.br\/wp-content\/uploads\/2026\/01\/IMG_5781_Julia_Ribeiro.webp\" class=\"attachment-full size-full wp-image-3156\" alt=\"\" srcset=\"https:\/\/davidbastos.com.br\/wp-content\/uploads\/2026\/01\/IMG_5781_Julia_Ribeiro.webp 1920w, https:\/\/davidbastos.com.br\/wp-content\/uploads\/2026\/01\/IMG_5781_Julia_Ribeiro-300x200.webp 300w, https:\/\/davidbastos.com.br\/wp-content\/uploads\/2026\/01\/IMG_5781_Julia_Ribeiro-1024x683.webp 1024w, https:\/\/davidbastos.com.br\/wp-content\/uploads\/2026\/01\/IMG_5781_Julia_Ribeiro-768x512.webp 768w, https:\/\/davidbastos.com.br\/wp-content\/uploads\/2026\/01\/IMG_5781_Julia_Ribeiro-1536x1024.webp 1536w, https:\/\/davidbastos.com.br\/wp-content\/uploads\/2026\/01\/IMG_5781_Julia_Ribeiro-18x12.webp 18w\" sizes=\"(max-width: 1920px) 100vw, 1920px\" \/>\t\t<\/div>\n\t\t\t\t<div class=\"elementor-portfolio-item__overlay\">\n\t\t\t\t<h5 class=\"elementor-portfolio-item__title\">\n\t\tCobertura Al. Tiet\u00ea &#8211; Jardins IX\t\t<\/h5>\n\t\t\t\t<\/div>\n\t\t\t\t<\/a>\n\t\t<\/article>\n\t\t\t\t<article class=\"elementor-portfolio-item elementor-post elementor-filter-5 post-3139 projeto type-projeto status-publish has-post-thumbnail hentry categoria-de-projeto-apartamentos\" role=\"listitem\">\n\t\t\t<a class=\"elementor-post__thumbnail__link\" href=\"https:\/\/davidbastos.com.br\/en\/projeto\/al-itu-jardins-viii\/\">\n\t\t\t\t<div class=\"elementor-portfolio-item__img elementor-post__thumbnail\">\n\t\t\t<img decoding=\"async\" width=\"1920\" height=\"1282\" src=\"https:\/\/davidbastos.com.br\/wp-content\/uploads\/2026\/01\/DSC_4068ok.webp\" class=\"attachment-full size-full wp-image-3144\" alt=\"\" srcset=\"https:\/\/davidbastos.com.br\/wp-content\/uploads\/2026\/01\/DSC_4068ok.webp 1920w, https:\/\/davidbastos.com.br\/wp-content\/uploads\/2026\/01\/DSC_4068ok-300x200.webp 300w, https:\/\/davidbastos.com.br\/wp-content\/uploads\/2026\/01\/DSC_4068ok-1024x684.webp 1024w, https:\/\/davidbastos.com.br\/wp-content\/uploads\/2026\/01\/DSC_4068ok-768x513.webp 768w, https:\/\/davidbastos.com.br\/wp-content\/uploads\/2026\/01\/DSC_4068ok-1536x1026.webp 1536w, https:\/\/davidbastos.com.br\/wp-content\/uploads\/2026\/01\/DSC_4068ok-18x12.webp 18w\" sizes=\"(max-width: 1920px) 100vw, 1920px\" \/>\t\t<\/div>\n\t\t\t\t<div class=\"elementor-portfolio-item__overlay\">\n\t\t\t\t<h5 class=\"elementor-portfolio-item__title\">\n\t\tAL It\u00fa &#8211; Jardins VIII\t\t<\/h5>\n\t\t\t\t<\/div>\n\t\t\t\t<\/a>\n\t\t<\/article>\n\t\t\t\t<article class=\"elementor-portfolio-item elementor-post elementor-filter-5 post-3118 projeto type-projeto status-publish has-post-thumbnail hentry categoria-de-projeto-apartamentos\" role=\"listitem\">\n\t\t\t<a class=\"elementor-post__thumbnail__link\" href=\"https:\/\/davidbastos.com.br\/en\/projeto\/al-franca-jardins-vii\/\">\n\t\t\t\t<div class=\"elementor-portfolio-item__img elementor-post__thumbnail\">\n\t\t\t<img decoding=\"async\" width=\"1920\" height=\"1288\" src=\"https:\/\/davidbastos.com.br\/wp-content\/uploads\/2026\/01\/DSC_0003ok.webp\" class=\"attachment-full size-full wp-image-3135\" alt=\"\" srcset=\"https:\/\/davidbastos.com.br\/wp-content\/uploads\/2026\/01\/DSC_0003ok.webp 1920w, https:\/\/davidbastos.com.br\/wp-content\/uploads\/2026\/01\/DSC_0003ok-300x201.webp 300w, https:\/\/davidbastos.com.br\/wp-content\/uploads\/2026\/01\/DSC_0003ok-1024x687.webp 1024w, https:\/\/davidbastos.com.br\/wp-content\/uploads\/2026\/01\/DSC_0003ok-768x515.webp 768w, https:\/\/davidbastos.com.br\/wp-content\/uploads\/2026\/01\/DSC_0003ok-1536x1030.webp 1536w, https:\/\/davidbastos.com.br\/wp-content\/uploads\/2026\/01\/DSC_0003ok-18x12.webp 18w\" sizes=\"(max-width: 1920px) 100vw, 1920px\" \/>\t\t<\/div>\n\t\t\t\t<div class=\"elementor-portfolio-item__overlay\">\n\t\t\t\t<h5 class=\"elementor-portfolio-item__title\">\n\t\tAl. Franca &#8211; Jardins VII\t\t<\/h5>\n\t\t\t\t<\/div>\n\t\t\t\t<\/a>\n\t\t<\/article>\n\t\t\t\t<article class=\"elementor-portfolio-item elementor-post elementor-filter-5 post-3101 projeto type-projeto status-publish has-post-thumbnail hentry categoria-de-projeto-apartamentos\" role=\"listitem\">\n\t\t\t<a class=\"elementor-post__thumbnail__link\" href=\"https:\/\/davidbastos.com.br\/en\/projeto\/al-casa-branca-jardins-vi\/\">\n\t\t\t\t<div class=\"elementor-portfolio-item__img elementor-post__thumbnail\">\n\t\t\t<img decoding=\"async\" width=\"1920\" height=\"1253\" src=\"https:\/\/davidbastos.com.br\/wp-content\/uploads\/2026\/01\/T.Reines_IMG_2321.webp\" class=\"attachment-full size-full wp-image-3117\" alt=\"\" srcset=\"https:\/\/davidbastos.com.br\/wp-content\/uploads\/2026\/01\/T.Reines_IMG_2321.webp 1920w, https:\/\/davidbastos.com.br\/wp-content\/uploads\/2026\/01\/T.Reines_IMG_2321-300x196.webp 300w, https:\/\/davidbastos.com.br\/wp-content\/uploads\/2026\/01\/T.Reines_IMG_2321-1024x668.webp 1024w, https:\/\/davidbastos.com.br\/wp-content\/uploads\/2026\/01\/T.Reines_IMG_2321-768x501.webp 768w, https:\/\/davidbastos.com.br\/wp-content\/uploads\/2026\/01\/T.Reines_IMG_2321-1536x1002.webp 1536w, https:\/\/davidbastos.com.br\/wp-content\/uploads\/2026\/01\/T.Reines_IMG_2321-18x12.webp 18w\" sizes=\"(max-width: 1920px) 100vw, 1920px\" \/>\t\t<\/div>\n\t\t\t\t<div class=\"elementor-portfolio-item__overlay\">\n\t\t\t\t<h5 class=\"elementor-portfolio-item__title\">\n\t\tAl. Casa Branca &#8211; Jardins VI\t\t<\/h5>\n\t\t\t\t<\/div>\n\t\t\t\t<\/a>\n\t\t<\/article>\n\t\t\t\t<article class=\"elementor-portfolio-item elementor-post elementor-filter-5 post-2556 projeto type-projeto status-publish has-post-thumbnail hentry categoria-de-projeto-apartamentos\" role=\"listitem\">\n\t\t\t<a class=\"elementor-post__thumbnail__link\" href=\"https:\/\/davidbastos.com.br\/en\/projeto\/graca-i\/\">\n\t\t\t\t<div class=\"elementor-portfolio-item__img elementor-post__thumbnail\">\n\t\t\t<img decoding=\"async\" width=\"1920\" height=\"1280\" src=\"https:\/\/davidbastos.com.br\/wp-content\/uploads\/2026\/01\/T.Reines_IMG_8546.webp\" class=\"attachment-full size-full wp-image-2567\" alt=\"\" srcset=\"https:\/\/davidbastos.com.br\/wp-content\/uploads\/2026\/01\/T.Reines_IMG_8546.webp 1920w, https:\/\/davidbastos.com.br\/wp-content\/uploads\/2026\/01\/T.Reines_IMG_8546-300x200.webp 300w, https:\/\/davidbastos.com.br\/wp-content\/uploads\/2026\/01\/T.Reines_IMG_8546-1024x683.webp 1024w, https:\/\/davidbastos.com.br\/wp-content\/uploads\/2026\/01\/T.Reines_IMG_8546-768x512.webp 768w, https:\/\/davidbastos.com.br\/wp-content\/uploads\/2026\/01\/T.Reines_IMG_8546-1536x1024.webp 1536w, https:\/\/davidbastos.com.br\/wp-content\/uploads\/2026\/01\/T.Reines_IMG_8546-18x12.webp 18w\" sizes=\"(max-width: 1920px) 100vw, 1920px\" \/>\t\t<\/div>\n\t\t\t\t<div class=\"elementor-portfolio-item__overlay\">\n\t\t\t\t<h5 class=\"elementor-portfolio-item__title\">\n\t\tGra\u00e7a I\t\t<\/h5>\n\t\t\t\t<\/div>\n\t\t\t\t<\/a>\n\t\t<\/article>\n\t\t\t\t<article class=\"elementor-portfolio-item elementor-post elementor-filter-5 elementor-filter-6 post-3088 projeto type-projeto status-publish has-post-thumbnail hentry categoria-de-projeto-apartamentos categoria-de-projeto-coberturas\" role=\"listitem\">\n\t\t\t<a class=\"elementor-post__thumbnail__link\" href=\"https:\/\/davidbastos.com.br\/en\/projeto\/cobertura-duplex-jardins-v\/\">\n\t\t\t\t<div class=\"elementor-portfolio-item__img elementor-post__thumbnail\">\n\t\t\t<img decoding=\"async\" width=\"1920\" height=\"1281\" src=\"https:\/\/davidbastos.com.br\/wp-content\/uploads\/2026\/01\/120410_015_Casa_Vogue_David_Bastos_Fran_Parente_0406.webp\" class=\"attachment-full size-full wp-image-3090\" alt=\"\" srcset=\"https:\/\/davidbastos.com.br\/wp-content\/uploads\/2026\/01\/120410_015_Casa_Vogue_David_Bastos_Fran_Parente_0406.webp 1920w, https:\/\/davidbastos.com.br\/wp-content\/uploads\/2026\/01\/120410_015_Casa_Vogue_David_Bastos_Fran_Parente_0406-300x200.webp 300w, https:\/\/davidbastos.com.br\/wp-content\/uploads\/2026\/01\/120410_015_Casa_Vogue_David_Bastos_Fran_Parente_0406-1024x683.webp 1024w, https:\/\/davidbastos.com.br\/wp-content\/uploads\/2026\/01\/120410_015_Casa_Vogue_David_Bastos_Fran_Parente_0406-768x512.webp 768w, https:\/\/davidbastos.com.br\/wp-content\/uploads\/2026\/01\/120410_015_Casa_Vogue_David_Bastos_Fran_Parente_0406-1536x1025.webp 1536w, https:\/\/davidbastos.com.br\/wp-content\/uploads\/2026\/01\/120410_015_Casa_Vogue_David_Bastos_Fran_Parente_0406-18x12.webp 18w\" sizes=\"(max-width: 1920px) 100vw, 1920px\" \/>\t\t<\/div>\n\t\t\t\t<div class=\"elementor-portfolio-item__overlay\">\n\t\t\t\t<h5 class=\"elementor-portfolio-item__title\">\n\t\tCobertura Duplex &#8211; Jardins V\t\t<\/h5>\n\t\t\t\t<\/div>\n\t\t\t\t<\/a>\n\t\t<\/article>\n\t\t\t\t<article class=\"elementor-portfolio-item elementor-post elementor-filter-5 post-3075 projeto type-projeto status-publish has-post-thumbnail hentry categoria-de-projeto-apartamentos\" role=\"listitem\">\n\t\t\t<a class=\"elementor-post__thumbnail__link\" href=\"https:\/\/davidbastos.com.br\/en\/projeto\/franz-schubert-jardim-europa-iv\/\">\n\t\t\t\t<div class=\"elementor-portfolio-item__img elementor-post__thumbnail\">\n\t\t\t<img decoding=\"async\" width=\"1920\" height=\"1281\" src=\"https:\/\/davidbastos.com.br\/wp-content\/uploads\/2026\/01\/DSC_7484.webp\" class=\"attachment-full size-full wp-image-3082\" alt=\"\" srcset=\"https:\/\/davidbastos.com.br\/wp-content\/uploads\/2026\/01\/DSC_7484.webp 1920w, https:\/\/davidbastos.com.br\/wp-content\/uploads\/2026\/01\/DSC_7484-300x200.webp 300w, https:\/\/davidbastos.com.br\/wp-content\/uploads\/2026\/01\/DSC_7484-1024x683.webp 1024w, https:\/\/davidbastos.com.br\/wp-content\/uploads\/2026\/01\/DSC_7484-768x512.webp 768w, https:\/\/davidbastos.com.br\/wp-content\/uploads\/2026\/01\/DSC_7484-1536x1025.webp 1536w, https:\/\/davidbastos.com.br\/wp-content\/uploads\/2026\/01\/DSC_7484-18x12.webp 18w\" sizes=\"(max-width: 1920px) 100vw, 1920px\" \/>\t\t<\/div>\n\t\t\t\t<div class=\"elementor-portfolio-item__overlay\">\n\t\t\t\t<h5 class=\"elementor-portfolio-item__title\">\n\t\tFranz Schubert &#8211; Jardim Europa IV\t\t<\/h5>\n\t\t\t\t<\/div>\n\t\t\t\t<\/a>\n\t\t<\/article>\n\t\t\t\t<article class=\"elementor-portfolio-item elementor-post elementor-filter-5 elementor-filter-6 post-3064 projeto type-projeto status-publish has-post-thumbnail hentry categoria-de-projeto-apartamentos categoria-de-projeto-coberturas\" role=\"listitem\">\n\t\t\t<a class=\"elementor-post__thumbnail__link\" href=\"https:\/\/davidbastos.com.br\/en\/projeto\/triplex-natal\/\">\n\t\t\t\t<div class=\"elementor-portfolio-item__img elementor-post__thumbnail\">\n\t\t\t<img decoding=\"async\" width=\"1920\" height=\"1278\" src=\"https:\/\/davidbastos.com.br\/wp-content\/uploads\/2026\/01\/IMG_5815.webp\" class=\"attachment-full size-full wp-image-3072\" alt=\"\" srcset=\"https:\/\/davidbastos.com.br\/wp-content\/uploads\/2026\/01\/IMG_5815.webp 1920w, https:\/\/davidbastos.com.br\/wp-content\/uploads\/2026\/01\/IMG_5815-300x200.webp 300w, https:\/\/davidbastos.com.br\/wp-content\/uploads\/2026\/01\/IMG_5815-1024x682.webp 1024w, https:\/\/davidbastos.com.br\/wp-content\/uploads\/2026\/01\/IMG_5815-768x511.webp 768w, https:\/\/davidbastos.com.br\/wp-content\/uploads\/2026\/01\/IMG_5815-1536x1022.webp 1536w, https:\/\/davidbastos.com.br\/wp-content\/uploads\/2026\/01\/IMG_5815-18x12.webp 18w\" sizes=\"(max-width: 1920px) 100vw, 1920px\" \/>\t\t<\/div>\n\t\t\t\t<div class=\"elementor-portfolio-item__overlay\">\n\t\t\t\t<h5 class=\"elementor-portfolio-item__title\">\n\t\tTriplex Natal\t\t<\/h5>\n\t\t\t\t<\/div>\n\t\t\t\t<\/a>\n\t\t<\/article>\n\t\t\t\t<article class=\"elementor-portfolio-item elementor-post elementor-filter-5 post-3050 projeto type-projeto status-publish has-post-thumbnail hentry categoria-de-projeto-apartamentos\" role=\"listitem\">\n\t\t\t<a class=\"elementor-post__thumbnail__link\" href=\"https:\/\/davidbastos.com.br\/en\/projeto\/boa-viagem-recife-2\/\">\n\t\t\t\t<div class=\"elementor-portfolio-item__img elementor-post__thumbnail\">\n\t\t\t<img decoding=\"async\" width=\"1920\" height=\"1280\" src=\"https:\/\/davidbastos.com.br\/wp-content\/uploads\/2026\/01\/rogerio_maranhao4466.webp\" class=\"attachment-full size-full wp-image-3052\" alt=\"\" srcset=\"https:\/\/davidbastos.com.br\/wp-content\/uploads\/2026\/01\/rogerio_maranhao4466.webp 1920w, https:\/\/davidbastos.com.br\/wp-content\/uploads\/2026\/01\/rogerio_maranhao4466-300x200.webp 300w, https:\/\/davidbastos.com.br\/wp-content\/uploads\/2026\/01\/rogerio_maranhao4466-1024x683.webp 1024w, https:\/\/davidbastos.com.br\/wp-content\/uploads\/2026\/01\/rogerio_maranhao4466-768x512.webp 768w, https:\/\/davidbastos.com.br\/wp-content\/uploads\/2026\/01\/rogerio_maranhao4466-1536x1024.webp 1536w, https:\/\/davidbastos.com.br\/wp-content\/uploads\/2026\/01\/rogerio_maranhao4466-18x12.webp 18w\" sizes=\"(max-width: 1920px) 100vw, 1920px\" \/>\t\t<\/div>\n\t\t\t\t<div class=\"elementor-portfolio-item__overlay\">\n\t\t\t\t<h5 class=\"elementor-portfolio-item__title\">\n\t\tBoa Viagem &#8211; Recife\t\t<\/h5>\n\t\t\t\t<\/div>\n\t\t\t\t<\/a>\n\t\t<\/article>\n\t\t\t\t<article class=\"elementor-portfolio-item elementor-post elementor-filter-5 elementor-filter-6 post-3036 projeto type-projeto status-publish has-post-thumbnail hentry categoria-de-projeto-apartamentos categoria-de-projeto-coberturas\" role=\"listitem\">\n\t\t\t<a class=\"elementor-post__thumbnail__link\" href=\"https:\/\/davidbastos.com.br\/en\/projeto\/higienopolis-i\/\">\n\t\t\t\t<div class=\"elementor-portfolio-item__img elementor-post__thumbnail\">\n\t\t\t<img decoding=\"async\" width=\"1920\" height=\"1210\" src=\"https:\/\/davidbastos.com.br\/wp-content\/uploads\/2026\/01\/CA_4158-1.webp\" class=\"attachment-full size-full wp-image-3040\" alt=\"\" srcset=\"https:\/\/davidbastos.com.br\/wp-content\/uploads\/2026\/01\/CA_4158-1.webp 1920w, https:\/\/davidbastos.com.br\/wp-content\/uploads\/2026\/01\/CA_4158-1-300x189.webp 300w, https:\/\/davidbastos.com.br\/wp-content\/uploads\/2026\/01\/CA_4158-1-1024x645.webp 1024w, https:\/\/davidbastos.com.br\/wp-content\/uploads\/2026\/01\/CA_4158-1-768x484.webp 768w, https:\/\/davidbastos.com.br\/wp-content\/uploads\/2026\/01\/CA_4158-1-1536x968.webp 1536w, https:\/\/davidbastos.com.br\/wp-content\/uploads\/2026\/01\/CA_4158-1-18x12.webp 18w\" sizes=\"(max-width: 1920px) 100vw, 1920px\" \/>\t\t<\/div>\n\t\t\t\t<div class=\"elementor-portfolio-item__overlay\">\n\t\t\t\t<h5 class=\"elementor-portfolio-item__title\">\n\t\tHigien\u00f3polis I\t\t<\/h5>\n\t\t\t\t<\/div>\n\t\t\t\t<\/a>\n\t\t<\/article>\n\t\t\t\t<article class=\"elementor-portfolio-item elementor-post elementor-filter-5 post-3014 projeto type-projeto status-publish has-post-thumbnail hentry categoria-de-projeto-apartamentos\" role=\"listitem\">\n\t\t\t<a class=\"elementor-post__thumbnail__link\" href=\"https:\/\/davidbastos.com.br\/en\/projeto\/maiza\/\">\n\t\t\t\t<div class=\"elementor-portfolio-item__img elementor-post__thumbnail\">\n\t\t\t<img decoding=\"async\" width=\"1920\" height=\"1280\" src=\"https:\/\/davidbastos.com.br\/wp-content\/uploads\/2026\/01\/IMG_5336_T.Reines.webp\" class=\"attachment-full size-full wp-image-3033\" alt=\"\" srcset=\"https:\/\/davidbastos.com.br\/wp-content\/uploads\/2026\/01\/IMG_5336_T.Reines.webp 1920w, https:\/\/davidbastos.com.br\/wp-content\/uploads\/2026\/01\/IMG_5336_T.Reines-300x200.webp 300w, https:\/\/davidbastos.com.br\/wp-content\/uploads\/2026\/01\/IMG_5336_T.Reines-1024x683.webp 1024w, https:\/\/davidbastos.com.br\/wp-content\/uploads\/2026\/01\/IMG_5336_T.Reines-768x512.webp 768w, https:\/\/davidbastos.com.br\/wp-content\/uploads\/2026\/01\/IMG_5336_T.Reines-1536x1024.webp 1536w, https:\/\/davidbastos.com.br\/wp-content\/uploads\/2026\/01\/IMG_5336_T.Reines-18x12.webp 18w\" sizes=\"(max-width: 1920px) 100vw, 1920px\" \/>\t\t<\/div>\n\t\t\t\t<div class=\"elementor-portfolio-item__overlay\">\n\t\t\t\t<h5 class=\"elementor-portfolio-item__title\">\n\t\tMa\u00edza\t\t<\/h5>\n\t\t\t\t<\/div>\n\t\t\t\t<\/a>\n\t\t<\/article>\n\t\t\t\t<article class=\"elementor-portfolio-item elementor-post elementor-filter-5 elementor-filter-6 post-2994 projeto type-projeto status-publish has-post-thumbnail hentry categoria-de-projeto-apartamentos categoria-de-projeto-coberturas\" role=\"listitem\">\n\t\t\t<a class=\"elementor-post__thumbnail__link\" href=\"https:\/\/davidbastos.com.br\/en\/projeto\/cobertura-san-lazaro\/\">\n\t\t\t\t<div class=\"elementor-portfolio-item__img elementor-post__thumbnail\">\n\t\t\t<img decoding=\"async\" width=\"1920\" height=\"1280\" src=\"https:\/\/davidbastos.com.br\/wp-content\/uploads\/2026\/01\/IMG_5138_T.Reines.webp\" class=\"attachment-full size-full wp-image-3004\" alt=\"\" srcset=\"https:\/\/davidbastos.com.br\/wp-content\/uploads\/2026\/01\/IMG_5138_T.Reines.webp 1920w, https:\/\/davidbastos.com.br\/wp-content\/uploads\/2026\/01\/IMG_5138_T.Reines-300x200.webp 300w, https:\/\/davidbastos.com.br\/wp-content\/uploads\/2026\/01\/IMG_5138_T.Reines-1024x683.webp 1024w, https:\/\/davidbastos.com.br\/wp-content\/uploads\/2026\/01\/IMG_5138_T.Reines-768x512.webp 768w, https:\/\/davidbastos.com.br\/wp-content\/uploads\/2026\/01\/IMG_5138_T.Reines-1536x1024.webp 1536w, https:\/\/davidbastos.com.br\/wp-content\/uploads\/2026\/01\/IMG_5138_T.Reines-18x12.webp 18w\" sizes=\"(max-width: 1920px) 100vw, 1920px\" \/>\t\t<\/div>\n\t\t\t\t<div class=\"elementor-portfolio-item__overlay\">\n\t\t\t\t<h5 class=\"elementor-portfolio-item__title\">\n\t\tCobertura &#8211; San L\u00e1zaro\t\t<\/h5>\n\t\t\t\t<\/div>\n\t\t\t\t<\/a>\n\t\t<\/article>\n\t\t\t\t<article class=\"elementor-portfolio-item elementor-post elementor-filter-5 elementor-filter-6 post-2987 projeto type-projeto status-publish has-post-thumbnail hentry categoria-de-projeto-apartamentos categoria-de-projeto-coberturas\" role=\"listitem\">\n\t\t\t<a class=\"elementor-post__thumbnail__link\" href=\"https:\/\/davidbastos.com.br\/en\/projeto\/apartamento-david-bastos-iv-momento-ii\/\">\n\t\t\t\t<div class=\"elementor-portfolio-item__img elementor-post__thumbnail\">\n\t\t\t<img decoding=\"async\" width=\"1920\" height=\"1281\" src=\"https:\/\/davidbastos.com.br\/wp-content\/uploads\/2026\/01\/T.Reines__TRE6605.webp\" class=\"attachment-full size-full wp-image-2993\" alt=\"\" srcset=\"https:\/\/davidbastos.com.br\/wp-content\/uploads\/2026\/01\/T.Reines__TRE6605.webp 1920w, https:\/\/davidbastos.com.br\/wp-content\/uploads\/2026\/01\/T.Reines__TRE6605-300x200.webp 300w, https:\/\/davidbastos.com.br\/wp-content\/uploads\/2026\/01\/T.Reines__TRE6605-1024x683.webp 1024w, https:\/\/davidbastos.com.br\/wp-content\/uploads\/2026\/01\/T.Reines__TRE6605-768x512.webp 768w, https:\/\/davidbastos.com.br\/wp-content\/uploads\/2026\/01\/T.Reines__TRE6605-1536x1025.webp 1536w, https:\/\/davidbastos.com.br\/wp-content\/uploads\/2026\/01\/T.Reines__TRE6605-18x12.webp 18w\" sizes=\"(max-width: 1920px) 100vw, 1920px\" \/>\t\t<\/div>\n\t\t\t\t<div class=\"elementor-portfolio-item__overlay\">\n\t\t\t\t<h5 class=\"elementor-portfolio-item__title\">\n\t\tApartamento David Bastos IV &#8211; Momento II\t\t<\/h5>\n\t\t\t\t<\/div>\n\t\t\t\t<\/a>\n\t\t<\/article>\n\t\t\t\t<article class=\"elementor-portfolio-item elementor-post elementor-filter-5 elementor-filter-6 post-2965 projeto type-projeto status-publish has-post-thumbnail hentry categoria-de-projeto-apartamentos categoria-de-projeto-coberturas\" role=\"listitem\">\n\t\t\t<a class=\"elementor-post__thumbnail__link\" href=\"https:\/\/davidbastos.com.br\/en\/projeto\/apartamento-david-bastos-iv-padre-joao\/\">\n\t\t\t\t<div class=\"elementor-portfolio-item__img elementor-post__thumbnail\">\n\t\t\t<img decoding=\"async\" width=\"1920\" height=\"1280\" src=\"https:\/\/davidbastos.com.br\/wp-content\/uploads\/2026\/01\/402B9364.webp\" class=\"attachment-full size-full wp-image-2966\" alt=\"\" srcset=\"https:\/\/davidbastos.com.br\/wp-content\/uploads\/2026\/01\/402B9364.webp 1920w, https:\/\/davidbastos.com.br\/wp-content\/uploads\/2026\/01\/402B9364-300x200.webp 300w, https:\/\/davidbastos.com.br\/wp-content\/uploads\/2026\/01\/402B9364-1024x683.webp 1024w, https:\/\/davidbastos.com.br\/wp-content\/uploads\/2026\/01\/402B9364-768x512.webp 768w, https:\/\/davidbastos.com.br\/wp-content\/uploads\/2026\/01\/402B9364-1536x1024.webp 1536w, https:\/\/davidbastos.com.br\/wp-content\/uploads\/2026\/01\/402B9364-18x12.webp 18w\" sizes=\"(max-width: 1920px) 100vw, 1920px\" \/>\t\t<\/div>\n\t\t\t\t<div class=\"elementor-portfolio-item__overlay\">\n\t\t\t\t<h5 class=\"elementor-portfolio-item__title\">\n\t\tApartamento David Bastos IV &#8211; Padre Jo\u00e3o\t\t<\/h5>\n\t\t\t\t<\/div>\n\t\t\t\t<\/a>\n\t\t<\/article>\n\t\t\t\t<article class=\"elementor-portfolio-item elementor-post elementor-filter-5 post-2672 projeto type-projeto status-publish has-post-thumbnail hentry categoria-de-projeto-apartamentos\" role=\"listitem\">\n\t\t\t<a class=\"elementor-post__thumbnail__link\" href=\"https:\/\/davidbastos.com.br\/en\/projeto\/higienopolis-ii\/\">\n\t\t\t\t<div class=\"elementor-portfolio-item__img elementor-post__thumbnail\">\n\t\t\t<img decoding=\"async\" width=\"1920\" height=\"1440\" src=\"https:\/\/davidbastos.com.br\/wp-content\/uploads\/2026\/01\/DSF0350.webp\" class=\"attachment-full size-full wp-image-2677\" alt=\"\" srcset=\"https:\/\/davidbastos.com.br\/wp-content\/uploads\/2026\/01\/DSF0350.webp 1920w, https:\/\/davidbastos.com.br\/wp-content\/uploads\/2026\/01\/DSF0350-300x225.webp 300w, https:\/\/davidbastos.com.br\/wp-content\/uploads\/2026\/01\/DSF0350-1024x768.webp 1024w, https:\/\/davidbastos.com.br\/wp-content\/uploads\/2026\/01\/DSF0350-768x576.webp 768w, https:\/\/davidbastos.com.br\/wp-content\/uploads\/2026\/01\/DSF0350-1536x1152.webp 1536w, https:\/\/davidbastos.com.br\/wp-content\/uploads\/2026\/01\/DSF0350-16x12.webp 16w\" sizes=\"(max-width: 1920px) 100vw, 1920px\" \/>\t\t<\/div>\n\t\t\t\t<div class=\"elementor-portfolio-item__overlay\">\n\t\t\t\t<h5 class=\"elementor-portfolio-item__title\">\n\t\tHigien\u00f3polis II\t\t<\/h5>\n\t\t\t\t<\/div>\n\t\t\t\t<\/a>\n\t\t<\/article>\n\t\t\t\t<article class=\"elementor-portfolio-item elementor-post elementor-filter-5 post-2510 projeto type-projeto status-publish has-post-thumbnail hentry categoria-de-projeto-apartamentos\" role=\"listitem\">\n\t\t\t<a class=\"elementor-post__thumbnail__link\" href=\"https:\/\/davidbastos.com.br\/en\/projeto\/itaim-bibi-vi-2\/\">\n\t\t\t\t<div class=\"elementor-portfolio-item__img elementor-post__thumbnail\">\n\t\t\t<img decoding=\"async\" width=\"1920\" height=\"1280\" src=\"https:\/\/davidbastos.com.br\/wp-content\/uploads\/2026\/01\/IMG_4045_Tuca_Reines.webp\" class=\"attachment-full size-full wp-image-2517\" alt=\"\" srcset=\"https:\/\/davidbastos.com.br\/wp-content\/uploads\/2026\/01\/IMG_4045_Tuca_Reines.webp 1920w, https:\/\/davidbastos.com.br\/wp-content\/uploads\/2026\/01\/IMG_4045_Tuca_Reines-300x200.webp 300w, https:\/\/davidbastos.com.br\/wp-content\/uploads\/2026\/01\/IMG_4045_Tuca_Reines-1024x683.webp 1024w, https:\/\/davidbastos.com.br\/wp-content\/uploads\/2026\/01\/IMG_4045_Tuca_Reines-768x512.webp 768w, https:\/\/davidbastos.com.br\/wp-content\/uploads\/2026\/01\/IMG_4045_Tuca_Reines-1536x1024.webp 1536w, https:\/\/davidbastos.com.br\/wp-content\/uploads\/2026\/01\/IMG_4045_Tuca_Reines-18x12.webp 18w\" sizes=\"(max-width: 1920px) 100vw, 1920px\" \/>\t\t<\/div>\n\t\t\t\t<div class=\"elementor-portfolio-item__overlay\">\n\t\t\t\t<h5 class=\"elementor-portfolio-item__title\">\n\t\tItaim Bibi VII\t\t<\/h5>\n\t\t\t\t<\/div>\n\t\t\t\t<\/a>\n\t\t<\/article>\n\t\t\t\t<article class=\"elementor-portfolio-item elementor-post elementor-filter-5 post-2601 projeto type-projeto status-publish has-post-thumbnail hentry categoria-de-projeto-apartamentos\" role=\"listitem\">\n\t\t\t<a class=\"elementor-post__thumbnail__link\" href=\"https:\/\/davidbastos.com.br\/en\/projeto\/cidade-jardim-iii\/\">\n\t\t\t\t<div class=\"elementor-portfolio-item__img elementor-post__thumbnail\">\n\t\t\t<img decoding=\"async\" width=\"1920\" height=\"1280\" src=\"https:\/\/davidbastos.com.br\/wp-content\/uploads\/2026\/01\/T_Reines_IMG_9781.webp\" class=\"attachment-full size-full wp-image-2602\" alt=\"\" srcset=\"https:\/\/davidbastos.com.br\/wp-content\/uploads\/2026\/01\/T_Reines_IMG_9781.webp 1920w, https:\/\/davidbastos.com.br\/wp-content\/uploads\/2026\/01\/T_Reines_IMG_9781-300x200.webp 300w, https:\/\/davidbastos.com.br\/wp-content\/uploads\/2026\/01\/T_Reines_IMG_9781-1024x683.webp 1024w, https:\/\/davidbastos.com.br\/wp-content\/uploads\/2026\/01\/T_Reines_IMG_9781-768x512.webp 768w, https:\/\/davidbastos.com.br\/wp-content\/uploads\/2026\/01\/T_Reines_IMG_9781-1536x1024.webp 1536w, https:\/\/davidbastos.com.br\/wp-content\/uploads\/2026\/01\/T_Reines_IMG_9781-18x12.webp 18w\" sizes=\"(max-width: 1920px) 100vw, 1920px\" \/>\t\t<\/div>\n\t\t\t\t<div class=\"elementor-portfolio-item__overlay\">\n\t\t\t\t<h5 class=\"elementor-portfolio-item__title\">\n\t\tCidade Jardim III\t\t<\/h5>\n\t\t\t\t<\/div>\n\t\t\t\t<\/a>\n\t\t<\/article>\n\t\t\t\t<article class=\"elementor-portfolio-item elementor-post elementor-filter-5 elementor-filter-6 post-901 projeto type-projeto status-publish has-post-thumbnail hentry categoria-de-projeto-apartamentos categoria-de-projeto-coberturas\" role=\"listitem\">\n\t\t\t<a class=\"elementor-post__thumbnail__link\" href=\"https:\/\/davidbastos.com.br\/en\/projeto\/geneve-suica\/\">\n\t\t\t\t<div class=\"elementor-portfolio-item__img elementor-post__thumbnail\">\n\t\t\t<img decoding=\"async\" width=\"2560\" height=\"1708\" src=\"https:\/\/davidbastos.com.br\/wp-content\/uploads\/2025\/09\/1-scaled.jpg\" class=\"attachment-full size-full wp-image-911\" alt=\"\" srcset=\"https:\/\/davidbastos.com.br\/wp-content\/uploads\/2025\/09\/1-scaled.jpg 2560w, https:\/\/davidbastos.com.br\/wp-content\/uploads\/2025\/09\/1-300x200.jpg 300w, https:\/\/davidbastos.com.br\/wp-content\/uploads\/2025\/09\/1-1024x683.jpg 1024w, https:\/\/davidbastos.com.br\/wp-content\/uploads\/2025\/09\/1-768x513.jpg 768w, https:\/\/davidbastos.com.br\/wp-content\/uploads\/2025\/09\/1-1536x1025.jpg 1536w, https:\/\/davidbastos.com.br\/wp-content\/uploads\/2025\/09\/1-2048x1367.jpg 2048w\" sizes=\"(max-width: 2560px) 100vw, 2560px\" \/>\t\t<\/div>\n\t\t\t\t<div class=\"elementor-portfolio-item__overlay\">\n\t\t\t\t<h5 class=\"elementor-portfolio-item__title\">\n\t\tGeneva \u2013 Switzerland\t\t<\/h5>\n\t\t\t\t<\/div>\n\t\t\t\t<\/a>\n\t\t<\/article>\n\t\t\t\t<article class=\"elementor-portfolio-item elementor-post elementor-filter-5 post-2052 projeto type-projeto status-publish has-post-thumbnail hentry categoria-de-projeto-apartamentos\" role=\"listitem\">\n\t\t\t<a class=\"elementor-post__thumbnail__link\" href=\"https:\/\/davidbastos.com.br\/en\/projeto\/itaim-bibi-v\/\">\n\t\t\t\t<div class=\"elementor-portfolio-item__img elementor-post__thumbnail\">\n\t\t\t<img decoding=\"async\" width=\"1920\" height=\"1280\" src=\"https:\/\/davidbastos.com.br\/wp-content\/uploads\/2025\/12\/Capa-Horizontal-2.webp\" class=\"attachment-full size-full wp-image-2062\" alt=\"\" srcset=\"https:\/\/davidbastos.com.br\/wp-content\/uploads\/2025\/12\/Capa-Horizontal-2.webp 1920w, https:\/\/davidbastos.com.br\/wp-content\/uploads\/2025\/12\/Capa-Horizontal-2-300x200.webp 300w, https:\/\/davidbastos.com.br\/wp-content\/uploads\/2025\/12\/Capa-Horizontal-2-1024x683.webp 1024w, https:\/\/davidbastos.com.br\/wp-content\/uploads\/2025\/12\/Capa-Horizontal-2-768x512.webp 768w, https:\/\/davidbastos.com.br\/wp-content\/uploads\/2025\/12\/Capa-Horizontal-2-1536x1024.webp 1536w, https:\/\/davidbastos.com.br\/wp-content\/uploads\/2025\/12\/Capa-Horizontal-2-18x12.webp 18w\" sizes=\"(max-width: 1920px) 100vw, 1920px\" \/>\t\t<\/div>\n\t\t\t\t<div class=\"elementor-portfolio-item__overlay\">\n\t\t\t\t<h5 class=\"elementor-portfolio-item__title\">\n\t\tItaim Bibi V\t\t<\/h5>\n\t\t\t\t<\/div>\n\t\t\t\t<\/a>\n\t\t<\/article>\n\t\t\t\t<article class=\"elementor-portfolio-item elementor-post elementor-filter-5 post-2107 projeto type-projeto status-publish has-post-thumbnail hentry categoria-de-projeto-apartamentos\" role=\"listitem\">\n\t\t\t<a class=\"elementor-post__thumbnail__link\" href=\"https:\/\/davidbastos.com.br\/en\/projeto\/itaim-bibi-vi-leopoldo-couto\/\">\n\t\t\t\t<div class=\"elementor-portfolio-item__img elementor-post__thumbnail\">\n\t\t\t<img decoding=\"async\" width=\"1920\" height=\"1280\" src=\"https:\/\/davidbastos.com.br\/wp-content\/uploads\/2025\/12\/Foto-02.webp\" class=\"attachment-full size-full wp-image-2108\" alt=\"\" srcset=\"https:\/\/davidbastos.com.br\/wp-content\/uploads\/2025\/12\/Foto-02.webp 1920w, https:\/\/davidbastos.com.br\/wp-content\/uploads\/2025\/12\/Foto-02-300x200.webp 300w, https:\/\/davidbastos.com.br\/wp-content\/uploads\/2025\/12\/Foto-02-1024x683.webp 1024w, https:\/\/davidbastos.com.br\/wp-content\/uploads\/2025\/12\/Foto-02-768x512.webp 768w, https:\/\/davidbastos.com.br\/wp-content\/uploads\/2025\/12\/Foto-02-1536x1024.webp 1536w, https:\/\/davidbastos.com.br\/wp-content\/uploads\/2025\/12\/Foto-02-18x12.webp 18w\" sizes=\"(max-width: 1920px) 100vw, 1920px\" \/>\t\t<\/div>\n\t\t\t\t<div class=\"elementor-portfolio-item__overlay\">\n\t\t\t\t<h5 class=\"elementor-portfolio-item__title\">\n\t\tItaim Bibi VI &#8211; Leopoldo Couto\t\t<\/h5>\n\t\t\t\t<\/div>\n\t\t\t\t<\/a>\n\t\t<\/article>\n\t\t\t\t<article class=\"elementor-portfolio-item elementor-post elementor-filter-5 post-2165 projeto type-projeto status-publish has-post-thumbnail hentry categoria-de-projeto-apartamentos\" role=\"listitem\">\n\t\t\t<a class=\"elementor-post__thumbnail__link\" href=\"https:\/\/davidbastos.com.br\/en\/projeto\/ladeira-da-barra\/\">\n\t\t\t\t<div class=\"elementor-portfolio-item__img elementor-post__thumbnail\">\n\t\t\t<img decoding=\"async\" width=\"1920\" height=\"1280\" src=\"https:\/\/davidbastos.com.br\/wp-content\/uploads\/2025\/12\/10062025-10062025-DSCF9431.webp\" class=\"attachment-full size-full wp-image-2168\" alt=\"\" srcset=\"https:\/\/davidbastos.com.br\/wp-content\/uploads\/2025\/12\/10062025-10062025-DSCF9431.webp 1920w, https:\/\/davidbastos.com.br\/wp-content\/uploads\/2025\/12\/10062025-10062025-DSCF9431-300x200.webp 300w, https:\/\/davidbastos.com.br\/wp-content\/uploads\/2025\/12\/10062025-10062025-DSCF9431-1024x683.webp 1024w, https:\/\/davidbastos.com.br\/wp-content\/uploads\/2025\/12\/10062025-10062025-DSCF9431-768x512.webp 768w, https:\/\/davidbastos.com.br\/wp-content\/uploads\/2025\/12\/10062025-10062025-DSCF9431-1536x1024.webp 1536w, https:\/\/davidbastos.com.br\/wp-content\/uploads\/2025\/12\/10062025-10062025-DSCF9431-18x12.webp 18w\" sizes=\"(max-width: 1920px) 100vw, 1920px\" \/>\t\t<\/div>\n\t\t\t\t<div class=\"elementor-portfolio-item__overlay\">\n\t\t\t\t<h5 class=\"elementor-portfolio-item__title\">\n\t\tLadeira da Barra\t\t<\/h5>\n\t\t\t\t<\/div>\n\t\t\t\t<\/a>\n\t\t<\/article>\n\t\t\t\t<article class=\"elementor-portfolio-item elementor-post elementor-filter-5 post-2148 projeto type-projeto status-publish has-post-thumbnail hentry categoria-de-projeto-apartamentos\" role=\"listitem\">\n\t\t\t<a class=\"elementor-post__thumbnail__link\" href=\"https:\/\/davidbastos.com.br\/en\/projeto\/joana-angelica-ap-david-bastos-ipanema\/\">\n\t\t\t\t<div class=\"elementor-portfolio-item__img elementor-post__thumbnail\">\n\t\t\t<img decoding=\"async\" width=\"1920\" height=\"1280\" src=\"https:\/\/davidbastos.com.br\/wp-content\/uploads\/2025\/12\/IMG_0439Tuca_Reines.webp\" class=\"attachment-full size-full wp-image-2151\" alt=\"\" srcset=\"https:\/\/davidbastos.com.br\/wp-content\/uploads\/2025\/12\/IMG_0439Tuca_Reines.webp 1920w, https:\/\/davidbastos.com.br\/wp-content\/uploads\/2025\/12\/IMG_0439Tuca_Reines-300x200.webp 300w, https:\/\/davidbastos.com.br\/wp-content\/uploads\/2025\/12\/IMG_0439Tuca_Reines-1024x683.webp 1024w, https:\/\/davidbastos.com.br\/wp-content\/uploads\/2025\/12\/IMG_0439Tuca_Reines-768x512.webp 768w, https:\/\/davidbastos.com.br\/wp-content\/uploads\/2025\/12\/IMG_0439Tuca_Reines-1536x1024.webp 1536w, https:\/\/davidbastos.com.br\/wp-content\/uploads\/2025\/12\/IMG_0439Tuca_Reines-18x12.webp 18w\" sizes=\"(max-width: 1920px) 100vw, 1920px\" \/>\t\t<\/div>\n\t\t\t\t<div class=\"elementor-portfolio-item__overlay\">\n\t\t\t\t<h5 class=\"elementor-portfolio-item__title\">\n\t\tJoana Ang\u00e9lica ap. David Bastos &#8211; Ipanema\t\t<\/h5>\n\t\t\t\t<\/div>\n\t\t\t\t<\/a>\n\t\t<\/article>\n\t\t\t\t<article class=\"elementor-portfolio-item elementor-post elementor-filter-5 post-2128 projeto type-projeto status-publish has-post-thumbnail hentry categoria-de-projeto-apartamentos\" role=\"listitem\">\n\t\t\t<a class=\"elementor-post__thumbnail__link\" href=\"https:\/\/davidbastos.com.br\/en\/projeto\/vila-nova-v-praca-pereira-coutinho\/\">\n\t\t\t\t<div class=\"elementor-portfolio-item__img elementor-post__thumbnail\">\n\t\t\t<img decoding=\"async\" width=\"1920\" height=\"1280\" src=\"https:\/\/davidbastos.com.br\/wp-content\/uploads\/2025\/12\/capa-6.webp\" class=\"attachment-full size-full wp-image-2137\" alt=\"\" srcset=\"https:\/\/davidbastos.com.br\/wp-content\/uploads\/2025\/12\/capa-6.webp 1920w, https:\/\/davidbastos.com.br\/wp-content\/uploads\/2025\/12\/capa-6-300x200.webp 300w, https:\/\/davidbastos.com.br\/wp-content\/uploads\/2025\/12\/capa-6-1024x683.webp 1024w, https:\/\/davidbastos.com.br\/wp-content\/uploads\/2025\/12\/capa-6-768x512.webp 768w, https:\/\/davidbastos.com.br\/wp-content\/uploads\/2025\/12\/capa-6-1536x1024.webp 1536w, https:\/\/davidbastos.com.br\/wp-content\/uploads\/2025\/12\/capa-6-18x12.webp 18w\" sizes=\"(max-width: 1920px) 100vw, 1920px\" \/>\t\t<\/div>\n\t\t\t\t<div class=\"elementor-portfolio-item__overlay\">\n\t\t\t\t<h5 class=\"elementor-portfolio-item__title\">\n\t\tVila Nova V &#8211; Pra\u00e7a Pereira Coutinho\t\t<\/h5>\n\t\t\t\t<\/div>\n\t\t\t\t<\/a>\n\t\t<\/article>\n\t\t\t\t<article class=\"elementor-portfolio-item elementor-post elementor-filter-5 post-2027 projeto type-projeto status-publish has-post-thumbnail hentry categoria-de-projeto-apartamentos\" role=\"listitem\">\n\t\t\t<a class=\"elementor-post__thumbnail__link\" href=\"https:\/\/davidbastos.com.br\/en\/projeto\/consolacao-jardins-iii\/\">\n\t\t\t\t<div class=\"elementor-portfolio-item__img elementor-post__thumbnail\">\n\t\t\t<img decoding=\"async\" width=\"1920\" height=\"1440\" src=\"https:\/\/davidbastos.com.br\/wp-content\/uploads\/2025\/12\/Capa-Horizontal-1.webp\" class=\"attachment-full size-full wp-image-2036\" alt=\"\" srcset=\"https:\/\/davidbastos.com.br\/wp-content\/uploads\/2025\/12\/Capa-Horizontal-1.webp 1920w, https:\/\/davidbastos.com.br\/wp-content\/uploads\/2025\/12\/Capa-Horizontal-1-300x225.webp 300w, https:\/\/davidbastos.com.br\/wp-content\/uploads\/2025\/12\/Capa-Horizontal-1-1024x768.webp 1024w, https:\/\/davidbastos.com.br\/wp-content\/uploads\/2025\/12\/Capa-Horizontal-1-768x576.webp 768w, https:\/\/davidbastos.com.br\/wp-content\/uploads\/2025\/12\/Capa-Horizontal-1-1536x1152.webp 1536w, https:\/\/davidbastos.com.br\/wp-content\/uploads\/2025\/12\/Capa-Horizontal-1-16x12.webp 16w\" sizes=\"(max-width: 1920px) 100vw, 1920px\" \/>\t\t<\/div>\n\t\t\t\t<div class=\"elementor-portfolio-item__overlay\">\n\t\t\t\t<h5 class=\"elementor-portfolio-item__title\">\n\t\tConsola\u00e7\u00e3o &#8211; Jardins III\t\t<\/h5>\n\t\t\t\t<\/div>\n\t\t\t\t<\/a>\n\t\t<\/article>\n\t\t\t\t<article class=\"elementor-portfolio-item elementor-post elementor-filter-5 post-2000 projeto type-projeto status-publish has-post-thumbnail hentry categoria-de-projeto-apartamentos\" role=\"listitem\">\n\t\t\t<a class=\"elementor-post__thumbnail__link\" href=\"https:\/\/davidbastos.com.br\/en\/projeto\/capote-valente-pinheiros\/\">\n\t\t\t\t<div class=\"elementor-portfolio-item__img elementor-post__thumbnail\">\n\t\t\t<img decoding=\"async\" width=\"1920\" height=\"1280\" src=\"https:\/\/davidbastos.com.br\/wp-content\/uploads\/2025\/12\/H-2.webp\" class=\"attachment-full size-full wp-image-2009\" alt=\"\" srcset=\"https:\/\/davidbastos.com.br\/wp-content\/uploads\/2025\/12\/H-2.webp 1920w, https:\/\/davidbastos.com.br\/wp-content\/uploads\/2025\/12\/H-2-300x200.webp 300w, https:\/\/davidbastos.com.br\/wp-content\/uploads\/2025\/12\/H-2-1024x683.webp 1024w, https:\/\/davidbastos.com.br\/wp-content\/uploads\/2025\/12\/H-2-768x512.webp 768w, https:\/\/davidbastos.com.br\/wp-content\/uploads\/2025\/12\/H-2-1536x1024.webp 1536w, https:\/\/davidbastos.com.br\/wp-content\/uploads\/2025\/12\/H-2-18x12.webp 18w\" sizes=\"(max-width: 1920px) 100vw, 1920px\" \/>\t\t<\/div>\n\t\t\t\t<div class=\"elementor-portfolio-item__overlay\">\n\t\t\t\t<h5 class=\"elementor-portfolio-item__title\">\n\t\tCapote Valente &#8211; Pinheiros\t\t<\/h5>\n\t\t\t\t<\/div>\n\t\t\t\t<\/a>\n\t\t<\/article>\n\t\t\t\t<article class=\"elementor-portfolio-item elementor-post elementor-filter-5 post-1986 projeto type-projeto status-publish has-post-thumbnail hentry categoria-de-projeto-apartamentos\" role=\"listitem\">\n\t\t\t<a class=\"elementor-post__thumbnail__link\" href=\"https:\/\/davidbastos.com.br\/en\/projeto\/maison-cloe-jardins\/\">\n\t\t\t\t<div class=\"elementor-portfolio-item__img elementor-post__thumbnail\">\n\t\t\t<img decoding=\"async\" width=\"1920\" height=\"1280\" src=\"https:\/\/davidbastos.com.br\/wp-content\/uploads\/2025\/12\/Capa-Horizontal.webp\" class=\"attachment-full size-full wp-image-1999\" alt=\"\" srcset=\"https:\/\/davidbastos.com.br\/wp-content\/uploads\/2025\/12\/Capa-Horizontal.webp 1920w, https:\/\/davidbastos.com.br\/wp-content\/uploads\/2025\/12\/Capa-Horizontal-300x200.webp 300w, https:\/\/davidbastos.com.br\/wp-content\/uploads\/2025\/12\/Capa-Horizontal-1024x683.webp 1024w, https:\/\/davidbastos.com.br\/wp-content\/uploads\/2025\/12\/Capa-Horizontal-768x512.webp 768w, https:\/\/davidbastos.com.br\/wp-content\/uploads\/2025\/12\/Capa-Horizontal-1536x1024.webp 1536w, https:\/\/davidbastos.com.br\/wp-content\/uploads\/2025\/12\/Capa-Horizontal-18x12.webp 18w\" sizes=\"(max-width: 1920px) 100vw, 1920px\" \/>\t\t<\/div>\n\t\t\t\t<div class=\"elementor-portfolio-item__overlay\">\n\t\t\t\t<h5 class=\"elementor-portfolio-item__title\">\n\t\tMaison Cloe &#8211; Jardins\t\t<\/h5>\n\t\t\t\t<\/div>\n\t\t\t\t<\/a>\n\t\t<\/article>\n\t\t\t\t<article class=\"elementor-portfolio-item elementor-post elementor-filter-5 post-1395 projeto type-projeto status-publish has-post-thumbnail hentry categoria-de-projeto-apartamentos\" role=\"listitem\">\n\t\t\t<a class=\"elementor-post__thumbnail__link\" href=\"https:\/\/davidbastos.com.br\/en\/projeto\/apartamento-harmonia-vila-madalena\/\">\n\t\t\t\t<div class=\"elementor-portfolio-item__img elementor-post__thumbnail\">\n\t\t\t<img decoding=\"async\" width=\"1920\" height=\"1151\" src=\"https:\/\/davidbastos.com.br\/wp-content\/uploads\/2025\/12\/0Z7A5432-1.webp\" class=\"attachment-full size-full wp-image-1406\" alt=\"\" srcset=\"https:\/\/davidbastos.com.br\/wp-content\/uploads\/2025\/12\/0Z7A5432-1.webp 1920w, https:\/\/davidbastos.com.br\/wp-content\/uploads\/2025\/12\/0Z7A5432-1-300x180.webp 300w, https:\/\/davidbastos.com.br\/wp-content\/uploads\/2025\/12\/0Z7A5432-1-1024x614.webp 1024w, https:\/\/davidbastos.com.br\/wp-content\/uploads\/2025\/12\/0Z7A5432-1-768x460.webp 768w, https:\/\/davidbastos.com.br\/wp-content\/uploads\/2025\/12\/0Z7A5432-1-1536x921.webp 1536w, https:\/\/davidbastos.com.br\/wp-content\/uploads\/2025\/12\/0Z7A5432-1-18x12.webp 18w\" sizes=\"(max-width: 1920px) 100vw, 1920px\" \/>\t\t<\/div>\n\t\t\t\t<div class=\"elementor-portfolio-item__overlay\">\n\t\t\t\t<h5 class=\"elementor-portfolio-item__title\">\n\t\tHarmonia &#8211; Vila Madalena\t\t<\/h5>\n\t\t\t\t<\/div>\n\t\t\t\t<\/a>\n\t\t<\/article>\n\t\t\t\t<article class=\"elementor-portfolio-item elementor-post elementor-filter-5 post-1411 projeto type-projeto status-publish has-post-thumbnail hentry categoria-de-projeto-apartamentos\" role=\"listitem\">\n\t\t\t<a class=\"elementor-post__thumbnail__link\" href=\"https:\/\/davidbastos.com.br\/en\/projeto\/itaim-bibi-i-casa-brasileira\/\">\n\t\t\t\t<div class=\"elementor-portfolio-item__img elementor-post__thumbnail\">\n\t\t\t<img decoding=\"async\" width=\"1920\" height=\"1280\" src=\"https:\/\/davidbastos.com.br\/wp-content\/uploads\/2025\/12\/T.Reines_IMG_1394.webp\" class=\"attachment-full size-full wp-image-1429\" alt=\"\" srcset=\"https:\/\/davidbastos.com.br\/wp-content\/uploads\/2025\/12\/T.Reines_IMG_1394.webp 1920w, https:\/\/davidbastos.com.br\/wp-content\/uploads\/2025\/12\/T.Reines_IMG_1394-300x200.webp 300w, https:\/\/davidbastos.com.br\/wp-content\/uploads\/2025\/12\/T.Reines_IMG_1394-1024x683.webp 1024w, https:\/\/davidbastos.com.br\/wp-content\/uploads\/2025\/12\/T.Reines_IMG_1394-768x512.webp 768w, https:\/\/davidbastos.com.br\/wp-content\/uploads\/2025\/12\/T.Reines_IMG_1394-1536x1024.webp 1536w, https:\/\/davidbastos.com.br\/wp-content\/uploads\/2025\/12\/T.Reines_IMG_1394-18x12.webp 18w\" sizes=\"(max-width: 1920px) 100vw, 1920px\" \/>\t\t<\/div>\n\t\t\t\t<div class=\"elementor-portfolio-item__overlay\">\n\t\t\t\t<h5 class=\"elementor-portfolio-item__title\">\n\t\tItaim Bibi II &#8211; Casa Brasileira\t\t<\/h5>\n\t\t\t\t<\/div>\n\t\t\t\t<\/a>\n\t\t<\/article>\n\t\t\t\t<article class=\"elementor-portfolio-item elementor-post elementor-filter-5 post-1432 projeto type-projeto status-publish has-post-thumbnail hentry categoria-de-projeto-apartamentos\" role=\"listitem\">\n\t\t\t<a class=\"elementor-post__thumbnail__link\" href=\"https:\/\/davidbastos.com.br\/en\/projeto\/barao-da-tiete-jardins-i\/\">\n\t\t\t\t<div class=\"elementor-portfolio-item__img elementor-post__thumbnail\">\n\t\t\t<img decoding=\"async\" width=\"1920\" height=\"1187\" src=\"https:\/\/davidbastos.com.br\/wp-content\/uploads\/2025\/12\/T.Reines_TRE2373.webp\" class=\"attachment-full size-full wp-image-1434\" alt=\"\" srcset=\"https:\/\/davidbastos.com.br\/wp-content\/uploads\/2025\/12\/T.Reines_TRE2373.webp 1920w, https:\/\/davidbastos.com.br\/wp-content\/uploads\/2025\/12\/T.Reines_TRE2373-300x185.webp 300w, https:\/\/davidbastos.com.br\/wp-content\/uploads\/2025\/12\/T.Reines_TRE2373-1024x633.webp 1024w, https:\/\/davidbastos.com.br\/wp-content\/uploads\/2025\/12\/T.Reines_TRE2373-768x475.webp 768w, https:\/\/davidbastos.com.br\/wp-content\/uploads\/2025\/12\/T.Reines_TRE2373-1536x950.webp 1536w, https:\/\/davidbastos.com.br\/wp-content\/uploads\/2025\/12\/T.Reines_TRE2373-18x12.webp 18w\" sizes=\"(max-width: 1920px) 100vw, 1920px\" \/>\t\t<\/div>\n\t\t\t\t<div class=\"elementor-portfolio-item__overlay\">\n\t\t\t\t<h5 class=\"elementor-portfolio-item__title\">\n\t\tBar\u00e3o da Tiet\u00ea &#8211; Jardins I\t\t<\/h5>\n\t\t\t\t<\/div>\n\t\t\t\t<\/a>\n\t\t<\/article>\n\t\t\t\t<article class=\"elementor-portfolio-item elementor-post elementor-filter-5 post-1444 projeto type-projeto status-publish has-post-thumbnail hentry categoria-de-projeto-apartamentos\" role=\"listitem\">\n\t\t\t<a class=\"elementor-post__thumbnail__link\" href=\"https:\/\/davidbastos.com.br\/en\/projeto\/salvador-cardoso-itaim-bibi-ii\/\">\n\t\t\t\t<div class=\"elementor-portfolio-item__img elementor-post__thumbnail\">\n\t\t\t<img decoding=\"async\" width=\"1920\" height=\"1280\" src=\"https:\/\/davidbastos.com.br\/wp-content\/uploads\/2025\/12\/T.Reines_IMG_0525.webp\" class=\"attachment-full size-full wp-image-1445\" alt=\"\" srcset=\"https:\/\/davidbastos.com.br\/wp-content\/uploads\/2025\/12\/T.Reines_IMG_0525.webp 1920w, https:\/\/davidbastos.com.br\/wp-content\/uploads\/2025\/12\/T.Reines_IMG_0525-300x200.webp 300w, https:\/\/davidbastos.com.br\/wp-content\/uploads\/2025\/12\/T.Reines_IMG_0525-1024x683.webp 1024w, https:\/\/davidbastos.com.br\/wp-content\/uploads\/2025\/12\/T.Reines_IMG_0525-768x512.webp 768w, https:\/\/davidbastos.com.br\/wp-content\/uploads\/2025\/12\/T.Reines_IMG_0525-1536x1024.webp 1536w, https:\/\/davidbastos.com.br\/wp-content\/uploads\/2025\/12\/T.Reines_IMG_0525-18x12.webp 18w\" sizes=\"(max-width: 1920px) 100vw, 1920px\" \/>\t\t<\/div>\n\t\t\t\t<div class=\"elementor-portfolio-item__overlay\">\n\t\t\t\t<h5 class=\"elementor-portfolio-item__title\">\n\t\tItaim Bibi III &#8211; Salvador Cardoso\t\t<\/h5>\n\t\t\t\t<\/div>\n\t\t\t\t<\/a>\n\t\t<\/article>\n\t\t\t\t<article class=\"elementor-portfolio-item elementor-post elementor-filter-5 post-1577 projeto type-projeto status-publish has-post-thumbnail hentry categoria-de-projeto-apartamentos\" role=\"listitem\">\n\t\t\t<a class=\"elementor-post__thumbnail__link\" href=\"https:\/\/davidbastos.com.br\/en\/projeto\/vila-nova-conceicao-v\/\">\n\t\t\t\t<div class=\"elementor-portfolio-item__img elementor-post__thumbnail\">\n\t\t\t<img decoding=\"async\" width=\"1920\" height=\"1280\" src=\"https:\/\/davidbastos.com.br\/wp-content\/uploads\/2025\/12\/27_V7A8318_VILA-NOVA_CL-01.webp\" class=\"attachment-full size-full wp-image-1582\" alt=\"\" srcset=\"https:\/\/davidbastos.com.br\/wp-content\/uploads\/2025\/12\/27_V7A8318_VILA-NOVA_CL-01.webp 1920w, https:\/\/davidbastos.com.br\/wp-content\/uploads\/2025\/12\/27_V7A8318_VILA-NOVA_CL-01-300x200.webp 300w, https:\/\/davidbastos.com.br\/wp-content\/uploads\/2025\/12\/27_V7A8318_VILA-NOVA_CL-01-1024x683.webp 1024w, https:\/\/davidbastos.com.br\/wp-content\/uploads\/2025\/12\/27_V7A8318_VILA-NOVA_CL-01-768x512.webp 768w, https:\/\/davidbastos.com.br\/wp-content\/uploads\/2025\/12\/27_V7A8318_VILA-NOVA_CL-01-1536x1024.webp 1536w, https:\/\/davidbastos.com.br\/wp-content\/uploads\/2025\/12\/27_V7A8318_VILA-NOVA_CL-01-18x12.webp 18w\" sizes=\"(max-width: 1920px) 100vw, 1920px\" \/>\t\t<\/div>\n\t\t\t\t<div class=\"elementor-portfolio-item__overlay\">\n\t\t\t\t<h5 class=\"elementor-portfolio-item__title\">\n\t\tVila Nova Concei\u00e7\u00e3o V\t\t<\/h5>\n\t\t\t\t<\/div>\n\t\t\t\t<\/a>\n\t\t<\/article>\n\t\t\t\t<article class=\"elementor-portfolio-item elementor-post elementor-filter-5 post-1560 projeto type-projeto status-publish has-post-thumbnail hentry categoria-de-projeto-apartamentos\" role=\"listitem\">\n\t\t\t<a class=\"elementor-post__thumbnail__link\" href=\"https:\/\/davidbastos.com.br\/en\/projeto\/vila-nova-conceicao-iv-pereira-coutinho\/\">\n\t\t\t\t<div class=\"elementor-portfolio-item__img elementor-post__thumbnail\">\n\t\t\t<img decoding=\"async\" width=\"1920\" height=\"1281\" src=\"https:\/\/davidbastos.com.br\/wp-content\/uploads\/2025\/12\/DSC_5730ok.webp\" class=\"attachment-full size-full wp-image-1565\" alt=\"\" srcset=\"https:\/\/davidbastos.com.br\/wp-content\/uploads\/2025\/12\/DSC_5730ok.webp 1920w, https:\/\/davidbastos.com.br\/wp-content\/uploads\/2025\/12\/DSC_5730ok-300x200.webp 300w, https:\/\/davidbastos.com.br\/wp-content\/uploads\/2025\/12\/DSC_5730ok-1024x683.webp 1024w, https:\/\/davidbastos.com.br\/wp-content\/uploads\/2025\/12\/DSC_5730ok-768x512.webp 768w, https:\/\/davidbastos.com.br\/wp-content\/uploads\/2025\/12\/DSC_5730ok-1536x1025.webp 1536w, https:\/\/davidbastos.com.br\/wp-content\/uploads\/2025\/12\/DSC_5730ok-18x12.webp 18w\" sizes=\"(max-width: 1920px) 100vw, 1920px\" \/>\t\t<\/div>\n\t\t\t\t<div class=\"elementor-portfolio-item__overlay\">\n\t\t\t\t<h5 class=\"elementor-portfolio-item__title\">\n\t\tVila Nova Concei\u00e7\u00e3o IV &#8211; Pereira Coutinho\t\t<\/h5>\n\t\t\t\t<\/div>\n\t\t\t\t<\/a>\n\t\t<\/article>\n\t\t\t\t<article class=\"elementor-portfolio-item elementor-post elementor-filter-5 post-1526 projeto type-projeto status-publish has-post-thumbnail hentry categoria-de-projeto-apartamentos\" role=\"listitem\">\n\t\t\t<a class=\"elementor-post__thumbnail__link\" href=\"https:\/\/davidbastos.com.br\/en\/projeto\/paraiso-tumiaru\/\">\n\t\t\t\t<div class=\"elementor-portfolio-item__img elementor-post__thumbnail\">\n\t\t\t<img decoding=\"async\" width=\"1920\" height=\"1381\" src=\"https:\/\/davidbastos.com.br\/wp-content\/uploads\/2025\/12\/IMG_2232T.Reines.webp\" class=\"attachment-full size-full wp-image-1537\" alt=\"\" srcset=\"https:\/\/davidbastos.com.br\/wp-content\/uploads\/2025\/12\/IMG_2232T.Reines.webp 1920w, https:\/\/davidbastos.com.br\/wp-content\/uploads\/2025\/12\/IMG_2232T.Reines-300x216.webp 300w, https:\/\/davidbastos.com.br\/wp-content\/uploads\/2025\/12\/IMG_2232T.Reines-1024x737.webp 1024w, https:\/\/davidbastos.com.br\/wp-content\/uploads\/2025\/12\/IMG_2232T.Reines-768x552.webp 768w, https:\/\/davidbastos.com.br\/wp-content\/uploads\/2025\/12\/IMG_2232T.Reines-1536x1105.webp 1536w, https:\/\/davidbastos.com.br\/wp-content\/uploads\/2025\/12\/IMG_2232T.Reines-18x12.webp 18w\" sizes=\"(max-width: 1920px) 100vw, 1920px\" \/>\t\t<\/div>\n\t\t\t\t<div class=\"elementor-portfolio-item__overlay\">\n\t\t\t\t<h5 class=\"elementor-portfolio-item__title\">\n\t\tPara\u00edso &#8211; Tumiar\u00fa\t\t<\/h5>\n\t\t\t\t<\/div>\n\t\t\t\t<\/a>\n\t\t<\/article>\n\t\t\t\t<article class=\"elementor-portfolio-item elementor-post elementor-filter-5 post-1487 projeto type-projeto status-publish has-post-thumbnail hentry categoria-de-projeto-apartamentos\" role=\"listitem\">\n\t\t\t<a class=\"elementor-post__thumbnail__link\" href=\"https:\/\/davidbastos.com.br\/en\/projeto\/jardim-europa-serido-iii\/\">\n\t\t\t\t<div class=\"elementor-portfolio-item__img elementor-post__thumbnail\">\n\t\t\t<img decoding=\"async\" width=\"1920\" height=\"1340\" src=\"https:\/\/davidbastos.com.br\/wp-content\/uploads\/2025\/12\/DSC_4635.webp\" class=\"attachment-full size-full wp-image-1501\" alt=\"\" srcset=\"https:\/\/davidbastos.com.br\/wp-content\/uploads\/2025\/12\/DSC_4635.webp 1920w, https:\/\/davidbastos.com.br\/wp-content\/uploads\/2025\/12\/DSC_4635-300x209.webp 300w, https:\/\/davidbastos.com.br\/wp-content\/uploads\/2025\/12\/DSC_4635-1024x715.webp 1024w, https:\/\/davidbastos.com.br\/wp-content\/uploads\/2025\/12\/DSC_4635-768x536.webp 768w, https:\/\/davidbastos.com.br\/wp-content\/uploads\/2025\/12\/DSC_4635-1536x1072.webp 1536w, https:\/\/davidbastos.com.br\/wp-content\/uploads\/2025\/12\/DSC_4635-18x12.webp 18w\" sizes=\"(max-width: 1920px) 100vw, 1920px\" \/>\t\t<\/div>\n\t\t\t\t<div class=\"elementor-portfolio-item__overlay\">\n\t\t\t\t<h5 class=\"elementor-portfolio-item__title\">\n\t\tJardim Europa &#8211; Serid\u00f3 III\t\t<\/h5>\n\t\t\t\t<\/div>\n\t\t\t\t<\/a>\n\t\t<\/article>\n\t\t\t\t<article class=\"elementor-portfolio-item elementor-post elementor-filter-5 post-1472 projeto type-projeto status-publish has-post-thumbnail hentry categoria-de-projeto-apartamentos\" role=\"listitem\">\n\t\t\t<a class=\"elementor-post__thumbnail__link\" href=\"https:\/\/davidbastos.com.br\/en\/projeto\/jardim-europa-serido-ii\/\">\n\t\t\t\t<div class=\"elementor-portfolio-item__img elementor-post__thumbnail\">\n\t\t\t<img decoding=\"async\" width=\"1920\" height=\"1206\" src=\"https:\/\/davidbastos.com.br\/wp-content\/uploads\/2025\/12\/T.ReinesIMG_9347.webp\" class=\"attachment-full size-full wp-image-1481\" alt=\"\" srcset=\"https:\/\/davidbastos.com.br\/wp-content\/uploads\/2025\/12\/T.ReinesIMG_9347.webp 1920w, https:\/\/davidbastos.com.br\/wp-content\/uploads\/2025\/12\/T.ReinesIMG_9347-300x188.webp 300w, https:\/\/davidbastos.com.br\/wp-content\/uploads\/2025\/12\/T.ReinesIMG_9347-1024x643.webp 1024w, https:\/\/davidbastos.com.br\/wp-content\/uploads\/2025\/12\/T.ReinesIMG_9347-768x482.webp 768w, https:\/\/davidbastos.com.br\/wp-content\/uploads\/2025\/12\/T.ReinesIMG_9347-1536x965.webp 1536w, https:\/\/davidbastos.com.br\/wp-content\/uploads\/2025\/12\/T.ReinesIMG_9347-18x12.webp 18w\" sizes=\"(max-width: 1920px) 100vw, 1920px\" \/>\t\t<\/div>\n\t\t\t\t<div class=\"elementor-portfolio-item__overlay\">\n\t\t\t\t<h5 class=\"elementor-portfolio-item__title\">\n\t\tJardim Europa &#8211; Serid\u00f3 II\t\t<\/h5>\n\t\t\t\t<\/div>\n\t\t\t\t<\/a>\n\t\t<\/article>\n\t\t\t\t<article class=\"elementor-portfolio-item elementor-post elementor-filter-5 elementor-filter-6 post-1368 projeto type-projeto status-publish has-post-thumbnail hentry categoria-de-projeto-apartamentos categoria-de-projeto-coberturas\" role=\"listitem\">\n\t\t\t<a class=\"elementor-post__thumbnail__link\" href=\"https:\/\/davidbastos.com.br\/en\/projeto\/cobertura-ferreira-lobo-vila-olimpia\/\">\n\t\t\t\t<div class=\"elementor-portfolio-item__img elementor-post__thumbnail\">\n\t\t\t<img decoding=\"async\" width=\"1920\" height=\"1280\" src=\"https:\/\/davidbastos.com.br\/wp-content\/uploads\/2025\/12\/T.ReinesIMG_9022.webp\" class=\"attachment-full size-full wp-image-1376\" alt=\"\" srcset=\"https:\/\/davidbastos.com.br\/wp-content\/uploads\/2025\/12\/T.ReinesIMG_9022.webp 1920w, https:\/\/davidbastos.com.br\/wp-content\/uploads\/2025\/12\/T.ReinesIMG_9022-300x200.webp 300w, https:\/\/davidbastos.com.br\/wp-content\/uploads\/2025\/12\/T.ReinesIMG_9022-1024x683.webp 1024w, https:\/\/davidbastos.com.br\/wp-content\/uploads\/2025\/12\/T.ReinesIMG_9022-768x512.webp 768w, https:\/\/davidbastos.com.br\/wp-content\/uploads\/2025\/12\/T.ReinesIMG_9022-1536x1024.webp 1536w, https:\/\/davidbastos.com.br\/wp-content\/uploads\/2025\/12\/T.ReinesIMG_9022-18x12.webp 18w\" sizes=\"(max-width: 1920px) 100vw, 1920px\" \/>\t\t<\/div>\n\t\t\t\t<div class=\"elementor-portfolio-item__overlay\">\n\t\t\t\t<h5 class=\"elementor-portfolio-item__title\">\n\t\tCobertura Ferreira Lobo &#8211; Vila Ol\u00edmpia\t\t<\/h5>\n\t\t\t\t<\/div>\n\t\t\t\t<\/a>\n\t\t<\/article>\n\t\t\t\t<article class=\"elementor-portfolio-item elementor-post elementor-filter-5 elementor-filter-6 post-1352 projeto type-projeto status-publish has-post-thumbnail hentry categoria-de-projeto-apartamentos categoria-de-projeto-coberturas\" role=\"listitem\">\n\t\t\t<a class=\"elementor-post__thumbnail__link\" href=\"https:\/\/davidbastos.com.br\/en\/projeto\/cobertura-caconde\/\">\n\t\t\t\t<div class=\"elementor-portfolio-item__img elementor-post__thumbnail\">\n\t\t\t<img decoding=\"async\" width=\"1920\" height=\"1281\" src=\"https:\/\/davidbastos.com.br\/wp-content\/uploads\/2025\/12\/DSC_3215.webp\" class=\"attachment-full size-full wp-image-1354\" alt=\"\" srcset=\"https:\/\/davidbastos.com.br\/wp-content\/uploads\/2025\/12\/DSC_3215.webp 1920w, https:\/\/davidbastos.com.br\/wp-content\/uploads\/2025\/12\/DSC_3215-300x200.webp 300w, https:\/\/davidbastos.com.br\/wp-content\/uploads\/2025\/12\/DSC_3215-1024x683.webp 1024w, https:\/\/davidbastos.com.br\/wp-content\/uploads\/2025\/12\/DSC_3215-768x512.webp 768w, https:\/\/davidbastos.com.br\/wp-content\/uploads\/2025\/12\/DSC_3215-1536x1025.webp 1536w, https:\/\/davidbastos.com.br\/wp-content\/uploads\/2025\/12\/DSC_3215-18x12.webp 18w\" sizes=\"(max-width: 1920px) 100vw, 1920px\" \/>\t\t<\/div>\n\t\t\t\t<div class=\"elementor-portfolio-item__overlay\">\n\t\t\t\t<h5 class=\"elementor-portfolio-item__title\">\n\t\tCobertura &#8211; Caconde\t\t<\/h5>\n\t\t\t\t<\/div>\n\t\t\t\t<\/a>\n\t\t<\/article>\n\t\t\t\t<article class=\"elementor-portfolio-item elementor-post elementor-filter-5 post-530 projeto type-projeto status-publish has-post-thumbnail hentry categoria-de-projeto-apartamentos\" role=\"listitem\">\n\t\t\t<a class=\"elementor-post__thumbnail__link\" href=\"https:\/\/davidbastos.com.br\/en\/projeto\/vila-nova-conceicao-ii\/\">\n\t\t\t\t<div class=\"elementor-portfolio-item__img elementor-post__thumbnail\">\n\t\t\t<img decoding=\"async\" width=\"1920\" height=\"1167\" src=\"https:\/\/davidbastos.com.br\/wp-content\/uploads\/2025\/06\/IMG_0443_T.Reines-scaled.webp\" class=\"attachment-full size-full wp-image-828\" alt=\"\" srcset=\"https:\/\/davidbastos.com.br\/wp-content\/uploads\/2025\/06\/IMG_0443_T.Reines-scaled.webp 1920w, https:\/\/davidbastos.com.br\/wp-content\/uploads\/2025\/06\/IMG_0443_T.Reines-300x182.webp 300w, https:\/\/davidbastos.com.br\/wp-content\/uploads\/2025\/06\/IMG_0443_T.Reines-1024x622.webp 1024w, https:\/\/davidbastos.com.br\/wp-content\/uploads\/2025\/06\/IMG_0443_T.Reines-768x467.webp 768w, https:\/\/davidbastos.com.br\/wp-content\/uploads\/2025\/06\/IMG_0443_T.Reines-1536x933.webp 1536w\" sizes=\"(max-width: 1920px) 100vw, 1920px\" \/>\t\t<\/div>\n\t\t\t\t<div class=\"elementor-portfolio-item__overlay\">\n\t\t\t\t<h5 class=\"elementor-portfolio-item__title\">\n\t\tVila Nova Concei\u00e7\u00e3o II\t\t<\/h5>\n\t\t\t\t<\/div>\n\t\t\t\t<\/a>\n\t\t<\/article>\n\t\t\t\t<article class=\"elementor-portfolio-item elementor-post elementor-filter-5 post-516 projeto type-projeto status-publish has-post-thumbnail hentry categoria-de-projeto-apartamentos\" role=\"listitem\">\n\t\t\t<a class=\"elementor-post__thumbnail__link\" href=\"https:\/\/davidbastos.com.br\/en\/projeto\/vila-nova-conceicao-iii\/\">\n\t\t\t\t<div class=\"elementor-portfolio-item__img elementor-post__thumbnail\">\n\t\t\t<img decoding=\"async\" width=\"1920\" height=\"1280\" src=\"https:\/\/davidbastos.com.br\/wp-content\/uploads\/2025\/06\/T.ReinesIMG_1270-scaled.webp\" class=\"attachment-full size-full wp-image-820\" alt=\"\" srcset=\"https:\/\/davidbastos.com.br\/wp-content\/uploads\/2025\/06\/T.ReinesIMG_1270-scaled.webp 1920w, https:\/\/davidbastos.com.br\/wp-content\/uploads\/2025\/06\/T.ReinesIMG_1270-300x200.webp 300w, https:\/\/davidbastos.com.br\/wp-content\/uploads\/2025\/06\/T.ReinesIMG_1270-1024x683.webp 1024w, https:\/\/davidbastos.com.br\/wp-content\/uploads\/2025\/06\/T.ReinesIMG_1270-768x512.webp 768w, https:\/\/davidbastos.com.br\/wp-content\/uploads\/2025\/06\/T.ReinesIMG_1270-1536x1024.webp 1536w\" sizes=\"(max-width: 1920px) 100vw, 1920px\" \/>\t\t<\/div>\n\t\t\t\t<div class=\"elementor-portfolio-item__overlay\">\n\t\t\t\t<h5 class=\"elementor-portfolio-item__title\">\n\t\tVila Nova Concei\u00e7\u00e3o III\t\t<\/h5>\n\t\t\t\t<\/div>\n\t\t\t\t<\/a>\n\t\t<\/article>\n\t\t\t\t<article class=\"elementor-portfolio-item elementor-post elementor-filter-5 post-559 projeto type-projeto status-publish has-post-thumbnail hentry categoria-de-projeto-apartamentos\" role=\"listitem\">\n\t\t\t<a class=\"elementor-post__thumbnail__link\" href=\"https:\/\/davidbastos.com.br\/en\/projeto\/leblon-i\/\">\n\t\t\t\t<div class=\"elementor-portfolio-item__img elementor-post__thumbnail\">\n\t\t\t<img decoding=\"async\" width=\"2560\" height=\"1707\" src=\"https:\/\/davidbastos.com.br\/wp-content\/uploads\/2025\/06\/T.ReinesIMG_0238-scaled.jpg\" class=\"attachment-full size-full wp-image-886\" alt=\"\" srcset=\"https:\/\/davidbastos.com.br\/wp-content\/uploads\/2025\/06\/T.ReinesIMG_0238-scaled.jpg 2560w, https:\/\/davidbastos.com.br\/wp-content\/uploads\/2025\/06\/T.ReinesIMG_0238-300x200.jpg 300w, https:\/\/davidbastos.com.br\/wp-content\/uploads\/2025\/06\/T.ReinesIMG_0238-1024x683.jpg 1024w, https:\/\/davidbastos.com.br\/wp-content\/uploads\/2025\/06\/T.ReinesIMG_0238-768x512.jpg 768w, https:\/\/davidbastos.com.br\/wp-content\/uploads\/2025\/06\/T.ReinesIMG_0238-1536x1024.jpg 1536w, https:\/\/davidbastos.com.br\/wp-content\/uploads\/2025\/06\/T.ReinesIMG_0238-2048x1365.jpg 2048w\" sizes=\"(max-width: 2560px) 100vw, 2560px\" \/>\t\t<\/div>\n\t\t\t\t<div class=\"elementor-portfolio-item__overlay\">\n\t\t\t\t<h5 class=\"elementor-portfolio-item__title\">\n\t\tLeblon I\t\t<\/h5>\n\t\t\t\t<\/div>\n\t\t\t\t<\/a>\n\t\t<\/article>\n\t\t\t\t<article class=\"elementor-portfolio-item elementor-post elementor-filter-5 post-547 projeto type-projeto status-publish has-post-thumbnail hentry categoria-de-projeto-apartamentos\" role=\"listitem\">\n\t\t\t<a class=\"elementor-post__thumbnail__link\" href=\"https:\/\/davidbastos.com.br\/en\/projeto\/vila-nova-conceicao-i\/\">\n\t\t\t\t<div class=\"elementor-portfolio-item__img elementor-post__thumbnail\">\n\t\t\t<img decoding=\"async\" width=\"2560\" height=\"1709\" src=\"https:\/\/davidbastos.com.br\/wp-content\/uploads\/2025\/06\/DSC_5865ok-scaled.jpg\" class=\"attachment-full size-full wp-image-883\" alt=\"\" srcset=\"https:\/\/davidbastos.com.br\/wp-content\/uploads\/2025\/06\/DSC_5865ok-scaled.jpg 2560w, https:\/\/davidbastos.com.br\/wp-content\/uploads\/2025\/06\/DSC_5865ok-300x200.jpg 300w, https:\/\/davidbastos.com.br\/wp-content\/uploads\/2025\/06\/DSC_5865ok-1024x683.jpg 1024w, https:\/\/davidbastos.com.br\/wp-content\/uploads\/2025\/06\/DSC_5865ok-768x513.jpg 768w, https:\/\/davidbastos.com.br\/wp-content\/uploads\/2025\/06\/DSC_5865ok-1536x1025.jpg 1536w, https:\/\/davidbastos.com.br\/wp-content\/uploads\/2025\/06\/DSC_5865ok-2048x1367.jpg 2048w\" sizes=\"(max-width: 2560px) 100vw, 2560px\" \/>\t\t<\/div>\n\t\t\t\t<div class=\"elementor-portfolio-item__overlay\">\n\t\t\t\t<h5 class=\"elementor-portfolio-item__title\">\n\t\tVila Nova Concei\u00e7\u00e3o I\t\t<\/h5>\n\t\t\t\t<\/div>\n\t\t\t\t<\/a>\n\t\t<\/article>\n\t\t\t\t<\/div>\n\t\t\t\t\t\t<\/div>\n\t\t\t\t<\/div>\n\t\t\t\t<\/div>\n\t\t\t\t<\/div>\n\t\t<div id=\"e-n-tab-content-2449126572\" role=\"tabpanel\" aria-labelledby=\"e-n-tab-title-2449126572\" data-tab-index=\"2\" style=\"--n-tabs-title-order: 2;\" class=\"elementor-element elementor-element-82b5fa0 e-con-full e-flex e-con e-child\" data-id=\"82b5fa0\" data-element_type=\"container\" data-e-type=\"container\">\n\t\t<div class=\"elementor-element elementor-element-4714911 e-con-full e-flex elementor-invisible e-con e-child\" data-id=\"4714911\" data-element_type=\"container\" data-e-type=\"container\" data-settings=\"{&quot;animation&quot;:&quot;fadeIn&quot;}\">\n\t\t\t\t<div class=\"elementor-element elementor-element-87f43fc elementor-grid-4 elementor-widget__width-inherit elementor-grid-tablet-2 elementor-grid-mobile-1 elementor-widget elementor-widget-portfolio\" data-id=\"87f43fc\" data-element_type=\"widget\" data-e-type=\"widget\" data-settings=\"{&quot;columns&quot;:&quot;4&quot;,&quot;row_gap&quot;:{&quot;unit&quot;:&quot;px&quot;,&quot;size&quot;:12,&quot;sizes&quot;:[]},&quot;columns_tablet&quot;:&quot;2&quot;,&quot;columns_mobile&quot;:&quot;1&quot;,&quot;item_ratio&quot;:{&quot;unit&quot;:&quot;px&quot;,&quot;size&quot;:0.66,&quot;sizes&quot;:[]},&quot;item_gap&quot;:{&quot;unit&quot;:&quot;px&quot;,&quot;size&quot;:&quot;&quot;,&quot;sizes&quot;:[]}}\" data-widget_type=\"portfolio.default\">\n\t\t\t\t<div class=\"elementor-widget-container\">\n\t\t\t\t\t\t\t<div class=\"elementor-portfolio elementor-grid elementor-posts-container\" role=\"list\">\n\t\t\t\t<article class=\"elementor-portfolio-item elementor-post elementor-filter-5 elementor-filter-6 post-3225 projeto type-projeto status-publish has-post-thumbnail hentry categoria-de-projeto-apartamentos categoria-de-projeto-coberturas\" role=\"listitem\">\n\t\t\t<a class=\"elementor-post__thumbnail__link\" href=\"https:\/\/davidbastos.com.br\/en\/projeto\/leonor-calmon-cobertura\/\">\n\t\t\t\t<div class=\"elementor-portfolio-item__img elementor-post__thumbnail\">\n\t\t\t<img decoding=\"async\" width=\"1920\" height=\"1280\" src=\"https:\/\/davidbastos.com.br\/wp-content\/uploads\/2026\/01\/IMG_7502_Tuca_Reines.webp\" class=\"attachment-full size-full wp-image-3232\" alt=\"\" srcset=\"https:\/\/davidbastos.com.br\/wp-content\/uploads\/2026\/01\/IMG_7502_Tuca_Reines.webp 1920w, https:\/\/davidbastos.com.br\/wp-content\/uploads\/2026\/01\/IMG_7502_Tuca_Reines-300x200.webp 300w, https:\/\/davidbastos.com.br\/wp-content\/uploads\/2026\/01\/IMG_7502_Tuca_Reines-1024x683.webp 1024w, https:\/\/davidbastos.com.br\/wp-content\/uploads\/2026\/01\/IMG_7502_Tuca_Reines-768x512.webp 768w, https:\/\/davidbastos.com.br\/wp-content\/uploads\/2026\/01\/IMG_7502_Tuca_Reines-1536x1024.webp 1536w, https:\/\/davidbastos.com.br\/wp-content\/uploads\/2026\/01\/IMG_7502_Tuca_Reines-18x12.webp 18w\" sizes=\"(max-width: 1920px) 100vw, 1920px\" \/>\t\t<\/div>\n\t\t\t\t<div class=\"elementor-portfolio-item__overlay\">\n\t\t\t\t<h3 class=\"elementor-portfolio-item__title\">\n\t\tCobertura Duplex Leonor Calmon &#8211; Corredor da Vit\u00f3ria IX\t\t<\/h3>\n\t\t\t\t<\/div>\n\t\t\t\t<\/a>\n\t\t<\/article>\n\t\t\t\t<article class=\"elementor-portfolio-item elementor-post elementor-filter-5 elementor-filter-6 post-3155 projeto type-projeto status-publish has-post-thumbnail hentry categoria-de-projeto-apartamentos categoria-de-projeto-coberturas\" role=\"listitem\">\n\t\t\t<a class=\"elementor-post__thumbnail__link\" href=\"https:\/\/davidbastos.com.br\/en\/projeto\/cobertura-al-tiete-jardins-ix\/\">\n\t\t\t\t<div class=\"elementor-portfolio-item__img elementor-post__thumbnail\">\n\t\t\t<img decoding=\"async\" width=\"1920\" height=\"1280\" src=\"https:\/\/davidbastos.com.br\/wp-content\/uploads\/2026\/01\/IMG_5781_Julia_Ribeiro.webp\" class=\"attachment-full size-full wp-image-3156\" alt=\"\" srcset=\"https:\/\/davidbastos.com.br\/wp-content\/uploads\/2026\/01\/IMG_5781_Julia_Ribeiro.webp 1920w, https:\/\/davidbastos.com.br\/wp-content\/uploads\/2026\/01\/IMG_5781_Julia_Ribeiro-300x200.webp 300w, https:\/\/davidbastos.com.br\/wp-content\/uploads\/2026\/01\/IMG_5781_Julia_Ribeiro-1024x683.webp 1024w, https:\/\/davidbastos.com.br\/wp-content\/uploads\/2026\/01\/IMG_5781_Julia_Ribeiro-768x512.webp 768w, https:\/\/davidbastos.com.br\/wp-content\/uploads\/2026\/01\/IMG_5781_Julia_Ribeiro-1536x1024.webp 1536w, https:\/\/davidbastos.com.br\/wp-content\/uploads\/2026\/01\/IMG_5781_Julia_Ribeiro-18x12.webp 18w\" sizes=\"(max-width: 1920px) 100vw, 1920px\" \/>\t\t<\/div>\n\t\t\t\t<div class=\"elementor-portfolio-item__overlay\">\n\t\t\t\t<h3 class=\"elementor-portfolio-item__title\">\n\t\tCobertura Al. Tiet\u00ea &#8211; Jardins IX\t\t<\/h3>\n\t\t\t\t<\/div>\n\t\t\t\t<\/a>\n\t\t<\/article>\n\t\t\t\t<article class=\"elementor-portfolio-item elementor-post elementor-filter-5 elementor-filter-6 post-3088 projeto type-projeto status-publish has-post-thumbnail hentry categoria-de-projeto-apartamentos categoria-de-projeto-coberturas\" role=\"listitem\">\n\t\t\t<a class=\"elementor-post__thumbnail__link\" href=\"https:\/\/davidbastos.com.br\/en\/projeto\/cobertura-duplex-jardins-v\/\">\n\t\t\t\t<div class=\"elementor-portfolio-item__img elementor-post__thumbnail\">\n\t\t\t<img decoding=\"async\" width=\"1920\" height=\"1281\" src=\"https:\/\/davidbastos.com.br\/wp-content\/uploads\/2026\/01\/120410_015_Casa_Vogue_David_Bastos_Fran_Parente_0406.webp\" class=\"attachment-full size-full wp-image-3090\" alt=\"\" srcset=\"https:\/\/davidbastos.com.br\/wp-content\/uploads\/2026\/01\/120410_015_Casa_Vogue_David_Bastos_Fran_Parente_0406.webp 1920w, https:\/\/davidbastos.com.br\/wp-content\/uploads\/2026\/01\/120410_015_Casa_Vogue_David_Bastos_Fran_Parente_0406-300x200.webp 300w, https:\/\/davidbastos.com.br\/wp-content\/uploads\/2026\/01\/120410_015_Casa_Vogue_David_Bastos_Fran_Parente_0406-1024x683.webp 1024w, https:\/\/davidbastos.com.br\/wp-content\/uploads\/2026\/01\/120410_015_Casa_Vogue_David_Bastos_Fran_Parente_0406-768x512.webp 768w, https:\/\/davidbastos.com.br\/wp-content\/uploads\/2026\/01\/120410_015_Casa_Vogue_David_Bastos_Fran_Parente_0406-1536x1025.webp 1536w, https:\/\/davidbastos.com.br\/wp-content\/uploads\/2026\/01\/120410_015_Casa_Vogue_David_Bastos_Fran_Parente_0406-18x12.webp 18w\" sizes=\"(max-width: 1920px) 100vw, 1920px\" \/>\t\t<\/div>\n\t\t\t\t<div class=\"elementor-portfolio-item__overlay\">\n\t\t\t\t<h3 class=\"elementor-portfolio-item__title\">\n\t\tCobertura Duplex &#8211; Jardins V\t\t<\/h3>\n\t\t\t\t<\/div>\n\t\t\t\t<\/a>\n\t\t<\/article>\n\t\t\t\t<article class=\"elementor-portfolio-item elementor-post elementor-filter-5 elementor-filter-6 post-3064 projeto type-projeto status-publish has-post-thumbnail hentry categoria-de-projeto-apartamentos categoria-de-projeto-coberturas\" role=\"listitem\">\n\t\t\t<a class=\"elementor-post__thumbnail__link\" href=\"https:\/\/davidbastos.com.br\/en\/projeto\/triplex-natal\/\">\n\t\t\t\t<div class=\"elementor-portfolio-item__img elementor-post__thumbnail\">\n\t\t\t<img decoding=\"async\" width=\"1920\" height=\"1278\" src=\"https:\/\/davidbastos.com.br\/wp-content\/uploads\/2026\/01\/IMG_5815.webp\" class=\"attachment-full size-full wp-image-3072\" alt=\"\" srcset=\"https:\/\/davidbastos.com.br\/wp-content\/uploads\/2026\/01\/IMG_5815.webp 1920w, https:\/\/davidbastos.com.br\/wp-content\/uploads\/2026\/01\/IMG_5815-300x200.webp 300w, https:\/\/davidbastos.com.br\/wp-content\/uploads\/2026\/01\/IMG_5815-1024x682.webp 1024w, https:\/\/davidbastos.com.br\/wp-content\/uploads\/2026\/01\/IMG_5815-768x511.webp 768w, https:\/\/davidbastos.com.br\/wp-content\/uploads\/2026\/01\/IMG_5815-1536x1022.webp 1536w, https:\/\/davidbastos.com.br\/wp-content\/uploads\/2026\/01\/IMG_5815-18x12.webp 18w\" sizes=\"(max-width: 1920px) 100vw, 1920px\" \/>\t\t<\/div>\n\t\t\t\t<div class=\"elementor-portfolio-item__overlay\">\n\t\t\t\t<h3 class=\"elementor-portfolio-item__title\">\n\t\tTriplex Natal\t\t<\/h3>\n\t\t\t\t<\/div>\n\t\t\t\t<\/a>\n\t\t<\/article>\n\t\t\t\t<article class=\"elementor-portfolio-item elementor-post elementor-filter-5 elementor-filter-6 post-3036 projeto type-projeto status-publish has-post-thumbnail hentry categoria-de-projeto-apartamentos categoria-de-projeto-coberturas\" role=\"listitem\">\n\t\t\t<a class=\"elementor-post__thumbnail__link\" href=\"https:\/\/davidbastos.com.br\/en\/projeto\/higienopolis-i\/\">\n\t\t\t\t<div class=\"elementor-portfolio-item__img elementor-post__thumbnail\">\n\t\t\t<img decoding=\"async\" width=\"1920\" height=\"1210\" src=\"https:\/\/davidbastos.com.br\/wp-content\/uploads\/2026\/01\/CA_4158-1.webp\" class=\"attachment-full size-full wp-image-3040\" alt=\"\" srcset=\"https:\/\/davidbastos.com.br\/wp-content\/uploads\/2026\/01\/CA_4158-1.webp 1920w, https:\/\/davidbastos.com.br\/wp-content\/uploads\/2026\/01\/CA_4158-1-300x189.webp 300w, https:\/\/davidbastos.com.br\/wp-content\/uploads\/2026\/01\/CA_4158-1-1024x645.webp 1024w, https:\/\/davidbastos.com.br\/wp-content\/uploads\/2026\/01\/CA_4158-1-768x484.webp 768w, https:\/\/davidbastos.com.br\/wp-content\/uploads\/2026\/01\/CA_4158-1-1536x968.webp 1536w, https:\/\/davidbastos.com.br\/wp-content\/uploads\/2026\/01\/CA_4158-1-18x12.webp 18w\" sizes=\"(max-width: 1920px) 100vw, 1920px\" \/>\t\t<\/div>\n\t\t\t\t<div class=\"elementor-portfolio-item__overlay\">\n\t\t\t\t<h3 class=\"elementor-portfolio-item__title\">\n\t\tHigien\u00f3polis I\t\t<\/h3>\n\t\t\t\t<\/div>\n\t\t\t\t<\/a>\n\t\t<\/article>\n\t\t\t\t<article class=\"elementor-portfolio-item elementor-post elementor-filter-5 elementor-filter-6 post-2994 projeto type-projeto status-publish has-post-thumbnail hentry categoria-de-projeto-apartamentos categoria-de-projeto-coberturas\" role=\"listitem\">\n\t\t\t<a class=\"elementor-post__thumbnail__link\" href=\"https:\/\/davidbastos.com.br\/en\/projeto\/cobertura-san-lazaro\/\">\n\t\t\t\t<div class=\"elementor-portfolio-item__img elementor-post__thumbnail\">\n\t\t\t<img decoding=\"async\" width=\"1920\" height=\"1280\" src=\"https:\/\/davidbastos.com.br\/wp-content\/uploads\/2026\/01\/IMG_5138_T.Reines.webp\" class=\"attachment-full size-full wp-image-3004\" alt=\"\" srcset=\"https:\/\/davidbastos.com.br\/wp-content\/uploads\/2026\/01\/IMG_5138_T.Reines.webp 1920w, https:\/\/davidbastos.com.br\/wp-content\/uploads\/2026\/01\/IMG_5138_T.Reines-300x200.webp 300w, https:\/\/davidbastos.com.br\/wp-content\/uploads\/2026\/01\/IMG_5138_T.Reines-1024x683.webp 1024w, https:\/\/davidbastos.com.br\/wp-content\/uploads\/2026\/01\/IMG_5138_T.Reines-768x512.webp 768w, https:\/\/davidbastos.com.br\/wp-content\/uploads\/2026\/01\/IMG_5138_T.Reines-1536x1024.webp 1536w, https:\/\/davidbastos.com.br\/wp-content\/uploads\/2026\/01\/IMG_5138_T.Reines-18x12.webp 18w\" sizes=\"(max-width: 1920px) 100vw, 1920px\" \/>\t\t<\/div>\n\t\t\t\t<div class=\"elementor-portfolio-item__overlay\">\n\t\t\t\t<h3 class=\"elementor-portfolio-item__title\">\n\t\tCobertura &#8211; San L\u00e1zaro\t\t<\/h3>\n\t\t\t\t<\/div>\n\t\t\t\t<\/a>\n\t\t<\/article>\n\t\t\t\t<article class=\"elementor-portfolio-item elementor-post elementor-filter-5 elementor-filter-6 post-2987 projeto type-projeto status-publish has-post-thumbnail hentry categoria-de-projeto-apartamentos categoria-de-projeto-coberturas\" role=\"listitem\">\n\t\t\t<a class=\"elementor-post__thumbnail__link\" href=\"https:\/\/davidbastos.com.br\/en\/projeto\/apartamento-david-bastos-iv-momento-ii\/\">\n\t\t\t\t<div class=\"elementor-portfolio-item__img elementor-post__thumbnail\">\n\t\t\t<img decoding=\"async\" width=\"1920\" height=\"1281\" src=\"https:\/\/davidbastos.com.br\/wp-content\/uploads\/2026\/01\/T.Reines__TRE6605.webp\" class=\"attachment-full size-full wp-image-2993\" alt=\"\" srcset=\"https:\/\/davidbastos.com.br\/wp-content\/uploads\/2026\/01\/T.Reines__TRE6605.webp 1920w, https:\/\/davidbastos.com.br\/wp-content\/uploads\/2026\/01\/T.Reines__TRE6605-300x200.webp 300w, https:\/\/davidbastos.com.br\/wp-content\/uploads\/2026\/01\/T.Reines__TRE6605-1024x683.webp 1024w, https:\/\/davidbastos.com.br\/wp-content\/uploads\/2026\/01\/T.Reines__TRE6605-768x512.webp 768w, https:\/\/davidbastos.com.br\/wp-content\/uploads\/2026\/01\/T.Reines__TRE6605-1536x1025.webp 1536w, https:\/\/davidbastos.com.br\/wp-content\/uploads\/2026\/01\/T.Reines__TRE6605-18x12.webp 18w\" sizes=\"(max-width: 1920px) 100vw, 1920px\" \/>\t\t<\/div>\n\t\t\t\t<div class=\"elementor-portfolio-item__overlay\">\n\t\t\t\t<h3 class=\"elementor-portfolio-item__title\">\n\t\tApartamento David Bastos IV &#8211; Momento II\t\t<\/h3>\n\t\t\t\t<\/div>\n\t\t\t\t<\/a>\n\t\t<\/article>\n\t\t\t\t<article class=\"elementor-portfolio-item elementor-post elementor-filter-5 elementor-filter-6 post-2965 projeto type-projeto status-publish has-post-thumbnail hentry categoria-de-projeto-apartamentos categoria-de-projeto-coberturas\" role=\"listitem\">\n\t\t\t<a class=\"elementor-post__thumbnail__link\" href=\"https:\/\/davidbastos.com.br\/en\/projeto\/apartamento-david-bastos-iv-padre-joao\/\">\n\t\t\t\t<div class=\"elementor-portfolio-item__img elementor-post__thumbnail\">\n\t\t\t<img decoding=\"async\" width=\"1920\" height=\"1280\" src=\"https:\/\/davidbastos.com.br\/wp-content\/uploads\/2026\/01\/402B9364.webp\" class=\"attachment-full size-full wp-image-2966\" alt=\"\" srcset=\"https:\/\/davidbastos.com.br\/wp-content\/uploads\/2026\/01\/402B9364.webp 1920w, https:\/\/davidbastos.com.br\/wp-content\/uploads\/2026\/01\/402B9364-300x200.webp 300w, https:\/\/davidbastos.com.br\/wp-content\/uploads\/2026\/01\/402B9364-1024x683.webp 1024w, https:\/\/davidbastos.com.br\/wp-content\/uploads\/2026\/01\/402B9364-768x512.webp 768w, https:\/\/davidbastos.com.br\/wp-content\/uploads\/2026\/01\/402B9364-1536x1024.webp 1536w, https:\/\/davidbastos.com.br\/wp-content\/uploads\/2026\/01\/402B9364-18x12.webp 18w\" sizes=\"(max-width: 1920px) 100vw, 1920px\" \/>\t\t<\/div>\n\t\t\t\t<div class=\"elementor-portfolio-item__overlay\">\n\t\t\t\t<h3 class=\"elementor-portfolio-item__title\">\n\t\tApartamento David Bastos IV &#8211; Padre Jo\u00e3o\t\t<\/h3>\n\t\t\t\t<\/div>\n\t\t\t\t<\/a>\n\t\t<\/article>\n\t\t\t\t<article class=\"elementor-portfolio-item elementor-post elementor-filter-5 elementor-filter-6 post-2618 projeto type-projeto status-publish has-post-thumbnail hentry categoria-de-projeto-apartamentos categoria-de-projeto-coberturas\" role=\"listitem\">\n\t\t\t<a class=\"elementor-post__thumbnail__link\" href=\"https:\/\/davidbastos.com.br\/en\/projeto\/duplex-ladeira-da-barra\/\">\n\t\t\t\t<div class=\"elementor-portfolio-item__img elementor-post__thumbnail\">\n\t\t\t<img decoding=\"async\" width=\"1920\" height=\"1280\" src=\"https:\/\/davidbastos.com.br\/wp-content\/uploads\/2026\/01\/T.Reines_IMG_1237.webp\" class=\"attachment-full size-full wp-image-2634\" alt=\"\" srcset=\"https:\/\/davidbastos.com.br\/wp-content\/uploads\/2026\/01\/T.Reines_IMG_1237.webp 1920w, https:\/\/davidbastos.com.br\/wp-content\/uploads\/2026\/01\/T.Reines_IMG_1237-300x200.webp 300w, https:\/\/davidbastos.com.br\/wp-content\/uploads\/2026\/01\/T.Reines_IMG_1237-1024x683.webp 1024w, https:\/\/davidbastos.com.br\/wp-content\/uploads\/2026\/01\/T.Reines_IMG_1237-768x512.webp 768w, https:\/\/davidbastos.com.br\/wp-content\/uploads\/2026\/01\/T.Reines_IMG_1237-1536x1024.webp 1536w, https:\/\/davidbastos.com.br\/wp-content\/uploads\/2026\/01\/T.Reines_IMG_1237-18x12.webp 18w\" sizes=\"(max-width: 1920px) 100vw, 1920px\" \/>\t\t<\/div>\n\t\t\t\t<div class=\"elementor-portfolio-item__overlay\">\n\t\t\t\t<h3 class=\"elementor-portfolio-item__title\">\n\t\tDuplex Ladeira da Barra\t\t<\/h3>\n\t\t\t\t<\/div>\n\t\t\t\t<\/a>\n\t\t<\/article>\n\t\t\t\t<article class=\"elementor-portfolio-item elementor-post elementor-filter-5 elementor-filter-6 post-2065 projeto type-projeto status-publish has-post-thumbnail hentry categoria-de-projeto-apartamentos categoria-de-projeto-coberturas\" role=\"listitem\">\n\t\t\t<a class=\"elementor-post__thumbnail__link\" href=\"https:\/\/davidbastos.com.br\/en\/projeto\/itaim-bibi-vi\/\">\n\t\t\t\t<div class=\"elementor-portfolio-item__img elementor-post__thumbnail\">\n\t\t\t<img decoding=\"async\" width=\"1920\" height=\"1281\" src=\"https:\/\/davidbastos.com.br\/wp-content\/uploads\/2025\/12\/IMG_5672.webp\" class=\"attachment-full size-full wp-image-2083\" alt=\"\" srcset=\"https:\/\/davidbastos.com.br\/wp-content\/uploads\/2025\/12\/IMG_5672.webp 1920w, https:\/\/davidbastos.com.br\/wp-content\/uploads\/2025\/12\/IMG_5672-300x200.webp 300w, https:\/\/davidbastos.com.br\/wp-content\/uploads\/2025\/12\/IMG_5672-1024x683.webp 1024w, https:\/\/davidbastos.com.br\/wp-content\/uploads\/2025\/12\/IMG_5672-768x512.webp 768w, https:\/\/davidbastos.com.br\/wp-content\/uploads\/2025\/12\/IMG_5672-1536x1025.webp 1536w, https:\/\/davidbastos.com.br\/wp-content\/uploads\/2025\/12\/IMG_5672-18x12.webp 18w\" sizes=\"(max-width: 1920px) 100vw, 1920px\" \/>\t\t<\/div>\n\t\t\t\t<div class=\"elementor-portfolio-item__overlay\">\n\t\t\t\t<h3 class=\"elementor-portfolio-item__title\">\n\t\tItaim Bibi VI\t\t<\/h3>\n\t\t\t\t<\/div>\n\t\t\t\t<\/a>\n\t\t<\/article>\n\t\t\t\t<article class=\"elementor-portfolio-item elementor-post elementor-filter-5 elementor-filter-6 post-1504 projeto type-projeto status-publish has-post-thumbnail hentry categoria-de-projeto-apartamentos categoria-de-projeto-coberturas\" role=\"listitem\">\n\t\t\t<a class=\"elementor-post__thumbnail__link\" href=\"https:\/\/davidbastos.com.br\/en\/projeto\/itaim-bibi-iv-mario-ferraz\/\">\n\t\t\t\t<div class=\"elementor-portfolio-item__img elementor-post__thumbnail\">\n\t\t\t<img decoding=\"async\" width=\"1920\" height=\"1280\" src=\"https:\/\/davidbastos.com.br\/wp-content\/uploads\/2025\/12\/T.Reines_IMG_2890.webp\" class=\"attachment-full size-full wp-image-1513\" alt=\"\" srcset=\"https:\/\/davidbastos.com.br\/wp-content\/uploads\/2025\/12\/T.Reines_IMG_2890.webp 1920w, https:\/\/davidbastos.com.br\/wp-content\/uploads\/2025\/12\/T.Reines_IMG_2890-300x200.webp 300w, https:\/\/davidbastos.com.br\/wp-content\/uploads\/2025\/12\/T.Reines_IMG_2890-1024x683.webp 1024w, https:\/\/davidbastos.com.br\/wp-content\/uploads\/2025\/12\/T.Reines_IMG_2890-768x512.webp 768w, https:\/\/davidbastos.com.br\/wp-content\/uploads\/2025\/12\/T.Reines_IMG_2890-1536x1024.webp 1536w, https:\/\/davidbastos.com.br\/wp-content\/uploads\/2025\/12\/T.Reines_IMG_2890-18x12.webp 18w\" sizes=\"(max-width: 1920px) 100vw, 1920px\" \/>\t\t<\/div>\n\t\t\t\t<div class=\"elementor-portfolio-item__overlay\">\n\t\t\t\t<h3 class=\"elementor-portfolio-item__title\">\n\t\tItaim Bibi IX &#8211; M\u00e1rio Ferraz\t\t<\/h3>\n\t\t\t\t<\/div>\n\t\t\t\t<\/a>\n\t\t<\/article>\n\t\t\t\t<article class=\"elementor-portfolio-item elementor-post elementor-filter-5 elementor-filter-6 post-1368 projeto type-projeto status-publish has-post-thumbnail hentry categoria-de-projeto-apartamentos categoria-de-projeto-coberturas\" role=\"listitem\">\n\t\t\t<a class=\"elementor-post__thumbnail__link\" href=\"https:\/\/davidbastos.com.br\/en\/projeto\/cobertura-ferreira-lobo-vila-olimpia\/\">\n\t\t\t\t<div class=\"elementor-portfolio-item__img elementor-post__thumbnail\">\n\t\t\t<img decoding=\"async\" width=\"1920\" height=\"1280\" src=\"https:\/\/davidbastos.com.br\/wp-content\/uploads\/2025\/12\/T.ReinesIMG_9022.webp\" class=\"attachment-full size-full wp-image-1376\" alt=\"\" srcset=\"https:\/\/davidbastos.com.br\/wp-content\/uploads\/2025\/12\/T.ReinesIMG_9022.webp 1920w, https:\/\/davidbastos.com.br\/wp-content\/uploads\/2025\/12\/T.ReinesIMG_9022-300x200.webp 300w, https:\/\/davidbastos.com.br\/wp-content\/uploads\/2025\/12\/T.ReinesIMG_9022-1024x683.webp 1024w, https:\/\/davidbastos.com.br\/wp-content\/uploads\/2025\/12\/T.ReinesIMG_9022-768x512.webp 768w, https:\/\/davidbastos.com.br\/wp-content\/uploads\/2025\/12\/T.ReinesIMG_9022-1536x1024.webp 1536w, https:\/\/davidbastos.com.br\/wp-content\/uploads\/2025\/12\/T.ReinesIMG_9022-18x12.webp 18w\" sizes=\"(max-width: 1920px) 100vw, 1920px\" \/>\t\t<\/div>\n\t\t\t\t<div class=\"elementor-portfolio-item__overlay\">\n\t\t\t\t<h3 class=\"elementor-portfolio-item__title\">\n\t\tCobertura Ferreira Lobo &#8211; Vila Ol\u00edmpia\t\t<\/h3>\n\t\t\t\t<\/div>\n\t\t\t\t<\/a>\n\t\t<\/article>\n\t\t\t\t<article class=\"elementor-portfolio-item elementor-post elementor-filter-5 elementor-filter-6 post-1352 projeto type-projeto status-publish has-post-thumbnail hentry categoria-de-projeto-apartamentos categoria-de-projeto-coberturas\" role=\"listitem\">\n\t\t\t<a class=\"elementor-post__thumbnail__link\" href=\"https:\/\/davidbastos.com.br\/en\/projeto\/cobertura-caconde\/\">\n\t\t\t\t<div class=\"elementor-portfolio-item__img elementor-post__thumbnail\">\n\t\t\t<img decoding=\"async\" width=\"1920\" height=\"1281\" src=\"https:\/\/davidbastos.com.br\/wp-content\/uploads\/2025\/12\/DSC_3215.webp\" class=\"attachment-full size-full wp-image-1354\" alt=\"\" srcset=\"https:\/\/davidbastos.com.br\/wp-content\/uploads\/2025\/12\/DSC_3215.webp 1920w, https:\/\/davidbastos.com.br\/wp-content\/uploads\/2025\/12\/DSC_3215-300x200.webp 300w, https:\/\/davidbastos.com.br\/wp-content\/uploads\/2025\/12\/DSC_3215-1024x683.webp 1024w, https:\/\/davidbastos.com.br\/wp-content\/uploads\/2025\/12\/DSC_3215-768x512.webp 768w, https:\/\/davidbastos.com.br\/wp-content\/uploads\/2025\/12\/DSC_3215-1536x1025.webp 1536w, https:\/\/davidbastos.com.br\/wp-content\/uploads\/2025\/12\/DSC_3215-18x12.webp 18w\" sizes=\"(max-width: 1920px) 100vw, 1920px\" \/>\t\t<\/div>\n\t\t\t\t<div class=\"elementor-portfolio-item__overlay\">\n\t\t\t\t<h3 class=\"elementor-portfolio-item__title\">\n\t\tCobertura &#8211; Caconde\t\t<\/h3>\n\t\t\t\t<\/div>\n\t\t\t\t<\/a>\n\t\t<\/article>\n\t\t\t\t<article class=\"elementor-portfolio-item elementor-post elementor-filter-5 elementor-filter-6 post-901 projeto type-projeto status-publish has-post-thumbnail hentry categoria-de-projeto-apartamentos categoria-de-projeto-coberturas\" role=\"listitem\">\n\t\t\t<a class=\"elementor-post__thumbnail__link\" href=\"https:\/\/davidbastos.com.br\/en\/projeto\/geneve-suica\/\">\n\t\t\t\t<div class=\"elementor-portfolio-item__img elementor-post__thumbnail\">\n\t\t\t<img decoding=\"async\" width=\"2560\" height=\"1708\" src=\"https:\/\/davidbastos.com.br\/wp-content\/uploads\/2025\/09\/1-scaled.jpg\" class=\"attachment-full size-full wp-image-911\" alt=\"\" srcset=\"https:\/\/davidbastos.com.br\/wp-content\/uploads\/2025\/09\/1-scaled.jpg 2560w, https:\/\/davidbastos.com.br\/wp-content\/uploads\/2025\/09\/1-300x200.jpg 300w, https:\/\/davidbastos.com.br\/wp-content\/uploads\/2025\/09\/1-1024x683.jpg 1024w, https:\/\/davidbastos.com.br\/wp-content\/uploads\/2025\/09\/1-768x513.jpg 768w, https:\/\/davidbastos.com.br\/wp-content\/uploads\/2025\/09\/1-1536x1025.jpg 1536w, https:\/\/davidbastos.com.br\/wp-content\/uploads\/2025\/09\/1-2048x1367.jpg 2048w\" sizes=\"(max-width: 2560px) 100vw, 2560px\" \/>\t\t<\/div>\n\t\t\t\t<div class=\"elementor-portfolio-item__overlay\">\n\t\t\t\t<h3 class=\"elementor-portfolio-item__title\">\n\t\tGeneva \u2013 Switzerland\t\t<\/h3>\n\t\t\t\t<\/div>\n\t\t\t\t<\/a>\n\t\t<\/article>\n\t\t\t\t<article class=\"elementor-portfolio-item elementor-post elementor-filter-5 elementor-filter-6 post-571 projeto type-projeto status-publish has-post-thumbnail hentry categoria-de-projeto-apartamentos categoria-de-projeto-coberturas\" role=\"listitem\">\n\t\t\t<a class=\"elementor-post__thumbnail__link\" href=\"https:\/\/davidbastos.com.br\/en\/projeto\/cobertura-vila-nova-conceicao\/\">\n\t\t\t\t<div class=\"elementor-portfolio-item__img elementor-post__thumbnail\">\n\t\t\t<img decoding=\"async\" width=\"2560\" height=\"1707\" src=\"https:\/\/davidbastos.com.br\/wp-content\/uploads\/2025\/06\/T.ReinesIMG_1911-scaled.jpg\" class=\"attachment-full size-full wp-image-893\" alt=\"\" srcset=\"https:\/\/davidbastos.com.br\/wp-content\/uploads\/2025\/06\/T.ReinesIMG_1911-scaled.jpg 2560w, https:\/\/davidbastos.com.br\/wp-content\/uploads\/2025\/06\/T.ReinesIMG_1911-300x200.jpg 300w, https:\/\/davidbastos.com.br\/wp-content\/uploads\/2025\/06\/T.ReinesIMG_1911-1024x683.jpg 1024w, https:\/\/davidbastos.com.br\/wp-content\/uploads\/2025\/06\/T.ReinesIMG_1911-768x512.jpg 768w, https:\/\/davidbastos.com.br\/wp-content\/uploads\/2025\/06\/T.ReinesIMG_1911-1536x1024.jpg 1536w, https:\/\/davidbastos.com.br\/wp-content\/uploads\/2025\/06\/T.ReinesIMG_1911-2048x1365.jpg 2048w\" sizes=\"(max-width: 2560px) 100vw, 2560px\" \/>\t\t<\/div>\n\t\t\t\t<div class=\"elementor-portfolio-item__overlay\">\n\t\t\t\t<h3 class=\"elementor-portfolio-item__title\">\n\t\tCobertura Vila Nova Concei\u00e7\u00e3o\t\t<\/h3>\n\t\t\t\t<\/div>\n\t\t\t\t<\/a>\n\t\t<\/article>\n\t\t\t\t<article class=\"elementor-portfolio-item elementor-post elementor-filter-5 elementor-filter-6 post-94 projeto type-projeto status-publish has-post-thumbnail hentry categoria-de-projeto-apartamentos categoria-de-projeto-coberturas\" role=\"listitem\">\n\t\t\t<a class=\"elementor-post__thumbnail__link\" href=\"https:\/\/davidbastos.com.br\/en\/projeto\/itaim-bibi\/\">\n\t\t\t\t<div class=\"elementor-portfolio-item__img elementor-post__thumbnail\">\n\t\t\t<img decoding=\"async\" width=\"1920\" height=\"1281\" src=\"https:\/\/davidbastos.com.br\/wp-content\/uploads\/2025\/04\/IMG_5457-scaled.webp\" class=\"attachment-full size-full wp-image-805\" alt=\"\" srcset=\"https:\/\/davidbastos.com.br\/wp-content\/uploads\/2025\/04\/IMG_5457-scaled.webp 1920w, https:\/\/davidbastos.com.br\/wp-content\/uploads\/2025\/04\/IMG_5457-300x200.webp 300w, https:\/\/davidbastos.com.br\/wp-content\/uploads\/2025\/04\/IMG_5457-1024x683.webp 1024w, https:\/\/davidbastos.com.br\/wp-content\/uploads\/2025\/04\/IMG_5457-768x512.webp 768w, https:\/\/davidbastos.com.br\/wp-content\/uploads\/2025\/04\/IMG_5457-1536x1025.webp 1536w\" sizes=\"(max-width: 1920px) 100vw, 1920px\" \/>\t\t<\/div>\n\t\t\t\t<div class=\"elementor-portfolio-item__overlay\">\n\t\t\t\t<h3 class=\"elementor-portfolio-item__title\">\n\t\tItaim Bibi\t\t<\/h3>\n\t\t\t\t<\/div>\n\t\t\t\t<\/a>\n\t\t<\/article>\n\t\t\t\t<\/div>\n\t\t\t\t\t\t<\/div>\n\t\t\t\t<\/div>\n\t\t\t\t<\/div>\n\t\t\t\t<\/div>\n\t\t<div id=\"e-n-tab-content-2449126573\" role=\"tabpanel\" aria-labelledby=\"e-n-tab-title-2449126573\" data-tab-index=\"3\" style=\"--n-tabs-title-order: 3;\" class=\"elementor-element elementor-element-54432e6 e-flex e-con-boxed e-con e-child\" data-id=\"54432e6\" data-element_type=\"container\" data-e-type=\"container\">\n\t\t\t\t\t<div class=\"e-con-inner\">\n\t\t<div class=\"elementor-element elementor-element-014d2e8 e-con-full e-flex elementor-invisible e-con e-child\" data-id=\"014d2e8\" data-element_type=\"container\" data-e-type=\"container\" data-settings=\"{&quot;animation&quot;:&quot;fadeIn&quot;}\">\n\t\t\t\t<div class=\"elementor-element elementor-element-26b6988 elementor-grid-4 elementor-widget__width-inherit elementor-grid-tablet-2 elementor-grid-mobile-1 elementor-widget elementor-widget-portfolio\" data-id=\"26b6988\" data-element_type=\"widget\" data-e-type=\"widget\" data-settings=\"{&quot;columns&quot;:&quot;4&quot;,&quot;row_gap&quot;:{&quot;unit&quot;:&quot;px&quot;,&quot;size&quot;:12,&quot;sizes&quot;:[]},&quot;columns_tablet&quot;:&quot;2&quot;,&quot;columns_mobile&quot;:&quot;1&quot;,&quot;item_ratio&quot;:{&quot;unit&quot;:&quot;px&quot;,&quot;size&quot;:0.66,&quot;sizes&quot;:[]},&quot;item_gap&quot;:{&quot;unit&quot;:&quot;px&quot;,&quot;size&quot;:&quot;&quot;,&quot;sizes&quot;:[]}}\" data-widget_type=\"portfolio.default\">\n\t\t\t\t<div class=\"elementor-widget-container\">\n\t\t\t\t\t\t\t<div class=\"elementor-portfolio elementor-grid elementor-posts-container\" role=\"list\">\n\t\t\t\t<article class=\"elementor-portfolio-item elementor-post elementor-filter-5 elementor-filter-40 post-4107 projeto type-projeto status-publish has-post-thumbnail hentry categoria-de-projeto-apartamentos categoria-de-projeto-garden\" role=\"listitem\">\n\t\t\t<a class=\"elementor-post__thumbnail__link\" href=\"https:\/\/davidbastos.com.br\/en\/projeto\/one-sixty-vila-olimpia-iii\/\">\n\t\t\t\t<div class=\"elementor-portfolio-item__img elementor-post__thumbnail\">\n\t\t\t<img decoding=\"async\" width=\"1920\" height=\"1280\" src=\"https:\/\/davidbastos.com.br\/wp-content\/uploads\/2026\/02\/T.ReinesIMG_1365.webp\" class=\"attachment-full size-full wp-image-4133\" alt=\"\" srcset=\"https:\/\/davidbastos.com.br\/wp-content\/uploads\/2026\/02\/T.ReinesIMG_1365.webp 1920w, https:\/\/davidbastos.com.br\/wp-content\/uploads\/2026\/02\/T.ReinesIMG_1365-300x200.webp 300w, https:\/\/davidbastos.com.br\/wp-content\/uploads\/2026\/02\/T.ReinesIMG_1365-1024x683.webp 1024w, https:\/\/davidbastos.com.br\/wp-content\/uploads\/2026\/02\/T.ReinesIMG_1365-768x512.webp 768w, https:\/\/davidbastos.com.br\/wp-content\/uploads\/2026\/02\/T.ReinesIMG_1365-1536x1024.webp 1536w, https:\/\/davidbastos.com.br\/wp-content\/uploads\/2026\/02\/T.ReinesIMG_1365-18x12.webp 18w\" sizes=\"(max-width: 1920px) 100vw, 1920px\" \/>\t\t<\/div>\n\t\t\t\t<div class=\"elementor-portfolio-item__overlay\">\n\t\t\t\t<h3 class=\"elementor-portfolio-item__title\">\n\t\tOne Sixty &#8211; Vila Ol\u00edmpia III\t\t<\/h3>\n\t\t\t\t<\/div>\n\t\t\t\t<\/a>\n\t\t<\/article>\n\t\t\t\t<article class=\"elementor-portfolio-item elementor-post elementor-filter-5 elementor-filter-40 post-3772 projeto type-projeto status-publish has-post-thumbnail hentry categoria-de-projeto-apartamentos categoria-de-projeto-garden\" role=\"listitem\">\n\t\t\t<a class=\"elementor-post__thumbnail__link\" href=\"https:\/\/davidbastos.com.br\/en\/projeto\/garden-curitiba-vila-mariana-i\/\">\n\t\t\t\t<div class=\"elementor-portfolio-item__img elementor-post__thumbnail\">\n\t\t\t<img decoding=\"async\" width=\"1920\" height=\"1280\" src=\"https:\/\/davidbastos.com.br\/wp-content\/uploads\/2026\/01\/Capa-3.webp\" class=\"attachment-full size-full wp-image-3785\" alt=\"\" srcset=\"https:\/\/davidbastos.com.br\/wp-content\/uploads\/2026\/01\/Capa-3.webp 1920w, https:\/\/davidbastos.com.br\/wp-content\/uploads\/2026\/01\/Capa-3-300x200.webp 300w, https:\/\/davidbastos.com.br\/wp-content\/uploads\/2026\/01\/Capa-3-1024x683.webp 1024w, https:\/\/davidbastos.com.br\/wp-content\/uploads\/2026\/01\/Capa-3-768x512.webp 768w, https:\/\/davidbastos.com.br\/wp-content\/uploads\/2026\/01\/Capa-3-1536x1024.webp 1536w, https:\/\/davidbastos.com.br\/wp-content\/uploads\/2026\/01\/Capa-3-18x12.webp 18w\" sizes=\"(max-width: 1920px) 100vw, 1920px\" \/>\t\t<\/div>\n\t\t\t\t<div class=\"elementor-portfolio-item__overlay\">\n\t\t\t\t<h3 class=\"elementor-portfolio-item__title\">\n\t\tGarden Curitiba &#8211; Vila Mariana I\t\t<\/h3>\n\t\t\t\t<\/div>\n\t\t\t\t<\/a>\n\t\t<\/article>\n\t\t\t\t<article class=\"elementor-portfolio-item elementor-post elementor-filter-5 elementor-filter-40 post-2869 projeto type-projeto status-publish has-post-thumbnail hentry categoria-de-projeto-apartamentos categoria-de-projeto-garden\" role=\"listitem\">\n\t\t\t<a class=\"elementor-post__thumbnail__link\" href=\"https:\/\/davidbastos.com.br\/en\/projeto\/vila-nova-conceicao-vi\/\">\n\t\t\t\t<div class=\"elementor-portfolio-item__img elementor-post__thumbnail\">\n\t\t\t<img decoding=\"async\" width=\"1920\" height=\"1280\" src=\"https:\/\/davidbastos.com.br\/wp-content\/uploads\/2026\/01\/3B3A1157.webp\" class=\"attachment-full size-full wp-image-2880\" alt=\"\" srcset=\"https:\/\/davidbastos.com.br\/wp-content\/uploads\/2026\/01\/3B3A1157.webp 1920w, https:\/\/davidbastos.com.br\/wp-content\/uploads\/2026\/01\/3B3A1157-300x200.webp 300w, https:\/\/davidbastos.com.br\/wp-content\/uploads\/2026\/01\/3B3A1157-1024x683.webp 1024w, https:\/\/davidbastos.com.br\/wp-content\/uploads\/2026\/01\/3B3A1157-768x512.webp 768w, https:\/\/davidbastos.com.br\/wp-content\/uploads\/2026\/01\/3B3A1157-1536x1024.webp 1536w, https:\/\/davidbastos.com.br\/wp-content\/uploads\/2026\/01\/3B3A1157-18x12.webp 18w\" sizes=\"(max-width: 1920px) 100vw, 1920px\" \/>\t\t<\/div>\n\t\t\t\t<div class=\"elementor-portfolio-item__overlay\">\n\t\t\t\t<h3 class=\"elementor-portfolio-item__title\">\n\t\tVila Nova Concei\u00e7\u00e3o VI\t\t<\/h3>\n\t\t\t\t<\/div>\n\t\t\t\t<\/a>\n\t\t<\/article>\n\t\t\t\t<\/div>\n\t\t\t\t\t\t<\/div>\n\t\t\t\t<\/div>\n\t\t\t\t<\/div>\n\t\t\t\t\t<\/div>\n\t\t\t\t<\/div>\n\t\t\t\t\t<\/div>\n\t\t<\/div>\n\t\t\t\t\t\t<\/div>\n\t\t\t\t<\/div>\n\t\t\t\t<\/div>\n\t\t\t\t<\/div>\n\t\t<div id=\"e-n-tab-content-2254086752\" role=\"tabpanel\" aria-labelledby=\"e-n-tab-title-2254086752\" data-tab-index=\"2\" style=\"--n-tabs-title-order: 2;\" class=\"elementor-element elementor-element-4577e50 e-con-full e-flex e-con e-child\" data-id=\"4577e50\" data-element_type=\"container\" data-e-type=\"container\">\n\t\t<div class=\"elementor-element elementor-element-6c7f696 e-con-full e-flex e-con e-child\" data-id=\"6c7f696\" data-element_type=\"container\" data-e-type=\"container\">\n\t\t\t\t<div class=\"elementor-element elementor-element-9c56176 e-n-tabs-none elementor-widget elementor-widget-n-tabs\" data-id=\"9c56176\" data-element_type=\"widget\" data-e-type=\"widget\" data-settings=\"{&quot;tabs_justify_horizontal&quot;:&quot;start&quot;,&quot;horizontal_scroll_mobile&quot;:&quot;disable&quot;,&quot;horizontal_scroll&quot;:&quot;disable&quot;}\" data-widget_type=\"nested-tabs.default\">\n\t\t\t\t<div class=\"elementor-widget-container\">\n\t\t\t\t\t\t\t<div class=\"e-n-tabs\" data-widget-number=\"163930486\" aria-label=\"Tabs. Open items with Enter or Space, close with Escape and navigate using the Arrow keys.\">\n\t\t\t<div class=\"e-n-tabs-heading\" role=\"tablist\">\n\t\t\t\t\t<button id=\"e-n-tab-title-1639304861\" data-tab-title-id=\"e-n-tab-title-1639304861\" class=\"e-n-tab-title\" aria-selected=\"true\" data-tab-index=\"1\" role=\"tab\" tabindex=\"0\" aria-controls=\"e-n-tab-content-1639304861\" style=\"--n-tabs-title-order: 1;\">\n\t\t\t\t\t\t<span class=\"e-n-tab-title-text\">\n\t\t\t\tAll\t\t\t<\/span>\n\t\t<\/button>\n\t\t\t\t<button id=\"e-n-tab-title-1639304862\" data-tab-title-id=\"e-n-tab-title-1639304862\" class=\"e-n-tab-title\" aria-selected=\"false\" data-tab-index=\"2\" role=\"tab\" tabindex=\"-1\" aria-controls=\"e-n-tab-content-1639304862\" style=\"--n-tabs-title-order: 2;\">\n\t\t\t\t\t\t<span class=\"e-n-tab-title-text\">\n\t\t\t\tCountry Houses\t\t\t<\/span>\n\t\t<\/button>\n\t\t\t\t<button id=\"e-n-tab-title-1639304863\" data-tab-title-id=\"e-n-tab-title-1639304863\" class=\"e-n-tab-title\" aria-selected=\"false\" data-tab-index=\"3\" role=\"tab\" tabindex=\"-1\" aria-controls=\"e-n-tab-content-1639304863\" style=\"--n-tabs-title-order: 3;\">\n\t\t\t\t\t\t<span class=\"e-n-tab-title-text\">\n\t\t\t\tBeach Houses\t\t\t<\/span>\n\t\t<\/button>\n\t\t\t\t<button id=\"e-n-tab-title-1639304864\" data-tab-title-id=\"e-n-tab-title-1639304864\" class=\"e-n-tab-title\" aria-selected=\"false\" data-tab-index=\"4\" role=\"tab\" tabindex=\"-1\" aria-controls=\"e-n-tab-content-1639304864\" style=\"--n-tabs-title-order: 4;\">\n\t\t\t\t\t\t<span class=\"e-n-tab-title-text\">\n\t\t\t\tCity Houses\t\t\t<\/span>\n\t\t<\/button>\n\t\t\t\t\t<\/div>\n\t\t\t<div class=\"e-n-tabs-content\">\n\t\t\t\t<div id=\"e-n-tab-content-1639304861\" role=\"tabpanel\" aria-labelledby=\"e-n-tab-title-1639304861\" data-tab-index=\"1\" style=\"--n-tabs-title-order: 1;\" class=\"e-active elementor-element elementor-element-fe24fc1 e-con-full e-flex e-con e-child\" data-id=\"fe24fc1\" data-element_type=\"container\" data-e-type=\"container\">\n\t\t<div class=\"elementor-element elementor-element-462892b e-con-full e-flex elementor-invisible e-con e-child\" data-id=\"462892b\" data-element_type=\"container\" data-e-type=\"container\" data-settings=\"{&quot;animation&quot;:&quot;fadeIn&quot;}\">\n\t\t\t\t<div class=\"elementor-element elementor-element-870f020 elementor-grid-4 elementor-widget__width-inherit elementor-grid-tablet-2 elementor-grid-mobile-1 elementor-widget elementor-widget-portfolio\" data-id=\"870f020\" data-element_type=\"widget\" data-e-type=\"widget\" data-settings=\"{&quot;columns&quot;:&quot;4&quot;,&quot;row_gap&quot;:{&quot;unit&quot;:&quot;px&quot;,&quot;size&quot;:12,&quot;sizes&quot;:[]},&quot;columns_tablet&quot;:&quot;2&quot;,&quot;columns_mobile&quot;:&quot;1&quot;,&quot;item_ratio&quot;:{&quot;unit&quot;:&quot;px&quot;,&quot;size&quot;:0.66,&quot;sizes&quot;:[]},&quot;item_gap&quot;:{&quot;unit&quot;:&quot;px&quot;,&quot;size&quot;:&quot;&quot;,&quot;sizes&quot;:[]}}\" data-widget_type=\"portfolio.default\">\n\t\t\t\t<div class=\"elementor-widget-container\">\n\t\t\t\t\t\t\t<div class=\"elementor-portfolio elementor-grid elementor-posts-container\" role=\"list\">\n\t\t\t\t<article class=\"elementor-portfolio-item elementor-post elementor-filter-9 elementor-filter-12 post-1900 projeto type-projeto status-publish has-post-thumbnail hentry categoria-de-projeto-casas categoria-de-projeto-casas-de-campo\" role=\"listitem\">\n\t\t\t<a class=\"elementor-post__thumbnail__link\" href=\"https:\/\/davidbastos.com.br\/en\/projeto\/haras-larissa-monte-mor\/\">\n\t\t\t\t<div class=\"elementor-portfolio-item__img elementor-post__thumbnail\">\n\t\t\t<img decoding=\"async\" width=\"1920\" height=\"1440\" src=\"https:\/\/davidbastos.com.br\/wp-content\/uploads\/2025\/12\/DSF2163.webp\" class=\"attachment-full size-full wp-image-1901\" alt=\"\" srcset=\"https:\/\/davidbastos.com.br\/wp-content\/uploads\/2025\/12\/DSF2163.webp 1920w, https:\/\/davidbastos.com.br\/wp-content\/uploads\/2025\/12\/DSF2163-300x225.webp 300w, https:\/\/davidbastos.com.br\/wp-content\/uploads\/2025\/12\/DSF2163-1024x768.webp 1024w, https:\/\/davidbastos.com.br\/wp-content\/uploads\/2025\/12\/DSF2163-768x576.webp 768w, https:\/\/davidbastos.com.br\/wp-content\/uploads\/2025\/12\/DSF2163-1536x1152.webp 1536w, https:\/\/davidbastos.com.br\/wp-content\/uploads\/2025\/12\/DSF2163-16x12.webp 16w\" sizes=\"(max-width: 1920px) 100vw, 1920px\" \/>\t\t<\/div>\n\t\t\t\t<div class=\"elementor-portfolio-item__overlay\">\n\t\t\t\t<h3 class=\"elementor-portfolio-item__title\">\n\t\tHaras Larissa &#8211; Monte Mor\t\t<\/h3>\n\t\t\t\t<\/div>\n\t\t\t\t<\/a>\n\t\t<\/article>\n\t\t\t\t<article class=\"elementor-portfolio-item elementor-post elementor-filter-9 elementor-filter-11 elementor-filter-24 elementor-filter-23 post-4374 projeto type-projeto status-publish has-post-thumbnail hentry categoria-de-projeto-casas categoria-de-projeto-casas-urbanas categoria-de-projeto-condominios categoria-de-projeto-urbanismo\" role=\"listitem\">\n\t\t\t<a class=\"elementor-post__thumbnail__link\" href=\"https:\/\/davidbastos.com.br\/en\/projeto\/boutique-villas-cascais\/\">\n\t\t\t\t<div class=\"elementor-portfolio-item__img elementor-post__thumbnail\">\n\t\t\t<img decoding=\"async\" width=\"1920\" height=\"1440\" src=\"https:\/\/davidbastos.com.br\/wp-content\/uploads\/2026\/02\/182.webp\" class=\"attachment-full size-full wp-image-4386\" alt=\"\" srcset=\"https:\/\/davidbastos.com.br\/wp-content\/uploads\/2026\/02\/182.webp 1920w, https:\/\/davidbastos.com.br\/wp-content\/uploads\/2026\/02\/182-300x225.webp 300w, https:\/\/davidbastos.com.br\/wp-content\/uploads\/2026\/02\/182-1024x768.webp 1024w, https:\/\/davidbastos.com.br\/wp-content\/uploads\/2026\/02\/182-768x576.webp 768w, https:\/\/davidbastos.com.br\/wp-content\/uploads\/2026\/02\/182-1536x1152.webp 1536w, https:\/\/davidbastos.com.br\/wp-content\/uploads\/2026\/02\/182-16x12.webp 16w\" sizes=\"(max-width: 1920px) 100vw, 1920px\" \/>\t\t<\/div>\n\t\t\t\t<div class=\"elementor-portfolio-item__overlay\">\n\t\t\t\t<h3 class=\"elementor-portfolio-item__title\">\n\t\tBoutique Villas Cascais\t\t<\/h3>\n\t\t\t\t<\/div>\n\t\t\t\t<\/a>\n\t\t<\/article>\n\t\t\t\t<article class=\"elementor-portfolio-item elementor-post elementor-filter-9 elementor-filter-11 post-2758 projeto type-projeto status-publish has-post-thumbnail hentry categoria-de-projeto-casas categoria-de-projeto-casas-urbanas\" role=\"listitem\">\n\t\t\t<a class=\"elementor-post__thumbnail__link\" href=\"https:\/\/davidbastos.com.br\/en\/projeto\/jardim-paulista-ii-casa\/\">\n\t\t\t\t<div class=\"elementor-portfolio-item__img elementor-post__thumbnail\">\n\t\t\t<img decoding=\"async\" width=\"1920\" height=\"1280\" src=\"https:\/\/davidbastos.com.br\/wp-content\/uploads\/2026\/01\/0Z7A7184-1-2.webp\" class=\"attachment-full size-full wp-image-2769\" alt=\"\" srcset=\"https:\/\/davidbastos.com.br\/wp-content\/uploads\/2026\/01\/0Z7A7184-1-2.webp 1920w, https:\/\/davidbastos.com.br\/wp-content\/uploads\/2026\/01\/0Z7A7184-1-2-300x200.webp 300w, https:\/\/davidbastos.com.br\/wp-content\/uploads\/2026\/01\/0Z7A7184-1-2-1024x683.webp 1024w, https:\/\/davidbastos.com.br\/wp-content\/uploads\/2026\/01\/0Z7A7184-1-2-768x512.webp 768w, https:\/\/davidbastos.com.br\/wp-content\/uploads\/2026\/01\/0Z7A7184-1-2-1536x1024.webp 1536w, https:\/\/davidbastos.com.br\/wp-content\/uploads\/2026\/01\/0Z7A7184-1-2-18x12.webp 18w\" sizes=\"(max-width: 1920px) 100vw, 1920px\" \/>\t\t<\/div>\n\t\t\t\t<div class=\"elementor-portfolio-item__overlay\">\n\t\t\t\t<h3 class=\"elementor-portfolio-item__title\">\n\t\tJardim Paulista II &#8211; Casa\t\t<\/h3>\n\t\t\t\t<\/div>\n\t\t\t\t<\/a>\n\t\t<\/article>\n\t\t\t\t<article class=\"elementor-portfolio-item elementor-post elementor-filter-9 elementor-filter-10 post-1042 projeto type-projeto status-publish has-post-thumbnail hentry categoria-de-projeto-casas categoria-de-projeto-casas-de-praia\" role=\"listitem\">\n\t\t\t<a class=\"elementor-post__thumbnail__link\" href=\"https:\/\/davidbastos.com.br\/en\/projeto\/casa-iporanga\/\">\n\t\t\t\t<div class=\"elementor-portfolio-item__img elementor-post__thumbnail\">\n\t\t\t<img decoding=\"async\" width=\"1440\" height=\"1080\" src=\"https:\/\/davidbastos.com.br\/wp-content\/uploads\/2025\/10\/casa-iporanga-2.webp\" class=\"attachment-full size-full wp-image-1046\" alt=\"\" srcset=\"https:\/\/davidbastos.com.br\/wp-content\/uploads\/2025\/10\/casa-iporanga-2.webp 1440w, https:\/\/davidbastos.com.br\/wp-content\/uploads\/2025\/10\/casa-iporanga-2-300x225.webp 300w, https:\/\/davidbastos.com.br\/wp-content\/uploads\/2025\/10\/casa-iporanga-2-1024x768.webp 1024w, https:\/\/davidbastos.com.br\/wp-content\/uploads\/2025\/10\/casa-iporanga-2-768x576.webp 768w, https:\/\/davidbastos.com.br\/wp-content\/uploads\/2025\/10\/casa-iporanga-2-16x12.webp 16w\" sizes=\"(max-width: 1440px) 100vw, 1440px\" \/>\t\t<\/div>\n\t\t\t\t<div class=\"elementor-portfolio-item__overlay\">\n\t\t\t\t<h3 class=\"elementor-portfolio-item__title\">\n\t\tCasa Iporanga\t\t<\/h3>\n\t\t\t\t<\/div>\n\t\t\t\t<\/a>\n\t\t<\/article>\n\t\t\t\t<article class=\"elementor-portfolio-item elementor-post elementor-filter-9 elementor-filter-10 post-1929 projeto type-projeto status-publish has-post-thumbnail hentry categoria-de-projeto-casas categoria-de-projeto-casas-de-praia\" role=\"listitem\">\n\t\t\t<a class=\"elementor-post__thumbnail__link\" href=\"https:\/\/davidbastos.com.br\/en\/projeto\/trancoso-altos-de-trancoso\/\">\n\t\t\t\t<div class=\"elementor-portfolio-item__img elementor-post__thumbnail\">\n\t\t\t<img decoding=\"async\" width=\"1920\" height=\"1281\" src=\"https:\/\/davidbastos.com.br\/wp-content\/uploads\/2025\/12\/T.Reines_TRE9649.webp\" class=\"attachment-full size-full wp-image-1932\" alt=\"\" srcset=\"https:\/\/davidbastos.com.br\/wp-content\/uploads\/2025\/12\/T.Reines_TRE9649.webp 1920w, https:\/\/davidbastos.com.br\/wp-content\/uploads\/2025\/12\/T.Reines_TRE9649-300x200.webp 300w, https:\/\/davidbastos.com.br\/wp-content\/uploads\/2025\/12\/T.Reines_TRE9649-1024x683.webp 1024w, https:\/\/davidbastos.com.br\/wp-content\/uploads\/2025\/12\/T.Reines_TRE9649-768x512.webp 768w, https:\/\/davidbastos.com.br\/wp-content\/uploads\/2025\/12\/T.Reines_TRE9649-1536x1025.webp 1536w, https:\/\/davidbastos.com.br\/wp-content\/uploads\/2025\/12\/T.Reines_TRE9649-18x12.webp 18w\" sizes=\"(max-width: 1920px) 100vw, 1920px\" \/>\t\t<\/div>\n\t\t\t\t<div class=\"elementor-portfolio-item__overlay\">\n\t\t\t\t<h3 class=\"elementor-portfolio-item__title\">\n\t\tAltos de Trancoso &#8211; Trancoso VIII\t\t<\/h3>\n\t\t\t\t<\/div>\n\t\t\t\t<\/a>\n\t\t<\/article>\n\t\t\t\t<article class=\"elementor-portfolio-item elementor-post elementor-filter-9 elementor-filter-10 post-2907 projeto type-projeto status-publish has-post-thumbnail hentry categoria-de-projeto-casas categoria-de-projeto-casas-de-praia\" role=\"listitem\">\n\t\t\t<a class=\"elementor-post__thumbnail__link\" href=\"https:\/\/davidbastos.com.br\/en\/projeto\/ilha-de-tinhare-garapua\/\">\n\t\t\t\t<div class=\"elementor-portfolio-item__img elementor-post__thumbnail\">\n\t\t\t<img decoding=\"async\" width=\"1920\" height=\"1280\" src=\"https:\/\/davidbastos.com.br\/wp-content\/uploads\/2026\/01\/T.Reines_IMG_2801.webp\" class=\"attachment-full size-full wp-image-2908\" alt=\"\" srcset=\"https:\/\/davidbastos.com.br\/wp-content\/uploads\/2026\/01\/T.Reines_IMG_2801.webp 1920w, https:\/\/davidbastos.com.br\/wp-content\/uploads\/2026\/01\/T.Reines_IMG_2801-300x200.webp 300w, https:\/\/davidbastos.com.br\/wp-content\/uploads\/2026\/01\/T.Reines_IMG_2801-1024x683.webp 1024w, https:\/\/davidbastos.com.br\/wp-content\/uploads\/2026\/01\/T.Reines_IMG_2801-768x512.webp 768w, https:\/\/davidbastos.com.br\/wp-content\/uploads\/2026\/01\/T.Reines_IMG_2801-1536x1024.webp 1536w, https:\/\/davidbastos.com.br\/wp-content\/uploads\/2026\/01\/T.Reines_IMG_2801-18x12.webp 18w\" sizes=\"(max-width: 1920px) 100vw, 1920px\" \/>\t\t<\/div>\n\t\t\t\t<div class=\"elementor-portfolio-item__overlay\">\n\t\t\t\t<h3 class=\"elementor-portfolio-item__title\">\n\t\tIlha de Tinhar\u00e9 &#8211; Garapu\u00e1\t\t<\/h3>\n\t\t\t\t<\/div>\n\t\t\t\t<\/a>\n\t\t<\/article>\n\t\t\t\t<article class=\"elementor-portfolio-item elementor-post elementor-filter-9 elementor-filter-10 post-2282 projeto type-projeto status-publish has-post-thumbnail hentry categoria-de-projeto-casas categoria-de-projeto-casas-de-praia\" role=\"listitem\">\n\t\t\t<a class=\"elementor-post__thumbnail__link\" href=\"https:\/\/davidbastos.com.br\/en\/projeto\/interlagos-camacari\/\">\n\t\t\t\t<div class=\"elementor-portfolio-item__img elementor-post__thumbnail\">\n\t\t\t<img decoding=\"async\" width=\"1920\" height=\"1280\" src=\"https:\/\/davidbastos.com.br\/wp-content\/uploads\/2026\/01\/1-CAPA.webp\" class=\"attachment-full size-full wp-image-2306\" alt=\"\" srcset=\"https:\/\/davidbastos.com.br\/wp-content\/uploads\/2026\/01\/1-CAPA.webp 1920w, https:\/\/davidbastos.com.br\/wp-content\/uploads\/2026\/01\/1-CAPA-300x200.webp 300w, https:\/\/davidbastos.com.br\/wp-content\/uploads\/2026\/01\/1-CAPA-1024x683.webp 1024w, https:\/\/davidbastos.com.br\/wp-content\/uploads\/2026\/01\/1-CAPA-768x512.webp 768w, https:\/\/davidbastos.com.br\/wp-content\/uploads\/2026\/01\/1-CAPA-1536x1024.webp 1536w, https:\/\/davidbastos.com.br\/wp-content\/uploads\/2026\/01\/1-CAPA-18x12.webp 18w\" sizes=\"(max-width: 1920px) 100vw, 1920px\" \/>\t\t<\/div>\n\t\t\t\t<div class=\"elementor-portfolio-item__overlay\">\n\t\t\t\t<h3 class=\"elementor-portfolio-item__title\">\n\t\tInterlagos &#8211; Cama\u00e7ari X\t\t<\/h3>\n\t\t\t\t<\/div>\n\t\t\t\t<\/a>\n\t\t<\/article>\n\t\t\t\t<article class=\"elementor-portfolio-item elementor-post elementor-filter-9 elementor-filter-10 post-1953 projeto type-projeto status-publish has-post-thumbnail hentry categoria-de-projeto-casas categoria-de-projeto-casas-de-praia\" role=\"listitem\">\n\t\t\t<a class=\"elementor-post__thumbnail__link\" href=\"https:\/\/davidbastos.com.br\/en\/projeto\/trancoso-iii-fasano\/\">\n\t\t\t\t<div class=\"elementor-portfolio-item__img elementor-post__thumbnail\">\n\t\t\t<img decoding=\"async\" width=\"1920\" height=\"1280\" src=\"https:\/\/davidbastos.com.br\/wp-content\/uploads\/2025\/12\/0Z7A6451-1.webp\" class=\"attachment-full size-full wp-image-1969\" alt=\"\" srcset=\"https:\/\/davidbastos.com.br\/wp-content\/uploads\/2025\/12\/0Z7A6451-1.webp 1920w, https:\/\/davidbastos.com.br\/wp-content\/uploads\/2025\/12\/0Z7A6451-1-300x200.webp 300w, https:\/\/davidbastos.com.br\/wp-content\/uploads\/2025\/12\/0Z7A6451-1-1024x683.webp 1024w, https:\/\/davidbastos.com.br\/wp-content\/uploads\/2025\/12\/0Z7A6451-1-768x512.webp 768w, https:\/\/davidbastos.com.br\/wp-content\/uploads\/2025\/12\/0Z7A6451-1-1536x1024.webp 1536w, https:\/\/davidbastos.com.br\/wp-content\/uploads\/2025\/12\/0Z7A6451-1-18x12.webp 18w\" sizes=\"(max-width: 1920px) 100vw, 1920px\" \/>\t\t<\/div>\n\t\t\t\t<div class=\"elementor-portfolio-item__overlay\">\n\t\t\t\t<h3 class=\"elementor-portfolio-item__title\">\n\t\tFasano &#8211; Trancoso IX\t\t<\/h3>\n\t\t\t\t<\/div>\n\t\t\t\t<\/a>\n\t\t<\/article>\n\t\t\t\t<article class=\"elementor-portfolio-item elementor-post elementor-filter-9 elementor-filter-10 post-1862 projeto type-projeto status-publish has-post-thumbnail hentry categoria-de-projeto-casas categoria-de-projeto-casas-de-praia\" role=\"listitem\">\n\t\t\t<a class=\"elementor-post__thumbnail__link\" href=\"https:\/\/davidbastos.com.br\/en\/projeto\/buzios\/\">\n\t\t\t\t<div class=\"elementor-portfolio-item__img elementor-post__thumbnail\">\n\t\t\t<img decoding=\"async\" width=\"1920\" height=\"1280\" src=\"https:\/\/davidbastos.com.br\/wp-content\/uploads\/2025\/12\/T.ReinesIMG_9734.webp\" class=\"attachment-full size-full wp-image-1864\" alt=\"\" srcset=\"https:\/\/davidbastos.com.br\/wp-content\/uploads\/2025\/12\/T.ReinesIMG_9734.webp 1920w, https:\/\/davidbastos.com.br\/wp-content\/uploads\/2025\/12\/T.ReinesIMG_9734-300x200.webp 300w, https:\/\/davidbastos.com.br\/wp-content\/uploads\/2025\/12\/T.ReinesIMG_9734-1024x683.webp 1024w, https:\/\/davidbastos.com.br\/wp-content\/uploads\/2025\/12\/T.ReinesIMG_9734-768x512.webp 768w, https:\/\/davidbastos.com.br\/wp-content\/uploads\/2025\/12\/T.ReinesIMG_9734-1536x1024.webp 1536w, https:\/\/davidbastos.com.br\/wp-content\/uploads\/2025\/12\/T.ReinesIMG_9734-18x12.webp 18w\" sizes=\"(max-width: 1920px) 100vw, 1920px\" \/>\t\t<\/div>\n\t\t\t\t<div class=\"elementor-portfolio-item__overlay\">\n\t\t\t\t<h3 class=\"elementor-portfolio-item__title\">\n\t\tB\u00fazios\t\t<\/h3>\n\t\t\t\t<\/div>\n\t\t\t\t<\/a>\n\t\t<\/article>\n\t\t\t\t<article class=\"elementor-portfolio-item elementor-post elementor-filter-9 elementor-filter-10 post-2234 projeto type-projeto status-publish has-post-thumbnail hentry categoria-de-projeto-casas categoria-de-projeto-casas-de-praia\" role=\"listitem\">\n\t\t\t<a class=\"elementor-post__thumbnail__link\" href=\"https:\/\/davidbastos.com.br\/en\/projeto\/enseada-do-castelo-praia-do-forte-ii\/\">\n\t\t\t\t<div class=\"elementor-portfolio-item__img elementor-post__thumbnail\">\n\t\t\t<img decoding=\"async\" width=\"1920\" height=\"1280\" src=\"https:\/\/davidbastos.com.br\/wp-content\/uploads\/2026\/01\/1-1.webp\" class=\"attachment-full size-full wp-image-2243\" alt=\"\" srcset=\"https:\/\/davidbastos.com.br\/wp-content\/uploads\/2026\/01\/1-1.webp 1920w, https:\/\/davidbastos.com.br\/wp-content\/uploads\/2026\/01\/1-1-300x200.webp 300w, https:\/\/davidbastos.com.br\/wp-content\/uploads\/2026\/01\/1-1-1024x683.webp 1024w, https:\/\/davidbastos.com.br\/wp-content\/uploads\/2026\/01\/1-1-768x512.webp 768w, https:\/\/davidbastos.com.br\/wp-content\/uploads\/2026\/01\/1-1-1536x1024.webp 1536w, https:\/\/davidbastos.com.br\/wp-content\/uploads\/2026\/01\/1-1-18x12.webp 18w\" sizes=\"(max-width: 1920px) 100vw, 1920px\" \/>\t\t<\/div>\n\t\t\t\t<div class=\"elementor-portfolio-item__overlay\">\n\t\t\t\t<h3 class=\"elementor-portfolio-item__title\">\n\t\tEnseada do Castelo &#8211; Praia do Forte II\t\t<\/h3>\n\t\t\t\t<\/div>\n\t\t\t\t<\/a>\n\t\t<\/article>\n\t\t\t\t<article class=\"elementor-portfolio-item elementor-post elementor-filter-11 post-1058 projeto type-projeto status-publish has-post-thumbnail hentry categoria-de-projeto-casas-urbanas\" role=\"listitem\">\n\t\t\t<a class=\"elementor-post__thumbnail__link\" href=\"https:\/\/davidbastos.com.br\/en\/projeto\/casa-jardim-america-ii\/\">\n\t\t\t\t<div class=\"elementor-portfolio-item__img elementor-post__thumbnail\">\n\t\t\t<img decoding=\"async\" width=\"1600\" height=\"1067\" src=\"https:\/\/davidbastos.com.br\/wp-content\/uploads\/2025\/10\/casa-jardim-america-II-1.webp\" class=\"attachment-full size-full wp-image-1072\" alt=\"\" srcset=\"https:\/\/davidbastos.com.br\/wp-content\/uploads\/2025\/10\/casa-jardim-america-II-1.webp 1600w, https:\/\/davidbastos.com.br\/wp-content\/uploads\/2025\/10\/casa-jardim-america-II-1-300x200.webp 300w, https:\/\/davidbastos.com.br\/wp-content\/uploads\/2025\/10\/casa-jardim-america-II-1-1024x683.webp 1024w, https:\/\/davidbastos.com.br\/wp-content\/uploads\/2025\/10\/casa-jardim-america-II-1-768x512.webp 768w, https:\/\/davidbastos.com.br\/wp-content\/uploads\/2025\/10\/casa-jardim-america-II-1-1536x1024.webp 1536w, https:\/\/davidbastos.com.br\/wp-content\/uploads\/2025\/10\/casa-jardim-america-II-1-18x12.webp 18w\" sizes=\"(max-width: 1600px) 100vw, 1600px\" \/>\t\t<\/div>\n\t\t\t\t<div class=\"elementor-portfolio-item__overlay\">\n\t\t\t\t<h3 class=\"elementor-portfolio-item__title\">\n\t\tCasa Jardim Am\u00e9rica II\t\t<\/h3>\n\t\t\t\t<\/div>\n\t\t\t\t<\/a>\n\t\t<\/article>\n\t\t\t\t<article class=\"elementor-portfolio-item elementor-post elementor-filter-9 elementor-filter-11 post-1139 projeto type-projeto status-publish has-post-thumbnail hentry categoria-de-projeto-casas categoria-de-projeto-casas-urbanas\" role=\"listitem\">\n\t\t\t<a class=\"elementor-post__thumbnail__link\" href=\"https:\/\/davidbastos.com.br\/en\/projeto\/jardim-america-i\/\">\n\t\t\t\t<div class=\"elementor-portfolio-item__img elementor-post__thumbnail\">\n\t\t\t<img decoding=\"async\" width=\"1600\" height=\"1067\" src=\"https:\/\/davidbastos.com.br\/wp-content\/uploads\/2025\/11\/jardim-america-I-12.webp\" class=\"attachment-full size-full wp-image-1140\" alt=\"\" srcset=\"https:\/\/davidbastos.com.br\/wp-content\/uploads\/2025\/11\/jardim-america-I-12.webp 1600w, https:\/\/davidbastos.com.br\/wp-content\/uploads\/2025\/11\/jardim-america-I-12-300x200.webp 300w, https:\/\/davidbastos.com.br\/wp-content\/uploads\/2025\/11\/jardim-america-I-12-1024x683.webp 1024w, https:\/\/davidbastos.com.br\/wp-content\/uploads\/2025\/11\/jardim-america-I-12-768x512.webp 768w, https:\/\/davidbastos.com.br\/wp-content\/uploads\/2025\/11\/jardim-america-I-12-1536x1024.webp 1536w, https:\/\/davidbastos.com.br\/wp-content\/uploads\/2025\/11\/jardim-america-I-12-18x12.webp 18w\" sizes=\"(max-width: 1600px) 100vw, 1600px\" \/>\t\t<\/div>\n\t\t\t\t<div class=\"elementor-portfolio-item__overlay\">\n\t\t\t\t<h3 class=\"elementor-portfolio-item__title\">\n\t\tJardim Am\u00e9rica I\t\t<\/h3>\n\t\t\t\t<\/div>\n\t\t\t\t<\/a>\n\t\t<\/article>\n\t\t\t\t<article class=\"elementor-portfolio-item elementor-post elementor-filter-9 elementor-filter-10 post-2949 projeto type-projeto status-publish has-post-thumbnail hentry categoria-de-projeto-casas categoria-de-projeto-casas-de-praia\" role=\"listitem\">\n\t\t\t<a class=\"elementor-post__thumbnail__link\" href=\"https:\/\/davidbastos.com.br\/en\/projeto\/gamboa-ilha-de-itaparica-ii\/\">\n\t\t\t\t<div class=\"elementor-portfolio-item__img elementor-post__thumbnail\">\n\t\t\t<img decoding=\"async\" width=\"1920\" height=\"1280\" src=\"https:\/\/davidbastos.com.br\/wp-content\/uploads\/2026\/01\/0Z7A5169-2.webp\" class=\"attachment-full size-full wp-image-2958\" alt=\"\" srcset=\"https:\/\/davidbastos.com.br\/wp-content\/uploads\/2026\/01\/0Z7A5169-2.webp 1920w, https:\/\/davidbastos.com.br\/wp-content\/uploads\/2026\/01\/0Z7A5169-2-300x200.webp 300w, https:\/\/davidbastos.com.br\/wp-content\/uploads\/2026\/01\/0Z7A5169-2-1024x683.webp 1024w, https:\/\/davidbastos.com.br\/wp-content\/uploads\/2026\/01\/0Z7A5169-2-768x512.webp 768w, https:\/\/davidbastos.com.br\/wp-content\/uploads\/2026\/01\/0Z7A5169-2-1536x1024.webp 1536w, https:\/\/davidbastos.com.br\/wp-content\/uploads\/2026\/01\/0Z7A5169-2-18x12.webp 18w\" sizes=\"(max-width: 1920px) 100vw, 1920px\" \/>\t\t<\/div>\n\t\t\t\t<div class=\"elementor-portfolio-item__overlay\">\n\t\t\t\t<h3 class=\"elementor-portfolio-item__title\">\n\t\tGamboa &#8211; Ilha de Itaparica II\t\t<\/h3>\n\t\t\t\t<\/div>\n\t\t\t\t<\/a>\n\t\t<\/article>\n\t\t\t\t<article class=\"elementor-portfolio-item elementor-post elementor-filter-9 elementor-filter-10 post-2843 projeto type-projeto status-publish has-post-thumbnail hentry categoria-de-projeto-casas categoria-de-projeto-casas-de-praia\" role=\"listitem\">\n\t\t\t<a class=\"elementor-post__thumbnail__link\" href=\"https:\/\/davidbastos.com.br\/en\/projeto\/rio-da-barra-iii-trancoso-x\/\">\n\t\t\t\t<div class=\"elementor-portfolio-item__img elementor-post__thumbnail\">\n\t\t\t<img decoding=\"async\" width=\"1920\" height=\"1280\" src=\"https:\/\/davidbastos.com.br\/wp-content\/uploads\/2026\/01\/0Z7A5901-2.webp\" class=\"attachment-full size-full wp-image-2844\" alt=\"\" srcset=\"https:\/\/davidbastos.com.br\/wp-content\/uploads\/2026\/01\/0Z7A5901-2.webp 1920w, https:\/\/davidbastos.com.br\/wp-content\/uploads\/2026\/01\/0Z7A5901-2-300x200.webp 300w, https:\/\/davidbastos.com.br\/wp-content\/uploads\/2026\/01\/0Z7A5901-2-1024x683.webp 1024w, https:\/\/davidbastos.com.br\/wp-content\/uploads\/2026\/01\/0Z7A5901-2-768x512.webp 768w, https:\/\/davidbastos.com.br\/wp-content\/uploads\/2026\/01\/0Z7A5901-2-1536x1024.webp 1536w, https:\/\/davidbastos.com.br\/wp-content\/uploads\/2026\/01\/0Z7A5901-2-18x12.webp 18w\" sizes=\"(max-width: 1920px) 100vw, 1920px\" \/>\t\t<\/div>\n\t\t\t\t<div class=\"elementor-portfolio-item__overlay\">\n\t\t\t\t<h3 class=\"elementor-portfolio-item__title\">\n\t\tRio da Barra III &#8211; Trancoso X\t\t<\/h3>\n\t\t\t\t<\/div>\n\t\t\t\t<\/a>\n\t\t<\/article>\n\t\t\t\t<article class=\"elementor-portfolio-item elementor-post elementor-filter-9 elementor-filter-10 post-1073 projeto type-projeto status-publish has-post-thumbnail hentry categoria-de-projeto-casas categoria-de-projeto-casas-de-praia\" role=\"listitem\">\n\t\t\t<a class=\"elementor-post__thumbnail__link\" href=\"https:\/\/davidbastos.com.br\/en\/projeto\/casa-rio-da-barra-ii\/\">\n\t\t\t\t<div class=\"elementor-portfolio-item__img elementor-post__thumbnail\">\n\t\t\t<img decoding=\"async\" width=\"1600\" height=\"1068\" src=\"https:\/\/davidbastos.com.br\/wp-content\/uploads\/2025\/10\/casa-rio-da-barra-II-8-1.webp\" class=\"attachment-full size-full wp-image-1164\" alt=\"\" srcset=\"https:\/\/davidbastos.com.br\/wp-content\/uploads\/2025\/10\/casa-rio-da-barra-II-8-1.webp 1600w, https:\/\/davidbastos.com.br\/wp-content\/uploads\/2025\/10\/casa-rio-da-barra-II-8-1-300x200.webp 300w, https:\/\/davidbastos.com.br\/wp-content\/uploads\/2025\/10\/casa-rio-da-barra-II-8-1-1024x684.webp 1024w, https:\/\/davidbastos.com.br\/wp-content\/uploads\/2025\/10\/casa-rio-da-barra-II-8-1-768x513.webp 768w, https:\/\/davidbastos.com.br\/wp-content\/uploads\/2025\/10\/casa-rio-da-barra-II-8-1-1536x1025.webp 1536w, https:\/\/davidbastos.com.br\/wp-content\/uploads\/2025\/10\/casa-rio-da-barra-II-8-1-18x12.webp 18w\" sizes=\"(max-width: 1600px) 100vw, 1600px\" \/>\t\t<\/div>\n\t\t\t\t<div class=\"elementor-portfolio-item__overlay\">\n\t\t\t\t<h3 class=\"elementor-portfolio-item__title\">\n\t\tCasa Rio da Barra II &#8211; Trancoso XIV\t\t<\/h3>\n\t\t\t\t<\/div>\n\t\t\t\t<\/a>\n\t\t<\/article>\n\t\t\t\t<article class=\"elementor-portfolio-item elementor-post elementor-filter-9 elementor-filter-10 post-2804 projeto type-projeto status-publish has-post-thumbnail hentry categoria-de-projeto-casas categoria-de-projeto-casas-de-praia\" role=\"listitem\">\n\t\t\t<a class=\"elementor-post__thumbnail__link\" href=\"https:\/\/davidbastos.com.br\/en\/projeto\/bombordo-praia-do-forte-iii\/\">\n\t\t\t\t<div class=\"elementor-portfolio-item__img elementor-post__thumbnail\">\n\t\t\t<img decoding=\"async\" width=\"1920\" height=\"1280\" src=\"https:\/\/davidbastos.com.br\/wp-content\/uploads\/2026\/01\/T.Reines_IMG_9246.webp\" class=\"attachment-full size-full wp-image-2810\" alt=\"\" srcset=\"https:\/\/davidbastos.com.br\/wp-content\/uploads\/2026\/01\/T.Reines_IMG_9246.webp 1920w, https:\/\/davidbastos.com.br\/wp-content\/uploads\/2026\/01\/T.Reines_IMG_9246-300x200.webp 300w, https:\/\/davidbastos.com.br\/wp-content\/uploads\/2026\/01\/T.Reines_IMG_9246-1024x683.webp 1024w, https:\/\/davidbastos.com.br\/wp-content\/uploads\/2026\/01\/T.Reines_IMG_9246-768x512.webp 768w, https:\/\/davidbastos.com.br\/wp-content\/uploads\/2026\/01\/T.Reines_IMG_9246-1536x1024.webp 1536w, https:\/\/davidbastos.com.br\/wp-content\/uploads\/2026\/01\/T.Reines_IMG_9246-18x12.webp 18w\" sizes=\"(max-width: 1920px) 100vw, 1920px\" \/>\t\t<\/div>\n\t\t\t\t<div class=\"elementor-portfolio-item__overlay\">\n\t\t\t\t<h3 class=\"elementor-portfolio-item__title\">\n\t\tBombordo &#8211; Praia do Forte III\t\t<\/h3>\n\t\t\t\t<\/div>\n\t\t\t\t<\/a>\n\t\t<\/article>\n\t\t\t\t<article class=\"elementor-portfolio-item elementor-post elementor-filter-9 elementor-filter-10 post-2823 projeto type-projeto status-publish has-post-thumbnail hentry categoria-de-projeto-casas categoria-de-projeto-casas-de-praia\" role=\"listitem\">\n\t\t\t<a class=\"elementor-post__thumbnail__link\" href=\"https:\/\/davidbastos.com.br\/en\/projeto\/boreste-praia-do-forte-iv\/\">\n\t\t\t\t<div class=\"elementor-portfolio-item__img elementor-post__thumbnail\">\n\t\t\t<img decoding=\"async\" width=\"1920\" height=\"1280\" src=\"https:\/\/davidbastos.com.br\/wp-content\/uploads\/2026\/01\/T.Reines_IMG_8915.webp\" class=\"attachment-full size-full wp-image-2839\" alt=\"\" srcset=\"https:\/\/davidbastos.com.br\/wp-content\/uploads\/2026\/01\/T.Reines_IMG_8915.webp 1920w, https:\/\/davidbastos.com.br\/wp-content\/uploads\/2026\/01\/T.Reines_IMG_8915-300x200.webp 300w, https:\/\/davidbastos.com.br\/wp-content\/uploads\/2026\/01\/T.Reines_IMG_8915-1024x683.webp 1024w, https:\/\/davidbastos.com.br\/wp-content\/uploads\/2026\/01\/T.Reines_IMG_8915-768x512.webp 768w, https:\/\/davidbastos.com.br\/wp-content\/uploads\/2026\/01\/T.Reines_IMG_8915-1536x1024.webp 1536w, https:\/\/davidbastos.com.br\/wp-content\/uploads\/2026\/01\/T.Reines_IMG_8915-18x12.webp 18w\" sizes=\"(max-width: 1920px) 100vw, 1920px\" \/>\t\t<\/div>\n\t\t\t\t<div class=\"elementor-portfolio-item__overlay\">\n\t\t\t\t<h3 class=\"elementor-portfolio-item__title\">\n\t\tBoreste &#8211; Praia do Forte IV\t\t<\/h3>\n\t\t\t\t<\/div>\n\t\t\t\t<\/a>\n\t\t<\/article>\n\t\t\t\t<article class=\"elementor-portfolio-item elementor-post elementor-filter-9 elementor-filter-10 post-4721 projeto type-projeto status-publish has-post-thumbnail hentry categoria-de-projeto-casas categoria-de-projeto-casas-de-praia\" role=\"listitem\">\n\t\t\t<a class=\"elementor-post__thumbnail__link\" href=\"https:\/\/davidbastos.com.br\/en\/projeto\/rio-da-barra-trancoso-xv\/\">\n\t\t\t\t<div class=\"elementor-portfolio-item__img elementor-post__thumbnail\">\n\t\t\t<img decoding=\"async\" width=\"1790\" height=\"1197\" src=\"https:\/\/davidbastos.com.br\/wp-content\/uploads\/2026\/04\/T.ReinesIMG_1225-e1775844426807.webp\" class=\"attachment-full size-full wp-image-4726\" alt=\"\" srcset=\"https:\/\/davidbastos.com.br\/wp-content\/uploads\/2026\/04\/T.ReinesIMG_1225-e1775844426807.webp 1790w, https:\/\/davidbastos.com.br\/wp-content\/uploads\/2026\/04\/T.ReinesIMG_1225-e1775844426807-300x201.webp 300w, https:\/\/davidbastos.com.br\/wp-content\/uploads\/2026\/04\/T.ReinesIMG_1225-e1775844426807-1024x685.webp 1024w, https:\/\/davidbastos.com.br\/wp-content\/uploads\/2026\/04\/T.ReinesIMG_1225-e1775844426807-768x514.webp 768w, https:\/\/davidbastos.com.br\/wp-content\/uploads\/2026\/04\/T.ReinesIMG_1225-e1775844426807-1536x1027.webp 1536w, https:\/\/davidbastos.com.br\/wp-content\/uploads\/2026\/04\/T.ReinesIMG_1225-e1775844426807-18x12.webp 18w\" sizes=\"(max-width: 1790px) 100vw, 1790px\" \/>\t\t<\/div>\n\t\t\t\t<div class=\"elementor-portfolio-item__overlay\">\n\t\t\t\t<h3 class=\"elementor-portfolio-item__title\">\n\t\tRio da Barra &#8211; Trancoso XV\t\t<\/h3>\n\t\t\t\t<\/div>\n\t\t\t\t<\/a>\n\t\t<\/article>\n\t\t\t\t<article class=\"elementor-portfolio-item elementor-post elementor-filter-9 elementor-filter-10 post-2040 projeto type-projeto status-publish has-post-thumbnail hentry categoria-de-projeto-casas categoria-de-projeto-casas-de-praia\" role=\"listitem\">\n\t\t\t<a class=\"elementor-post__thumbnail__link\" href=\"https:\/\/davidbastos.com.br\/en\/projeto\/iporanga-ii\/\">\n\t\t\t\t<div class=\"elementor-portfolio-item__img elementor-post__thumbnail\">\n\t\t\t<img decoding=\"async\" width=\"1920\" height=\"1258\" src=\"https:\/\/davidbastos.com.br\/wp-content\/uploads\/2025\/12\/H-5-1.webp\" class=\"attachment-full size-full wp-image-2041\" alt=\"\" srcset=\"https:\/\/davidbastos.com.br\/wp-content\/uploads\/2025\/12\/H-5-1.webp 1920w, https:\/\/davidbastos.com.br\/wp-content\/uploads\/2025\/12\/H-5-1-300x197.webp 300w, https:\/\/davidbastos.com.br\/wp-content\/uploads\/2025\/12\/H-5-1-1024x671.webp 1024w, https:\/\/davidbastos.com.br\/wp-content\/uploads\/2025\/12\/H-5-1-768x503.webp 768w, https:\/\/davidbastos.com.br\/wp-content\/uploads\/2025\/12\/H-5-1-1536x1006.webp 1536w, https:\/\/davidbastos.com.br\/wp-content\/uploads\/2025\/12\/H-5-1-18x12.webp 18w\" sizes=\"(max-width: 1920px) 100vw, 1920px\" \/>\t\t<\/div>\n\t\t\t\t<div class=\"elementor-portfolio-item__overlay\">\n\t\t\t\t<h3 class=\"elementor-portfolio-item__title\">\n\t\tIporanga II\t\t<\/h3>\n\t\t\t\t<\/div>\n\t\t\t\t<\/a>\n\t\t<\/article>\n\t\t\t\t<article class=\"elementor-portfolio-item elementor-post elementor-filter-9 elementor-filter-10 post-1803 projeto type-projeto status-publish has-post-thumbnail hentry categoria-de-projeto-casas categoria-de-projeto-casas-de-praia\" role=\"listitem\">\n\t\t\t<a class=\"elementor-post__thumbnail__link\" href=\"https:\/\/davidbastos.com.br\/en\/projeto\/busca-vida-camacari-2\/\">\n\t\t\t\t<div class=\"elementor-portfolio-item__img elementor-post__thumbnail\">\n\t\t\t<img decoding=\"async\" width=\"1920\" height=\"1280\" src=\"https:\/\/davidbastos.com.br\/wp-content\/uploads\/2025\/12\/IMG_1519_Tuca_Reines.webp\" class=\"attachment-full size-full wp-image-1810\" alt=\"\" srcset=\"https:\/\/davidbastos.com.br\/wp-content\/uploads\/2025\/12\/IMG_1519_Tuca_Reines.webp 1920w, https:\/\/davidbastos.com.br\/wp-content\/uploads\/2025\/12\/IMG_1519_Tuca_Reines-300x200.webp 300w, https:\/\/davidbastos.com.br\/wp-content\/uploads\/2025\/12\/IMG_1519_Tuca_Reines-1024x683.webp 1024w, https:\/\/davidbastos.com.br\/wp-content\/uploads\/2025\/12\/IMG_1519_Tuca_Reines-768x512.webp 768w, https:\/\/davidbastos.com.br\/wp-content\/uploads\/2025\/12\/IMG_1519_Tuca_Reines-1536x1024.webp 1536w, https:\/\/davidbastos.com.br\/wp-content\/uploads\/2025\/12\/IMG_1519_Tuca_Reines-18x12.webp 18w\" sizes=\"(max-width: 1920px) 100vw, 1920px\" \/>\t\t<\/div>\n\t\t\t\t<div class=\"elementor-portfolio-item__overlay\">\n\t\t\t\t<h3 class=\"elementor-portfolio-item__title\">\n\t\tBusca Vida VIII &#8211; Cama\u00e7ari XI\t\t<\/h3>\n\t\t\t\t<\/div>\n\t\t\t\t<\/a>\n\t\t<\/article>\n\t\t\t\t<article class=\"elementor-portfolio-item elementor-post elementor-filter-9 elementor-filter-10 post-4317 projeto type-projeto status-publish has-post-thumbnail hentry categoria-de-projeto-casas categoria-de-projeto-casas-de-praia\" role=\"listitem\">\n\t\t\t<a class=\"elementor-post__thumbnail__link\" href=\"https:\/\/davidbastos.com.br\/en\/projeto\/busca-vida-camacari-iv\/\">\n\t\t\t\t<div class=\"elementor-portfolio-item__img elementor-post__thumbnail\">\n\t\t\t<img decoding=\"async\" width=\"1920\" height=\"1440\" src=\"https:\/\/davidbastos.com.br\/wp-content\/uploads\/2026\/02\/Esdras-Ribeiro-Busca-Vida-06-01-26-032.webp\" class=\"attachment-full size-full wp-image-4320\" alt=\"\" srcset=\"https:\/\/davidbastos.com.br\/wp-content\/uploads\/2026\/02\/Esdras-Ribeiro-Busca-Vida-06-01-26-032.webp 1920w, https:\/\/davidbastos.com.br\/wp-content\/uploads\/2026\/02\/Esdras-Ribeiro-Busca-Vida-06-01-26-032-300x225.webp 300w, https:\/\/davidbastos.com.br\/wp-content\/uploads\/2026\/02\/Esdras-Ribeiro-Busca-Vida-06-01-26-032-1024x768.webp 1024w, https:\/\/davidbastos.com.br\/wp-content\/uploads\/2026\/02\/Esdras-Ribeiro-Busca-Vida-06-01-26-032-768x576.webp 768w, https:\/\/davidbastos.com.br\/wp-content\/uploads\/2026\/02\/Esdras-Ribeiro-Busca-Vida-06-01-26-032-1536x1152.webp 1536w, https:\/\/davidbastos.com.br\/wp-content\/uploads\/2026\/02\/Esdras-Ribeiro-Busca-Vida-06-01-26-032-16x12.webp 16w\" sizes=\"(max-width: 1920px) 100vw, 1920px\" \/>\t\t<\/div>\n\t\t\t\t<div class=\"elementor-portfolio-item__overlay\">\n\t\t\t\t<h3 class=\"elementor-portfolio-item__title\">\n\t\tBusca Vida IV &#8211; Cama\u00e7ari IV\t\t<\/h3>\n\t\t\t\t<\/div>\n\t\t\t\t<\/a>\n\t\t<\/article>\n\t\t\t\t<article class=\"elementor-portfolio-item elementor-post elementor-filter-9 elementor-filter-10 post-4328 projeto type-projeto status-publish has-post-thumbnail hentry categoria-de-projeto-casas categoria-de-projeto-casas-de-praia\" role=\"listitem\">\n\t\t\t<a class=\"elementor-post__thumbnail__link\" href=\"https:\/\/davidbastos.com.br\/en\/projeto\/busca-vida-camacari-v\/\">\n\t\t\t\t<div class=\"elementor-portfolio-item__img elementor-post__thumbnail\">\n\t\t\t<img decoding=\"async\" width=\"1920\" height=\"1440\" src=\"https:\/\/davidbastos.com.br\/wp-content\/uploads\/2026\/02\/DSC03632.webp\" class=\"attachment-full size-full wp-image-4337\" alt=\"\" srcset=\"https:\/\/davidbastos.com.br\/wp-content\/uploads\/2026\/02\/DSC03632.webp 1920w, https:\/\/davidbastos.com.br\/wp-content\/uploads\/2026\/02\/DSC03632-300x225.webp 300w, https:\/\/davidbastos.com.br\/wp-content\/uploads\/2026\/02\/DSC03632-1024x768.webp 1024w, https:\/\/davidbastos.com.br\/wp-content\/uploads\/2026\/02\/DSC03632-768x576.webp 768w, https:\/\/davidbastos.com.br\/wp-content\/uploads\/2026\/02\/DSC03632-1536x1152.webp 1536w, https:\/\/davidbastos.com.br\/wp-content\/uploads\/2026\/02\/DSC03632-16x12.webp 16w\" sizes=\"(max-width: 1920px) 100vw, 1920px\" \/>\t\t<\/div>\n\t\t\t\t<div class=\"elementor-portfolio-item__overlay\">\n\t\t\t\t<h3 class=\"elementor-portfolio-item__title\">\n\t\tBusca Vida VI &#8211; Cama\u00e7ari VI\t\t<\/h3>\n\t\t\t\t<\/div>\n\t\t\t\t<\/a>\n\t\t<\/article>\n\t\t\t\t<article class=\"elementor-portfolio-item elementor-post elementor-filter-9 elementor-filter-10 post-1847 projeto type-projeto status-publish has-post-thumbnail hentry categoria-de-projeto-casas categoria-de-projeto-casas-de-praia\" role=\"listitem\">\n\t\t\t<a class=\"elementor-post__thumbnail__link\" href=\"https:\/\/davidbastos.com.br\/en\/projeto\/busca-vida-camacari-4\/\">\n\t\t\t\t<div class=\"elementor-portfolio-item__img elementor-post__thumbnail\">\n\t\t\t<img decoding=\"async\" width=\"1920\" height=\"1281\" src=\"https:\/\/davidbastos.com.br\/wp-content\/uploads\/2025\/12\/IMG_1936_TucaReines_100128.webp\" class=\"attachment-full size-full wp-image-1852\" alt=\"\" srcset=\"https:\/\/davidbastos.com.br\/wp-content\/uploads\/2025\/12\/IMG_1936_TucaReines_100128.webp 1920w, https:\/\/davidbastos.com.br\/wp-content\/uploads\/2025\/12\/IMG_1936_TucaReines_100128-300x200.webp 300w, https:\/\/davidbastos.com.br\/wp-content\/uploads\/2025\/12\/IMG_1936_TucaReines_100128-1024x683.webp 1024w, https:\/\/davidbastos.com.br\/wp-content\/uploads\/2025\/12\/IMG_1936_TucaReines_100128-768x512.webp 768w, https:\/\/davidbastos.com.br\/wp-content\/uploads\/2025\/12\/IMG_1936_TucaReines_100128-1536x1025.webp 1536w, https:\/\/davidbastos.com.br\/wp-content\/uploads\/2025\/12\/IMG_1936_TucaReines_100128-18x12.webp 18w\" sizes=\"(max-width: 1920px) 100vw, 1920px\" \/>\t\t<\/div>\n\t\t\t\t<div class=\"elementor-portfolio-item__overlay\">\n\t\t\t\t<h3 class=\"elementor-portfolio-item__title\">\n\t\tBusca Vida VII &#8211; Cama\u00e7ari VII\t\t<\/h3>\n\t\t\t\t<\/div>\n\t\t\t\t<\/a>\n\t\t<\/article>\n\t\t\t\t<article class=\"elementor-portfolio-item elementor-post elementor-filter-9 elementor-filter-10 post-2255 projeto type-projeto status-publish has-post-thumbnail hentry categoria-de-projeto-casas categoria-de-projeto-casas-de-praia\" role=\"listitem\">\n\t\t\t<a class=\"elementor-post__thumbnail__link\" href=\"https:\/\/davidbastos.com.br\/en\/projeto\/guarajuba-camacari-v\/\">\n\t\t\t\t<div class=\"elementor-portfolio-item__img elementor-post__thumbnail\">\n\t\t\t<img decoding=\"async\" width=\"1920\" height=\"1280\" src=\"https:\/\/davidbastos.com.br\/wp-content\/uploads\/2026\/01\/7-2.webp\" class=\"attachment-full size-full wp-image-2256\" alt=\"\" srcset=\"https:\/\/davidbastos.com.br\/wp-content\/uploads\/2026\/01\/7-2.webp 1920w, https:\/\/davidbastos.com.br\/wp-content\/uploads\/2026\/01\/7-2-300x200.webp 300w, https:\/\/davidbastos.com.br\/wp-content\/uploads\/2026\/01\/7-2-1024x683.webp 1024w, https:\/\/davidbastos.com.br\/wp-content\/uploads\/2026\/01\/7-2-768x512.webp 768w, https:\/\/davidbastos.com.br\/wp-content\/uploads\/2026\/01\/7-2-1536x1024.webp 1536w, https:\/\/davidbastos.com.br\/wp-content\/uploads\/2026\/01\/7-2-18x12.webp 18w\" sizes=\"(max-width: 1920px) 100vw, 1920px\" \/>\t\t<\/div>\n\t\t\t\t<div class=\"elementor-portfolio-item__overlay\">\n\t\t\t\t<h3 class=\"elementor-portfolio-item__title\">\n\t\tGuarajuba II &#8211; Cama\u00e7ari XII\t\t<\/h3>\n\t\t\t\t<\/div>\n\t\t\t\t<\/a>\n\t\t<\/article>\n\t\t\t\t<article class=\"elementor-portfolio-item elementor-post elementor-filter-9 elementor-filter-10 post-4575 projeto type-projeto status-publish has-post-thumbnail hentry categoria-de-projeto-casas categoria-de-projeto-casas-de-praia\" role=\"listitem\">\n\t\t\t<a class=\"elementor-post__thumbnail__link\" href=\"https:\/\/davidbastos.com.br\/en\/projeto\/interlagos-primeira-fase-camacari-viii\/\">\n\t\t\t\t<div class=\"elementor-portfolio-item__img elementor-post__thumbnail\">\n\t\t\t<img decoding=\"async\" width=\"1920\" height=\"1285\" src=\"https:\/\/davidbastos.com.br\/wp-content\/uploads\/2026\/03\/Interlagos-lote-90G-033.webp\" class=\"attachment-full size-full wp-image-4577\" alt=\"\" srcset=\"https:\/\/davidbastos.com.br\/wp-content\/uploads\/2026\/03\/Interlagos-lote-90G-033.webp 1920w, https:\/\/davidbastos.com.br\/wp-content\/uploads\/2026\/03\/Interlagos-lote-90G-033-300x201.webp 300w, https:\/\/davidbastos.com.br\/wp-content\/uploads\/2026\/03\/Interlagos-lote-90G-033-1024x685.webp 1024w, https:\/\/davidbastos.com.br\/wp-content\/uploads\/2026\/03\/Interlagos-lote-90G-033-768x514.webp 768w, https:\/\/davidbastos.com.br\/wp-content\/uploads\/2026\/03\/Interlagos-lote-90G-033-1536x1028.webp 1536w, https:\/\/davidbastos.com.br\/wp-content\/uploads\/2026\/03\/Interlagos-lote-90G-033-18x12.webp 18w\" sizes=\"(max-width: 1920px) 100vw, 1920px\" \/>\t\t<\/div>\n\t\t\t\t<div class=\"elementor-portfolio-item__overlay\">\n\t\t\t\t<h3 class=\"elementor-portfolio-item__title\">\n\t\tInterlagos Primeira fase &#8211; Cama\u00e7ari V\t\t<\/h3>\n\t\t\t\t<\/div>\n\t\t\t\t<\/a>\n\t\t<\/article>\n\t\t\t\t<article class=\"elementor-portfolio-item elementor-post elementor-filter-9 elementor-filter-10 post-4593 projeto type-projeto status-publish has-post-thumbnail hentry categoria-de-projeto-casas categoria-de-projeto-casas-de-praia\" role=\"listitem\">\n\t\t\t<a class=\"elementor-post__thumbnail__link\" href=\"https:\/\/davidbastos.com.br\/en\/projeto\/guarajuba-camacari-iii\/\">\n\t\t\t\t<div class=\"elementor-portfolio-item__img elementor-post__thumbnail\">\n\t\t\t<img decoding=\"async\" width=\"1920\" height=\"1525\" src=\"https:\/\/davidbastos.com.br\/wp-content\/uploads\/2026\/03\/Digitalizar0187.webp\" class=\"attachment-full size-full wp-image-4608\" alt=\"\" srcset=\"https:\/\/davidbastos.com.br\/wp-content\/uploads\/2026\/03\/Digitalizar0187.webp 1920w, https:\/\/davidbastos.com.br\/wp-content\/uploads\/2026\/03\/Digitalizar0187-300x238.webp 300w, https:\/\/davidbastos.com.br\/wp-content\/uploads\/2026\/03\/Digitalizar0187-1024x813.webp 1024w, https:\/\/davidbastos.com.br\/wp-content\/uploads\/2026\/03\/Digitalizar0187-768x610.webp 768w, https:\/\/davidbastos.com.br\/wp-content\/uploads\/2026\/03\/Digitalizar0187-1536x1220.webp 1536w, https:\/\/davidbastos.com.br\/wp-content\/uploads\/2026\/03\/Digitalizar0187-15x12.webp 15w\" sizes=\"(max-width: 1920px) 100vw, 1920px\" \/>\t\t<\/div>\n\t\t\t\t<div class=\"elementor-portfolio-item__overlay\">\n\t\t\t\t<h3 class=\"elementor-portfolio-item__title\">\n\t\tGuarajuba &#8211; Cama\u00e7ari II\t\t<\/h3>\n\t\t\t\t<\/div>\n\t\t\t\t<\/a>\n\t\t<\/article>\n\t\t\t\t<article class=\"elementor-portfolio-item elementor-post elementor-filter-9 elementor-filter-10 post-4338 projeto type-projeto status-publish has-post-thumbnail hentry categoria-de-projeto-casas categoria-de-projeto-casas-de-praia\" role=\"listitem\">\n\t\t\t<a class=\"elementor-post__thumbnail__link\" href=\"https:\/\/davidbastos.com.br\/en\/projeto\/busca-vida-camacari-vi\/\">\n\t\t\t\t<div class=\"elementor-portfolio-item__img elementor-post__thumbnail\">\n\t\t\t<img decoding=\"async\" width=\"1920\" height=\"1440\" src=\"https:\/\/davidbastos.com.br\/wp-content\/uploads\/2026\/02\/DSCN4147.webp\" class=\"attachment-full size-full wp-image-4342\" alt=\"\" srcset=\"https:\/\/davidbastos.com.br\/wp-content\/uploads\/2026\/02\/DSCN4147.webp 1920w, https:\/\/davidbastos.com.br\/wp-content\/uploads\/2026\/02\/DSCN4147-300x225.webp 300w, https:\/\/davidbastos.com.br\/wp-content\/uploads\/2026\/02\/DSCN4147-1024x768.webp 1024w, https:\/\/davidbastos.com.br\/wp-content\/uploads\/2026\/02\/DSCN4147-768x576.webp 768w, https:\/\/davidbastos.com.br\/wp-content\/uploads\/2026\/02\/DSCN4147-1536x1152.webp 1536w, https:\/\/davidbastos.com.br\/wp-content\/uploads\/2026\/02\/DSCN4147-16x12.webp 16w\" sizes=\"(max-width: 1920px) 100vw, 1920px\" \/>\t\t<\/div>\n\t\t\t\t<div class=\"elementor-portfolio-item__overlay\">\n\t\t\t\t<h3 class=\"elementor-portfolio-item__title\">\n\t\tBusca Vida I &#8211; Cama\u00e7ari\t\t<\/h3>\n\t\t\t\t<\/div>\n\t\t\t\t<\/a>\n\t\t<\/article>\n\t\t\t\t<article class=\"elementor-portfolio-item elementor-post elementor-filter-9 elementor-filter-10 post-1836 projeto type-projeto status-publish has-post-thumbnail hentry categoria-de-projeto-casas categoria-de-projeto-casas-de-praia\" role=\"listitem\">\n\t\t\t<a class=\"elementor-post__thumbnail__link\" href=\"https:\/\/davidbastos.com.br\/en\/projeto\/busca-vida-ii-camacari\/\">\n\t\t\t\t<div class=\"elementor-portfolio-item__img elementor-post__thumbnail\">\n\t\t\t<img decoding=\"async\" width=\"1920\" height=\"1285\" src=\"https:\/\/davidbastos.com.br\/wp-content\/uploads\/2025\/12\/Ricardo-Lelis0009.webp\" class=\"attachment-full size-full wp-image-1837\" alt=\"\" srcset=\"https:\/\/davidbastos.com.br\/wp-content\/uploads\/2025\/12\/Ricardo-Lelis0009.webp 1920w, https:\/\/davidbastos.com.br\/wp-content\/uploads\/2025\/12\/Ricardo-Lelis0009-300x201.webp 300w, https:\/\/davidbastos.com.br\/wp-content\/uploads\/2025\/12\/Ricardo-Lelis0009-1024x685.webp 1024w, https:\/\/davidbastos.com.br\/wp-content\/uploads\/2025\/12\/Ricardo-Lelis0009-768x514.webp 768w, https:\/\/davidbastos.com.br\/wp-content\/uploads\/2025\/12\/Ricardo-Lelis0009-1536x1028.webp 1536w, https:\/\/davidbastos.com.br\/wp-content\/uploads\/2025\/12\/Ricardo-Lelis0009-18x12.webp 18w\" sizes=\"(max-width: 1920px) 100vw, 1920px\" \/>\t\t<\/div>\n\t\t\t\t<div class=\"elementor-portfolio-item__overlay\">\n\t\t\t\t<h3 class=\"elementor-portfolio-item__title\">\n\t\tBusca Vida II &#8211; Cama\u00e7ari VIII\t\t<\/h3>\n\t\t\t\t<\/div>\n\t\t\t\t<\/a>\n\t\t<\/article>\n\t\t\t\t<article class=\"elementor-portfolio-item elementor-post elementor-filter-9 elementor-filter-10 post-4559 projeto type-projeto status-publish has-post-thumbnail hentry categoria-de-projeto-casas categoria-de-projeto-casas-de-praia\" role=\"listitem\">\n\t\t\t<a class=\"elementor-post__thumbnail__link\" href=\"https:\/\/davidbastos.com.br\/en\/projeto\/ilha-de-itaparica-iv\/\">\n\t\t\t\t<div class=\"elementor-portfolio-item__img elementor-post__thumbnail\">\n\t\t\t<img decoding=\"async\" width=\"1920\" height=\"1280\" src=\"https:\/\/davidbastos.com.br\/wp-content\/uploads\/2026\/03\/IMG_1998_Tuca_Reines.webp\" class=\"attachment-full size-full wp-image-4567\" alt=\"\" srcset=\"https:\/\/davidbastos.com.br\/wp-content\/uploads\/2026\/03\/IMG_1998_Tuca_Reines.webp 1920w, https:\/\/davidbastos.com.br\/wp-content\/uploads\/2026\/03\/IMG_1998_Tuca_Reines-300x200.webp 300w, https:\/\/davidbastos.com.br\/wp-content\/uploads\/2026\/03\/IMG_1998_Tuca_Reines-1024x683.webp 1024w, https:\/\/davidbastos.com.br\/wp-content\/uploads\/2026\/03\/IMG_1998_Tuca_Reines-768x512.webp 768w, https:\/\/davidbastos.com.br\/wp-content\/uploads\/2026\/03\/IMG_1998_Tuca_Reines-1536x1024.webp 1536w, https:\/\/davidbastos.com.br\/wp-content\/uploads\/2026\/03\/IMG_1998_Tuca_Reines-18x12.webp 18w\" sizes=\"(max-width: 1920px) 100vw, 1920px\" \/>\t\t<\/div>\n\t\t\t\t<div class=\"elementor-portfolio-item__overlay\">\n\t\t\t\t<h3 class=\"elementor-portfolio-item__title\">\n\t\tIlha de Itaparica IV\t\t<\/h3>\n\t\t\t\t<\/div>\n\t\t\t\t<\/a>\n\t\t<\/article>\n\t\t\t\t<article class=\"elementor-portfolio-item elementor-post elementor-filter-9 elementor-filter-11 post-4547 projeto type-projeto status-publish has-post-thumbnail hentry categoria-de-projeto-casas categoria-de-projeto-casas-urbanas\" role=\"listitem\">\n\t\t\t<a class=\"elementor-post__thumbnail__link\" href=\"https:\/\/davidbastos.com.br\/en\/projeto\/parque-lucaia-horto-florestal\/\">\n\t\t\t\t<div class=\"elementor-portfolio-item__img elementor-post__thumbnail\">\n\t\t\t<img decoding=\"async\" width=\"1920\" height=\"1280\" src=\"https:\/\/davidbastos.com.br\/wp-content\/uploads\/2026\/03\/IMG_1756_Tuca_Reines.webp\" class=\"attachment-full size-full wp-image-4552\" alt=\"\" srcset=\"https:\/\/davidbastos.com.br\/wp-content\/uploads\/2026\/03\/IMG_1756_Tuca_Reines.webp 1920w, https:\/\/davidbastos.com.br\/wp-content\/uploads\/2026\/03\/IMG_1756_Tuca_Reines-300x200.webp 300w, https:\/\/davidbastos.com.br\/wp-content\/uploads\/2026\/03\/IMG_1756_Tuca_Reines-1024x683.webp 1024w, https:\/\/davidbastos.com.br\/wp-content\/uploads\/2026\/03\/IMG_1756_Tuca_Reines-768x512.webp 768w, https:\/\/davidbastos.com.br\/wp-content\/uploads\/2026\/03\/IMG_1756_Tuca_Reines-1536x1024.webp 1536w, https:\/\/davidbastos.com.br\/wp-content\/uploads\/2026\/03\/IMG_1756_Tuca_Reines-18x12.webp 18w\" sizes=\"(max-width: 1920px) 100vw, 1920px\" \/>\t\t<\/div>\n\t\t\t\t<div class=\"elementor-portfolio-item__overlay\">\n\t\t\t\t<h3 class=\"elementor-portfolio-item__title\">\n\t\tParque Lucaia &#8211; Horto Florestal\t\t<\/h3>\n\t\t\t\t<\/div>\n\t\t\t\t<\/a>\n\t\t<\/article>\n\t\t\t\t<article class=\"elementor-portfolio-item elementor-post elementor-filter-9 elementor-filter-11 post-4535 projeto type-projeto status-publish has-post-thumbnail hentry categoria-de-projeto-casas categoria-de-projeto-casas-urbanas\" role=\"listitem\">\n\t\t\t<a class=\"elementor-post__thumbnail__link\" href=\"https:\/\/davidbastos.com.br\/en\/projeto\/rua-grecia-jardim-america-vi\/\">\n\t\t\t\t<div class=\"elementor-portfolio-item__img elementor-post__thumbnail\">\n\t\t\t<img decoding=\"async\" width=\"1920\" height=\"1280\" src=\"https:\/\/davidbastos.com.br\/wp-content\/uploads\/2026\/03\/IMG_0125_TucaReines_090605.webp\" class=\"attachment-full size-full wp-image-4538\" alt=\"\" srcset=\"https:\/\/davidbastos.com.br\/wp-content\/uploads\/2026\/03\/IMG_0125_TucaReines_090605.webp 1920w, https:\/\/davidbastos.com.br\/wp-content\/uploads\/2026\/03\/IMG_0125_TucaReines_090605-300x200.webp 300w, https:\/\/davidbastos.com.br\/wp-content\/uploads\/2026\/03\/IMG_0125_TucaReines_090605-1024x683.webp 1024w, https:\/\/davidbastos.com.br\/wp-content\/uploads\/2026\/03\/IMG_0125_TucaReines_090605-768x512.webp 768w, https:\/\/davidbastos.com.br\/wp-content\/uploads\/2026\/03\/IMG_0125_TucaReines_090605-1536x1024.webp 1536w, https:\/\/davidbastos.com.br\/wp-content\/uploads\/2026\/03\/IMG_0125_TucaReines_090605-18x12.webp 18w\" sizes=\"(max-width: 1920px) 100vw, 1920px\" \/>\t\t<\/div>\n\t\t\t\t<div class=\"elementor-portfolio-item__overlay\">\n\t\t\t\t<h3 class=\"elementor-portfolio-item__title\">\n\t\tRua Gr\u00e9cia &#8211; Jardim Am\u00e9rica VI\t\t<\/h3>\n\t\t\t\t<\/div>\n\t\t\t\t<\/a>\n\t\t<\/article>\n\t\t\t\t<article class=\"elementor-portfolio-item elementor-post elementor-filter-9 elementor-filter-12 post-4525 projeto type-projeto status-publish has-post-thumbnail hentry categoria-de-projeto-casas categoria-de-projeto-casas-de-campo\" role=\"listitem\">\n\t\t\t<a class=\"elementor-post__thumbnail__link\" href=\"https:\/\/davidbastos.com.br\/en\/projeto\/terras-de-sao-jose-i-itu-ii\/\">\n\t\t\t\t<div class=\"elementor-portfolio-item__img elementor-post__thumbnail\">\n\t\t\t<img decoding=\"async\" width=\"1920\" height=\"1440\" src=\"https:\/\/davidbastos.com.br\/wp-content\/uploads\/2026\/03\/2015-05-14-12.52.38.webp\" class=\"attachment-full size-full wp-image-4529\" alt=\"\" srcset=\"https:\/\/davidbastos.com.br\/wp-content\/uploads\/2026\/03\/2015-05-14-12.52.38.webp 1920w, https:\/\/davidbastos.com.br\/wp-content\/uploads\/2026\/03\/2015-05-14-12.52.38-300x225.webp 300w, https:\/\/davidbastos.com.br\/wp-content\/uploads\/2026\/03\/2015-05-14-12.52.38-1024x768.webp 1024w, https:\/\/davidbastos.com.br\/wp-content\/uploads\/2026\/03\/2015-05-14-12.52.38-768x576.webp 768w, https:\/\/davidbastos.com.br\/wp-content\/uploads\/2026\/03\/2015-05-14-12.52.38-1536x1152.webp 1536w, https:\/\/davidbastos.com.br\/wp-content\/uploads\/2026\/03\/2015-05-14-12.52.38-16x12.webp 16w\" sizes=\"(max-width: 1920px) 100vw, 1920px\" \/>\t\t<\/div>\n\t\t\t\t<div class=\"elementor-portfolio-item__overlay\">\n\t\t\t\t<h3 class=\"elementor-portfolio-item__title\">\n\t\tTerras de S\u00e3o Jos\u00e9 I &#8211; It\u00fa II\t\t<\/h3>\n\t\t\t\t<\/div>\n\t\t\t\t<\/a>\n\t\t<\/article>\n\t\t\t\t<article class=\"elementor-portfolio-item elementor-post elementor-filter-9 elementor-filter-10 post-4476 projeto type-projeto status-publish has-post-thumbnail hentry categoria-de-projeto-casas categoria-de-projeto-casas-de-praia\" role=\"listitem\">\n\t\t\t<a class=\"elementor-post__thumbnail__link\" href=\"https:\/\/davidbastos.com.br\/en\/projeto\/villa-jagu-condominio-pedro-grande-trancoso-xiii\/\">\n\t\t\t\t<div class=\"elementor-portfolio-item__img elementor-post__thumbnail\">\n\t\t\t<img decoding=\"async\" width=\"1920\" height=\"1280\" src=\"https:\/\/davidbastos.com.br\/wp-content\/uploads\/2026\/03\/35_IMG_3407.webp\" class=\"attachment-full size-full wp-image-4479\" alt=\"\" srcset=\"https:\/\/davidbastos.com.br\/wp-content\/uploads\/2026\/03\/35_IMG_3407.webp 1920w, https:\/\/davidbastos.com.br\/wp-content\/uploads\/2026\/03\/35_IMG_3407-300x200.webp 300w, https:\/\/davidbastos.com.br\/wp-content\/uploads\/2026\/03\/35_IMG_3407-1024x683.webp 1024w, https:\/\/davidbastos.com.br\/wp-content\/uploads\/2026\/03\/35_IMG_3407-768x512.webp 768w, https:\/\/davidbastos.com.br\/wp-content\/uploads\/2026\/03\/35_IMG_3407-1536x1024.webp 1536w, https:\/\/davidbastos.com.br\/wp-content\/uploads\/2026\/03\/35_IMG_3407-18x12.webp 18w\" sizes=\"(max-width: 1920px) 100vw, 1920px\" \/>\t\t<\/div>\n\t\t\t\t<div class=\"elementor-portfolio-item__overlay\">\n\t\t\t\t<h3 class=\"elementor-portfolio-item__title\">\n\t\tVilla Jagu &#8211; Condom\u00ednio Pedro Grande &#8211; Trancoso XIII\t\t<\/h3>\n\t\t\t\t<\/div>\n\t\t\t\t<\/a>\n\t\t<\/article>\n\t\t\t\t<article class=\"elementor-portfolio-item elementor-post elementor-filter-9 elementor-filter-10 post-4345 projeto type-projeto status-publish has-post-thumbnail hentry categoria-de-projeto-casas categoria-de-projeto-casas-de-praia\" role=\"listitem\">\n\t\t\t<a class=\"elementor-post__thumbnail__link\" href=\"https:\/\/davidbastos.com.br\/en\/projeto\/itapororoca-trancoso-xii\/\">\n\t\t\t\t<div class=\"elementor-portfolio-item__img elementor-post__thumbnail\">\n\t\t\t<img decoding=\"async\" width=\"1920\" height=\"1280\" src=\"https:\/\/davidbastos.com.br\/wp-content\/uploads\/2026\/02\/IMG_7765._Tuca_Reines.webp\" class=\"attachment-full size-full wp-image-4353\" alt=\"\" srcset=\"https:\/\/davidbastos.com.br\/wp-content\/uploads\/2026\/02\/IMG_7765._Tuca_Reines.webp 1920w, https:\/\/davidbastos.com.br\/wp-content\/uploads\/2026\/02\/IMG_7765._Tuca_Reines-300x200.webp 300w, https:\/\/davidbastos.com.br\/wp-content\/uploads\/2026\/02\/IMG_7765._Tuca_Reines-1024x683.webp 1024w, https:\/\/davidbastos.com.br\/wp-content\/uploads\/2026\/02\/IMG_7765._Tuca_Reines-768x512.webp 768w, https:\/\/davidbastos.com.br\/wp-content\/uploads\/2026\/02\/IMG_7765._Tuca_Reines-1536x1024.webp 1536w, https:\/\/davidbastos.com.br\/wp-content\/uploads\/2026\/02\/IMG_7765._Tuca_Reines-18x12.webp 18w\" sizes=\"(max-width: 1920px) 100vw, 1920px\" \/>\t\t<\/div>\n\t\t\t\t<div class=\"elementor-portfolio-item__overlay\">\n\t\t\t\t<h3 class=\"elementor-portfolio-item__title\">\n\t\tItapororoca &#8211; Trancoso XII\t\t<\/h3>\n\t\t\t\t<\/div>\n\t\t\t\t<\/a>\n\t\t<\/article>\n\t\t\t\t<article class=\"elementor-portfolio-item elementor-post elementor-filter-9 elementor-filter-10 post-1739 projeto type-projeto status-publish has-post-thumbnail hentry categoria-de-projeto-casas categoria-de-projeto-casas-de-praia\" role=\"listitem\">\n\t\t\t<a class=\"elementor-post__thumbnail__link\" href=\"https:\/\/davidbastos.com.br\/en\/projeto\/casa-guarani-algodoes-bahia\/\">\n\t\t\t\t<div class=\"elementor-portfolio-item__img elementor-post__thumbnail\">\n\t\t\t<img decoding=\"async\" width=\"1920\" height=\"1280\" src=\"https:\/\/davidbastos.com.br\/wp-content\/uploads\/2025\/12\/11122024-11122024-DSCF7362.webp\" class=\"attachment-full size-full wp-image-1755\" alt=\"\" srcset=\"https:\/\/davidbastos.com.br\/wp-content\/uploads\/2025\/12\/11122024-11122024-DSCF7362.webp 1920w, https:\/\/davidbastos.com.br\/wp-content\/uploads\/2025\/12\/11122024-11122024-DSCF7362-300x200.webp 300w, https:\/\/davidbastos.com.br\/wp-content\/uploads\/2025\/12\/11122024-11122024-DSCF7362-1024x683.webp 1024w, https:\/\/davidbastos.com.br\/wp-content\/uploads\/2025\/12\/11122024-11122024-DSCF7362-768x512.webp 768w, https:\/\/davidbastos.com.br\/wp-content\/uploads\/2025\/12\/11122024-11122024-DSCF7362-1536x1024.webp 1536w, https:\/\/davidbastos.com.br\/wp-content\/uploads\/2025\/12\/11122024-11122024-DSCF7362-18x12.webp 18w\" sizes=\"(max-width: 1920px) 100vw, 1920px\" \/>\t\t<\/div>\n\t\t\t\t<div class=\"elementor-portfolio-item__overlay\">\n\t\t\t\t<h3 class=\"elementor-portfolio-item__title\">\n\t\tCasa Guaran\u00ed &#8211; Algod\u00f5es Bahia\t\t<\/h3>\n\t\t\t\t<\/div>\n\t\t\t\t<\/a>\n\t\t<\/article>\n\t\t\t\t<article class=\"elementor-portfolio-item elementor-post elementor-filter-9 elementor-filter-11 post-2569 projeto type-projeto status-publish has-post-thumbnail hentry categoria-de-projeto-casas categoria-de-projeto-casas-urbanas\" role=\"listitem\">\n\t\t\t<a class=\"elementor-post__thumbnail__link\" href=\"https:\/\/davidbastos.com.br\/en\/projeto\/alphaville-ii\/\">\n\t\t\t\t<div class=\"elementor-portfolio-item__img elementor-post__thumbnail\">\n\t\t\t<img decoding=\"async\" width=\"1920\" height=\"1280\" src=\"https:\/\/davidbastos.com.br\/wp-content\/uploads\/2026\/01\/T.Reines_IMG_1858.webp\" class=\"attachment-full size-full wp-image-2587\" alt=\"\" srcset=\"https:\/\/davidbastos.com.br\/wp-content\/uploads\/2026\/01\/T.Reines_IMG_1858.webp 1920w, https:\/\/davidbastos.com.br\/wp-content\/uploads\/2026\/01\/T.Reines_IMG_1858-300x200.webp 300w, https:\/\/davidbastos.com.br\/wp-content\/uploads\/2026\/01\/T.Reines_IMG_1858-1024x683.webp 1024w, https:\/\/davidbastos.com.br\/wp-content\/uploads\/2026\/01\/T.Reines_IMG_1858-768x512.webp 768w, https:\/\/davidbastos.com.br\/wp-content\/uploads\/2026\/01\/T.Reines_IMG_1858-1536x1024.webp 1536w, https:\/\/davidbastos.com.br\/wp-content\/uploads\/2026\/01\/T.Reines_IMG_1858-18x12.webp 18w\" sizes=\"(max-width: 1920px) 100vw, 1920px\" \/>\t\t<\/div>\n\t\t\t\t<div class=\"elementor-portfolio-item__overlay\">\n\t\t\t\t<h3 class=\"elementor-portfolio-item__title\">\n\t\tAlphaville II\t\t<\/h3>\n\t\t\t\t<\/div>\n\t\t\t\t<\/a>\n\t\t<\/article>\n\t\t\t\t<article class=\"elementor-portfolio-item elementor-post elementor-filter-9 elementor-filter-12 post-3545 projeto type-projeto status-publish has-post-thumbnail hentry categoria-de-projeto-casas categoria-de-projeto-casas-de-campo\" role=\"listitem\">\n\t\t\t<a class=\"elementor-post__thumbnail__link\" href=\"https:\/\/davidbastos.com.br\/en\/projeto\/casa-de-campo-serra-das-araras-rj\/\">\n\t\t\t\t<div class=\"elementor-portfolio-item__img elementor-post__thumbnail\">\n\t\t\t<img decoding=\"async\" width=\"1920\" height=\"1280\" src=\"https:\/\/davidbastos.com.br\/wp-content\/uploads\/2026\/01\/IMG_9121_Tuca_Reines.webp\" class=\"attachment-full size-full wp-image-3546\" alt=\"\" srcset=\"https:\/\/davidbastos.com.br\/wp-content\/uploads\/2026\/01\/IMG_9121_Tuca_Reines.webp 1920w, https:\/\/davidbastos.com.br\/wp-content\/uploads\/2026\/01\/IMG_9121_Tuca_Reines-300x200.webp 300w, https:\/\/davidbastos.com.br\/wp-content\/uploads\/2026\/01\/IMG_9121_Tuca_Reines-1024x683.webp 1024w, https:\/\/davidbastos.com.br\/wp-content\/uploads\/2026\/01\/IMG_9121_Tuca_Reines-768x512.webp 768w, https:\/\/davidbastos.com.br\/wp-content\/uploads\/2026\/01\/IMG_9121_Tuca_Reines-1536x1024.webp 1536w, https:\/\/davidbastos.com.br\/wp-content\/uploads\/2026\/01\/IMG_9121_Tuca_Reines-18x12.webp 18w\" sizes=\"(max-width: 1920px) 100vw, 1920px\" \/>\t\t<\/div>\n\t\t\t\t<div class=\"elementor-portfolio-item__overlay\">\n\t\t\t\t<h3 class=\"elementor-portfolio-item__title\">\n\t\tCasa de Campo &#8211; Serra das Araras-RJ\t\t<\/h3>\n\t\t\t\t<\/div>\n\t\t\t\t<\/a>\n\t\t<\/article>\n\t\t\t\t<article class=\"elementor-portfolio-item elementor-post elementor-filter-9 elementor-filter-12 post-3536 projeto type-projeto status-publish has-post-thumbnail hentry categoria-de-projeto-casas categoria-de-projeto-casas-de-campo\" role=\"listitem\">\n\t\t\t<a class=\"elementor-post__thumbnail__link\" href=\"https:\/\/davidbastos.com.br\/en\/projeto\/fazenda-boa-vista\/\">\n\t\t\t\t<div class=\"elementor-portfolio-item__img elementor-post__thumbnail\">\n\t\t\t<img decoding=\"async\" width=\"1920\" height=\"1440\" src=\"https:\/\/davidbastos.com.br\/wp-content\/uploads\/2026\/01\/d1ce6a4d-4230-48af-b9a4-fb783b5230a1.webp\" class=\"attachment-full size-full wp-image-3543\" alt=\"\" srcset=\"https:\/\/davidbastos.com.br\/wp-content\/uploads\/2026\/01\/d1ce6a4d-4230-48af-b9a4-fb783b5230a1.webp 1920w, https:\/\/davidbastos.com.br\/wp-content\/uploads\/2026\/01\/d1ce6a4d-4230-48af-b9a4-fb783b5230a1-300x225.webp 300w, https:\/\/davidbastos.com.br\/wp-content\/uploads\/2026\/01\/d1ce6a4d-4230-48af-b9a4-fb783b5230a1-1024x768.webp 1024w, https:\/\/davidbastos.com.br\/wp-content\/uploads\/2026\/01\/d1ce6a4d-4230-48af-b9a4-fb783b5230a1-768x576.webp 768w, https:\/\/davidbastos.com.br\/wp-content\/uploads\/2026\/01\/d1ce6a4d-4230-48af-b9a4-fb783b5230a1-1536x1152.webp 1536w, https:\/\/davidbastos.com.br\/wp-content\/uploads\/2026\/01\/d1ce6a4d-4230-48af-b9a4-fb783b5230a1-16x12.webp 16w\" sizes=\"(max-width: 1920px) 100vw, 1920px\" \/>\t\t<\/div>\n\t\t\t\t<div class=\"elementor-portfolio-item__overlay\">\n\t\t\t\t<h3 class=\"elementor-portfolio-item__title\">\n\t\tFazenda Boa vista\t\t<\/h3>\n\t\t\t\t<\/div>\n\t\t\t\t<\/a>\n\t\t<\/article>\n\t\t\t\t<article class=\"elementor-portfolio-item elementor-post elementor-filter-9 elementor-filter-12 post-3501 projeto type-projeto status-publish has-post-thumbnail hentry categoria-de-projeto-casas categoria-de-projeto-casas-de-campo\" role=\"listitem\">\n\t\t\t<a class=\"elementor-post__thumbnail__link\" href=\"https:\/\/davidbastos.com.br\/en\/projeto\/casa-de-campo-piracaia-sp\/\">\n\t\t\t\t<div class=\"elementor-portfolio-item__img elementor-post__thumbnail\">\n\t\t\t<img decoding=\"async\" width=\"1920\" height=\"1280\" src=\"https:\/\/davidbastos.com.br\/wp-content\/uploads\/2026\/01\/IMG_1969_Tuca_Reines.webp\" class=\"attachment-full size-full wp-image-3520\" alt=\"\" srcset=\"https:\/\/davidbastos.com.br\/wp-content\/uploads\/2026\/01\/IMG_1969_Tuca_Reines.webp 1920w, https:\/\/davidbastos.com.br\/wp-content\/uploads\/2026\/01\/IMG_1969_Tuca_Reines-300x200.webp 300w, https:\/\/davidbastos.com.br\/wp-content\/uploads\/2026\/01\/IMG_1969_Tuca_Reines-1024x683.webp 1024w, https:\/\/davidbastos.com.br\/wp-content\/uploads\/2026\/01\/IMG_1969_Tuca_Reines-768x512.webp 768w, https:\/\/davidbastos.com.br\/wp-content\/uploads\/2026\/01\/IMG_1969_Tuca_Reines-1536x1024.webp 1536w, https:\/\/davidbastos.com.br\/wp-content\/uploads\/2026\/01\/IMG_1969_Tuca_Reines-18x12.webp 18w\" sizes=\"(max-width: 1920px) 100vw, 1920px\" \/>\t\t<\/div>\n\t\t\t\t<div class=\"elementor-portfolio-item__overlay\">\n\t\t\t\t<h3 class=\"elementor-portfolio-item__title\">\n\t\tCasa de Campo &#8211; Piracaia-SP\t\t<\/h3>\n\t\t\t\t<\/div>\n\t\t\t\t<\/a>\n\t\t<\/article>\n\t\t\t\t<article class=\"elementor-portfolio-item elementor-post elementor-filter-9 elementor-filter-10 post-1776 projeto type-projeto status-publish has-post-thumbnail hentry categoria-de-projeto-casas categoria-de-projeto-casas-de-praia\" role=\"listitem\">\n\t\t\t<a class=\"elementor-post__thumbnail__link\" href=\"https:\/\/davidbastos.com.br\/en\/projeto\/busca-vida-camacari\/\">\n\t\t\t\t<div class=\"elementor-portfolio-item__img elementor-post__thumbnail\">\n\t\t\t<img decoding=\"async\" width=\"1920\" height=\"1280\" src=\"https:\/\/davidbastos.com.br\/wp-content\/uploads\/2025\/12\/IMG_7174_T.Reines.webp\" class=\"attachment-full size-full wp-image-1792\" alt=\"\" srcset=\"https:\/\/davidbastos.com.br\/wp-content\/uploads\/2025\/12\/IMG_7174_T.Reines.webp 1920w, https:\/\/davidbastos.com.br\/wp-content\/uploads\/2025\/12\/IMG_7174_T.Reines-300x200.webp 300w, https:\/\/davidbastos.com.br\/wp-content\/uploads\/2025\/12\/IMG_7174_T.Reines-1024x683.webp 1024w, https:\/\/davidbastos.com.br\/wp-content\/uploads\/2025\/12\/IMG_7174_T.Reines-768x512.webp 768w, https:\/\/davidbastos.com.br\/wp-content\/uploads\/2025\/12\/IMG_7174_T.Reines-1536x1024.webp 1536w, https:\/\/davidbastos.com.br\/wp-content\/uploads\/2025\/12\/IMG_7174_T.Reines-18x12.webp 18w\" sizes=\"(max-width: 1920px) 100vw, 1920px\" \/>\t\t<\/div>\n\t\t\t\t<div class=\"elementor-portfolio-item__overlay\">\n\t\t\t\t<h3 class=\"elementor-portfolio-item__title\">\n\t\tBusca Vida V &#8211; Cama\u00e7ari V\t\t<\/h3>\n\t\t\t\t<\/div>\n\t\t\t\t<\/a>\n\t\t<\/article>\n\t\t\t\t<article class=\"elementor-portfolio-item elementor-post elementor-filter-9 elementor-filter-10 post-1822 projeto type-projeto status-publish has-post-thumbnail hentry categoria-de-projeto-casas categoria-de-projeto-casas-de-praia\" role=\"listitem\">\n\t\t\t<a class=\"elementor-post__thumbnail__link\" href=\"https:\/\/davidbastos.com.br\/en\/projeto\/busca-vida-camacari-3\/\">\n\t\t\t\t<div class=\"elementor-portfolio-item__img elementor-post__thumbnail\">\n\t\t\t<img decoding=\"async\" width=\"1920\" height=\"1278\" src=\"https:\/\/davidbastos.com.br\/wp-content\/uploads\/2025\/12\/G4-041.webp\" class=\"attachment-full size-full wp-image-1825\" alt=\"\" srcset=\"https:\/\/davidbastos.com.br\/wp-content\/uploads\/2025\/12\/G4-041.webp 1920w, https:\/\/davidbastos.com.br\/wp-content\/uploads\/2025\/12\/G4-041-300x200.webp 300w, https:\/\/davidbastos.com.br\/wp-content\/uploads\/2025\/12\/G4-041-1024x682.webp 1024w, https:\/\/davidbastos.com.br\/wp-content\/uploads\/2025\/12\/G4-041-768x511.webp 768w, https:\/\/davidbastos.com.br\/wp-content\/uploads\/2025\/12\/G4-041-1536x1022.webp 1536w, https:\/\/davidbastos.com.br\/wp-content\/uploads\/2025\/12\/G4-041-18x12.webp 18w\" sizes=\"(max-width: 1920px) 100vw, 1920px\" \/>\t\t<\/div>\n\t\t\t\t<div class=\"elementor-portfolio-item__overlay\">\n\t\t\t\t<h3 class=\"elementor-portfolio-item__title\">\n\t\tBusca Vida III &#8211; Cama\u00e7ari III\t\t<\/h3>\n\t\t\t\t<\/div>\n\t\t\t\t<\/a>\n\t\t<\/article>\n\t\t\t\t<article class=\"elementor-portfolio-item elementor-post elementor-filter-11 post-2319 projeto type-projeto status-publish has-post-thumbnail hentry categoria-de-projeto-casas-urbanas\" role=\"listitem\">\n\t\t\t<a class=\"elementor-post__thumbnail__link\" href=\"https:\/\/davidbastos.com.br\/en\/projeto\/jardim-paulista-i\/\">\n\t\t\t\t<div class=\"elementor-portfolio-item__img elementor-post__thumbnail\">\n\t\t\t<img decoding=\"async\" width=\"1920\" height=\"1280\" src=\"https:\/\/davidbastos.com.br\/wp-content\/uploads\/2026\/01\/6.Capa_.webp\" class=\"attachment-full size-full wp-image-2335\" alt=\"\" srcset=\"https:\/\/davidbastos.com.br\/wp-content\/uploads\/2026\/01\/6.Capa_.webp 1920w, https:\/\/davidbastos.com.br\/wp-content\/uploads\/2026\/01\/6.Capa_-300x200.webp 300w, https:\/\/davidbastos.com.br\/wp-content\/uploads\/2026\/01\/6.Capa_-1024x683.webp 1024w, https:\/\/davidbastos.com.br\/wp-content\/uploads\/2026\/01\/6.Capa_-768x512.webp 768w, https:\/\/davidbastos.com.br\/wp-content\/uploads\/2026\/01\/6.Capa_-1536x1024.webp 1536w, https:\/\/davidbastos.com.br\/wp-content\/uploads\/2026\/01\/6.Capa_-18x12.webp 18w\" sizes=\"(max-width: 1920px) 100vw, 1920px\" \/>\t\t<\/div>\n\t\t\t\t<div class=\"elementor-portfolio-item__overlay\">\n\t\t\t\t<h3 class=\"elementor-portfolio-item__title\">\n\t\tJardim Paulista I\t\t<\/h3>\n\t\t\t\t<\/div>\n\t\t\t\t<\/a>\n\t\t<\/article>\n\t\t\t\t<article class=\"elementor-portfolio-item elementor-post elementor-filter-9 elementor-filter-10 post-2694 projeto type-projeto status-publish has-post-thumbnail hentry categoria-de-projeto-casas categoria-de-projeto-casas-de-praia\" role=\"listitem\">\n\t\t\t<a class=\"elementor-post__thumbnail__link\" href=\"https:\/\/davidbastos.com.br\/en\/projeto\/iporanga-iii-guaruja\/\">\n\t\t\t\t<div class=\"elementor-portfolio-item__img elementor-post__thumbnail\">\n\t\t\t<img decoding=\"async\" width=\"1920\" height=\"1440\" src=\"https:\/\/davidbastos.com.br\/wp-content\/uploads\/2026\/01\/DSF2016.webp\" class=\"attachment-full size-full wp-image-2705\" alt=\"\" srcset=\"https:\/\/davidbastos.com.br\/wp-content\/uploads\/2026\/01\/DSF2016.webp 1920w, https:\/\/davidbastos.com.br\/wp-content\/uploads\/2026\/01\/DSF2016-300x225.webp 300w, https:\/\/davidbastos.com.br\/wp-content\/uploads\/2026\/01\/DSF2016-1024x768.webp 1024w, https:\/\/davidbastos.com.br\/wp-content\/uploads\/2026\/01\/DSF2016-768x576.webp 768w, https:\/\/davidbastos.com.br\/wp-content\/uploads\/2026\/01\/DSF2016-1536x1152.webp 1536w, https:\/\/davidbastos.com.br\/wp-content\/uploads\/2026\/01\/DSF2016-16x12.webp 16w\" sizes=\"(max-width: 1920px) 100vw, 1920px\" \/>\t\t<\/div>\n\t\t\t\t<div class=\"elementor-portfolio-item__overlay\">\n\t\t\t\t<h3 class=\"elementor-portfolio-item__title\">\n\t\tIporanga III &#8211; Guaruj\u00e1\t\t<\/h3>\n\t\t\t\t<\/div>\n\t\t\t\t<\/a>\n\t\t<\/article>\n\t\t\t\t<article class=\"elementor-portfolio-item elementor-post elementor-filter-9 elementor-filter-10 post-2926 projeto type-projeto status-publish has-post-thumbnail hentry categoria-de-projeto-casas categoria-de-projeto-casas-de-praia\" role=\"listitem\">\n\t\t\t<a class=\"elementor-post__thumbnail__link\" href=\"https:\/\/davidbastos.com.br\/en\/projeto\/terravista-vii-trancoso-xi\/\">\n\t\t\t\t<div class=\"elementor-portfolio-item__img elementor-post__thumbnail\">\n\t\t\t<img decoding=\"async\" width=\"1920\" height=\"1280\" src=\"https:\/\/davidbastos.com.br\/wp-content\/uploads\/2026\/01\/NICOFERRI151124226-171.webp\" class=\"attachment-full size-full wp-image-2935\" alt=\"\" srcset=\"https:\/\/davidbastos.com.br\/wp-content\/uploads\/2026\/01\/NICOFERRI151124226-171.webp 1920w, https:\/\/davidbastos.com.br\/wp-content\/uploads\/2026\/01\/NICOFERRI151124226-171-300x200.webp 300w, https:\/\/davidbastos.com.br\/wp-content\/uploads\/2026\/01\/NICOFERRI151124226-171-1024x683.webp 1024w, https:\/\/davidbastos.com.br\/wp-content\/uploads\/2026\/01\/NICOFERRI151124226-171-768x512.webp 768w, https:\/\/davidbastos.com.br\/wp-content\/uploads\/2026\/01\/NICOFERRI151124226-171-1536x1024.webp 1536w, https:\/\/davidbastos.com.br\/wp-content\/uploads\/2026\/01\/NICOFERRI151124226-171-18x12.webp 18w\" sizes=\"(max-width: 1920px) 100vw, 1920px\" \/>\t\t<\/div>\n\t\t\t\t<div class=\"elementor-portfolio-item__overlay\">\n\t\t\t\t<h3 class=\"elementor-portfolio-item__title\">\n\t\tTerravista VII &#8211; Trancoso XI\t\t<\/h3>\n\t\t\t\t<\/div>\n\t\t\t\t<\/a>\n\t\t<\/article>\n\t\t\t\t<article class=\"elementor-portfolio-item elementor-post elementor-filter-9 elementor-filter-10 post-2788 projeto type-projeto status-publish has-post-thumbnail hentry categoria-de-projeto-casas categoria-de-projeto-casas-de-praia\" role=\"listitem\">\n\t\t\t<a class=\"elementor-post__thumbnail__link\" href=\"https:\/\/davidbastos.com.br\/en\/projeto\/muro-alto-ipojuca\/\">\n\t\t\t\t<div class=\"elementor-portfolio-item__img elementor-post__thumbnail\">\n\t\t\t<img decoding=\"async\" width=\"1920\" height=\"1280\" src=\"https:\/\/davidbastos.com.br\/wp-content\/uploads\/2026\/01\/T.Reines_IMG_8147.webp\" class=\"attachment-full size-full wp-image-2792\" alt=\"\" srcset=\"https:\/\/davidbastos.com.br\/wp-content\/uploads\/2026\/01\/T.Reines_IMG_8147.webp 1920w, https:\/\/davidbastos.com.br\/wp-content\/uploads\/2026\/01\/T.Reines_IMG_8147-300x200.webp 300w, https:\/\/davidbastos.com.br\/wp-content\/uploads\/2026\/01\/T.Reines_IMG_8147-1024x683.webp 1024w, https:\/\/davidbastos.com.br\/wp-content\/uploads\/2026\/01\/T.Reines_IMG_8147-768x512.webp 768w, https:\/\/davidbastos.com.br\/wp-content\/uploads\/2026\/01\/T.Reines_IMG_8147-1536x1024.webp 1536w, https:\/\/davidbastos.com.br\/wp-content\/uploads\/2026\/01\/T.Reines_IMG_8147-18x12.webp 18w\" sizes=\"(max-width: 1920px) 100vw, 1920px\" \/>\t\t<\/div>\n\t\t\t\t<div class=\"elementor-portfolio-item__overlay\">\n\t\t\t\t<h3 class=\"elementor-portfolio-item__title\">\n\t\tMuro Alto &#8211; Ipojuca\t\t<\/h3>\n\t\t\t\t<\/div>\n\t\t\t\t<\/a>\n\t\t<\/article>\n\t\t\t\t<article class=\"elementor-portfolio-item elementor-post elementor-filter-9 elementor-filter-10 post-2739 projeto type-projeto status-publish has-post-thumbnail hentry categoria-de-projeto-casas categoria-de-projeto-casas-de-praia\" role=\"listitem\">\n\t\t\t<a class=\"elementor-post__thumbnail__link\" href=\"https:\/\/davidbastos.com.br\/en\/projeto\/itapororoca-itaquena-trancoso-viii\/\">\n\t\t\t\t<div class=\"elementor-portfolio-item__img elementor-post__thumbnail\">\n\t\t\t<img decoding=\"async\" width=\"1920\" height=\"1279\" src=\"https:\/\/davidbastos.com.br\/wp-content\/uploads\/2026\/01\/038_I1A8543.webp\" class=\"attachment-full size-full wp-image-2740\" alt=\"\" srcset=\"https:\/\/davidbastos.com.br\/wp-content\/uploads\/2026\/01\/038_I1A8543.webp 1920w, https:\/\/davidbastos.com.br\/wp-content\/uploads\/2026\/01\/038_I1A8543-300x200.webp 300w, https:\/\/davidbastos.com.br\/wp-content\/uploads\/2026\/01\/038_I1A8543-1024x682.webp 1024w, https:\/\/davidbastos.com.br\/wp-content\/uploads\/2026\/01\/038_I1A8543-768x512.webp 768w, https:\/\/davidbastos.com.br\/wp-content\/uploads\/2026\/01\/038_I1A8543-1536x1023.webp 1536w, https:\/\/davidbastos.com.br\/wp-content\/uploads\/2026\/01\/038_I1A8543-18x12.webp 18w\" sizes=\"(max-width: 1920px) 100vw, 1920px\" \/>\t\t<\/div>\n\t\t\t\t<div class=\"elementor-portfolio-item__overlay\">\n\t\t\t\t<h3 class=\"elementor-portfolio-item__title\">\n\t\tItapororoca Itaquena &#8211; Trancoso VIII\t\t<\/h3>\n\t\t\t\t<\/div>\n\t\t\t\t<\/a>\n\t\t<\/article>\n\t\t\t\t<article class=\"elementor-portfolio-item elementor-post elementor-filter-9 elementor-filter-10 post-2723 projeto type-projeto status-publish has-post-thumbnail hentry categoria-de-projeto-casas categoria-de-projeto-casas-de-praia\" role=\"listitem\">\n\t\t\t<a class=\"elementor-post__thumbnail__link\" href=\"https:\/\/davidbastos.com.br\/en\/projeto\/itaparica-ii-gamboa\/\">\n\t\t\t\t<div class=\"elementor-portfolio-item__img elementor-post__thumbnail\">\n\t\t\t<img decoding=\"async\" width=\"1920\" height=\"1280\" src=\"https:\/\/davidbastos.com.br\/wp-content\/uploads\/2026\/01\/T.Reines_IMG_1940.webp\" class=\"attachment-full size-full wp-image-2725\" alt=\"\" srcset=\"https:\/\/davidbastos.com.br\/wp-content\/uploads\/2026\/01\/T.Reines_IMG_1940.webp 1920w, https:\/\/davidbastos.com.br\/wp-content\/uploads\/2026\/01\/T.Reines_IMG_1940-300x200.webp 300w, https:\/\/davidbastos.com.br\/wp-content\/uploads\/2026\/01\/T.Reines_IMG_1940-1024x683.webp 1024w, https:\/\/davidbastos.com.br\/wp-content\/uploads\/2026\/01\/T.Reines_IMG_1940-768x512.webp 768w, https:\/\/davidbastos.com.br\/wp-content\/uploads\/2026\/01\/T.Reines_IMG_1940-1536x1024.webp 1536w, https:\/\/davidbastos.com.br\/wp-content\/uploads\/2026\/01\/T.Reines_IMG_1940-18x12.webp 18w\" sizes=\"(max-width: 1920px) 100vw, 1920px\" \/>\t\t<\/div>\n\t\t\t\t<div class=\"elementor-portfolio-item__overlay\">\n\t\t\t\t<h3 class=\"elementor-portfolio-item__title\">\n\t\tItaparica II &#8211; Gamboa\t\t<\/h3>\n\t\t\t\t<\/div>\n\t\t\t\t<\/a>\n\t\t<\/article>\n\t\t\t\t<article class=\"elementor-portfolio-item elementor-post elementor-filter-9 elementor-filter-10 post-2219 projeto type-projeto status-publish has-post-thumbnail hentry categoria-de-projeto-casas categoria-de-projeto-casas-de-praia\" role=\"listitem\">\n\t\t\t<a class=\"elementor-post__thumbnail__link\" href=\"https:\/\/davidbastos.com.br\/en\/projeto\/enseada-do-castelo-praia-do-forte-i\/\">\n\t\t\t\t<div class=\"elementor-portfolio-item__img elementor-post__thumbnail\">\n\t\t\t<img decoding=\"async\" width=\"1920\" height=\"1280\" src=\"https:\/\/davidbastos.com.br\/wp-content\/uploads\/2026\/01\/2.capa_.webp\" class=\"attachment-full size-full wp-image-2233\" alt=\"\" srcset=\"https:\/\/davidbastos.com.br\/wp-content\/uploads\/2026\/01\/2.capa_.webp 1920w, https:\/\/davidbastos.com.br\/wp-content\/uploads\/2026\/01\/2.capa_-300x200.webp 300w, https:\/\/davidbastos.com.br\/wp-content\/uploads\/2026\/01\/2.capa_-1024x683.webp 1024w, https:\/\/davidbastos.com.br\/wp-content\/uploads\/2026\/01\/2.capa_-768x512.webp 768w, https:\/\/davidbastos.com.br\/wp-content\/uploads\/2026\/01\/2.capa_-1536x1024.webp 1536w, https:\/\/davidbastos.com.br\/wp-content\/uploads\/2026\/01\/2.capa_-18x12.webp 18w\" sizes=\"(max-width: 1920px) 100vw, 1920px\" \/>\t\t<\/div>\n\t\t\t\t<div class=\"elementor-portfolio-item__overlay\">\n\t\t\t\t<h3 class=\"elementor-portfolio-item__title\">\n\t\tEnseada Do Castelo &#8211; Praia do Forte I\t\t<\/h3>\n\t\t\t\t<\/div>\n\t\t\t\t<\/a>\n\t\t<\/article>\n\t\t\t\t<article class=\"elementor-portfolio-item elementor-post elementor-filter-9 elementor-filter-11 post-2269 projeto type-projeto status-publish has-post-thumbnail hentry categoria-de-projeto-casas categoria-de-projeto-casas-urbanas\" role=\"listitem\">\n\t\t\t<a class=\"elementor-post__thumbnail__link\" href=\"https:\/\/davidbastos.com.br\/en\/projeto\/horto-florestal\/\">\n\t\t\t\t<div class=\"elementor-portfolio-item__img elementor-post__thumbnail\">\n\t\t\t<img decoding=\"async\" width=\"1920\" height=\"1280\" src=\"https:\/\/davidbastos.com.br\/wp-content\/uploads\/2026\/01\/1-3.webp\" class=\"attachment-full size-full wp-image-2279\" alt=\"\" srcset=\"https:\/\/davidbastos.com.br\/wp-content\/uploads\/2026\/01\/1-3.webp 1920w, https:\/\/davidbastos.com.br\/wp-content\/uploads\/2026\/01\/1-3-300x200.webp 300w, https:\/\/davidbastos.com.br\/wp-content\/uploads\/2026\/01\/1-3-1024x683.webp 1024w, https:\/\/davidbastos.com.br\/wp-content\/uploads\/2026\/01\/1-3-768x512.webp 768w, https:\/\/davidbastos.com.br\/wp-content\/uploads\/2026\/01\/1-3-1536x1024.webp 1536w, https:\/\/davidbastos.com.br\/wp-content\/uploads\/2026\/01\/1-3-18x12.webp 18w\" sizes=\"(max-width: 1920px) 100vw, 1920px\" \/>\t\t<\/div>\n\t\t\t\t<div class=\"elementor-portfolio-item__overlay\">\n\t\t\t\t<h3 class=\"elementor-portfolio-item__title\">\n\t\tHorto Florestal\t\t<\/h3>\n\t\t\t\t<\/div>\n\t\t\t\t<\/a>\n\t\t<\/article>\n\t\t\t\t<article class=\"elementor-portfolio-item elementor-post elementor-filter-9 elementor-filter-10 post-2308 projeto type-projeto status-publish has-post-thumbnail hentry categoria-de-projeto-casas categoria-de-projeto-casas-de-praia\" role=\"listitem\">\n\t\t\t<a class=\"elementor-post__thumbnail__link\" href=\"https:\/\/davidbastos.com.br\/en\/projeto\/itapororoca-trancoso\/\">\n\t\t\t\t<div class=\"elementor-portfolio-item__img elementor-post__thumbnail\">\n\t\t\t<img decoding=\"async\" width=\"1920\" height=\"1280\" src=\"https:\/\/davidbastos.com.br\/wp-content\/uploads\/2026\/01\/3.0.webp\" class=\"attachment-full size-full wp-image-2309\" alt=\"\" srcset=\"https:\/\/davidbastos.com.br\/wp-content\/uploads\/2026\/01\/3.0.webp 1920w, https:\/\/davidbastos.com.br\/wp-content\/uploads\/2026\/01\/3.0-300x200.webp 300w, https:\/\/davidbastos.com.br\/wp-content\/uploads\/2026\/01\/3.0-1024x683.webp 1024w, https:\/\/davidbastos.com.br\/wp-content\/uploads\/2026\/01\/3.0-768x512.webp 768w, https:\/\/davidbastos.com.br\/wp-content\/uploads\/2026\/01\/3.0-1536x1024.webp 1536w, https:\/\/davidbastos.com.br\/wp-content\/uploads\/2026\/01\/3.0-18x12.webp 18w\" sizes=\"(max-width: 1920px) 100vw, 1920px\" \/>\t\t<\/div>\n\t\t\t\t<div class=\"elementor-portfolio-item__overlay\">\n\t\t\t\t<h3 class=\"elementor-portfolio-item__title\">\n\t\tItapororoca &#8211; Trancoso\t\t<\/h3>\n\t\t\t\t<\/div>\n\t\t\t\t<\/a>\n\t\t<\/article>\n\t\t\t\t<article class=\"elementor-portfolio-item elementor-post elementor-filter-9 elementor-filter-11 post-2336 projeto type-projeto status-publish has-post-thumbnail hentry categoria-de-projeto-casas categoria-de-projeto-casas-urbanas\" role=\"listitem\">\n\t\t\t<a class=\"elementor-post__thumbnail__link\" href=\"https:\/\/davidbastos.com.br\/en\/projeto\/parque-costa-verde\/\">\n\t\t\t\t<div class=\"elementor-portfolio-item__img elementor-post__thumbnail\">\n\t\t\t<img decoding=\"async\" width=\"1920\" height=\"1280\" src=\"https:\/\/davidbastos.com.br\/wp-content\/uploads\/2026\/01\/2-4.webp\" class=\"attachment-full size-full wp-image-2342\" alt=\"\" srcset=\"https:\/\/davidbastos.com.br\/wp-content\/uploads\/2026\/01\/2-4.webp 1920w, https:\/\/davidbastos.com.br\/wp-content\/uploads\/2026\/01\/2-4-300x200.webp 300w, https:\/\/davidbastos.com.br\/wp-content\/uploads\/2026\/01\/2-4-1024x683.webp 1024w, https:\/\/davidbastos.com.br\/wp-content\/uploads\/2026\/01\/2-4-768x512.webp 768w, https:\/\/davidbastos.com.br\/wp-content\/uploads\/2026\/01\/2-4-1536x1024.webp 1536w, https:\/\/davidbastos.com.br\/wp-content\/uploads\/2026\/01\/2-4-18x12.webp 18w\" sizes=\"(max-width: 1920px) 100vw, 1920px\" \/>\t\t<\/div>\n\t\t\t\t<div class=\"elementor-portfolio-item__overlay\">\n\t\t\t\t<h3 class=\"elementor-portfolio-item__title\">\n\t\tParque Costa Verde\t\t<\/h3>\n\t\t\t\t<\/div>\n\t\t\t\t<\/a>\n\t\t<\/article>\n\t\t\t\t<article class=\"elementor-portfolio-item elementor-post elementor-filter-9 elementor-filter-10 post-2350 projeto type-projeto status-publish has-post-thumbnail hentry categoria-de-projeto-casas categoria-de-projeto-casas-de-praia\" role=\"listitem\">\n\t\t\t<a class=\"elementor-post__thumbnail__link\" href=\"https:\/\/davidbastos.com.br\/en\/projeto\/piscinas-naturais-praia-do-forte-iii\/\">\n\t\t\t\t<div class=\"elementor-portfolio-item__img elementor-post__thumbnail\">\n\t\t\t<img decoding=\"async\" width=\"1920\" height=\"1280\" src=\"https:\/\/davidbastos.com.br\/wp-content\/uploads\/2026\/01\/4-7.webp\" class=\"attachment-full size-full wp-image-2356\" alt=\"\" srcset=\"https:\/\/davidbastos.com.br\/wp-content\/uploads\/2026\/01\/4-7.webp 1920w, https:\/\/davidbastos.com.br\/wp-content\/uploads\/2026\/01\/4-7-300x200.webp 300w, https:\/\/davidbastos.com.br\/wp-content\/uploads\/2026\/01\/4-7-1024x683.webp 1024w, https:\/\/davidbastos.com.br\/wp-content\/uploads\/2026\/01\/4-7-768x512.webp 768w, https:\/\/davidbastos.com.br\/wp-content\/uploads\/2026\/01\/4-7-1536x1024.webp 1536w, https:\/\/davidbastos.com.br\/wp-content\/uploads\/2026\/01\/4-7-18x12.webp 18w\" sizes=\"(max-width: 1920px) 100vw, 1920px\" \/>\t\t<\/div>\n\t\t\t\t<div class=\"elementor-portfolio-item__overlay\">\n\t\t\t\t<h3 class=\"elementor-portfolio-item__title\">\n\t\tPiscinas Naturais &#8211; Praia do Forte III\t\t<\/h3>\n\t\t\t\t<\/div>\n\t\t\t\t<\/a>\n\t\t<\/article>\n\t\t\t\t<article class=\"elementor-portfolio-item elementor-post elementor-filter-9 elementor-filter-11 post-2366 projeto type-projeto status-publish has-post-thumbnail hentry categoria-de-projeto-casas categoria-de-projeto-casas-urbanas\" role=\"listitem\">\n\t\t\t<a class=\"elementor-post__thumbnail__link\" href=\"https:\/\/davidbastos.com.br\/en\/projeto\/santo-antonio-alem-do-carmo\/\">\n\t\t\t\t<div class=\"elementor-portfolio-item__img elementor-post__thumbnail\">\n\t\t\t<img decoding=\"async\" width=\"1920\" height=\"1280\" src=\"https:\/\/davidbastos.com.br\/wp-content\/uploads\/2026\/01\/18-CAPA.webp\" class=\"attachment-full size-full wp-image-2367\" alt=\"\" srcset=\"https:\/\/davidbastos.com.br\/wp-content\/uploads\/2026\/01\/18-CAPA.webp 1920w, https:\/\/davidbastos.com.br\/wp-content\/uploads\/2026\/01\/18-CAPA-300x200.webp 300w, https:\/\/davidbastos.com.br\/wp-content\/uploads\/2026\/01\/18-CAPA-1024x683.webp 1024w, https:\/\/davidbastos.com.br\/wp-content\/uploads\/2026\/01\/18-CAPA-768x512.webp 768w, https:\/\/davidbastos.com.br\/wp-content\/uploads\/2026\/01\/18-CAPA-1536x1024.webp 1536w, https:\/\/davidbastos.com.br\/wp-content\/uploads\/2026\/01\/18-CAPA-18x12.webp 18w\" sizes=\"(max-width: 1920px) 100vw, 1920px\" \/>\t\t<\/div>\n\t\t\t\t<div class=\"elementor-portfolio-item__overlay\">\n\t\t\t\t<h3 class=\"elementor-portfolio-item__title\">\n\t\tSanto Ant\u00f4nio Al\u00e9m do Carmo\t\t<\/h3>\n\t\t\t\t<\/div>\n\t\t\t\t<\/a>\n\t\t<\/article>\n\t\t\t\t<article class=\"elementor-portfolio-item elementor-post elementor-filter-9 elementor-filter-10 post-2386 projeto type-projeto status-publish has-post-thumbnail hentry categoria-de-projeto-casas categoria-de-projeto-casas-de-praia\" role=\"listitem\">\n\t\t\t<a class=\"elementor-post__thumbnail__link\" href=\"https:\/\/davidbastos.com.br\/en\/projeto\/terravista-i\/\">\n\t\t\t\t<div class=\"elementor-portfolio-item__img elementor-post__thumbnail\">\n\t\t\t<img decoding=\"async\" width=\"1920\" height=\"1440\" src=\"https:\/\/davidbastos.com.br\/wp-content\/uploads\/2026\/01\/2-7.webp\" class=\"attachment-full size-full wp-image-2403\" alt=\"\" srcset=\"https:\/\/davidbastos.com.br\/wp-content\/uploads\/2026\/01\/2-7.webp 1920w, https:\/\/davidbastos.com.br\/wp-content\/uploads\/2026\/01\/2-7-300x225.webp 300w, https:\/\/davidbastos.com.br\/wp-content\/uploads\/2026\/01\/2-7-1024x768.webp 1024w, https:\/\/davidbastos.com.br\/wp-content\/uploads\/2026\/01\/2-7-768x576.webp 768w, https:\/\/davidbastos.com.br\/wp-content\/uploads\/2026\/01\/2-7-1536x1152.webp 1536w, https:\/\/davidbastos.com.br\/wp-content\/uploads\/2026\/01\/2-7-16x12.webp 16w\" sizes=\"(max-width: 1920px) 100vw, 1920px\" \/>\t\t<\/div>\n\t\t\t\t<div class=\"elementor-portfolio-item__overlay\">\n\t\t\t\t<h3 class=\"elementor-portfolio-item__title\">\n\t\tTerravista II &#8211; Trancoso II\t\t<\/h3>\n\t\t\t\t<\/div>\n\t\t\t\t<\/a>\n\t\t<\/article>\n\t\t\t\t<article class=\"elementor-portfolio-item elementor-post elementor-filter-9 elementor-filter-10 post-2406 projeto type-projeto status-publish has-post-thumbnail hentry categoria-de-projeto-casas categoria-de-projeto-casas-de-praia\" role=\"listitem\">\n\t\t\t<a class=\"elementor-post__thumbnail__link\" href=\"https:\/\/davidbastos.com.br\/en\/projeto\/terravista-i-2\/\">\n\t\t\t\t<div class=\"elementor-portfolio-item__img elementor-post__thumbnail\">\n\t\t\t<img decoding=\"async\" width=\"2560\" height=\"1713\" src=\"https:\/\/davidbastos.com.br\/wp-content\/uploads\/2026\/01\/Casa-30-DB-001-scaled.jpg\" class=\"attachment-full size-full wp-image-2416\" alt=\"\" srcset=\"https:\/\/davidbastos.com.br\/wp-content\/uploads\/2026\/01\/Casa-30-DB-001-scaled.jpg 2560w, https:\/\/davidbastos.com.br\/wp-content\/uploads\/2026\/01\/Casa-30-DB-001-300x201.jpg 300w, https:\/\/davidbastos.com.br\/wp-content\/uploads\/2026\/01\/Casa-30-DB-001-1024x685.jpg 1024w, https:\/\/davidbastos.com.br\/wp-content\/uploads\/2026\/01\/Casa-30-DB-001-768x514.jpg 768w, https:\/\/davidbastos.com.br\/wp-content\/uploads\/2026\/01\/Casa-30-DB-001-1536x1028.jpg 1536w, https:\/\/davidbastos.com.br\/wp-content\/uploads\/2026\/01\/Casa-30-DB-001-2048x1370.jpg 2048w, https:\/\/davidbastos.com.br\/wp-content\/uploads\/2026\/01\/Casa-30-DB-001-18x12.jpg 18w\" sizes=\"(max-width: 2560px) 100vw, 2560px\" \/>\t\t<\/div>\n\t\t\t\t<div class=\"elementor-portfolio-item__overlay\">\n\t\t\t\t<h3 class=\"elementor-portfolio-item__title\">\n\t\tTerravista I &#8211; Trancoso I\t\t<\/h3>\n\t\t\t\t<\/div>\n\t\t\t\t<\/a>\n\t\t<\/article>\n\t\t\t\t<article class=\"elementor-portfolio-item elementor-post elementor-filter-9 elementor-filter-10 post-2425 projeto type-projeto status-publish has-post-thumbnail hentry categoria-de-projeto-casas categoria-de-projeto-casas-de-praia\" role=\"listitem\">\n\t\t\t<a class=\"elementor-post__thumbnail__link\" href=\"https:\/\/davidbastos.com.br\/en\/projeto\/terravista-v\/\">\n\t\t\t\t<div class=\"elementor-portfolio-item__img elementor-post__thumbnail\">\n\t\t\t<img decoding=\"async\" width=\"1920\" height=\"1280\" src=\"https:\/\/davidbastos.com.br\/wp-content\/uploads\/2026\/01\/15-5.webp\" class=\"attachment-full size-full wp-image-2437\" alt=\"\" srcset=\"https:\/\/davidbastos.com.br\/wp-content\/uploads\/2026\/01\/15-5.webp 1920w, https:\/\/davidbastos.com.br\/wp-content\/uploads\/2026\/01\/15-5-300x200.webp 300w, https:\/\/davidbastos.com.br\/wp-content\/uploads\/2026\/01\/15-5-1024x683.webp 1024w, https:\/\/davidbastos.com.br\/wp-content\/uploads\/2026\/01\/15-5-768x512.webp 768w, https:\/\/davidbastos.com.br\/wp-content\/uploads\/2026\/01\/15-5-1536x1024.webp 1536w, https:\/\/davidbastos.com.br\/wp-content\/uploads\/2026\/01\/15-5-18x12.webp 18w\" sizes=\"(max-width: 1920px) 100vw, 1920px\" \/>\t\t<\/div>\n\t\t\t\t<div class=\"elementor-portfolio-item__overlay\">\n\t\t\t\t<h3 class=\"elementor-portfolio-item__title\">\n\t\tTerravista V &#8211; Trancoso V\t\t<\/h3>\n\t\t\t\t<\/div>\n\t\t\t\t<\/a>\n\t\t<\/article>\n\t\t\t\t<article class=\"elementor-portfolio-item elementor-post elementor-filter-9 elementor-filter-10 post-2443 projeto type-projeto status-publish has-post-thumbnail hentry categoria-de-projeto-casas categoria-de-projeto-casas-de-praia\" role=\"listitem\">\n\t\t\t<a class=\"elementor-post__thumbnail__link\" href=\"https:\/\/davidbastos.com.br\/en\/projeto\/terravista-iv\/\">\n\t\t\t\t<div class=\"elementor-portfolio-item__img elementor-post__thumbnail\">\n\t\t\t<img decoding=\"async\" width=\"1920\" height=\"1080\" src=\"https:\/\/davidbastos.com.br\/wp-content\/uploads\/2026\/01\/10-CAPA.webp\" class=\"attachment-full size-full wp-image-2453\" alt=\"\" srcset=\"https:\/\/davidbastos.com.br\/wp-content\/uploads\/2026\/01\/10-CAPA.webp 1920w, https:\/\/davidbastos.com.br\/wp-content\/uploads\/2026\/01\/10-CAPA-300x169.webp 300w, https:\/\/davidbastos.com.br\/wp-content\/uploads\/2026\/01\/10-CAPA-1024x576.webp 1024w, https:\/\/davidbastos.com.br\/wp-content\/uploads\/2026\/01\/10-CAPA-768x432.webp 768w, https:\/\/davidbastos.com.br\/wp-content\/uploads\/2026\/01\/10-CAPA-1536x864.webp 1536w, https:\/\/davidbastos.com.br\/wp-content\/uploads\/2026\/01\/10-CAPA-18x10.webp 18w\" sizes=\"(max-width: 1920px) 100vw, 1920px\" \/>\t\t<\/div>\n\t\t\t\t<div class=\"elementor-portfolio-item__overlay\">\n\t\t\t\t<h3 class=\"elementor-portfolio-item__title\">\n\t\tTerravista IV &#8211; Trancoso IV\t\t<\/h3>\n\t\t\t\t<\/div>\n\t\t\t\t<\/a>\n\t\t<\/article>\n\t\t\t\t<article class=\"elementor-portfolio-item elementor-post elementor-filter-9 elementor-filter-10 post-2454 projeto type-projeto status-publish has-post-thumbnail hentry categoria-de-projeto-casas categoria-de-projeto-casas-de-praia\" role=\"listitem\">\n\t\t\t<a class=\"elementor-post__thumbnail__link\" href=\"https:\/\/davidbastos.com.br\/en\/projeto\/terravista-ii\/\">\n\t\t\t\t<div class=\"elementor-portfolio-item__img elementor-post__thumbnail\">\n\t\t\t<img decoding=\"async\" width=\"1920\" height=\"1280\" src=\"https:\/\/davidbastos.com.br\/wp-content\/uploads\/2026\/01\/26-Capa.webp\" class=\"attachment-full size-full wp-image-2484\" alt=\"\" srcset=\"https:\/\/davidbastos.com.br\/wp-content\/uploads\/2026\/01\/26-Capa.webp 1920w, https:\/\/davidbastos.com.br\/wp-content\/uploads\/2026\/01\/26-Capa-300x200.webp 300w, https:\/\/davidbastos.com.br\/wp-content\/uploads\/2026\/01\/26-Capa-1024x683.webp 1024w, https:\/\/davidbastos.com.br\/wp-content\/uploads\/2026\/01\/26-Capa-768x512.webp 768w, https:\/\/davidbastos.com.br\/wp-content\/uploads\/2026\/01\/26-Capa-1536x1024.webp 1536w, https:\/\/davidbastos.com.br\/wp-content\/uploads\/2026\/01\/26-Capa-18x12.webp 18w\" sizes=\"(max-width: 1920px) 100vw, 1920px\" \/>\t\t<\/div>\n\t\t\t\t<div class=\"elementor-portfolio-item__overlay\">\n\t\t\t\t<h3 class=\"elementor-portfolio-item__title\">\n\t\tTerravista &#8211; Trancoso VI\t\t<\/h3>\n\t\t\t\t<\/div>\n\t\t\t\t<\/a>\n\t\t<\/article>\n\t\t\t\t<article class=\"elementor-portfolio-item elementor-post elementor-filter-9 elementor-filter-10 post-2485 projeto type-projeto status-publish has-post-thumbnail hentry categoria-de-projeto-casas categoria-de-projeto-casas-de-praia\" role=\"listitem\">\n\t\t\t<a class=\"elementor-post__thumbnail__link\" href=\"https:\/\/davidbastos.com.br\/en\/projeto\/terravista-vii-trancoso-vii\/\">\n\t\t\t\t<div class=\"elementor-portfolio-item__img elementor-post__thumbnail\">\n\t\t\t<img decoding=\"async\" width=\"1920\" height=\"1078\" src=\"https:\/\/davidbastos.com.br\/wp-content\/uploads\/2026\/01\/3-13.webp\" class=\"attachment-full size-full wp-image-2498\" alt=\"\" srcset=\"https:\/\/davidbastos.com.br\/wp-content\/uploads\/2026\/01\/3-13.webp 1920w, https:\/\/davidbastos.com.br\/wp-content\/uploads\/2026\/01\/3-13-300x168.webp 300w, https:\/\/davidbastos.com.br\/wp-content\/uploads\/2026\/01\/3-13-1024x575.webp 1024w, https:\/\/davidbastos.com.br\/wp-content\/uploads\/2026\/01\/3-13-768x431.webp 768w, https:\/\/davidbastos.com.br\/wp-content\/uploads\/2026\/01\/3-13-1536x862.webp 1536w, https:\/\/davidbastos.com.br\/wp-content\/uploads\/2026\/01\/3-13-18x10.webp 18w\" sizes=\"(max-width: 1920px) 100vw, 1920px\" \/>\t\t<\/div>\n\t\t\t\t<div class=\"elementor-portfolio-item__overlay\">\n\t\t\t\t<h3 class=\"elementor-portfolio-item__title\">\n\t\tTerravista VII &#8211; Trancoso VII\t\t<\/h3>\n\t\t\t\t<\/div>\n\t\t\t\t<\/a>\n\t\t<\/article>\n\t\t\t\t<article class=\"elementor-portfolio-item elementor-post elementor-filter-9 elementor-filter-10 post-1885 projeto type-projeto status-publish has-post-thumbnail hentry categoria-de-projeto-casas categoria-de-projeto-casas-de-praia\" role=\"listitem\">\n\t\t\t<a class=\"elementor-post__thumbnail__link\" href=\"https:\/\/davidbastos.com.br\/en\/projeto\/encontro-das-aguas-lauro-de-freitas\/\">\n\t\t\t\t<div class=\"elementor-portfolio-item__img elementor-post__thumbnail\">\n\t\t\t<img decoding=\"async\" width=\"1920\" height=\"1280\" src=\"https:\/\/davidbastos.com.br\/wp-content\/uploads\/2025\/12\/T.Reines_IMG_6611.webp\" class=\"attachment-full size-full wp-image-1893\" alt=\"\" srcset=\"https:\/\/davidbastos.com.br\/wp-content\/uploads\/2025\/12\/T.Reines_IMG_6611.webp 1920w, https:\/\/davidbastos.com.br\/wp-content\/uploads\/2025\/12\/T.Reines_IMG_6611-300x200.webp 300w, https:\/\/davidbastos.com.br\/wp-content\/uploads\/2025\/12\/T.Reines_IMG_6611-1024x683.webp 1024w, https:\/\/davidbastos.com.br\/wp-content\/uploads\/2025\/12\/T.Reines_IMG_6611-768x512.webp 768w, https:\/\/davidbastos.com.br\/wp-content\/uploads\/2025\/12\/T.Reines_IMG_6611-1536x1024.webp 1536w, https:\/\/davidbastos.com.br\/wp-content\/uploads\/2025\/12\/T.Reines_IMG_6611-18x12.webp 18w\" sizes=\"(max-width: 1920px) 100vw, 1920px\" \/>\t\t<\/div>\n\t\t\t\t<div class=\"elementor-portfolio-item__overlay\">\n\t\t\t\t<h3 class=\"elementor-portfolio-item__title\">\n\t\tEncontro das \u00c1guas &#8211; Lauro de Freitas\t\t<\/h3>\n\t\t\t\t<\/div>\n\t\t\t\t<\/a>\n\t\t<\/article>\n\t\t\t\t<\/div>\n\t\t\t\t\t\t<\/div>\n\t\t\t\t<\/div>\n\t\t\t\t<\/div>\n\t\t\t\t<\/div>\n\t\t<div id=\"e-n-tab-content-1639304862\" role=\"tabpanel\" aria-labelledby=\"e-n-tab-title-1639304862\" data-tab-index=\"2\" style=\"--n-tabs-title-order: 2;\" class=\"elementor-element elementor-element-bb54c0f e-con-full e-flex e-con e-child\" data-id=\"bb54c0f\" data-element_type=\"container\" data-e-type=\"container\">\n\t\t<div class=\"elementor-element elementor-element-29e8e62 e-con-full e-flex elementor-invisible e-con e-child\" data-id=\"29e8e62\" data-element_type=\"container\" data-e-type=\"container\" data-settings=\"{&quot;animation&quot;:&quot;fadeIn&quot;}\">\n\t\t\t\t<div class=\"elementor-element elementor-element-5a139b9 elementor-grid-4 elementor-widget__width-inherit elementor-grid-tablet-2 elementor-grid-mobile-1 elementor-widget elementor-widget-portfolio\" data-id=\"5a139b9\" data-element_type=\"widget\" data-e-type=\"widget\" data-settings=\"{&quot;columns&quot;:&quot;4&quot;,&quot;row_gap&quot;:{&quot;unit&quot;:&quot;px&quot;,&quot;size&quot;:12,&quot;sizes&quot;:[]},&quot;columns_tablet&quot;:&quot;2&quot;,&quot;columns_mobile&quot;:&quot;1&quot;,&quot;item_ratio&quot;:{&quot;unit&quot;:&quot;px&quot;,&quot;size&quot;:0.66,&quot;sizes&quot;:[]},&quot;item_gap&quot;:{&quot;unit&quot;:&quot;px&quot;,&quot;size&quot;:&quot;&quot;,&quot;sizes&quot;:[]}}\" data-widget_type=\"portfolio.default\">\n\t\t\t\t<div class=\"elementor-widget-container\">\n\t\t\t\t\t\t\t<div class=\"elementor-portfolio elementor-grid elementor-posts-container\" role=\"list\">\n\t\t\t\t<article class=\"elementor-portfolio-item elementor-post elementor-filter-9 elementor-filter-12 post-1900 projeto type-projeto status-publish has-post-thumbnail hentry categoria-de-projeto-casas categoria-de-projeto-casas-de-campo\" role=\"listitem\">\n\t\t\t<a class=\"elementor-post__thumbnail__link\" href=\"https:\/\/davidbastos.com.br\/en\/projeto\/haras-larissa-monte-mor\/\">\n\t\t\t\t<div class=\"elementor-portfolio-item__img elementor-post__thumbnail\">\n\t\t\t<img decoding=\"async\" width=\"1920\" height=\"1440\" src=\"https:\/\/davidbastos.com.br\/wp-content\/uploads\/2025\/12\/DSF2163.webp\" class=\"attachment-full size-full wp-image-1901\" alt=\"\" srcset=\"https:\/\/davidbastos.com.br\/wp-content\/uploads\/2025\/12\/DSF2163.webp 1920w, https:\/\/davidbastos.com.br\/wp-content\/uploads\/2025\/12\/DSF2163-300x225.webp 300w, https:\/\/davidbastos.com.br\/wp-content\/uploads\/2025\/12\/DSF2163-1024x768.webp 1024w, https:\/\/davidbastos.com.br\/wp-content\/uploads\/2025\/12\/DSF2163-768x576.webp 768w, https:\/\/davidbastos.com.br\/wp-content\/uploads\/2025\/12\/DSF2163-1536x1152.webp 1536w, https:\/\/davidbastos.com.br\/wp-content\/uploads\/2025\/12\/DSF2163-16x12.webp 16w\" sizes=\"(max-width: 1920px) 100vw, 1920px\" \/>\t\t<\/div>\n\t\t\t\t<div class=\"elementor-portfolio-item__overlay\">\n\t\t\t\t<h3 class=\"elementor-portfolio-item__title\">\n\t\tHaras Larissa &#8211; Monte Mor\t\t<\/h3>\n\t\t\t\t<\/div>\n\t\t\t\t<\/a>\n\t\t<\/article>\n\t\t\t\t<article class=\"elementor-portfolio-item elementor-post elementor-filter-9 elementor-filter-12 post-4525 projeto type-projeto status-publish has-post-thumbnail hentry categoria-de-projeto-casas categoria-de-projeto-casas-de-campo\" role=\"listitem\">\n\t\t\t<a class=\"elementor-post__thumbnail__link\" href=\"https:\/\/davidbastos.com.br\/en\/projeto\/terras-de-sao-jose-i-itu-ii\/\">\n\t\t\t\t<div class=\"elementor-portfolio-item__img elementor-post__thumbnail\">\n\t\t\t<img decoding=\"async\" width=\"1920\" height=\"1440\" src=\"https:\/\/davidbastos.com.br\/wp-content\/uploads\/2026\/03\/2015-05-14-12.52.38.webp\" class=\"attachment-full size-full wp-image-4529\" alt=\"\" srcset=\"https:\/\/davidbastos.com.br\/wp-content\/uploads\/2026\/03\/2015-05-14-12.52.38.webp 1920w, https:\/\/davidbastos.com.br\/wp-content\/uploads\/2026\/03\/2015-05-14-12.52.38-300x225.webp 300w, https:\/\/davidbastos.com.br\/wp-content\/uploads\/2026\/03\/2015-05-14-12.52.38-1024x768.webp 1024w, https:\/\/davidbastos.com.br\/wp-content\/uploads\/2026\/03\/2015-05-14-12.52.38-768x576.webp 768w, https:\/\/davidbastos.com.br\/wp-content\/uploads\/2026\/03\/2015-05-14-12.52.38-1536x1152.webp 1536w, https:\/\/davidbastos.com.br\/wp-content\/uploads\/2026\/03\/2015-05-14-12.52.38-16x12.webp 16w\" sizes=\"(max-width: 1920px) 100vw, 1920px\" \/>\t\t<\/div>\n\t\t\t\t<div class=\"elementor-portfolio-item__overlay\">\n\t\t\t\t<h3 class=\"elementor-portfolio-item__title\">\n\t\tTerras de S\u00e3o Jos\u00e9 I &#8211; It\u00fa II\t\t<\/h3>\n\t\t\t\t<\/div>\n\t\t\t\t<\/a>\n\t\t<\/article>\n\t\t\t\t<article class=\"elementor-portfolio-item elementor-post elementor-filter-9 elementor-filter-12 post-3545 projeto type-projeto status-publish has-post-thumbnail hentry categoria-de-projeto-casas categoria-de-projeto-casas-de-campo\" role=\"listitem\">\n\t\t\t<a class=\"elementor-post__thumbnail__link\" href=\"https:\/\/davidbastos.com.br\/en\/projeto\/casa-de-campo-serra-das-araras-rj\/\">\n\t\t\t\t<div class=\"elementor-portfolio-item__img elementor-post__thumbnail\">\n\t\t\t<img decoding=\"async\" width=\"1920\" height=\"1280\" src=\"https:\/\/davidbastos.com.br\/wp-content\/uploads\/2026\/01\/IMG_9121_Tuca_Reines.webp\" class=\"attachment-full size-full wp-image-3546\" alt=\"\" srcset=\"https:\/\/davidbastos.com.br\/wp-content\/uploads\/2026\/01\/IMG_9121_Tuca_Reines.webp 1920w, https:\/\/davidbastos.com.br\/wp-content\/uploads\/2026\/01\/IMG_9121_Tuca_Reines-300x200.webp 300w, https:\/\/davidbastos.com.br\/wp-content\/uploads\/2026\/01\/IMG_9121_Tuca_Reines-1024x683.webp 1024w, https:\/\/davidbastos.com.br\/wp-content\/uploads\/2026\/01\/IMG_9121_Tuca_Reines-768x512.webp 768w, https:\/\/davidbastos.com.br\/wp-content\/uploads\/2026\/01\/IMG_9121_Tuca_Reines-1536x1024.webp 1536w, https:\/\/davidbastos.com.br\/wp-content\/uploads\/2026\/01\/IMG_9121_Tuca_Reines-18x12.webp 18w\" sizes=\"(max-width: 1920px) 100vw, 1920px\" \/>\t\t<\/div>\n\t\t\t\t<div class=\"elementor-portfolio-item__overlay\">\n\t\t\t\t<h3 class=\"elementor-portfolio-item__title\">\n\t\tCasa de Campo &#8211; Serra das Araras-RJ\t\t<\/h3>\n\t\t\t\t<\/div>\n\t\t\t\t<\/a>\n\t\t<\/article>\n\t\t\t\t<article class=\"elementor-portfolio-item elementor-post elementor-filter-9 elementor-filter-12 post-3536 projeto type-projeto status-publish has-post-thumbnail hentry categoria-de-projeto-casas categoria-de-projeto-casas-de-campo\" role=\"listitem\">\n\t\t\t<a class=\"elementor-post__thumbnail__link\" href=\"https:\/\/davidbastos.com.br\/en\/projeto\/fazenda-boa-vista\/\">\n\t\t\t\t<div class=\"elementor-portfolio-item__img elementor-post__thumbnail\">\n\t\t\t<img decoding=\"async\" width=\"1920\" height=\"1440\" src=\"https:\/\/davidbastos.com.br\/wp-content\/uploads\/2026\/01\/d1ce6a4d-4230-48af-b9a4-fb783b5230a1.webp\" class=\"attachment-full size-full wp-image-3543\" alt=\"\" srcset=\"https:\/\/davidbastos.com.br\/wp-content\/uploads\/2026\/01\/d1ce6a4d-4230-48af-b9a4-fb783b5230a1.webp 1920w, https:\/\/davidbastos.com.br\/wp-content\/uploads\/2026\/01\/d1ce6a4d-4230-48af-b9a4-fb783b5230a1-300x225.webp 300w, https:\/\/davidbastos.com.br\/wp-content\/uploads\/2026\/01\/d1ce6a4d-4230-48af-b9a4-fb783b5230a1-1024x768.webp 1024w, https:\/\/davidbastos.com.br\/wp-content\/uploads\/2026\/01\/d1ce6a4d-4230-48af-b9a4-fb783b5230a1-768x576.webp 768w, https:\/\/davidbastos.com.br\/wp-content\/uploads\/2026\/01\/d1ce6a4d-4230-48af-b9a4-fb783b5230a1-1536x1152.webp 1536w, https:\/\/davidbastos.com.br\/wp-content\/uploads\/2026\/01\/d1ce6a4d-4230-48af-b9a4-fb783b5230a1-16x12.webp 16w\" sizes=\"(max-width: 1920px) 100vw, 1920px\" \/>\t\t<\/div>\n\t\t\t\t<div class=\"elementor-portfolio-item__overlay\">\n\t\t\t\t<h3 class=\"elementor-portfolio-item__title\">\n\t\tFazenda Boa vista\t\t<\/h3>\n\t\t\t\t<\/div>\n\t\t\t\t<\/a>\n\t\t<\/article>\n\t\t\t\t<article class=\"elementor-portfolio-item elementor-post elementor-filter-9 elementor-filter-12 post-3501 projeto type-projeto status-publish has-post-thumbnail hentry categoria-de-projeto-casas categoria-de-projeto-casas-de-campo\" role=\"listitem\">\n\t\t\t<a class=\"elementor-post__thumbnail__link\" href=\"https:\/\/davidbastos.com.br\/en\/projeto\/casa-de-campo-piracaia-sp\/\">\n\t\t\t\t<div class=\"elementor-portfolio-item__img elementor-post__thumbnail\">\n\t\t\t<img decoding=\"async\" width=\"1920\" height=\"1280\" src=\"https:\/\/davidbastos.com.br\/wp-content\/uploads\/2026\/01\/IMG_1969_Tuca_Reines.webp\" class=\"attachment-full size-full wp-image-3520\" alt=\"\" srcset=\"https:\/\/davidbastos.com.br\/wp-content\/uploads\/2026\/01\/IMG_1969_Tuca_Reines.webp 1920w, https:\/\/davidbastos.com.br\/wp-content\/uploads\/2026\/01\/IMG_1969_Tuca_Reines-300x200.webp 300w, https:\/\/davidbastos.com.br\/wp-content\/uploads\/2026\/01\/IMG_1969_Tuca_Reines-1024x683.webp 1024w, https:\/\/davidbastos.com.br\/wp-content\/uploads\/2026\/01\/IMG_1969_Tuca_Reines-768x512.webp 768w, https:\/\/davidbastos.com.br\/wp-content\/uploads\/2026\/01\/IMG_1969_Tuca_Reines-1536x1024.webp 1536w, https:\/\/davidbastos.com.br\/wp-content\/uploads\/2026\/01\/IMG_1969_Tuca_Reines-18x12.webp 18w\" sizes=\"(max-width: 1920px) 100vw, 1920px\" \/>\t\t<\/div>\n\t\t\t\t<div class=\"elementor-portfolio-item__overlay\">\n\t\t\t\t<h3 class=\"elementor-portfolio-item__title\">\n\t\tCasa de Campo &#8211; Piracaia-SP\t\t<\/h3>\n\t\t\t\t<\/div>\n\t\t\t\t<\/a>\n\t\t<\/article>\n\t\t\t\t<\/div>\n\t\t\t\t\t\t<\/div>\n\t\t\t\t<\/div>\n\t\t\t\t<\/div>\n\t\t\t\t<\/div>\n\t\t<div id=\"e-n-tab-content-1639304863\" role=\"tabpanel\" aria-labelledby=\"e-n-tab-title-1639304863\" data-tab-index=\"3\" style=\"--n-tabs-title-order: 3;\" class=\"elementor-element elementor-element-22d444b e-flex e-con-boxed e-con e-child\" data-id=\"22d444b\" data-element_type=\"container\" data-e-type=\"container\">\n\t\t\t\t\t<div class=\"e-con-inner\">\n\t\t<div class=\"elementor-element elementor-element-74fd8af e-con-full e-flex elementor-invisible e-con e-child\" data-id=\"74fd8af\" data-element_type=\"container\" data-e-type=\"container\" data-settings=\"{&quot;animation&quot;:&quot;fadeIn&quot;}\">\n\t\t\t\t<div class=\"elementor-element elementor-element-4050b77 elementor-grid-4 elementor-widget__width-inherit elementor-grid-tablet-2 elementor-grid-mobile-1 elementor-widget elementor-widget-portfolio\" data-id=\"4050b77\" data-element_type=\"widget\" data-e-type=\"widget\" data-settings=\"{&quot;columns&quot;:&quot;4&quot;,&quot;row_gap&quot;:{&quot;unit&quot;:&quot;px&quot;,&quot;size&quot;:12,&quot;sizes&quot;:[]},&quot;columns_tablet&quot;:&quot;2&quot;,&quot;columns_mobile&quot;:&quot;1&quot;,&quot;item_ratio&quot;:{&quot;unit&quot;:&quot;px&quot;,&quot;size&quot;:0.66,&quot;sizes&quot;:[]},&quot;item_gap&quot;:{&quot;unit&quot;:&quot;px&quot;,&quot;size&quot;:&quot;&quot;,&quot;sizes&quot;:[]}}\" data-widget_type=\"portfolio.default\">\n\t\t\t\t<div class=\"elementor-widget-container\">\n\t\t\t\t\t\t\t<div class=\"elementor-portfolio elementor-grid elementor-posts-container\" role=\"list\">\n\t\t\t\t<article class=\"elementor-portfolio-item elementor-post elementor-filter-9 elementor-filter-10 post-1042 projeto type-projeto status-publish has-post-thumbnail hentry categoria-de-projeto-casas categoria-de-projeto-casas-de-praia\" role=\"listitem\">\n\t\t\t<a class=\"elementor-post__thumbnail__link\" href=\"https:\/\/davidbastos.com.br\/en\/projeto\/casa-iporanga\/\">\n\t\t\t\t<div class=\"elementor-portfolio-item__img elementor-post__thumbnail\">\n\t\t\t<img decoding=\"async\" width=\"1440\" height=\"1080\" src=\"https:\/\/davidbastos.com.br\/wp-content\/uploads\/2025\/10\/casa-iporanga-2.webp\" class=\"attachment-full size-full wp-image-1046\" alt=\"\" srcset=\"https:\/\/davidbastos.com.br\/wp-content\/uploads\/2025\/10\/casa-iporanga-2.webp 1440w, https:\/\/davidbastos.com.br\/wp-content\/uploads\/2025\/10\/casa-iporanga-2-300x225.webp 300w, https:\/\/davidbastos.com.br\/wp-content\/uploads\/2025\/10\/casa-iporanga-2-1024x768.webp 1024w, https:\/\/davidbastos.com.br\/wp-content\/uploads\/2025\/10\/casa-iporanga-2-768x576.webp 768w, https:\/\/davidbastos.com.br\/wp-content\/uploads\/2025\/10\/casa-iporanga-2-16x12.webp 16w\" sizes=\"(max-width: 1440px) 100vw, 1440px\" \/>\t\t<\/div>\n\t\t\t\t<div class=\"elementor-portfolio-item__overlay\">\n\t\t\t\t<h3 class=\"elementor-portfolio-item__title\">\n\t\tCasa Iporanga\t\t<\/h3>\n\t\t\t\t<\/div>\n\t\t\t\t<\/a>\n\t\t<\/article>\n\t\t\t\t<article class=\"elementor-portfolio-item elementor-post elementor-filter-9 elementor-filter-10 post-1929 projeto type-projeto status-publish has-post-thumbnail hentry categoria-de-projeto-casas categoria-de-projeto-casas-de-praia\" role=\"listitem\">\n\t\t\t<a class=\"elementor-post__thumbnail__link\" href=\"https:\/\/davidbastos.com.br\/en\/projeto\/trancoso-altos-de-trancoso\/\">\n\t\t\t\t<div class=\"elementor-portfolio-item__img elementor-post__thumbnail\">\n\t\t\t<img decoding=\"async\" width=\"1920\" height=\"1281\" src=\"https:\/\/davidbastos.com.br\/wp-content\/uploads\/2025\/12\/T.Reines_TRE9649.webp\" class=\"attachment-full size-full wp-image-1932\" alt=\"\" srcset=\"https:\/\/davidbastos.com.br\/wp-content\/uploads\/2025\/12\/T.Reines_TRE9649.webp 1920w, https:\/\/davidbastos.com.br\/wp-content\/uploads\/2025\/12\/T.Reines_TRE9649-300x200.webp 300w, https:\/\/davidbastos.com.br\/wp-content\/uploads\/2025\/12\/T.Reines_TRE9649-1024x683.webp 1024w, https:\/\/davidbastos.com.br\/wp-content\/uploads\/2025\/12\/T.Reines_TRE9649-768x512.webp 768w, https:\/\/davidbastos.com.br\/wp-content\/uploads\/2025\/12\/T.Reines_TRE9649-1536x1025.webp 1536w, https:\/\/davidbastos.com.br\/wp-content\/uploads\/2025\/12\/T.Reines_TRE9649-18x12.webp 18w\" sizes=\"(max-width: 1920px) 100vw, 1920px\" \/>\t\t<\/div>\n\t\t\t\t<div class=\"elementor-portfolio-item__overlay\">\n\t\t\t\t<h3 class=\"elementor-portfolio-item__title\">\n\t\tAltos de Trancoso &#8211; Trancoso VIII\t\t<\/h3>\n\t\t\t\t<\/div>\n\t\t\t\t<\/a>\n\t\t<\/article>\n\t\t\t\t<article class=\"elementor-portfolio-item elementor-post elementor-filter-9 elementor-filter-10 post-2907 projeto type-projeto status-publish has-post-thumbnail hentry categoria-de-projeto-casas categoria-de-projeto-casas-de-praia\" role=\"listitem\">\n\t\t\t<a class=\"elementor-post__thumbnail__link\" href=\"https:\/\/davidbastos.com.br\/en\/projeto\/ilha-de-tinhare-garapua\/\">\n\t\t\t\t<div class=\"elementor-portfolio-item__img elementor-post__thumbnail\">\n\t\t\t<img decoding=\"async\" width=\"1920\" height=\"1280\" src=\"https:\/\/davidbastos.com.br\/wp-content\/uploads\/2026\/01\/T.Reines_IMG_2801.webp\" class=\"attachment-full size-full wp-image-2908\" alt=\"\" srcset=\"https:\/\/davidbastos.com.br\/wp-content\/uploads\/2026\/01\/T.Reines_IMG_2801.webp 1920w, https:\/\/davidbastos.com.br\/wp-content\/uploads\/2026\/01\/T.Reines_IMG_2801-300x200.webp 300w, https:\/\/davidbastos.com.br\/wp-content\/uploads\/2026\/01\/T.Reines_IMG_2801-1024x683.webp 1024w, https:\/\/davidbastos.com.br\/wp-content\/uploads\/2026\/01\/T.Reines_IMG_2801-768x512.webp 768w, https:\/\/davidbastos.com.br\/wp-content\/uploads\/2026\/01\/T.Reines_IMG_2801-1536x1024.webp 1536w, https:\/\/davidbastos.com.br\/wp-content\/uploads\/2026\/01\/T.Reines_IMG_2801-18x12.webp 18w\" sizes=\"(max-width: 1920px) 100vw, 1920px\" \/>\t\t<\/div>\n\t\t\t\t<div class=\"elementor-portfolio-item__overlay\">\n\t\t\t\t<h3 class=\"elementor-portfolio-item__title\">\n\t\tIlha de Tinhar\u00e9 &#8211; Garapu\u00e1\t\t<\/h3>\n\t\t\t\t<\/div>\n\t\t\t\t<\/a>\n\t\t<\/article>\n\t\t\t\t<article class=\"elementor-portfolio-item elementor-post elementor-filter-9 elementor-filter-10 post-2282 projeto type-projeto status-publish has-post-thumbnail hentry categoria-de-projeto-casas categoria-de-projeto-casas-de-praia\" role=\"listitem\">\n\t\t\t<a class=\"elementor-post__thumbnail__link\" href=\"https:\/\/davidbastos.com.br\/en\/projeto\/interlagos-camacari\/\">\n\t\t\t\t<div class=\"elementor-portfolio-item__img elementor-post__thumbnail\">\n\t\t\t<img decoding=\"async\" width=\"1920\" height=\"1280\" src=\"https:\/\/davidbastos.com.br\/wp-content\/uploads\/2026\/01\/1-CAPA.webp\" class=\"attachment-full size-full wp-image-2306\" alt=\"\" srcset=\"https:\/\/davidbastos.com.br\/wp-content\/uploads\/2026\/01\/1-CAPA.webp 1920w, https:\/\/davidbastos.com.br\/wp-content\/uploads\/2026\/01\/1-CAPA-300x200.webp 300w, https:\/\/davidbastos.com.br\/wp-content\/uploads\/2026\/01\/1-CAPA-1024x683.webp 1024w, https:\/\/davidbastos.com.br\/wp-content\/uploads\/2026\/01\/1-CAPA-768x512.webp 768w, https:\/\/davidbastos.com.br\/wp-content\/uploads\/2026\/01\/1-CAPA-1536x1024.webp 1536w, https:\/\/davidbastos.com.br\/wp-content\/uploads\/2026\/01\/1-CAPA-18x12.webp 18w\" sizes=\"(max-width: 1920px) 100vw, 1920px\" \/>\t\t<\/div>\n\t\t\t\t<div class=\"elementor-portfolio-item__overlay\">\n\t\t\t\t<h3 class=\"elementor-portfolio-item__title\">\n\t\tInterlagos &#8211; Cama\u00e7ari X\t\t<\/h3>\n\t\t\t\t<\/div>\n\t\t\t\t<\/a>\n\t\t<\/article>\n\t\t\t\t<article class=\"elementor-portfolio-item elementor-post elementor-filter-9 elementor-filter-10 post-1953 projeto type-projeto status-publish has-post-thumbnail hentry categoria-de-projeto-casas categoria-de-projeto-casas-de-praia\" role=\"listitem\">\n\t\t\t<a class=\"elementor-post__thumbnail__link\" href=\"https:\/\/davidbastos.com.br\/en\/projeto\/trancoso-iii-fasano\/\">\n\t\t\t\t<div class=\"elementor-portfolio-item__img elementor-post__thumbnail\">\n\t\t\t<img decoding=\"async\" width=\"1920\" height=\"1280\" src=\"https:\/\/davidbastos.com.br\/wp-content\/uploads\/2025\/12\/0Z7A6451-1.webp\" class=\"attachment-full size-full wp-image-1969\" alt=\"\" srcset=\"https:\/\/davidbastos.com.br\/wp-content\/uploads\/2025\/12\/0Z7A6451-1.webp 1920w, https:\/\/davidbastos.com.br\/wp-content\/uploads\/2025\/12\/0Z7A6451-1-300x200.webp 300w, https:\/\/davidbastos.com.br\/wp-content\/uploads\/2025\/12\/0Z7A6451-1-1024x683.webp 1024w, https:\/\/davidbastos.com.br\/wp-content\/uploads\/2025\/12\/0Z7A6451-1-768x512.webp 768w, https:\/\/davidbastos.com.br\/wp-content\/uploads\/2025\/12\/0Z7A6451-1-1536x1024.webp 1536w, https:\/\/davidbastos.com.br\/wp-content\/uploads\/2025\/12\/0Z7A6451-1-18x12.webp 18w\" sizes=\"(max-width: 1920px) 100vw, 1920px\" \/>\t\t<\/div>\n\t\t\t\t<div class=\"elementor-portfolio-item__overlay\">\n\t\t\t\t<h3 class=\"elementor-portfolio-item__title\">\n\t\tFasano &#8211; Trancoso IX\t\t<\/h3>\n\t\t\t\t<\/div>\n\t\t\t\t<\/a>\n\t\t<\/article>\n\t\t\t\t<article class=\"elementor-portfolio-item elementor-post elementor-filter-9 elementor-filter-10 post-1862 projeto type-projeto status-publish has-post-thumbnail hentry categoria-de-projeto-casas categoria-de-projeto-casas-de-praia\" role=\"listitem\">\n\t\t\t<a class=\"elementor-post__thumbnail__link\" href=\"https:\/\/davidbastos.com.br\/en\/projeto\/buzios\/\">\n\t\t\t\t<div class=\"elementor-portfolio-item__img elementor-post__thumbnail\">\n\t\t\t<img decoding=\"async\" width=\"1920\" height=\"1280\" src=\"https:\/\/davidbastos.com.br\/wp-content\/uploads\/2025\/12\/T.ReinesIMG_9734.webp\" class=\"attachment-full size-full wp-image-1864\" alt=\"\" srcset=\"https:\/\/davidbastos.com.br\/wp-content\/uploads\/2025\/12\/T.ReinesIMG_9734.webp 1920w, https:\/\/davidbastos.com.br\/wp-content\/uploads\/2025\/12\/T.ReinesIMG_9734-300x200.webp 300w, https:\/\/davidbastos.com.br\/wp-content\/uploads\/2025\/12\/T.ReinesIMG_9734-1024x683.webp 1024w, https:\/\/davidbastos.com.br\/wp-content\/uploads\/2025\/12\/T.ReinesIMG_9734-768x512.webp 768w, https:\/\/davidbastos.com.br\/wp-content\/uploads\/2025\/12\/T.ReinesIMG_9734-1536x1024.webp 1536w, https:\/\/davidbastos.com.br\/wp-content\/uploads\/2025\/12\/T.ReinesIMG_9734-18x12.webp 18w\" sizes=\"(max-width: 1920px) 100vw, 1920px\" \/>\t\t<\/div>\n\t\t\t\t<div class=\"elementor-portfolio-item__overlay\">\n\t\t\t\t<h3 class=\"elementor-portfolio-item__title\">\n\t\tB\u00fazios\t\t<\/h3>\n\t\t\t\t<\/div>\n\t\t\t\t<\/a>\n\t\t<\/article>\n\t\t\t\t<article class=\"elementor-portfolio-item elementor-post elementor-filter-9 elementor-filter-10 post-2234 projeto type-projeto status-publish has-post-thumbnail hentry categoria-de-projeto-casas categoria-de-projeto-casas-de-praia\" role=\"listitem\">\n\t\t\t<a class=\"elementor-post__thumbnail__link\" href=\"https:\/\/davidbastos.com.br\/en\/projeto\/enseada-do-castelo-praia-do-forte-ii\/\">\n\t\t\t\t<div class=\"elementor-portfolio-item__img elementor-post__thumbnail\">\n\t\t\t<img decoding=\"async\" width=\"1920\" height=\"1280\" src=\"https:\/\/davidbastos.com.br\/wp-content\/uploads\/2026\/01\/1-1.webp\" class=\"attachment-full size-full wp-image-2243\" alt=\"\" srcset=\"https:\/\/davidbastos.com.br\/wp-content\/uploads\/2026\/01\/1-1.webp 1920w, https:\/\/davidbastos.com.br\/wp-content\/uploads\/2026\/01\/1-1-300x200.webp 300w, https:\/\/davidbastos.com.br\/wp-content\/uploads\/2026\/01\/1-1-1024x683.webp 1024w, https:\/\/davidbastos.com.br\/wp-content\/uploads\/2026\/01\/1-1-768x512.webp 768w, https:\/\/davidbastos.com.br\/wp-content\/uploads\/2026\/01\/1-1-1536x1024.webp 1536w, https:\/\/davidbastos.com.br\/wp-content\/uploads\/2026\/01\/1-1-18x12.webp 18w\" sizes=\"(max-width: 1920px) 100vw, 1920px\" \/>\t\t<\/div>\n\t\t\t\t<div class=\"elementor-portfolio-item__overlay\">\n\t\t\t\t<h3 class=\"elementor-portfolio-item__title\">\n\t\tEnseada do Castelo &#8211; Praia do Forte II\t\t<\/h3>\n\t\t\t\t<\/div>\n\t\t\t\t<\/a>\n\t\t<\/article>\n\t\t\t\t<article class=\"elementor-portfolio-item elementor-post elementor-filter-9 elementor-filter-10 post-2949 projeto type-projeto status-publish has-post-thumbnail hentry categoria-de-projeto-casas categoria-de-projeto-casas-de-praia\" role=\"listitem\">\n\t\t\t<a class=\"elementor-post__thumbnail__link\" href=\"https:\/\/davidbastos.com.br\/en\/projeto\/gamboa-ilha-de-itaparica-ii\/\">\n\t\t\t\t<div class=\"elementor-portfolio-item__img elementor-post__thumbnail\">\n\t\t\t<img decoding=\"async\" width=\"1920\" height=\"1280\" src=\"https:\/\/davidbastos.com.br\/wp-content\/uploads\/2026\/01\/0Z7A5169-2.webp\" class=\"attachment-full size-full wp-image-2958\" alt=\"\" srcset=\"https:\/\/davidbastos.com.br\/wp-content\/uploads\/2026\/01\/0Z7A5169-2.webp 1920w, https:\/\/davidbastos.com.br\/wp-content\/uploads\/2026\/01\/0Z7A5169-2-300x200.webp 300w, https:\/\/davidbastos.com.br\/wp-content\/uploads\/2026\/01\/0Z7A5169-2-1024x683.webp 1024w, https:\/\/davidbastos.com.br\/wp-content\/uploads\/2026\/01\/0Z7A5169-2-768x512.webp 768w, https:\/\/davidbastos.com.br\/wp-content\/uploads\/2026\/01\/0Z7A5169-2-1536x1024.webp 1536w, https:\/\/davidbastos.com.br\/wp-content\/uploads\/2026\/01\/0Z7A5169-2-18x12.webp 18w\" sizes=\"(max-width: 1920px) 100vw, 1920px\" \/>\t\t<\/div>\n\t\t\t\t<div class=\"elementor-portfolio-item__overlay\">\n\t\t\t\t<h3 class=\"elementor-portfolio-item__title\">\n\t\tGamboa &#8211; Ilha de Itaparica II\t\t<\/h3>\n\t\t\t\t<\/div>\n\t\t\t\t<\/a>\n\t\t<\/article>\n\t\t\t\t<article class=\"elementor-portfolio-item elementor-post elementor-filter-9 elementor-filter-10 post-2843 projeto type-projeto status-publish has-post-thumbnail hentry categoria-de-projeto-casas categoria-de-projeto-casas-de-praia\" role=\"listitem\">\n\t\t\t<a class=\"elementor-post__thumbnail__link\" href=\"https:\/\/davidbastos.com.br\/en\/projeto\/rio-da-barra-iii-trancoso-x\/\">\n\t\t\t\t<div class=\"elementor-portfolio-item__img elementor-post__thumbnail\">\n\t\t\t<img decoding=\"async\" width=\"1920\" height=\"1280\" src=\"https:\/\/davidbastos.com.br\/wp-content\/uploads\/2026\/01\/0Z7A5901-2.webp\" class=\"attachment-full size-full wp-image-2844\" alt=\"\" srcset=\"https:\/\/davidbastos.com.br\/wp-content\/uploads\/2026\/01\/0Z7A5901-2.webp 1920w, https:\/\/davidbastos.com.br\/wp-content\/uploads\/2026\/01\/0Z7A5901-2-300x200.webp 300w, https:\/\/davidbastos.com.br\/wp-content\/uploads\/2026\/01\/0Z7A5901-2-1024x683.webp 1024w, https:\/\/davidbastos.com.br\/wp-content\/uploads\/2026\/01\/0Z7A5901-2-768x512.webp 768w, https:\/\/davidbastos.com.br\/wp-content\/uploads\/2026\/01\/0Z7A5901-2-1536x1024.webp 1536w, https:\/\/davidbastos.com.br\/wp-content\/uploads\/2026\/01\/0Z7A5901-2-18x12.webp 18w\" sizes=\"(max-width: 1920px) 100vw, 1920px\" \/>\t\t<\/div>\n\t\t\t\t<div class=\"elementor-portfolio-item__overlay\">\n\t\t\t\t<h3 class=\"elementor-portfolio-item__title\">\n\t\tRio da Barra III &#8211; Trancoso X\t\t<\/h3>\n\t\t\t\t<\/div>\n\t\t\t\t<\/a>\n\t\t<\/article>\n\t\t\t\t<article class=\"elementor-portfolio-item elementor-post elementor-filter-9 elementor-filter-10 post-1073 projeto type-projeto status-publish has-post-thumbnail hentry categoria-de-projeto-casas categoria-de-projeto-casas-de-praia\" role=\"listitem\">\n\t\t\t<a class=\"elementor-post__thumbnail__link\" href=\"https:\/\/davidbastos.com.br\/en\/projeto\/casa-rio-da-barra-ii\/\">\n\t\t\t\t<div class=\"elementor-portfolio-item__img elementor-post__thumbnail\">\n\t\t\t<img decoding=\"async\" width=\"1600\" height=\"1068\" src=\"https:\/\/davidbastos.com.br\/wp-content\/uploads\/2025\/10\/casa-rio-da-barra-II-8-1.webp\" class=\"attachment-full size-full wp-image-1164\" alt=\"\" srcset=\"https:\/\/davidbastos.com.br\/wp-content\/uploads\/2025\/10\/casa-rio-da-barra-II-8-1.webp 1600w, https:\/\/davidbastos.com.br\/wp-content\/uploads\/2025\/10\/casa-rio-da-barra-II-8-1-300x200.webp 300w, https:\/\/davidbastos.com.br\/wp-content\/uploads\/2025\/10\/casa-rio-da-barra-II-8-1-1024x684.webp 1024w, https:\/\/davidbastos.com.br\/wp-content\/uploads\/2025\/10\/casa-rio-da-barra-II-8-1-768x513.webp 768w, https:\/\/davidbastos.com.br\/wp-content\/uploads\/2025\/10\/casa-rio-da-barra-II-8-1-1536x1025.webp 1536w, https:\/\/davidbastos.com.br\/wp-content\/uploads\/2025\/10\/casa-rio-da-barra-II-8-1-18x12.webp 18w\" sizes=\"(max-width: 1600px) 100vw, 1600px\" \/>\t\t<\/div>\n\t\t\t\t<div class=\"elementor-portfolio-item__overlay\">\n\t\t\t\t<h3 class=\"elementor-portfolio-item__title\">\n\t\tCasa Rio da Barra II &#8211; Trancoso XIV\t\t<\/h3>\n\t\t\t\t<\/div>\n\t\t\t\t<\/a>\n\t\t<\/article>\n\t\t\t\t<article class=\"elementor-portfolio-item elementor-post elementor-filter-9 elementor-filter-10 post-2804 projeto type-projeto status-publish has-post-thumbnail hentry categoria-de-projeto-casas categoria-de-projeto-casas-de-praia\" role=\"listitem\">\n\t\t\t<a class=\"elementor-post__thumbnail__link\" href=\"https:\/\/davidbastos.com.br\/en\/projeto\/bombordo-praia-do-forte-iii\/\">\n\t\t\t\t<div class=\"elementor-portfolio-item__img elementor-post__thumbnail\">\n\t\t\t<img decoding=\"async\" width=\"1920\" height=\"1280\" src=\"https:\/\/davidbastos.com.br\/wp-content\/uploads\/2026\/01\/T.Reines_IMG_9246.webp\" class=\"attachment-full size-full wp-image-2810\" alt=\"\" srcset=\"https:\/\/davidbastos.com.br\/wp-content\/uploads\/2026\/01\/T.Reines_IMG_9246.webp 1920w, https:\/\/davidbastos.com.br\/wp-content\/uploads\/2026\/01\/T.Reines_IMG_9246-300x200.webp 300w, https:\/\/davidbastos.com.br\/wp-content\/uploads\/2026\/01\/T.Reines_IMG_9246-1024x683.webp 1024w, https:\/\/davidbastos.com.br\/wp-content\/uploads\/2026\/01\/T.Reines_IMG_9246-768x512.webp 768w, https:\/\/davidbastos.com.br\/wp-content\/uploads\/2026\/01\/T.Reines_IMG_9246-1536x1024.webp 1536w, https:\/\/davidbastos.com.br\/wp-content\/uploads\/2026\/01\/T.Reines_IMG_9246-18x12.webp 18w\" sizes=\"(max-width: 1920px) 100vw, 1920px\" \/>\t\t<\/div>\n\t\t\t\t<div class=\"elementor-portfolio-item__overlay\">\n\t\t\t\t<h3 class=\"elementor-portfolio-item__title\">\n\t\tBombordo &#8211; Praia do Forte III\t\t<\/h3>\n\t\t\t\t<\/div>\n\t\t\t\t<\/a>\n\t\t<\/article>\n\t\t\t\t<article class=\"elementor-portfolio-item elementor-post elementor-filter-9 elementor-filter-10 post-2823 projeto type-projeto status-publish has-post-thumbnail hentry categoria-de-projeto-casas categoria-de-projeto-casas-de-praia\" role=\"listitem\">\n\t\t\t<a class=\"elementor-post__thumbnail__link\" href=\"https:\/\/davidbastos.com.br\/en\/projeto\/boreste-praia-do-forte-iv\/\">\n\t\t\t\t<div class=\"elementor-portfolio-item__img elementor-post__thumbnail\">\n\t\t\t<img decoding=\"async\" width=\"1920\" height=\"1280\" src=\"https:\/\/davidbastos.com.br\/wp-content\/uploads\/2026\/01\/T.Reines_IMG_8915.webp\" class=\"attachment-full size-full wp-image-2839\" alt=\"\" srcset=\"https:\/\/davidbastos.com.br\/wp-content\/uploads\/2026\/01\/T.Reines_IMG_8915.webp 1920w, https:\/\/davidbastos.com.br\/wp-content\/uploads\/2026\/01\/T.Reines_IMG_8915-300x200.webp 300w, https:\/\/davidbastos.com.br\/wp-content\/uploads\/2026\/01\/T.Reines_IMG_8915-1024x683.webp 1024w, https:\/\/davidbastos.com.br\/wp-content\/uploads\/2026\/01\/T.Reines_IMG_8915-768x512.webp 768w, https:\/\/davidbastos.com.br\/wp-content\/uploads\/2026\/01\/T.Reines_IMG_8915-1536x1024.webp 1536w, https:\/\/davidbastos.com.br\/wp-content\/uploads\/2026\/01\/T.Reines_IMG_8915-18x12.webp 18w\" sizes=\"(max-width: 1920px) 100vw, 1920px\" \/>\t\t<\/div>\n\t\t\t\t<div class=\"elementor-portfolio-item__overlay\">\n\t\t\t\t<h3 class=\"elementor-portfolio-item__title\">\n\t\tBoreste &#8211; Praia do Forte IV\t\t<\/h3>\n\t\t\t\t<\/div>\n\t\t\t\t<\/a>\n\t\t<\/article>\n\t\t\t\t<article class=\"elementor-portfolio-item elementor-post elementor-filter-9 elementor-filter-10 post-4721 projeto type-projeto status-publish has-post-thumbnail hentry categoria-de-projeto-casas categoria-de-projeto-casas-de-praia\" role=\"listitem\">\n\t\t\t<a class=\"elementor-post__thumbnail__link\" href=\"https:\/\/davidbastos.com.br\/en\/projeto\/rio-da-barra-trancoso-xv\/\">\n\t\t\t\t<div class=\"elementor-portfolio-item__img elementor-post__thumbnail\">\n\t\t\t<img decoding=\"async\" width=\"1790\" height=\"1197\" src=\"https:\/\/davidbastos.com.br\/wp-content\/uploads\/2026\/04\/T.ReinesIMG_1225-e1775844426807.webp\" class=\"attachment-full size-full wp-image-4726\" alt=\"\" srcset=\"https:\/\/davidbastos.com.br\/wp-content\/uploads\/2026\/04\/T.ReinesIMG_1225-e1775844426807.webp 1790w, https:\/\/davidbastos.com.br\/wp-content\/uploads\/2026\/04\/T.ReinesIMG_1225-e1775844426807-300x201.webp 300w, https:\/\/davidbastos.com.br\/wp-content\/uploads\/2026\/04\/T.ReinesIMG_1225-e1775844426807-1024x685.webp 1024w, https:\/\/davidbastos.com.br\/wp-content\/uploads\/2026\/04\/T.ReinesIMG_1225-e1775844426807-768x514.webp 768w, https:\/\/davidbastos.com.br\/wp-content\/uploads\/2026\/04\/T.ReinesIMG_1225-e1775844426807-1536x1027.webp 1536w, https:\/\/davidbastos.com.br\/wp-content\/uploads\/2026\/04\/T.ReinesIMG_1225-e1775844426807-18x12.webp 18w\" sizes=\"(max-width: 1790px) 100vw, 1790px\" \/>\t\t<\/div>\n\t\t\t\t<div class=\"elementor-portfolio-item__overlay\">\n\t\t\t\t<h3 class=\"elementor-portfolio-item__title\">\n\t\tRio da Barra &#8211; Trancoso XV\t\t<\/h3>\n\t\t\t\t<\/div>\n\t\t\t\t<\/a>\n\t\t<\/article>\n\t\t\t\t<article class=\"elementor-portfolio-item elementor-post elementor-filter-9 elementor-filter-10 post-2040 projeto type-projeto status-publish has-post-thumbnail hentry categoria-de-projeto-casas categoria-de-projeto-casas-de-praia\" role=\"listitem\">\n\t\t\t<a class=\"elementor-post__thumbnail__link\" href=\"https:\/\/davidbastos.com.br\/en\/projeto\/iporanga-ii\/\">\n\t\t\t\t<div class=\"elementor-portfolio-item__img elementor-post__thumbnail\">\n\t\t\t<img decoding=\"async\" width=\"1920\" height=\"1258\" src=\"https:\/\/davidbastos.com.br\/wp-content\/uploads\/2025\/12\/H-5-1.webp\" class=\"attachment-full size-full wp-image-2041\" alt=\"\" srcset=\"https:\/\/davidbastos.com.br\/wp-content\/uploads\/2025\/12\/H-5-1.webp 1920w, https:\/\/davidbastos.com.br\/wp-content\/uploads\/2025\/12\/H-5-1-300x197.webp 300w, https:\/\/davidbastos.com.br\/wp-content\/uploads\/2025\/12\/H-5-1-1024x671.webp 1024w, https:\/\/davidbastos.com.br\/wp-content\/uploads\/2025\/12\/H-5-1-768x503.webp 768w, https:\/\/davidbastos.com.br\/wp-content\/uploads\/2025\/12\/H-5-1-1536x1006.webp 1536w, https:\/\/davidbastos.com.br\/wp-content\/uploads\/2025\/12\/H-5-1-18x12.webp 18w\" sizes=\"(max-width: 1920px) 100vw, 1920px\" \/>\t\t<\/div>\n\t\t\t\t<div class=\"elementor-portfolio-item__overlay\">\n\t\t\t\t<h3 class=\"elementor-portfolio-item__title\">\n\t\tIporanga II\t\t<\/h3>\n\t\t\t\t<\/div>\n\t\t\t\t<\/a>\n\t\t<\/article>\n\t\t\t\t<article class=\"elementor-portfolio-item elementor-post elementor-filter-9 elementor-filter-10 post-1803 projeto type-projeto status-publish has-post-thumbnail hentry categoria-de-projeto-casas categoria-de-projeto-casas-de-praia\" role=\"listitem\">\n\t\t\t<a class=\"elementor-post__thumbnail__link\" href=\"https:\/\/davidbastos.com.br\/en\/projeto\/busca-vida-camacari-2\/\">\n\t\t\t\t<div class=\"elementor-portfolio-item__img elementor-post__thumbnail\">\n\t\t\t<img decoding=\"async\" width=\"1920\" height=\"1280\" src=\"https:\/\/davidbastos.com.br\/wp-content\/uploads\/2025\/12\/IMG_1519_Tuca_Reines.webp\" class=\"attachment-full size-full wp-image-1810\" alt=\"\" srcset=\"https:\/\/davidbastos.com.br\/wp-content\/uploads\/2025\/12\/IMG_1519_Tuca_Reines.webp 1920w, https:\/\/davidbastos.com.br\/wp-content\/uploads\/2025\/12\/IMG_1519_Tuca_Reines-300x200.webp 300w, https:\/\/davidbastos.com.br\/wp-content\/uploads\/2025\/12\/IMG_1519_Tuca_Reines-1024x683.webp 1024w, https:\/\/davidbastos.com.br\/wp-content\/uploads\/2025\/12\/IMG_1519_Tuca_Reines-768x512.webp 768w, https:\/\/davidbastos.com.br\/wp-content\/uploads\/2025\/12\/IMG_1519_Tuca_Reines-1536x1024.webp 1536w, https:\/\/davidbastos.com.br\/wp-content\/uploads\/2025\/12\/IMG_1519_Tuca_Reines-18x12.webp 18w\" sizes=\"(max-width: 1920px) 100vw, 1920px\" \/>\t\t<\/div>\n\t\t\t\t<div class=\"elementor-portfolio-item__overlay\">\n\t\t\t\t<h3 class=\"elementor-portfolio-item__title\">\n\t\tBusca Vida VIII &#8211; Cama\u00e7ari XI\t\t<\/h3>\n\t\t\t\t<\/div>\n\t\t\t\t<\/a>\n\t\t<\/article>\n\t\t\t\t<article class=\"elementor-portfolio-item elementor-post elementor-filter-9 elementor-filter-10 post-4317 projeto type-projeto status-publish has-post-thumbnail hentry categoria-de-projeto-casas categoria-de-projeto-casas-de-praia\" role=\"listitem\">\n\t\t\t<a class=\"elementor-post__thumbnail__link\" href=\"https:\/\/davidbastos.com.br\/en\/projeto\/busca-vida-camacari-iv\/\">\n\t\t\t\t<div class=\"elementor-portfolio-item__img elementor-post__thumbnail\">\n\t\t\t<img decoding=\"async\" width=\"1920\" height=\"1440\" src=\"https:\/\/davidbastos.com.br\/wp-content\/uploads\/2026\/02\/Esdras-Ribeiro-Busca-Vida-06-01-26-032.webp\" class=\"attachment-full size-full wp-image-4320\" alt=\"\" srcset=\"https:\/\/davidbastos.com.br\/wp-content\/uploads\/2026\/02\/Esdras-Ribeiro-Busca-Vida-06-01-26-032.webp 1920w, https:\/\/davidbastos.com.br\/wp-content\/uploads\/2026\/02\/Esdras-Ribeiro-Busca-Vida-06-01-26-032-300x225.webp 300w, https:\/\/davidbastos.com.br\/wp-content\/uploads\/2026\/02\/Esdras-Ribeiro-Busca-Vida-06-01-26-032-1024x768.webp 1024w, https:\/\/davidbastos.com.br\/wp-content\/uploads\/2026\/02\/Esdras-Ribeiro-Busca-Vida-06-01-26-032-768x576.webp 768w, https:\/\/davidbastos.com.br\/wp-content\/uploads\/2026\/02\/Esdras-Ribeiro-Busca-Vida-06-01-26-032-1536x1152.webp 1536w, https:\/\/davidbastos.com.br\/wp-content\/uploads\/2026\/02\/Esdras-Ribeiro-Busca-Vida-06-01-26-032-16x12.webp 16w\" sizes=\"(max-width: 1920px) 100vw, 1920px\" \/>\t\t<\/div>\n\t\t\t\t<div class=\"elementor-portfolio-item__overlay\">\n\t\t\t\t<h3 class=\"elementor-portfolio-item__title\">\n\t\tBusca Vida IV &#8211; Cama\u00e7ari IV\t\t<\/h3>\n\t\t\t\t<\/div>\n\t\t\t\t<\/a>\n\t\t<\/article>\n\t\t\t\t<article class=\"elementor-portfolio-item elementor-post elementor-filter-9 elementor-filter-10 post-4328 projeto type-projeto status-publish has-post-thumbnail hentry categoria-de-projeto-casas categoria-de-projeto-casas-de-praia\" role=\"listitem\">\n\t\t\t<a class=\"elementor-post__thumbnail__link\" href=\"https:\/\/davidbastos.com.br\/en\/projeto\/busca-vida-camacari-v\/\">\n\t\t\t\t<div class=\"elementor-portfolio-item__img elementor-post__thumbnail\">\n\t\t\t<img decoding=\"async\" width=\"1920\" height=\"1440\" src=\"https:\/\/davidbastos.com.br\/wp-content\/uploads\/2026\/02\/DSC03632.webp\" class=\"attachment-full size-full wp-image-4337\" alt=\"\" srcset=\"https:\/\/davidbastos.com.br\/wp-content\/uploads\/2026\/02\/DSC03632.webp 1920w, https:\/\/davidbastos.com.br\/wp-content\/uploads\/2026\/02\/DSC03632-300x225.webp 300w, https:\/\/davidbastos.com.br\/wp-content\/uploads\/2026\/02\/DSC03632-1024x768.webp 1024w, https:\/\/davidbastos.com.br\/wp-content\/uploads\/2026\/02\/DSC03632-768x576.webp 768w, https:\/\/davidbastos.com.br\/wp-content\/uploads\/2026\/02\/DSC03632-1536x1152.webp 1536w, https:\/\/davidbastos.com.br\/wp-content\/uploads\/2026\/02\/DSC03632-16x12.webp 16w\" sizes=\"(max-width: 1920px) 100vw, 1920px\" \/>\t\t<\/div>\n\t\t\t\t<div class=\"elementor-portfolio-item__overlay\">\n\t\t\t\t<h3 class=\"elementor-portfolio-item__title\">\n\t\tBusca Vida VI &#8211; Cama\u00e7ari VI\t\t<\/h3>\n\t\t\t\t<\/div>\n\t\t\t\t<\/a>\n\t\t<\/article>\n\t\t\t\t<article class=\"elementor-portfolio-item elementor-post elementor-filter-9 elementor-filter-10 post-1847 projeto type-projeto status-publish has-post-thumbnail hentry categoria-de-projeto-casas categoria-de-projeto-casas-de-praia\" role=\"listitem\">\n\t\t\t<a class=\"elementor-post__thumbnail__link\" href=\"https:\/\/davidbastos.com.br\/en\/projeto\/busca-vida-camacari-4\/\">\n\t\t\t\t<div class=\"elementor-portfolio-item__img elementor-post__thumbnail\">\n\t\t\t<img decoding=\"async\" width=\"1920\" height=\"1281\" src=\"https:\/\/davidbastos.com.br\/wp-content\/uploads\/2025\/12\/IMG_1936_TucaReines_100128.webp\" class=\"attachment-full size-full wp-image-1852\" alt=\"\" srcset=\"https:\/\/davidbastos.com.br\/wp-content\/uploads\/2025\/12\/IMG_1936_TucaReines_100128.webp 1920w, https:\/\/davidbastos.com.br\/wp-content\/uploads\/2025\/12\/IMG_1936_TucaReines_100128-300x200.webp 300w, https:\/\/davidbastos.com.br\/wp-content\/uploads\/2025\/12\/IMG_1936_TucaReines_100128-1024x683.webp 1024w, https:\/\/davidbastos.com.br\/wp-content\/uploads\/2025\/12\/IMG_1936_TucaReines_100128-768x512.webp 768w, https:\/\/davidbastos.com.br\/wp-content\/uploads\/2025\/12\/IMG_1936_TucaReines_100128-1536x1025.webp 1536w, https:\/\/davidbastos.com.br\/wp-content\/uploads\/2025\/12\/IMG_1936_TucaReines_100128-18x12.webp 18w\" sizes=\"(max-width: 1920px) 100vw, 1920px\" \/>\t\t<\/div>\n\t\t\t\t<div class=\"elementor-portfolio-item__overlay\">\n\t\t\t\t<h3 class=\"elementor-portfolio-item__title\">\n\t\tBusca Vida VII &#8211; Cama\u00e7ari VII\t\t<\/h3>\n\t\t\t\t<\/div>\n\t\t\t\t<\/a>\n\t\t<\/article>\n\t\t\t\t<article class=\"elementor-portfolio-item elementor-post elementor-filter-9 elementor-filter-10 post-2255 projeto type-projeto status-publish has-post-thumbnail hentry categoria-de-projeto-casas categoria-de-projeto-casas-de-praia\" role=\"listitem\">\n\t\t\t<a class=\"elementor-post__thumbnail__link\" href=\"https:\/\/davidbastos.com.br\/en\/projeto\/guarajuba-camacari-v\/\">\n\t\t\t\t<div class=\"elementor-portfolio-item__img elementor-post__thumbnail\">\n\t\t\t<img decoding=\"async\" width=\"1920\" height=\"1280\" src=\"https:\/\/davidbastos.com.br\/wp-content\/uploads\/2026\/01\/7-2.webp\" class=\"attachment-full size-full wp-image-2256\" alt=\"\" srcset=\"https:\/\/davidbastos.com.br\/wp-content\/uploads\/2026\/01\/7-2.webp 1920w, https:\/\/davidbastos.com.br\/wp-content\/uploads\/2026\/01\/7-2-300x200.webp 300w, https:\/\/davidbastos.com.br\/wp-content\/uploads\/2026\/01\/7-2-1024x683.webp 1024w, https:\/\/davidbastos.com.br\/wp-content\/uploads\/2026\/01\/7-2-768x512.webp 768w, https:\/\/davidbastos.com.br\/wp-content\/uploads\/2026\/01\/7-2-1536x1024.webp 1536w, https:\/\/davidbastos.com.br\/wp-content\/uploads\/2026\/01\/7-2-18x12.webp 18w\" sizes=\"(max-width: 1920px) 100vw, 1920px\" \/>\t\t<\/div>\n\t\t\t\t<div class=\"elementor-portfolio-item__overlay\">\n\t\t\t\t<h3 class=\"elementor-portfolio-item__title\">\n\t\tGuarajuba II &#8211; Cama\u00e7ari XII\t\t<\/h3>\n\t\t\t\t<\/div>\n\t\t\t\t<\/a>\n\t\t<\/article>\n\t\t\t\t<article class=\"elementor-portfolio-item elementor-post elementor-filter-9 elementor-filter-10 post-4575 projeto type-projeto status-publish has-post-thumbnail hentry categoria-de-projeto-casas categoria-de-projeto-casas-de-praia\" role=\"listitem\">\n\t\t\t<a class=\"elementor-post__thumbnail__link\" href=\"https:\/\/davidbastos.com.br\/en\/projeto\/interlagos-primeira-fase-camacari-viii\/\">\n\t\t\t\t<div class=\"elementor-portfolio-item__img elementor-post__thumbnail\">\n\t\t\t<img decoding=\"async\" width=\"1920\" height=\"1285\" src=\"https:\/\/davidbastos.com.br\/wp-content\/uploads\/2026\/03\/Interlagos-lote-90G-033.webp\" class=\"attachment-full size-full wp-image-4577\" alt=\"\" srcset=\"https:\/\/davidbastos.com.br\/wp-content\/uploads\/2026\/03\/Interlagos-lote-90G-033.webp 1920w, https:\/\/davidbastos.com.br\/wp-content\/uploads\/2026\/03\/Interlagos-lote-90G-033-300x201.webp 300w, https:\/\/davidbastos.com.br\/wp-content\/uploads\/2026\/03\/Interlagos-lote-90G-033-1024x685.webp 1024w, https:\/\/davidbastos.com.br\/wp-content\/uploads\/2026\/03\/Interlagos-lote-90G-033-768x514.webp 768w, https:\/\/davidbastos.com.br\/wp-content\/uploads\/2026\/03\/Interlagos-lote-90G-033-1536x1028.webp 1536w, https:\/\/davidbastos.com.br\/wp-content\/uploads\/2026\/03\/Interlagos-lote-90G-033-18x12.webp 18w\" sizes=\"(max-width: 1920px) 100vw, 1920px\" \/>\t\t<\/div>\n\t\t\t\t<div class=\"elementor-portfolio-item__overlay\">\n\t\t\t\t<h3 class=\"elementor-portfolio-item__title\">\n\t\tInterlagos Primeira fase &#8211; Cama\u00e7ari V\t\t<\/h3>\n\t\t\t\t<\/div>\n\t\t\t\t<\/a>\n\t\t<\/article>\n\t\t\t\t<article class=\"elementor-portfolio-item elementor-post elementor-filter-9 elementor-filter-10 post-4593 projeto type-projeto status-publish has-post-thumbnail hentry categoria-de-projeto-casas categoria-de-projeto-casas-de-praia\" role=\"listitem\">\n\t\t\t<a class=\"elementor-post__thumbnail__link\" href=\"https:\/\/davidbastos.com.br\/en\/projeto\/guarajuba-camacari-iii\/\">\n\t\t\t\t<div class=\"elementor-portfolio-item__img elementor-post__thumbnail\">\n\t\t\t<img decoding=\"async\" width=\"1920\" height=\"1525\" src=\"https:\/\/davidbastos.com.br\/wp-content\/uploads\/2026\/03\/Digitalizar0187.webp\" class=\"attachment-full size-full wp-image-4608\" alt=\"\" srcset=\"https:\/\/davidbastos.com.br\/wp-content\/uploads\/2026\/03\/Digitalizar0187.webp 1920w, https:\/\/davidbastos.com.br\/wp-content\/uploads\/2026\/03\/Digitalizar0187-300x238.webp 300w, https:\/\/davidbastos.com.br\/wp-content\/uploads\/2026\/03\/Digitalizar0187-1024x813.webp 1024w, https:\/\/davidbastos.com.br\/wp-content\/uploads\/2026\/03\/Digitalizar0187-768x610.webp 768w, https:\/\/davidbastos.com.br\/wp-content\/uploads\/2026\/03\/Digitalizar0187-1536x1220.webp 1536w, https:\/\/davidbastos.com.br\/wp-content\/uploads\/2026\/03\/Digitalizar0187-15x12.webp 15w\" sizes=\"(max-width: 1920px) 100vw, 1920px\" \/>\t\t<\/div>\n\t\t\t\t<div class=\"elementor-portfolio-item__overlay\">\n\t\t\t\t<h3 class=\"elementor-portfolio-item__title\">\n\t\tGuarajuba &#8211; Cama\u00e7ari II\t\t<\/h3>\n\t\t\t\t<\/div>\n\t\t\t\t<\/a>\n\t\t<\/article>\n\t\t\t\t<article class=\"elementor-portfolio-item elementor-post elementor-filter-9 elementor-filter-10 post-4338 projeto type-projeto status-publish has-post-thumbnail hentry categoria-de-projeto-casas categoria-de-projeto-casas-de-praia\" role=\"listitem\">\n\t\t\t<a class=\"elementor-post__thumbnail__link\" href=\"https:\/\/davidbastos.com.br\/en\/projeto\/busca-vida-camacari-vi\/\">\n\t\t\t\t<div class=\"elementor-portfolio-item__img elementor-post__thumbnail\">\n\t\t\t<img decoding=\"async\" width=\"1920\" height=\"1440\" src=\"https:\/\/davidbastos.com.br\/wp-content\/uploads\/2026\/02\/DSCN4147.webp\" class=\"attachment-full size-full wp-image-4342\" alt=\"\" srcset=\"https:\/\/davidbastos.com.br\/wp-content\/uploads\/2026\/02\/DSCN4147.webp 1920w, https:\/\/davidbastos.com.br\/wp-content\/uploads\/2026\/02\/DSCN4147-300x225.webp 300w, https:\/\/davidbastos.com.br\/wp-content\/uploads\/2026\/02\/DSCN4147-1024x768.webp 1024w, https:\/\/davidbastos.com.br\/wp-content\/uploads\/2026\/02\/DSCN4147-768x576.webp 768w, https:\/\/davidbastos.com.br\/wp-content\/uploads\/2026\/02\/DSCN4147-1536x1152.webp 1536w, https:\/\/davidbastos.com.br\/wp-content\/uploads\/2026\/02\/DSCN4147-16x12.webp 16w\" sizes=\"(max-width: 1920px) 100vw, 1920px\" \/>\t\t<\/div>\n\t\t\t\t<div class=\"elementor-portfolio-item__overlay\">\n\t\t\t\t<h3 class=\"elementor-portfolio-item__title\">\n\t\tBusca Vida I &#8211; Cama\u00e7ari\t\t<\/h3>\n\t\t\t\t<\/div>\n\t\t\t\t<\/a>\n\t\t<\/article>\n\t\t\t\t<article class=\"elementor-portfolio-item elementor-post elementor-filter-9 elementor-filter-10 post-1836 projeto type-projeto status-publish has-post-thumbnail hentry categoria-de-projeto-casas categoria-de-projeto-casas-de-praia\" role=\"listitem\">\n\t\t\t<a class=\"elementor-post__thumbnail__link\" href=\"https:\/\/davidbastos.com.br\/en\/projeto\/busca-vida-ii-camacari\/\">\n\t\t\t\t<div class=\"elementor-portfolio-item__img elementor-post__thumbnail\">\n\t\t\t<img decoding=\"async\" width=\"1920\" height=\"1285\" src=\"https:\/\/davidbastos.com.br\/wp-content\/uploads\/2025\/12\/Ricardo-Lelis0009.webp\" class=\"attachment-full size-full wp-image-1837\" alt=\"\" srcset=\"https:\/\/davidbastos.com.br\/wp-content\/uploads\/2025\/12\/Ricardo-Lelis0009.webp 1920w, https:\/\/davidbastos.com.br\/wp-content\/uploads\/2025\/12\/Ricardo-Lelis0009-300x201.webp 300w, https:\/\/davidbastos.com.br\/wp-content\/uploads\/2025\/12\/Ricardo-Lelis0009-1024x685.webp 1024w, https:\/\/davidbastos.com.br\/wp-content\/uploads\/2025\/12\/Ricardo-Lelis0009-768x514.webp 768w, https:\/\/davidbastos.com.br\/wp-content\/uploads\/2025\/12\/Ricardo-Lelis0009-1536x1028.webp 1536w, https:\/\/davidbastos.com.br\/wp-content\/uploads\/2025\/12\/Ricardo-Lelis0009-18x12.webp 18w\" sizes=\"(max-width: 1920px) 100vw, 1920px\" \/>\t\t<\/div>\n\t\t\t\t<div class=\"elementor-portfolio-item__overlay\">\n\t\t\t\t<h3 class=\"elementor-portfolio-item__title\">\n\t\tBusca Vida II &#8211; Cama\u00e7ari VIII\t\t<\/h3>\n\t\t\t\t<\/div>\n\t\t\t\t<\/a>\n\t\t<\/article>\n\t\t\t\t<article class=\"elementor-portfolio-item elementor-post elementor-filter-9 elementor-filter-10 post-4559 projeto type-projeto status-publish has-post-thumbnail hentry categoria-de-projeto-casas categoria-de-projeto-casas-de-praia\" role=\"listitem\">\n\t\t\t<a class=\"elementor-post__thumbnail__link\" href=\"https:\/\/davidbastos.com.br\/en\/projeto\/ilha-de-itaparica-iv\/\">\n\t\t\t\t<div class=\"elementor-portfolio-item__img elementor-post__thumbnail\">\n\t\t\t<img decoding=\"async\" width=\"1920\" height=\"1280\" src=\"https:\/\/davidbastos.com.br\/wp-content\/uploads\/2026\/03\/IMG_1998_Tuca_Reines.webp\" class=\"attachment-full size-full wp-image-4567\" alt=\"\" srcset=\"https:\/\/davidbastos.com.br\/wp-content\/uploads\/2026\/03\/IMG_1998_Tuca_Reines.webp 1920w, https:\/\/davidbastos.com.br\/wp-content\/uploads\/2026\/03\/IMG_1998_Tuca_Reines-300x200.webp 300w, https:\/\/davidbastos.com.br\/wp-content\/uploads\/2026\/03\/IMG_1998_Tuca_Reines-1024x683.webp 1024w, https:\/\/davidbastos.com.br\/wp-content\/uploads\/2026\/03\/IMG_1998_Tuca_Reines-768x512.webp 768w, https:\/\/davidbastos.com.br\/wp-content\/uploads\/2026\/03\/IMG_1998_Tuca_Reines-1536x1024.webp 1536w, https:\/\/davidbastos.com.br\/wp-content\/uploads\/2026\/03\/IMG_1998_Tuca_Reines-18x12.webp 18w\" sizes=\"(max-width: 1920px) 100vw, 1920px\" \/>\t\t<\/div>\n\t\t\t\t<div class=\"elementor-portfolio-item__overlay\">\n\t\t\t\t<h3 class=\"elementor-portfolio-item__title\">\n\t\tIlha de Itaparica IV\t\t<\/h3>\n\t\t\t\t<\/div>\n\t\t\t\t<\/a>\n\t\t<\/article>\n\t\t\t\t<article class=\"elementor-portfolio-item elementor-post elementor-filter-9 elementor-filter-10 post-4476 projeto type-projeto status-publish has-post-thumbnail hentry categoria-de-projeto-casas categoria-de-projeto-casas-de-praia\" role=\"listitem\">\n\t\t\t<a class=\"elementor-post__thumbnail__link\" href=\"https:\/\/davidbastos.com.br\/en\/projeto\/villa-jagu-condominio-pedro-grande-trancoso-xiii\/\">\n\t\t\t\t<div class=\"elementor-portfolio-item__img elementor-post__thumbnail\">\n\t\t\t<img decoding=\"async\" width=\"1920\" height=\"1280\" src=\"https:\/\/davidbastos.com.br\/wp-content\/uploads\/2026\/03\/35_IMG_3407.webp\" class=\"attachment-full size-full wp-image-4479\" alt=\"\" srcset=\"https:\/\/davidbastos.com.br\/wp-content\/uploads\/2026\/03\/35_IMG_3407.webp 1920w, https:\/\/davidbastos.com.br\/wp-content\/uploads\/2026\/03\/35_IMG_3407-300x200.webp 300w, https:\/\/davidbastos.com.br\/wp-content\/uploads\/2026\/03\/35_IMG_3407-1024x683.webp 1024w, https:\/\/davidbastos.com.br\/wp-content\/uploads\/2026\/03\/35_IMG_3407-768x512.webp 768w, https:\/\/davidbastos.com.br\/wp-content\/uploads\/2026\/03\/35_IMG_3407-1536x1024.webp 1536w, https:\/\/davidbastos.com.br\/wp-content\/uploads\/2026\/03\/35_IMG_3407-18x12.webp 18w\" sizes=\"(max-width: 1920px) 100vw, 1920px\" \/>\t\t<\/div>\n\t\t\t\t<div class=\"elementor-portfolio-item__overlay\">\n\t\t\t\t<h3 class=\"elementor-portfolio-item__title\">\n\t\tVilla Jagu &#8211; Condom\u00ednio Pedro Grande &#8211; Trancoso XIII\t\t<\/h3>\n\t\t\t\t<\/div>\n\t\t\t\t<\/a>\n\t\t<\/article>\n\t\t\t\t<article class=\"elementor-portfolio-item elementor-post elementor-filter-9 elementor-filter-10 post-4345 projeto type-projeto status-publish has-post-thumbnail hentry categoria-de-projeto-casas categoria-de-projeto-casas-de-praia\" role=\"listitem\">\n\t\t\t<a class=\"elementor-post__thumbnail__link\" href=\"https:\/\/davidbastos.com.br\/en\/projeto\/itapororoca-trancoso-xii\/\">\n\t\t\t\t<div class=\"elementor-portfolio-item__img elementor-post__thumbnail\">\n\t\t\t<img decoding=\"async\" width=\"1920\" height=\"1280\" src=\"https:\/\/davidbastos.com.br\/wp-content\/uploads\/2026\/02\/IMG_7765._Tuca_Reines.webp\" class=\"attachment-full size-full wp-image-4353\" alt=\"\" srcset=\"https:\/\/davidbastos.com.br\/wp-content\/uploads\/2026\/02\/IMG_7765._Tuca_Reines.webp 1920w, https:\/\/davidbastos.com.br\/wp-content\/uploads\/2026\/02\/IMG_7765._Tuca_Reines-300x200.webp 300w, https:\/\/davidbastos.com.br\/wp-content\/uploads\/2026\/02\/IMG_7765._Tuca_Reines-1024x683.webp 1024w, https:\/\/davidbastos.com.br\/wp-content\/uploads\/2026\/02\/IMG_7765._Tuca_Reines-768x512.webp 768w, https:\/\/davidbastos.com.br\/wp-content\/uploads\/2026\/02\/IMG_7765._Tuca_Reines-1536x1024.webp 1536w, https:\/\/davidbastos.com.br\/wp-content\/uploads\/2026\/02\/IMG_7765._Tuca_Reines-18x12.webp 18w\" sizes=\"(max-width: 1920px) 100vw, 1920px\" \/>\t\t<\/div>\n\t\t\t\t<div class=\"elementor-portfolio-item__overlay\">\n\t\t\t\t<h3 class=\"elementor-portfolio-item__title\">\n\t\tItapororoca &#8211; Trancoso XII\t\t<\/h3>\n\t\t\t\t<\/div>\n\t\t\t\t<\/a>\n\t\t<\/article>\n\t\t\t\t<article class=\"elementor-portfolio-item elementor-post elementor-filter-9 elementor-filter-10 post-1739 projeto type-projeto status-publish has-post-thumbnail hentry categoria-de-projeto-casas categoria-de-projeto-casas-de-praia\" role=\"listitem\">\n\t\t\t<a class=\"elementor-post__thumbnail__link\" href=\"https:\/\/davidbastos.com.br\/en\/projeto\/casa-guarani-algodoes-bahia\/\">\n\t\t\t\t<div class=\"elementor-portfolio-item__img elementor-post__thumbnail\">\n\t\t\t<img decoding=\"async\" width=\"1920\" height=\"1280\" src=\"https:\/\/davidbastos.com.br\/wp-content\/uploads\/2025\/12\/11122024-11122024-DSCF7362.webp\" class=\"attachment-full size-full wp-image-1755\" alt=\"\" srcset=\"https:\/\/davidbastos.com.br\/wp-content\/uploads\/2025\/12\/11122024-11122024-DSCF7362.webp 1920w, https:\/\/davidbastos.com.br\/wp-content\/uploads\/2025\/12\/11122024-11122024-DSCF7362-300x200.webp 300w, https:\/\/davidbastos.com.br\/wp-content\/uploads\/2025\/12\/11122024-11122024-DSCF7362-1024x683.webp 1024w, https:\/\/davidbastos.com.br\/wp-content\/uploads\/2025\/12\/11122024-11122024-DSCF7362-768x512.webp 768w, https:\/\/davidbastos.com.br\/wp-content\/uploads\/2025\/12\/11122024-11122024-DSCF7362-1536x1024.webp 1536w, https:\/\/davidbastos.com.br\/wp-content\/uploads\/2025\/12\/11122024-11122024-DSCF7362-18x12.webp 18w\" sizes=\"(max-width: 1920px) 100vw, 1920px\" \/>\t\t<\/div>\n\t\t\t\t<div class=\"elementor-portfolio-item__overlay\">\n\t\t\t\t<h3 class=\"elementor-portfolio-item__title\">\n\t\tCasa Guaran\u00ed &#8211; Algod\u00f5es Bahia\t\t<\/h3>\n\t\t\t\t<\/div>\n\t\t\t\t<\/a>\n\t\t<\/article>\n\t\t\t\t<article class=\"elementor-portfolio-item elementor-post elementor-filter-9 elementor-filter-10 post-1776 projeto type-projeto status-publish has-post-thumbnail hentry categoria-de-projeto-casas categoria-de-projeto-casas-de-praia\" role=\"listitem\">\n\t\t\t<a class=\"elementor-post__thumbnail__link\" href=\"https:\/\/davidbastos.com.br\/en\/projeto\/busca-vida-camacari\/\">\n\t\t\t\t<div class=\"elementor-portfolio-item__img elementor-post__thumbnail\">\n\t\t\t<img decoding=\"async\" width=\"1920\" height=\"1280\" src=\"https:\/\/davidbastos.com.br\/wp-content\/uploads\/2025\/12\/IMG_7174_T.Reines.webp\" class=\"attachment-full size-full wp-image-1792\" alt=\"\" srcset=\"https:\/\/davidbastos.com.br\/wp-content\/uploads\/2025\/12\/IMG_7174_T.Reines.webp 1920w, https:\/\/davidbastos.com.br\/wp-content\/uploads\/2025\/12\/IMG_7174_T.Reines-300x200.webp 300w, https:\/\/davidbastos.com.br\/wp-content\/uploads\/2025\/12\/IMG_7174_T.Reines-1024x683.webp 1024w, https:\/\/davidbastos.com.br\/wp-content\/uploads\/2025\/12\/IMG_7174_T.Reines-768x512.webp 768w, https:\/\/davidbastos.com.br\/wp-content\/uploads\/2025\/12\/IMG_7174_T.Reines-1536x1024.webp 1536w, https:\/\/davidbastos.com.br\/wp-content\/uploads\/2025\/12\/IMG_7174_T.Reines-18x12.webp 18w\" sizes=\"(max-width: 1920px) 100vw, 1920px\" \/>\t\t<\/div>\n\t\t\t\t<div class=\"elementor-portfolio-item__overlay\">\n\t\t\t\t<h3 class=\"elementor-portfolio-item__title\">\n\t\tBusca Vida V &#8211; Cama\u00e7ari V\t\t<\/h3>\n\t\t\t\t<\/div>\n\t\t\t\t<\/a>\n\t\t<\/article>\n\t\t\t\t<article class=\"elementor-portfolio-item elementor-post elementor-filter-9 elementor-filter-10 post-1822 projeto type-projeto status-publish has-post-thumbnail hentry categoria-de-projeto-casas categoria-de-projeto-casas-de-praia\" role=\"listitem\">\n\t\t\t<a class=\"elementor-post__thumbnail__link\" href=\"https:\/\/davidbastos.com.br\/en\/projeto\/busca-vida-camacari-3\/\">\n\t\t\t\t<div class=\"elementor-portfolio-item__img elementor-post__thumbnail\">\n\t\t\t<img decoding=\"async\" width=\"1920\" height=\"1278\" src=\"https:\/\/davidbastos.com.br\/wp-content\/uploads\/2025\/12\/G4-041.webp\" class=\"attachment-full size-full wp-image-1825\" alt=\"\" srcset=\"https:\/\/davidbastos.com.br\/wp-content\/uploads\/2025\/12\/G4-041.webp 1920w, https:\/\/davidbastos.com.br\/wp-content\/uploads\/2025\/12\/G4-041-300x200.webp 300w, https:\/\/davidbastos.com.br\/wp-content\/uploads\/2025\/12\/G4-041-1024x682.webp 1024w, https:\/\/davidbastos.com.br\/wp-content\/uploads\/2025\/12\/G4-041-768x511.webp 768w, https:\/\/davidbastos.com.br\/wp-content\/uploads\/2025\/12\/G4-041-1536x1022.webp 1536w, https:\/\/davidbastos.com.br\/wp-content\/uploads\/2025\/12\/G4-041-18x12.webp 18w\" sizes=\"(max-width: 1920px) 100vw, 1920px\" \/>\t\t<\/div>\n\t\t\t\t<div class=\"elementor-portfolio-item__overlay\">\n\t\t\t\t<h3 class=\"elementor-portfolio-item__title\">\n\t\tBusca Vida III &#8211; Cama\u00e7ari III\t\t<\/h3>\n\t\t\t\t<\/div>\n\t\t\t\t<\/a>\n\t\t<\/article>\n\t\t\t\t<article class=\"elementor-portfolio-item elementor-post elementor-filter-9 elementor-filter-10 post-2694 projeto type-projeto status-publish has-post-thumbnail hentry categoria-de-projeto-casas categoria-de-projeto-casas-de-praia\" role=\"listitem\">\n\t\t\t<a class=\"elementor-post__thumbnail__link\" href=\"https:\/\/davidbastos.com.br\/en\/projeto\/iporanga-iii-guaruja\/\">\n\t\t\t\t<div class=\"elementor-portfolio-item__img elementor-post__thumbnail\">\n\t\t\t<img decoding=\"async\" width=\"1920\" height=\"1440\" src=\"https:\/\/davidbastos.com.br\/wp-content\/uploads\/2026\/01\/DSF2016.webp\" class=\"attachment-full size-full wp-image-2705\" alt=\"\" srcset=\"https:\/\/davidbastos.com.br\/wp-content\/uploads\/2026\/01\/DSF2016.webp 1920w, https:\/\/davidbastos.com.br\/wp-content\/uploads\/2026\/01\/DSF2016-300x225.webp 300w, https:\/\/davidbastos.com.br\/wp-content\/uploads\/2026\/01\/DSF2016-1024x768.webp 1024w, https:\/\/davidbastos.com.br\/wp-content\/uploads\/2026\/01\/DSF2016-768x576.webp 768w, https:\/\/davidbastos.com.br\/wp-content\/uploads\/2026\/01\/DSF2016-1536x1152.webp 1536w, https:\/\/davidbastos.com.br\/wp-content\/uploads\/2026\/01\/DSF2016-16x12.webp 16w\" sizes=\"(max-width: 1920px) 100vw, 1920px\" \/>\t\t<\/div>\n\t\t\t\t<div class=\"elementor-portfolio-item__overlay\">\n\t\t\t\t<h3 class=\"elementor-portfolio-item__title\">\n\t\tIporanga III &#8211; Guaruj\u00e1\t\t<\/h3>\n\t\t\t\t<\/div>\n\t\t\t\t<\/a>\n\t\t<\/article>\n\t\t\t\t<article class=\"elementor-portfolio-item elementor-post elementor-filter-9 elementor-filter-10 post-2926 projeto type-projeto status-publish has-post-thumbnail hentry categoria-de-projeto-casas categoria-de-projeto-casas-de-praia\" role=\"listitem\">\n\t\t\t<a class=\"elementor-post__thumbnail__link\" href=\"https:\/\/davidbastos.com.br\/en\/projeto\/terravista-vii-trancoso-xi\/\">\n\t\t\t\t<div class=\"elementor-portfolio-item__img elementor-post__thumbnail\">\n\t\t\t<img decoding=\"async\" width=\"1920\" height=\"1280\" src=\"https:\/\/davidbastos.com.br\/wp-content\/uploads\/2026\/01\/NICOFERRI151124226-171.webp\" class=\"attachment-full size-full wp-image-2935\" alt=\"\" srcset=\"https:\/\/davidbastos.com.br\/wp-content\/uploads\/2026\/01\/NICOFERRI151124226-171.webp 1920w, https:\/\/davidbastos.com.br\/wp-content\/uploads\/2026\/01\/NICOFERRI151124226-171-300x200.webp 300w, https:\/\/davidbastos.com.br\/wp-content\/uploads\/2026\/01\/NICOFERRI151124226-171-1024x683.webp 1024w, https:\/\/davidbastos.com.br\/wp-content\/uploads\/2026\/01\/NICOFERRI151124226-171-768x512.webp 768w, https:\/\/davidbastos.com.br\/wp-content\/uploads\/2026\/01\/NICOFERRI151124226-171-1536x1024.webp 1536w, https:\/\/davidbastos.com.br\/wp-content\/uploads\/2026\/01\/NICOFERRI151124226-171-18x12.webp 18w\" sizes=\"(max-width: 1920px) 100vw, 1920px\" \/>\t\t<\/div>\n\t\t\t\t<div class=\"elementor-portfolio-item__overlay\">\n\t\t\t\t<h3 class=\"elementor-portfolio-item__title\">\n\t\tTerravista VII &#8211; Trancoso XI\t\t<\/h3>\n\t\t\t\t<\/div>\n\t\t\t\t<\/a>\n\t\t<\/article>\n\t\t\t\t<article class=\"elementor-portfolio-item elementor-post elementor-filter-9 elementor-filter-10 post-2788 projeto type-projeto status-publish has-post-thumbnail hentry categoria-de-projeto-casas categoria-de-projeto-casas-de-praia\" role=\"listitem\">\n\t\t\t<a class=\"elementor-post__thumbnail__link\" href=\"https:\/\/davidbastos.com.br\/en\/projeto\/muro-alto-ipojuca\/\">\n\t\t\t\t<div class=\"elementor-portfolio-item__img elementor-post__thumbnail\">\n\t\t\t<img decoding=\"async\" width=\"1920\" height=\"1280\" src=\"https:\/\/davidbastos.com.br\/wp-content\/uploads\/2026\/01\/T.Reines_IMG_8147.webp\" class=\"attachment-full size-full wp-image-2792\" alt=\"\" srcset=\"https:\/\/davidbastos.com.br\/wp-content\/uploads\/2026\/01\/T.Reines_IMG_8147.webp 1920w, https:\/\/davidbastos.com.br\/wp-content\/uploads\/2026\/01\/T.Reines_IMG_8147-300x200.webp 300w, https:\/\/davidbastos.com.br\/wp-content\/uploads\/2026\/01\/T.Reines_IMG_8147-1024x683.webp 1024w, https:\/\/davidbastos.com.br\/wp-content\/uploads\/2026\/01\/T.Reines_IMG_8147-768x512.webp 768w, https:\/\/davidbastos.com.br\/wp-content\/uploads\/2026\/01\/T.Reines_IMG_8147-1536x1024.webp 1536w, https:\/\/davidbastos.com.br\/wp-content\/uploads\/2026\/01\/T.Reines_IMG_8147-18x12.webp 18w\" sizes=\"(max-width: 1920px) 100vw, 1920px\" \/>\t\t<\/div>\n\t\t\t\t<div class=\"elementor-portfolio-item__overlay\">\n\t\t\t\t<h3 class=\"elementor-portfolio-item__title\">\n\t\tMuro Alto &#8211; Ipojuca\t\t<\/h3>\n\t\t\t\t<\/div>\n\t\t\t\t<\/a>\n\t\t<\/article>\n\t\t\t\t<article class=\"elementor-portfolio-item elementor-post elementor-filter-9 elementor-filter-10 post-2739 projeto type-projeto status-publish has-post-thumbnail hentry categoria-de-projeto-casas categoria-de-projeto-casas-de-praia\" role=\"listitem\">\n\t\t\t<a class=\"elementor-post__thumbnail__link\" href=\"https:\/\/davidbastos.com.br\/en\/projeto\/itapororoca-itaquena-trancoso-viii\/\">\n\t\t\t\t<div class=\"elementor-portfolio-item__img elementor-post__thumbnail\">\n\t\t\t<img decoding=\"async\" width=\"1920\" height=\"1279\" src=\"https:\/\/davidbastos.com.br\/wp-content\/uploads\/2026\/01\/038_I1A8543.webp\" class=\"attachment-full size-full wp-image-2740\" alt=\"\" srcset=\"https:\/\/davidbastos.com.br\/wp-content\/uploads\/2026\/01\/038_I1A8543.webp 1920w, https:\/\/davidbastos.com.br\/wp-content\/uploads\/2026\/01\/038_I1A8543-300x200.webp 300w, https:\/\/davidbastos.com.br\/wp-content\/uploads\/2026\/01\/038_I1A8543-1024x682.webp 1024w, https:\/\/davidbastos.com.br\/wp-content\/uploads\/2026\/01\/038_I1A8543-768x512.webp 768w, https:\/\/davidbastos.com.br\/wp-content\/uploads\/2026\/01\/038_I1A8543-1536x1023.webp 1536w, https:\/\/davidbastos.com.br\/wp-content\/uploads\/2026\/01\/038_I1A8543-18x12.webp 18w\" sizes=\"(max-width: 1920px) 100vw, 1920px\" \/>\t\t<\/div>\n\t\t\t\t<div class=\"elementor-portfolio-item__overlay\">\n\t\t\t\t<h3 class=\"elementor-portfolio-item__title\">\n\t\tItapororoca Itaquena &#8211; Trancoso VIII\t\t<\/h3>\n\t\t\t\t<\/div>\n\t\t\t\t<\/a>\n\t\t<\/article>\n\t\t\t\t<article class=\"elementor-portfolio-item elementor-post elementor-filter-9 elementor-filter-10 post-2723 projeto type-projeto status-publish has-post-thumbnail hentry categoria-de-projeto-casas categoria-de-projeto-casas-de-praia\" role=\"listitem\">\n\t\t\t<a class=\"elementor-post__thumbnail__link\" href=\"https:\/\/davidbastos.com.br\/en\/projeto\/itaparica-ii-gamboa\/\">\n\t\t\t\t<div class=\"elementor-portfolio-item__img elementor-post__thumbnail\">\n\t\t\t<img decoding=\"async\" width=\"1920\" height=\"1280\" src=\"https:\/\/davidbastos.com.br\/wp-content\/uploads\/2026\/01\/T.Reines_IMG_1940.webp\" class=\"attachment-full size-full wp-image-2725\" alt=\"\" srcset=\"https:\/\/davidbastos.com.br\/wp-content\/uploads\/2026\/01\/T.Reines_IMG_1940.webp 1920w, https:\/\/davidbastos.com.br\/wp-content\/uploads\/2026\/01\/T.Reines_IMG_1940-300x200.webp 300w, https:\/\/davidbastos.com.br\/wp-content\/uploads\/2026\/01\/T.Reines_IMG_1940-1024x683.webp 1024w, https:\/\/davidbastos.com.br\/wp-content\/uploads\/2026\/01\/T.Reines_IMG_1940-768x512.webp 768w, https:\/\/davidbastos.com.br\/wp-content\/uploads\/2026\/01\/T.Reines_IMG_1940-1536x1024.webp 1536w, https:\/\/davidbastos.com.br\/wp-content\/uploads\/2026\/01\/T.Reines_IMG_1940-18x12.webp 18w\" sizes=\"(max-width: 1920px) 100vw, 1920px\" \/>\t\t<\/div>\n\t\t\t\t<div class=\"elementor-portfolio-item__overlay\">\n\t\t\t\t<h3 class=\"elementor-portfolio-item__title\">\n\t\tItaparica II &#8211; Gamboa\t\t<\/h3>\n\t\t\t\t<\/div>\n\t\t\t\t<\/a>\n\t\t<\/article>\n\t\t\t\t<article class=\"elementor-portfolio-item elementor-post elementor-filter-9 elementor-filter-10 post-2219 projeto type-projeto status-publish has-post-thumbnail hentry categoria-de-projeto-casas categoria-de-projeto-casas-de-praia\" role=\"listitem\">\n\t\t\t<a class=\"elementor-post__thumbnail__link\" href=\"https:\/\/davidbastos.com.br\/en\/projeto\/enseada-do-castelo-praia-do-forte-i\/\">\n\t\t\t\t<div class=\"elementor-portfolio-item__img elementor-post__thumbnail\">\n\t\t\t<img decoding=\"async\" width=\"1920\" height=\"1280\" src=\"https:\/\/davidbastos.com.br\/wp-content\/uploads\/2026\/01\/2.capa_.webp\" class=\"attachment-full size-full wp-image-2233\" alt=\"\" srcset=\"https:\/\/davidbastos.com.br\/wp-content\/uploads\/2026\/01\/2.capa_.webp 1920w, https:\/\/davidbastos.com.br\/wp-content\/uploads\/2026\/01\/2.capa_-300x200.webp 300w, https:\/\/davidbastos.com.br\/wp-content\/uploads\/2026\/01\/2.capa_-1024x683.webp 1024w, https:\/\/davidbastos.com.br\/wp-content\/uploads\/2026\/01\/2.capa_-768x512.webp 768w, https:\/\/davidbastos.com.br\/wp-content\/uploads\/2026\/01\/2.capa_-1536x1024.webp 1536w, https:\/\/davidbastos.com.br\/wp-content\/uploads\/2026\/01\/2.capa_-18x12.webp 18w\" sizes=\"(max-width: 1920px) 100vw, 1920px\" \/>\t\t<\/div>\n\t\t\t\t<div class=\"elementor-portfolio-item__overlay\">\n\t\t\t\t<h3 class=\"elementor-portfolio-item__title\">\n\t\tEnseada Do Castelo &#8211; Praia do Forte I\t\t<\/h3>\n\t\t\t\t<\/div>\n\t\t\t\t<\/a>\n\t\t<\/article>\n\t\t\t\t<article class=\"elementor-portfolio-item elementor-post elementor-filter-9 elementor-filter-10 post-2308 projeto type-projeto status-publish has-post-thumbnail hentry categoria-de-projeto-casas categoria-de-projeto-casas-de-praia\" role=\"listitem\">\n\t\t\t<a class=\"elementor-post__thumbnail__link\" href=\"https:\/\/davidbastos.com.br\/en\/projeto\/itapororoca-trancoso\/\">\n\t\t\t\t<div class=\"elementor-portfolio-item__img elementor-post__thumbnail\">\n\t\t\t<img decoding=\"async\" width=\"1920\" height=\"1280\" src=\"https:\/\/davidbastos.com.br\/wp-content\/uploads\/2026\/01\/3.0.webp\" class=\"attachment-full size-full wp-image-2309\" alt=\"\" srcset=\"https:\/\/davidbastos.com.br\/wp-content\/uploads\/2026\/01\/3.0.webp 1920w, https:\/\/davidbastos.com.br\/wp-content\/uploads\/2026\/01\/3.0-300x200.webp 300w, https:\/\/davidbastos.com.br\/wp-content\/uploads\/2026\/01\/3.0-1024x683.webp 1024w, https:\/\/davidbastos.com.br\/wp-content\/uploads\/2026\/01\/3.0-768x512.webp 768w, https:\/\/davidbastos.com.br\/wp-content\/uploads\/2026\/01\/3.0-1536x1024.webp 1536w, https:\/\/davidbastos.com.br\/wp-content\/uploads\/2026\/01\/3.0-18x12.webp 18w\" sizes=\"(max-width: 1920px) 100vw, 1920px\" \/>\t\t<\/div>\n\t\t\t\t<div class=\"elementor-portfolio-item__overlay\">\n\t\t\t\t<h3 class=\"elementor-portfolio-item__title\">\n\t\tItapororoca &#8211; Trancoso\t\t<\/h3>\n\t\t\t\t<\/div>\n\t\t\t\t<\/a>\n\t\t<\/article>\n\t\t\t\t<article class=\"elementor-portfolio-item elementor-post elementor-filter-9 elementor-filter-10 post-2350 projeto type-projeto status-publish has-post-thumbnail hentry categoria-de-projeto-casas categoria-de-projeto-casas-de-praia\" role=\"listitem\">\n\t\t\t<a class=\"elementor-post__thumbnail__link\" href=\"https:\/\/davidbastos.com.br\/en\/projeto\/piscinas-naturais-praia-do-forte-iii\/\">\n\t\t\t\t<div class=\"elementor-portfolio-item__img elementor-post__thumbnail\">\n\t\t\t<img decoding=\"async\" width=\"1920\" height=\"1280\" src=\"https:\/\/davidbastos.com.br\/wp-content\/uploads\/2026\/01\/4-7.webp\" class=\"attachment-full size-full wp-image-2356\" alt=\"\" srcset=\"https:\/\/davidbastos.com.br\/wp-content\/uploads\/2026\/01\/4-7.webp 1920w, https:\/\/davidbastos.com.br\/wp-content\/uploads\/2026\/01\/4-7-300x200.webp 300w, https:\/\/davidbastos.com.br\/wp-content\/uploads\/2026\/01\/4-7-1024x683.webp 1024w, https:\/\/davidbastos.com.br\/wp-content\/uploads\/2026\/01\/4-7-768x512.webp 768w, https:\/\/davidbastos.com.br\/wp-content\/uploads\/2026\/01\/4-7-1536x1024.webp 1536w, https:\/\/davidbastos.com.br\/wp-content\/uploads\/2026\/01\/4-7-18x12.webp 18w\" sizes=\"(max-width: 1920px) 100vw, 1920px\" \/>\t\t<\/div>\n\t\t\t\t<div class=\"elementor-portfolio-item__overlay\">\n\t\t\t\t<h3 class=\"elementor-portfolio-item__title\">\n\t\tPiscinas Naturais &#8211; Praia do Forte III\t\t<\/h3>\n\t\t\t\t<\/div>\n\t\t\t\t<\/a>\n\t\t<\/article>\n\t\t\t\t<article class=\"elementor-portfolio-item elementor-post elementor-filter-9 elementor-filter-10 post-2386 projeto type-projeto status-publish has-post-thumbnail hentry categoria-de-projeto-casas categoria-de-projeto-casas-de-praia\" role=\"listitem\">\n\t\t\t<a class=\"elementor-post__thumbnail__link\" href=\"https:\/\/davidbastos.com.br\/en\/projeto\/terravista-i\/\">\n\t\t\t\t<div class=\"elementor-portfolio-item__img elementor-post__thumbnail\">\n\t\t\t<img decoding=\"async\" width=\"1920\" height=\"1440\" src=\"https:\/\/davidbastos.com.br\/wp-content\/uploads\/2026\/01\/2-7.webp\" class=\"attachment-full size-full wp-image-2403\" alt=\"\" srcset=\"https:\/\/davidbastos.com.br\/wp-content\/uploads\/2026\/01\/2-7.webp 1920w, https:\/\/davidbastos.com.br\/wp-content\/uploads\/2026\/01\/2-7-300x225.webp 300w, https:\/\/davidbastos.com.br\/wp-content\/uploads\/2026\/01\/2-7-1024x768.webp 1024w, https:\/\/davidbastos.com.br\/wp-content\/uploads\/2026\/01\/2-7-768x576.webp 768w, https:\/\/davidbastos.com.br\/wp-content\/uploads\/2026\/01\/2-7-1536x1152.webp 1536w, https:\/\/davidbastos.com.br\/wp-content\/uploads\/2026\/01\/2-7-16x12.webp 16w\" sizes=\"(max-width: 1920px) 100vw, 1920px\" \/>\t\t<\/div>\n\t\t\t\t<div class=\"elementor-portfolio-item__overlay\">\n\t\t\t\t<h3 class=\"elementor-portfolio-item__title\">\n\t\tTerravista II &#8211; Trancoso II\t\t<\/h3>\n\t\t\t\t<\/div>\n\t\t\t\t<\/a>\n\t\t<\/article>\n\t\t\t\t<article class=\"elementor-portfolio-item elementor-post elementor-filter-9 elementor-filter-10 post-2406 projeto type-projeto status-publish has-post-thumbnail hentry categoria-de-projeto-casas categoria-de-projeto-casas-de-praia\" role=\"listitem\">\n\t\t\t<a class=\"elementor-post__thumbnail__link\" href=\"https:\/\/davidbastos.com.br\/en\/projeto\/terravista-i-2\/\">\n\t\t\t\t<div class=\"elementor-portfolio-item__img elementor-post__thumbnail\">\n\t\t\t<img decoding=\"async\" width=\"2560\" height=\"1713\" src=\"https:\/\/davidbastos.com.br\/wp-content\/uploads\/2026\/01\/Casa-30-DB-001-scaled.jpg\" class=\"attachment-full size-full wp-image-2416\" alt=\"\" srcset=\"https:\/\/davidbastos.com.br\/wp-content\/uploads\/2026\/01\/Casa-30-DB-001-scaled.jpg 2560w, https:\/\/davidbastos.com.br\/wp-content\/uploads\/2026\/01\/Casa-30-DB-001-300x201.jpg 300w, https:\/\/davidbastos.com.br\/wp-content\/uploads\/2026\/01\/Casa-30-DB-001-1024x685.jpg 1024w, https:\/\/davidbastos.com.br\/wp-content\/uploads\/2026\/01\/Casa-30-DB-001-768x514.jpg 768w, https:\/\/davidbastos.com.br\/wp-content\/uploads\/2026\/01\/Casa-30-DB-001-1536x1028.jpg 1536w, https:\/\/davidbastos.com.br\/wp-content\/uploads\/2026\/01\/Casa-30-DB-001-2048x1370.jpg 2048w, https:\/\/davidbastos.com.br\/wp-content\/uploads\/2026\/01\/Casa-30-DB-001-18x12.jpg 18w\" sizes=\"(max-width: 2560px) 100vw, 2560px\" \/>\t\t<\/div>\n\t\t\t\t<div class=\"elementor-portfolio-item__overlay\">\n\t\t\t\t<h3 class=\"elementor-portfolio-item__title\">\n\t\tTerravista I &#8211; Trancoso I\t\t<\/h3>\n\t\t\t\t<\/div>\n\t\t\t\t<\/a>\n\t\t<\/article>\n\t\t\t\t<article class=\"elementor-portfolio-item elementor-post elementor-filter-9 elementor-filter-10 post-2425 projeto type-projeto status-publish has-post-thumbnail hentry categoria-de-projeto-casas categoria-de-projeto-casas-de-praia\" role=\"listitem\">\n\t\t\t<a class=\"elementor-post__thumbnail__link\" href=\"https:\/\/davidbastos.com.br\/en\/projeto\/terravista-v\/\">\n\t\t\t\t<div class=\"elementor-portfolio-item__img elementor-post__thumbnail\">\n\t\t\t<img decoding=\"async\" width=\"1920\" height=\"1280\" src=\"https:\/\/davidbastos.com.br\/wp-content\/uploads\/2026\/01\/15-5.webp\" class=\"attachment-full size-full wp-image-2437\" alt=\"\" srcset=\"https:\/\/davidbastos.com.br\/wp-content\/uploads\/2026\/01\/15-5.webp 1920w, https:\/\/davidbastos.com.br\/wp-content\/uploads\/2026\/01\/15-5-300x200.webp 300w, https:\/\/davidbastos.com.br\/wp-content\/uploads\/2026\/01\/15-5-1024x683.webp 1024w, https:\/\/davidbastos.com.br\/wp-content\/uploads\/2026\/01\/15-5-768x512.webp 768w, https:\/\/davidbastos.com.br\/wp-content\/uploads\/2026\/01\/15-5-1536x1024.webp 1536w, https:\/\/davidbastos.com.br\/wp-content\/uploads\/2026\/01\/15-5-18x12.webp 18w\" sizes=\"(max-width: 1920px) 100vw, 1920px\" \/>\t\t<\/div>\n\t\t\t\t<div class=\"elementor-portfolio-item__overlay\">\n\t\t\t\t<h3 class=\"elementor-portfolio-item__title\">\n\t\tTerravista V &#8211; Trancoso V\t\t<\/h3>\n\t\t\t\t<\/div>\n\t\t\t\t<\/a>\n\t\t<\/article>\n\t\t\t\t<article class=\"elementor-portfolio-item elementor-post elementor-filter-9 elementor-filter-10 post-2443 projeto type-projeto status-publish has-post-thumbnail hentry categoria-de-projeto-casas categoria-de-projeto-casas-de-praia\" role=\"listitem\">\n\t\t\t<a class=\"elementor-post__thumbnail__link\" href=\"https:\/\/davidbastos.com.br\/en\/projeto\/terravista-iv\/\">\n\t\t\t\t<div class=\"elementor-portfolio-item__img elementor-post__thumbnail\">\n\t\t\t<img decoding=\"async\" width=\"1920\" height=\"1080\" src=\"https:\/\/davidbastos.com.br\/wp-content\/uploads\/2026\/01\/10-CAPA.webp\" class=\"attachment-full size-full wp-image-2453\" alt=\"\" srcset=\"https:\/\/davidbastos.com.br\/wp-content\/uploads\/2026\/01\/10-CAPA.webp 1920w, https:\/\/davidbastos.com.br\/wp-content\/uploads\/2026\/01\/10-CAPA-300x169.webp 300w, https:\/\/davidbastos.com.br\/wp-content\/uploads\/2026\/01\/10-CAPA-1024x576.webp 1024w, https:\/\/davidbastos.com.br\/wp-content\/uploads\/2026\/01\/10-CAPA-768x432.webp 768w, https:\/\/davidbastos.com.br\/wp-content\/uploads\/2026\/01\/10-CAPA-1536x864.webp 1536w, https:\/\/davidbastos.com.br\/wp-content\/uploads\/2026\/01\/10-CAPA-18x10.webp 18w\" sizes=\"(max-width: 1920px) 100vw, 1920px\" \/>\t\t<\/div>\n\t\t\t\t<div class=\"elementor-portfolio-item__overlay\">\n\t\t\t\t<h3 class=\"elementor-portfolio-item__title\">\n\t\tTerravista IV &#8211; Trancoso IV\t\t<\/h3>\n\t\t\t\t<\/div>\n\t\t\t\t<\/a>\n\t\t<\/article>\n\t\t\t\t<article class=\"elementor-portfolio-item elementor-post elementor-filter-9 elementor-filter-10 post-2454 projeto type-projeto status-publish has-post-thumbnail hentry categoria-de-projeto-casas categoria-de-projeto-casas-de-praia\" role=\"listitem\">\n\t\t\t<a class=\"elementor-post__thumbnail__link\" href=\"https:\/\/davidbastos.com.br\/en\/projeto\/terravista-ii\/\">\n\t\t\t\t<div class=\"elementor-portfolio-item__img elementor-post__thumbnail\">\n\t\t\t<img decoding=\"async\" width=\"1920\" height=\"1280\" src=\"https:\/\/davidbastos.com.br\/wp-content\/uploads\/2026\/01\/26-Capa.webp\" class=\"attachment-full size-full wp-image-2484\" alt=\"\" srcset=\"https:\/\/davidbastos.com.br\/wp-content\/uploads\/2026\/01\/26-Capa.webp 1920w, https:\/\/davidbastos.com.br\/wp-content\/uploads\/2026\/01\/26-Capa-300x200.webp 300w, https:\/\/davidbastos.com.br\/wp-content\/uploads\/2026\/01\/26-Capa-1024x683.webp 1024w, https:\/\/davidbastos.com.br\/wp-content\/uploads\/2026\/01\/26-Capa-768x512.webp 768w, https:\/\/davidbastos.com.br\/wp-content\/uploads\/2026\/01\/26-Capa-1536x1024.webp 1536w, https:\/\/davidbastos.com.br\/wp-content\/uploads\/2026\/01\/26-Capa-18x12.webp 18w\" sizes=\"(max-width: 1920px) 100vw, 1920px\" \/>\t\t<\/div>\n\t\t\t\t<div class=\"elementor-portfolio-item__overlay\">\n\t\t\t\t<h3 class=\"elementor-portfolio-item__title\">\n\t\tTerravista &#8211; Trancoso VI\t\t<\/h3>\n\t\t\t\t<\/div>\n\t\t\t\t<\/a>\n\t\t<\/article>\n\t\t\t\t<article class=\"elementor-portfolio-item elementor-post elementor-filter-9 elementor-filter-10 post-2485 projeto type-projeto status-publish has-post-thumbnail hentry categoria-de-projeto-casas categoria-de-projeto-casas-de-praia\" role=\"listitem\">\n\t\t\t<a class=\"elementor-post__thumbnail__link\" href=\"https:\/\/davidbastos.com.br\/en\/projeto\/terravista-vii-trancoso-vii\/\">\n\t\t\t\t<div class=\"elementor-portfolio-item__img elementor-post__thumbnail\">\n\t\t\t<img decoding=\"async\" width=\"1920\" height=\"1078\" src=\"https:\/\/davidbastos.com.br\/wp-content\/uploads\/2026\/01\/3-13.webp\" class=\"attachment-full size-full wp-image-2498\" alt=\"\" srcset=\"https:\/\/davidbastos.com.br\/wp-content\/uploads\/2026\/01\/3-13.webp 1920w, https:\/\/davidbastos.com.br\/wp-content\/uploads\/2026\/01\/3-13-300x168.webp 300w, https:\/\/davidbastos.com.br\/wp-content\/uploads\/2026\/01\/3-13-1024x575.webp 1024w, https:\/\/davidbastos.com.br\/wp-content\/uploads\/2026\/01\/3-13-768x431.webp 768w, https:\/\/davidbastos.com.br\/wp-content\/uploads\/2026\/01\/3-13-1536x862.webp 1536w, https:\/\/davidbastos.com.br\/wp-content\/uploads\/2026\/01\/3-13-18x10.webp 18w\" sizes=\"(max-width: 1920px) 100vw, 1920px\" \/>\t\t<\/div>\n\t\t\t\t<div class=\"elementor-portfolio-item__overlay\">\n\t\t\t\t<h3 class=\"elementor-portfolio-item__title\">\n\t\tTerravista VII &#8211; Trancoso VII\t\t<\/h3>\n\t\t\t\t<\/div>\n\t\t\t\t<\/a>\n\t\t<\/article>\n\t\t\t\t<article class=\"elementor-portfolio-item elementor-post elementor-filter-9 elementor-filter-10 post-1885 projeto type-projeto status-publish has-post-thumbnail hentry categoria-de-projeto-casas categoria-de-projeto-casas-de-praia\" role=\"listitem\">\n\t\t\t<a class=\"elementor-post__thumbnail__link\" href=\"https:\/\/davidbastos.com.br\/en\/projeto\/encontro-das-aguas-lauro-de-freitas\/\">\n\t\t\t\t<div class=\"elementor-portfolio-item__img elementor-post__thumbnail\">\n\t\t\t<img decoding=\"async\" width=\"1920\" height=\"1280\" src=\"https:\/\/davidbastos.com.br\/wp-content\/uploads\/2025\/12\/T.Reines_IMG_6611.webp\" class=\"attachment-full size-full wp-image-1893\" alt=\"\" srcset=\"https:\/\/davidbastos.com.br\/wp-content\/uploads\/2025\/12\/T.Reines_IMG_6611.webp 1920w, https:\/\/davidbastos.com.br\/wp-content\/uploads\/2025\/12\/T.Reines_IMG_6611-300x200.webp 300w, https:\/\/davidbastos.com.br\/wp-content\/uploads\/2025\/12\/T.Reines_IMG_6611-1024x683.webp 1024w, https:\/\/davidbastos.com.br\/wp-content\/uploads\/2025\/12\/T.Reines_IMG_6611-768x512.webp 768w, https:\/\/davidbastos.com.br\/wp-content\/uploads\/2025\/12\/T.Reines_IMG_6611-1536x1024.webp 1536w, https:\/\/davidbastos.com.br\/wp-content\/uploads\/2025\/12\/T.Reines_IMG_6611-18x12.webp 18w\" sizes=\"(max-width: 1920px) 100vw, 1920px\" \/>\t\t<\/div>\n\t\t\t\t<div class=\"elementor-portfolio-item__overlay\">\n\t\t\t\t<h3 class=\"elementor-portfolio-item__title\">\n\t\tEncontro das \u00c1guas &#8211; Lauro de Freitas\t\t<\/h3>\n\t\t\t\t<\/div>\n\t\t\t\t<\/a>\n\t\t<\/article>\n\t\t\t\t<\/div>\n\t\t\t\t\t\t<\/div>\n\t\t\t\t<\/div>\n\t\t\t\t<\/div>\n\t\t\t\t\t<\/div>\n\t\t\t\t<\/div>\n\t\t<div id=\"e-n-tab-content-1639304864\" role=\"tabpanel\" aria-labelledby=\"e-n-tab-title-1639304864\" data-tab-index=\"4\" style=\"--n-tabs-title-order: 4;\" class=\"elementor-element elementor-element-27d4e9c e-flex e-con-boxed e-con e-child\" data-id=\"27d4e9c\" data-element_type=\"container\" data-e-type=\"container\">\n\t\t\t\t\t<div class=\"e-con-inner\">\n\t\t<div class=\"elementor-element elementor-element-d455450 e-con-full e-flex elementor-invisible e-con e-child\" data-id=\"d455450\" data-element_type=\"container\" data-e-type=\"container\" data-settings=\"{&quot;animation&quot;:&quot;fadeIn&quot;}\">\n\t\t\t\t<div class=\"elementor-element elementor-element-16fc49a elementor-grid-4 elementor-widget__width-inherit elementor-grid-tablet-2 elementor-grid-mobile-1 elementor-widget elementor-widget-portfolio\" data-id=\"16fc49a\" data-element_type=\"widget\" data-e-type=\"widget\" data-settings=\"{&quot;columns&quot;:&quot;4&quot;,&quot;row_gap&quot;:{&quot;unit&quot;:&quot;px&quot;,&quot;size&quot;:12,&quot;sizes&quot;:[]},&quot;columns_tablet&quot;:&quot;2&quot;,&quot;columns_mobile&quot;:&quot;1&quot;,&quot;item_ratio&quot;:{&quot;unit&quot;:&quot;px&quot;,&quot;size&quot;:0.66,&quot;sizes&quot;:[]},&quot;item_gap&quot;:{&quot;unit&quot;:&quot;px&quot;,&quot;size&quot;:&quot;&quot;,&quot;sizes&quot;:[]}}\" data-widget_type=\"portfolio.default\">\n\t\t\t\t<div class=\"elementor-widget-container\">\n\t\t\t\t\t\t\t<div class=\"elementor-portfolio elementor-grid elementor-posts-container\" role=\"list\">\n\t\t\t\t<article class=\"elementor-portfolio-item elementor-post elementor-filter-9 elementor-filter-11 elementor-filter-24 elementor-filter-23 post-4374 projeto type-projeto status-publish has-post-thumbnail hentry categoria-de-projeto-casas categoria-de-projeto-casas-urbanas categoria-de-projeto-condominios categoria-de-projeto-urbanismo\" role=\"listitem\">\n\t\t\t<a class=\"elementor-post__thumbnail__link\" href=\"https:\/\/davidbastos.com.br\/en\/projeto\/boutique-villas-cascais\/\">\n\t\t\t\t<div class=\"elementor-portfolio-item__img elementor-post__thumbnail\">\n\t\t\t<img decoding=\"async\" width=\"1920\" height=\"1440\" src=\"https:\/\/davidbastos.com.br\/wp-content\/uploads\/2026\/02\/182.webp\" class=\"attachment-full size-full wp-image-4386\" alt=\"\" srcset=\"https:\/\/davidbastos.com.br\/wp-content\/uploads\/2026\/02\/182.webp 1920w, https:\/\/davidbastos.com.br\/wp-content\/uploads\/2026\/02\/182-300x225.webp 300w, https:\/\/davidbastos.com.br\/wp-content\/uploads\/2026\/02\/182-1024x768.webp 1024w, https:\/\/davidbastos.com.br\/wp-content\/uploads\/2026\/02\/182-768x576.webp 768w, https:\/\/davidbastos.com.br\/wp-content\/uploads\/2026\/02\/182-1536x1152.webp 1536w, https:\/\/davidbastos.com.br\/wp-content\/uploads\/2026\/02\/182-16x12.webp 16w\" sizes=\"(max-width: 1920px) 100vw, 1920px\" \/>\t\t<\/div>\n\t\t\t\t<div class=\"elementor-portfolio-item__overlay\">\n\t\t\t\t<h3 class=\"elementor-portfolio-item__title\">\n\t\tBoutique Villas Cascais\t\t<\/h3>\n\t\t\t\t<\/div>\n\t\t\t\t<\/a>\n\t\t<\/article>\n\t\t\t\t<article class=\"elementor-portfolio-item elementor-post elementor-filter-9 elementor-filter-11 post-2758 projeto type-projeto status-publish has-post-thumbnail hentry categoria-de-projeto-casas categoria-de-projeto-casas-urbanas\" role=\"listitem\">\n\t\t\t<a class=\"elementor-post__thumbnail__link\" href=\"https:\/\/davidbastos.com.br\/en\/projeto\/jardim-paulista-ii-casa\/\">\n\t\t\t\t<div class=\"elementor-portfolio-item__img elementor-post__thumbnail\">\n\t\t\t<img decoding=\"async\" width=\"1920\" height=\"1280\" src=\"https:\/\/davidbastos.com.br\/wp-content\/uploads\/2026\/01\/0Z7A7184-1-2.webp\" class=\"attachment-full size-full wp-image-2769\" alt=\"\" srcset=\"https:\/\/davidbastos.com.br\/wp-content\/uploads\/2026\/01\/0Z7A7184-1-2.webp 1920w, https:\/\/davidbastos.com.br\/wp-content\/uploads\/2026\/01\/0Z7A7184-1-2-300x200.webp 300w, https:\/\/davidbastos.com.br\/wp-content\/uploads\/2026\/01\/0Z7A7184-1-2-1024x683.webp 1024w, https:\/\/davidbastos.com.br\/wp-content\/uploads\/2026\/01\/0Z7A7184-1-2-768x512.webp 768w, https:\/\/davidbastos.com.br\/wp-content\/uploads\/2026\/01\/0Z7A7184-1-2-1536x1024.webp 1536w, https:\/\/davidbastos.com.br\/wp-content\/uploads\/2026\/01\/0Z7A7184-1-2-18x12.webp 18w\" sizes=\"(max-width: 1920px) 100vw, 1920px\" \/>\t\t<\/div>\n\t\t\t\t<div class=\"elementor-portfolio-item__overlay\">\n\t\t\t\t<h3 class=\"elementor-portfolio-item__title\">\n\t\tJardim Paulista II &#8211; Casa\t\t<\/h3>\n\t\t\t\t<\/div>\n\t\t\t\t<\/a>\n\t\t<\/article>\n\t\t\t\t<article class=\"elementor-portfolio-item elementor-post elementor-filter-11 post-1058 projeto type-projeto status-publish has-post-thumbnail hentry categoria-de-projeto-casas-urbanas\" role=\"listitem\">\n\t\t\t<a class=\"elementor-post__thumbnail__link\" href=\"https:\/\/davidbastos.com.br\/en\/projeto\/casa-jardim-america-ii\/\">\n\t\t\t\t<div class=\"elementor-portfolio-item__img elementor-post__thumbnail\">\n\t\t\t<img decoding=\"async\" width=\"1600\" height=\"1067\" src=\"https:\/\/davidbastos.com.br\/wp-content\/uploads\/2025\/10\/casa-jardim-america-II-1.webp\" class=\"attachment-full size-full wp-image-1072\" alt=\"\" srcset=\"https:\/\/davidbastos.com.br\/wp-content\/uploads\/2025\/10\/casa-jardim-america-II-1.webp 1600w, https:\/\/davidbastos.com.br\/wp-content\/uploads\/2025\/10\/casa-jardim-america-II-1-300x200.webp 300w, https:\/\/davidbastos.com.br\/wp-content\/uploads\/2025\/10\/casa-jardim-america-II-1-1024x683.webp 1024w, https:\/\/davidbastos.com.br\/wp-content\/uploads\/2025\/10\/casa-jardim-america-II-1-768x512.webp 768w, https:\/\/davidbastos.com.br\/wp-content\/uploads\/2025\/10\/casa-jardim-america-II-1-1536x1024.webp 1536w, https:\/\/davidbastos.com.br\/wp-content\/uploads\/2025\/10\/casa-jardim-america-II-1-18x12.webp 18w\" sizes=\"(max-width: 1600px) 100vw, 1600px\" \/>\t\t<\/div>\n\t\t\t\t<div class=\"elementor-portfolio-item__overlay\">\n\t\t\t\t<h3 class=\"elementor-portfolio-item__title\">\n\t\tCasa Jardim Am\u00e9rica II\t\t<\/h3>\n\t\t\t\t<\/div>\n\t\t\t\t<\/a>\n\t\t<\/article>\n\t\t\t\t<article class=\"elementor-portfolio-item elementor-post elementor-filter-9 elementor-filter-11 post-1139 projeto type-projeto status-publish has-post-thumbnail hentry categoria-de-projeto-casas categoria-de-projeto-casas-urbanas\" role=\"listitem\">\n\t\t\t<a class=\"elementor-post__thumbnail__link\" href=\"https:\/\/davidbastos.com.br\/en\/projeto\/jardim-america-i\/\">\n\t\t\t\t<div class=\"elementor-portfolio-item__img elementor-post__thumbnail\">\n\t\t\t<img decoding=\"async\" width=\"1600\" height=\"1067\" src=\"https:\/\/davidbastos.com.br\/wp-content\/uploads\/2025\/11\/jardim-america-I-12.webp\" class=\"attachment-full size-full wp-image-1140\" alt=\"\" srcset=\"https:\/\/davidbastos.com.br\/wp-content\/uploads\/2025\/11\/jardim-america-I-12.webp 1600w, https:\/\/davidbastos.com.br\/wp-content\/uploads\/2025\/11\/jardim-america-I-12-300x200.webp 300w, https:\/\/davidbastos.com.br\/wp-content\/uploads\/2025\/11\/jardim-america-I-12-1024x683.webp 1024w, https:\/\/davidbastos.com.br\/wp-content\/uploads\/2025\/11\/jardim-america-I-12-768x512.webp 768w, https:\/\/davidbastos.com.br\/wp-content\/uploads\/2025\/11\/jardim-america-I-12-1536x1024.webp 1536w, https:\/\/davidbastos.com.br\/wp-content\/uploads\/2025\/11\/jardim-america-I-12-18x12.webp 18w\" sizes=\"(max-width: 1600px) 100vw, 1600px\" \/>\t\t<\/div>\n\t\t\t\t<div class=\"elementor-portfolio-item__overlay\">\n\t\t\t\t<h3 class=\"elementor-portfolio-item__title\">\n\t\tJardim Am\u00e9rica I\t\t<\/h3>\n\t\t\t\t<\/div>\n\t\t\t\t<\/a>\n\t\t<\/article>\n\t\t\t\t<article class=\"elementor-portfolio-item elementor-post elementor-filter-9 elementor-filter-11 post-4547 projeto type-projeto status-publish has-post-thumbnail hentry categoria-de-projeto-casas categoria-de-projeto-casas-urbanas\" role=\"listitem\">\n\t\t\t<a class=\"elementor-post__thumbnail__link\" href=\"https:\/\/davidbastos.com.br\/en\/projeto\/parque-lucaia-horto-florestal\/\">\n\t\t\t\t<div class=\"elementor-portfolio-item__img elementor-post__thumbnail\">\n\t\t\t<img decoding=\"async\" width=\"1920\" height=\"1280\" src=\"https:\/\/davidbastos.com.br\/wp-content\/uploads\/2026\/03\/IMG_1756_Tuca_Reines.webp\" class=\"attachment-full size-full wp-image-4552\" alt=\"\" srcset=\"https:\/\/davidbastos.com.br\/wp-content\/uploads\/2026\/03\/IMG_1756_Tuca_Reines.webp 1920w, https:\/\/davidbastos.com.br\/wp-content\/uploads\/2026\/03\/IMG_1756_Tuca_Reines-300x200.webp 300w, https:\/\/davidbastos.com.br\/wp-content\/uploads\/2026\/03\/IMG_1756_Tuca_Reines-1024x683.webp 1024w, https:\/\/davidbastos.com.br\/wp-content\/uploads\/2026\/03\/IMG_1756_Tuca_Reines-768x512.webp 768w, https:\/\/davidbastos.com.br\/wp-content\/uploads\/2026\/03\/IMG_1756_Tuca_Reines-1536x1024.webp 1536w, https:\/\/davidbastos.com.br\/wp-content\/uploads\/2026\/03\/IMG_1756_Tuca_Reines-18x12.webp 18w\" sizes=\"(max-width: 1920px) 100vw, 1920px\" \/>\t\t<\/div>\n\t\t\t\t<div class=\"elementor-portfolio-item__overlay\">\n\t\t\t\t<h3 class=\"elementor-portfolio-item__title\">\n\t\tParque Lucaia &#8211; Horto Florestal\t\t<\/h3>\n\t\t\t\t<\/div>\n\t\t\t\t<\/a>\n\t\t<\/article>\n\t\t\t\t<article class=\"elementor-portfolio-item elementor-post elementor-filter-9 elementor-filter-11 post-4535 projeto type-projeto status-publish has-post-thumbnail hentry categoria-de-projeto-casas categoria-de-projeto-casas-urbanas\" role=\"listitem\">\n\t\t\t<a class=\"elementor-post__thumbnail__link\" href=\"https:\/\/davidbastos.com.br\/en\/projeto\/rua-grecia-jardim-america-vi\/\">\n\t\t\t\t<div class=\"elementor-portfolio-item__img elementor-post__thumbnail\">\n\t\t\t<img decoding=\"async\" width=\"1920\" height=\"1280\" src=\"https:\/\/davidbastos.com.br\/wp-content\/uploads\/2026\/03\/IMG_0125_TucaReines_090605.webp\" class=\"attachment-full size-full wp-image-4538\" alt=\"\" srcset=\"https:\/\/davidbastos.com.br\/wp-content\/uploads\/2026\/03\/IMG_0125_TucaReines_090605.webp 1920w, https:\/\/davidbastos.com.br\/wp-content\/uploads\/2026\/03\/IMG_0125_TucaReines_090605-300x200.webp 300w, https:\/\/davidbastos.com.br\/wp-content\/uploads\/2026\/03\/IMG_0125_TucaReines_090605-1024x683.webp 1024w, https:\/\/davidbastos.com.br\/wp-content\/uploads\/2026\/03\/IMG_0125_TucaReines_090605-768x512.webp 768w, https:\/\/davidbastos.com.br\/wp-content\/uploads\/2026\/03\/IMG_0125_TucaReines_090605-1536x1024.webp 1536w, https:\/\/davidbastos.com.br\/wp-content\/uploads\/2026\/03\/IMG_0125_TucaReines_090605-18x12.webp 18w\" sizes=\"(max-width: 1920px) 100vw, 1920px\" \/>\t\t<\/div>\n\t\t\t\t<div class=\"elementor-portfolio-item__overlay\">\n\t\t\t\t<h3 class=\"elementor-portfolio-item__title\">\n\t\tRua Gr\u00e9cia &#8211; Jardim Am\u00e9rica VI\t\t<\/h3>\n\t\t\t\t<\/div>\n\t\t\t\t<\/a>\n\t\t<\/article>\n\t\t\t\t<article class=\"elementor-portfolio-item elementor-post elementor-filter-9 elementor-filter-11 post-2569 projeto type-projeto status-publish has-post-thumbnail hentry categoria-de-projeto-casas categoria-de-projeto-casas-urbanas\" role=\"listitem\">\n\t\t\t<a class=\"elementor-post__thumbnail__link\" href=\"https:\/\/davidbastos.com.br\/en\/projeto\/alphaville-ii\/\">\n\t\t\t\t<div class=\"elementor-portfolio-item__img elementor-post__thumbnail\">\n\t\t\t<img decoding=\"async\" width=\"1920\" height=\"1280\" src=\"https:\/\/davidbastos.com.br\/wp-content\/uploads\/2026\/01\/T.Reines_IMG_1858.webp\" class=\"attachment-full size-full wp-image-2587\" alt=\"\" srcset=\"https:\/\/davidbastos.com.br\/wp-content\/uploads\/2026\/01\/T.Reines_IMG_1858.webp 1920w, https:\/\/davidbastos.com.br\/wp-content\/uploads\/2026\/01\/T.Reines_IMG_1858-300x200.webp 300w, https:\/\/davidbastos.com.br\/wp-content\/uploads\/2026\/01\/T.Reines_IMG_1858-1024x683.webp 1024w, https:\/\/davidbastos.com.br\/wp-content\/uploads\/2026\/01\/T.Reines_IMG_1858-768x512.webp 768w, https:\/\/davidbastos.com.br\/wp-content\/uploads\/2026\/01\/T.Reines_IMG_1858-1536x1024.webp 1536w, https:\/\/davidbastos.com.br\/wp-content\/uploads\/2026\/01\/T.Reines_IMG_1858-18x12.webp 18w\" sizes=\"(max-width: 1920px) 100vw, 1920px\" \/>\t\t<\/div>\n\t\t\t\t<div class=\"elementor-portfolio-item__overlay\">\n\t\t\t\t<h3 class=\"elementor-portfolio-item__title\">\n\t\tAlphaville II\t\t<\/h3>\n\t\t\t\t<\/div>\n\t\t\t\t<\/a>\n\t\t<\/article>\n\t\t\t\t<article class=\"elementor-portfolio-item elementor-post elementor-filter-11 post-2319 projeto type-projeto status-publish has-post-thumbnail hentry categoria-de-projeto-casas-urbanas\" role=\"listitem\">\n\t\t\t<a class=\"elementor-post__thumbnail__link\" href=\"https:\/\/davidbastos.com.br\/en\/projeto\/jardim-paulista-i\/\">\n\t\t\t\t<div class=\"elementor-portfolio-item__img elementor-post__thumbnail\">\n\t\t\t<img decoding=\"async\" width=\"1920\" height=\"1280\" src=\"https:\/\/davidbastos.com.br\/wp-content\/uploads\/2026\/01\/6.Capa_.webp\" class=\"attachment-full size-full wp-image-2335\" alt=\"\" srcset=\"https:\/\/davidbastos.com.br\/wp-content\/uploads\/2026\/01\/6.Capa_.webp 1920w, https:\/\/davidbastos.com.br\/wp-content\/uploads\/2026\/01\/6.Capa_-300x200.webp 300w, https:\/\/davidbastos.com.br\/wp-content\/uploads\/2026\/01\/6.Capa_-1024x683.webp 1024w, https:\/\/davidbastos.com.br\/wp-content\/uploads\/2026\/01\/6.Capa_-768x512.webp 768w, https:\/\/davidbastos.com.br\/wp-content\/uploads\/2026\/01\/6.Capa_-1536x1024.webp 1536w, https:\/\/davidbastos.com.br\/wp-content\/uploads\/2026\/01\/6.Capa_-18x12.webp 18w\" sizes=\"(max-width: 1920px) 100vw, 1920px\" \/>\t\t<\/div>\n\t\t\t\t<div class=\"elementor-portfolio-item__overlay\">\n\t\t\t\t<h3 class=\"elementor-portfolio-item__title\">\n\t\tJardim Paulista I\t\t<\/h3>\n\t\t\t\t<\/div>\n\t\t\t\t<\/a>\n\t\t<\/article>\n\t\t\t\t<article class=\"elementor-portfolio-item elementor-post elementor-filter-9 elementor-filter-11 post-2269 projeto type-projeto status-publish has-post-thumbnail hentry categoria-de-projeto-casas categoria-de-projeto-casas-urbanas\" role=\"listitem\">\n\t\t\t<a class=\"elementor-post__thumbnail__link\" href=\"https:\/\/davidbastos.com.br\/en\/projeto\/horto-florestal\/\">\n\t\t\t\t<div class=\"elementor-portfolio-item__img elementor-post__thumbnail\">\n\t\t\t<img decoding=\"async\" width=\"1920\" height=\"1280\" src=\"https:\/\/davidbastos.com.br\/wp-content\/uploads\/2026\/01\/1-3.webp\" class=\"attachment-full size-full wp-image-2279\" alt=\"\" srcset=\"https:\/\/davidbastos.com.br\/wp-content\/uploads\/2026\/01\/1-3.webp 1920w, https:\/\/davidbastos.com.br\/wp-content\/uploads\/2026\/01\/1-3-300x200.webp 300w, https:\/\/davidbastos.com.br\/wp-content\/uploads\/2026\/01\/1-3-1024x683.webp 1024w, https:\/\/davidbastos.com.br\/wp-content\/uploads\/2026\/01\/1-3-768x512.webp 768w, https:\/\/davidbastos.com.br\/wp-content\/uploads\/2026\/01\/1-3-1536x1024.webp 1536w, https:\/\/davidbastos.com.br\/wp-content\/uploads\/2026\/01\/1-3-18x12.webp 18w\" sizes=\"(max-width: 1920px) 100vw, 1920px\" \/>\t\t<\/div>\n\t\t\t\t<div class=\"elementor-portfolio-item__overlay\">\n\t\t\t\t<h3 class=\"elementor-portfolio-item__title\">\n\t\tHorto Florestal\t\t<\/h3>\n\t\t\t\t<\/div>\n\t\t\t\t<\/a>\n\t\t<\/article>\n\t\t\t\t<article class=\"elementor-portfolio-item elementor-post elementor-filter-9 elementor-filter-11 post-2336 projeto type-projeto status-publish has-post-thumbnail hentry categoria-de-projeto-casas categoria-de-projeto-casas-urbanas\" role=\"listitem\">\n\t\t\t<a class=\"elementor-post__thumbnail__link\" href=\"https:\/\/davidbastos.com.br\/en\/projeto\/parque-costa-verde\/\">\n\t\t\t\t<div class=\"elementor-portfolio-item__img elementor-post__thumbnail\">\n\t\t\t<img decoding=\"async\" width=\"1920\" height=\"1280\" src=\"https:\/\/davidbastos.com.br\/wp-content\/uploads\/2026\/01\/2-4.webp\" class=\"attachment-full size-full wp-image-2342\" alt=\"\" srcset=\"https:\/\/davidbastos.com.br\/wp-content\/uploads\/2026\/01\/2-4.webp 1920w, https:\/\/davidbastos.com.br\/wp-content\/uploads\/2026\/01\/2-4-300x200.webp 300w, https:\/\/davidbastos.com.br\/wp-content\/uploads\/2026\/01\/2-4-1024x683.webp 1024w, https:\/\/davidbastos.com.br\/wp-content\/uploads\/2026\/01\/2-4-768x512.webp 768w, https:\/\/davidbastos.com.br\/wp-content\/uploads\/2026\/01\/2-4-1536x1024.webp 1536w, https:\/\/davidbastos.com.br\/wp-content\/uploads\/2026\/01\/2-4-18x12.webp 18w\" sizes=\"(max-width: 1920px) 100vw, 1920px\" \/>\t\t<\/div>\n\t\t\t\t<div class=\"elementor-portfolio-item__overlay\">\n\t\t\t\t<h3 class=\"elementor-portfolio-item__title\">\n\t\tParque Costa Verde\t\t<\/h3>\n\t\t\t\t<\/div>\n\t\t\t\t<\/a>\n\t\t<\/article>\n\t\t\t\t<article class=\"elementor-portfolio-item elementor-post elementor-filter-9 elementor-filter-11 post-2366 projeto type-projeto status-publish has-post-thumbnail hentry categoria-de-projeto-casas categoria-de-projeto-casas-urbanas\" role=\"listitem\">\n\t\t\t<a class=\"elementor-post__thumbnail__link\" href=\"https:\/\/davidbastos.com.br\/en\/projeto\/santo-antonio-alem-do-carmo\/\">\n\t\t\t\t<div class=\"elementor-portfolio-item__img elementor-post__thumbnail\">\n\t\t\t<img decoding=\"async\" width=\"1920\" height=\"1280\" src=\"https:\/\/davidbastos.com.br\/wp-content\/uploads\/2026\/01\/18-CAPA.webp\" class=\"attachment-full size-full wp-image-2367\" alt=\"\" srcset=\"https:\/\/davidbastos.com.br\/wp-content\/uploads\/2026\/01\/18-CAPA.webp 1920w, https:\/\/davidbastos.com.br\/wp-content\/uploads\/2026\/01\/18-CAPA-300x200.webp 300w, https:\/\/davidbastos.com.br\/wp-content\/uploads\/2026\/01\/18-CAPA-1024x683.webp 1024w, https:\/\/davidbastos.com.br\/wp-content\/uploads\/2026\/01\/18-CAPA-768x512.webp 768w, https:\/\/davidbastos.com.br\/wp-content\/uploads\/2026\/01\/18-CAPA-1536x1024.webp 1536w, https:\/\/davidbastos.com.br\/wp-content\/uploads\/2026\/01\/18-CAPA-18x12.webp 18w\" sizes=\"(max-width: 1920px) 100vw, 1920px\" \/>\t\t<\/div>\n\t\t\t\t<div class=\"elementor-portfolio-item__overlay\">\n\t\t\t\t<h3 class=\"elementor-portfolio-item__title\">\n\t\tSanto Ant\u00f4nio Al\u00e9m do Carmo\t\t<\/h3>\n\t\t\t\t<\/div>\n\t\t\t\t<\/a>\n\t\t<\/article>\n\t\t\t\t<\/div>\n\t\t\t\t\t\t<\/div>\n\t\t\t\t<\/div>\n\t\t\t\t<\/div>\n\t\t\t\t\t<\/div>\n\t\t\t\t<\/div>\n\t\t\t\t\t<\/div>\n\t\t<\/div>\n\t\t\t\t\t\t<\/div>\n\t\t\t\t<\/div>\n\t\t\t\t<\/div>\n\t\t\t\t<\/div>\n\t\t<div id=\"e-n-tab-content-2254086753\" role=\"tabpanel\" aria-labelledby=\"e-n-tab-title-2254086753\" data-tab-index=\"3\" style=\"--n-tabs-title-order: 3;\" class=\"elementor-element elementor-element-2c38e51 e-flex e-con-boxed e-con e-child\" data-id=\"2c38e51\" data-element_type=\"container\" data-e-type=\"container\">\n\t\t\t\t\t<div class=\"e-con-inner\">\n\t\t<div class=\"elementor-element elementor-element-ae46bb2 e-con-full e-flex e-con e-child\" data-id=\"ae46bb2\" data-element_type=\"container\" data-e-type=\"container\">\n\t\t\t\t<div class=\"elementor-element elementor-element-3e89f70 e-n-tabs-none elementor-widget elementor-widget-n-tabs\" data-id=\"3e89f70\" data-element_type=\"widget\" data-e-type=\"widget\" data-settings=\"{&quot;tabs_justify_horizontal&quot;:&quot;start&quot;,&quot;horizontal_scroll_mobile&quot;:&quot;disable&quot;,&quot;horizontal_scroll&quot;:&quot;disable&quot;}\" data-widget_type=\"nested-tabs.default\">\n\t\t\t\t<div class=\"elementor-widget-container\">\n\t\t\t\t\t\t\t<div class=\"e-n-tabs\" data-widget-number=\"65576816\" aria-label=\"Tabs. Open items with Enter or Space, close with Escape and navigate using the Arrow keys.\">\n\t\t\t<div class=\"e-n-tabs-heading\" role=\"tablist\">\n\t\t\t\t\t<button id=\"e-n-tab-title-655768161\" data-tab-title-id=\"e-n-tab-title-655768161\" class=\"e-n-tab-title\" aria-selected=\"true\" data-tab-index=\"1\" role=\"tab\" tabindex=\"0\" aria-controls=\"e-n-tab-content-655768161\" style=\"--n-tabs-title-order: 1;\">\n\t\t\t\t\t\t<span class=\"e-n-tab-title-text\">\n\t\t\t\tAll\t\t\t<\/span>\n\t\t<\/button>\n\t\t\t\t<button id=\"e-n-tab-title-655768162\" data-tab-title-id=\"e-n-tab-title-655768162\" class=\"e-n-tab-title\" aria-selected=\"false\" data-tab-index=\"2\" role=\"tab\" tabindex=\"-1\" aria-controls=\"e-n-tab-content-655768162\" style=\"--n-tabs-title-order: 2;\">\n\t\t\t\t\t\t<span class=\"e-n-tab-title-text\">\n\t\t\t\tStores\t\t\t<\/span>\n\t\t<\/button>\n\t\t\t\t<button id=\"e-n-tab-title-655768163\" data-tab-title-id=\"e-n-tab-title-655768163\" class=\"e-n-tab-title\" aria-selected=\"false\" data-tab-index=\"3\" role=\"tab\" tabindex=\"-1\" aria-controls=\"e-n-tab-content-655768163\" style=\"--n-tabs-title-order: 3;\">\n\t\t\t\t\t\t<span class=\"e-n-tab-title-text\">\n\t\t\t\tRestaurants\t\t\t<\/span>\n\t\t<\/button>\n\t\t\t\t<button id=\"e-n-tab-title-655768164\" data-tab-title-id=\"e-n-tab-title-655768164\" class=\"e-n-tab-title\" aria-selected=\"false\" data-tab-index=\"4\" role=\"tab\" tabindex=\"-1\" aria-controls=\"e-n-tab-content-655768164\" style=\"--n-tabs-title-order: 4;\">\n\t\t\t\t\t\t<span class=\"e-n-tab-title-text\">\n\t\t\t\tEscrit\u00f3rios\t\t\t<\/span>\n\t\t<\/button>\n\t\t\t\t\t<\/div>\n\t\t\t<div class=\"e-n-tabs-content\">\n\t\t\t\t<div id=\"e-n-tab-content-655768161\" role=\"tabpanel\" aria-labelledby=\"e-n-tab-title-655768161\" data-tab-index=\"1\" style=\"--n-tabs-title-order: 1;\" class=\"e-active elementor-element elementor-element-ec1bfaf e-con-full e-flex e-con e-child\" data-id=\"ec1bfaf\" data-element_type=\"container\" data-e-type=\"container\">\n\t\t<div class=\"elementor-element elementor-element-d203720 e-con-full e-flex elementor-invisible e-con e-child\" data-id=\"d203720\" data-element_type=\"container\" data-e-type=\"container\" data-settings=\"{&quot;animation&quot;:&quot;fadeIn&quot;}\">\n\t\t\t\t<div class=\"elementor-element elementor-element-ebff61a elementor-grid-4 elementor-widget__width-inherit elementor-grid-tablet-2 elementor-grid-mobile-1 elementor-widget elementor-widget-portfolio\" data-id=\"ebff61a\" data-element_type=\"widget\" data-e-type=\"widget\" data-settings=\"{&quot;columns&quot;:&quot;4&quot;,&quot;row_gap&quot;:{&quot;unit&quot;:&quot;px&quot;,&quot;size&quot;:12,&quot;sizes&quot;:[]},&quot;columns_tablet&quot;:&quot;2&quot;,&quot;columns_mobile&quot;:&quot;1&quot;,&quot;item_ratio&quot;:{&quot;unit&quot;:&quot;px&quot;,&quot;size&quot;:0.66,&quot;sizes&quot;:[]},&quot;item_gap&quot;:{&quot;unit&quot;:&quot;px&quot;,&quot;size&quot;:&quot;&quot;,&quot;sizes&quot;:[]}}\" data-widget_type=\"portfolio.default\">\n\t\t\t\t<div class=\"elementor-widget-container\">\n\t\t\t\t\t\t\t<div class=\"elementor-portfolio elementor-grid elementor-posts-container\" role=\"list\">\n\t\t\t\t<article class=\"elementor-portfolio-item elementor-post elementor-filter-36 elementor-filter-18 post-954 projeto type-projeto status-publish has-post-thumbnail hentry categoria-de-projeto-mostras categoria-de-projeto-restaurantes\" role=\"listitem\">\n\t\t\t<a class=\"elementor-post__thumbnail__link\" href=\"https:\/\/davidbastos.com.br\/en\/projeto\/casacor-salvador-2025\/\">\n\t\t\t\t<div class=\"elementor-portfolio-item__img elementor-post__thumbnail\">\n\t\t\t<img decoding=\"async\" width=\"1920\" height=\"1280\" src=\"https:\/\/davidbastos.com.br\/wp-content\/uploads\/2025\/10\/mostra-casacor-25-cover.jpg\" class=\"attachment-full size-full wp-image-979\" alt=\"\" srcset=\"https:\/\/davidbastos.com.br\/wp-content\/uploads\/2025\/10\/mostra-casacor-25-cover.jpg 1920w, https:\/\/davidbastos.com.br\/wp-content\/uploads\/2025\/10\/mostra-casacor-25-cover-300x200.jpg 300w, https:\/\/davidbastos.com.br\/wp-content\/uploads\/2025\/10\/mostra-casacor-25-cover-1024x683.jpg 1024w, https:\/\/davidbastos.com.br\/wp-content\/uploads\/2025\/10\/mostra-casacor-25-cover-768x512.jpg 768w, https:\/\/davidbastos.com.br\/wp-content\/uploads\/2025\/10\/mostra-casacor-25-cover-1536x1024.jpg 1536w, https:\/\/davidbastos.com.br\/wp-content\/uploads\/2025\/10\/mostra-casacor-25-cover-18x12.jpg 18w\" sizes=\"(max-width: 1920px) 100vw, 1920px\" \/>\t\t<\/div>\n\t\t\t\t<div class=\"elementor-portfolio-item__overlay\">\n\t\t\t\t<h3 class=\"elementor-portfolio-item__title\">\n\t\tCasacor Salvador 2025 &#8211; Restaurante\t\t<\/h3>\n\t\t\t\t<\/div>\n\t\t\t\t<\/a>\n\t\t<\/article>\n\t\t\t\t<article class=\"elementor-portfolio-item elementor-post elementor-filter-16 elementor-filter-22 elementor-filter-19 elementor-filter-36 post-4787 projeto type-projeto status-publish has-post-thumbnail hentry categoria-de-projeto-comercial categoria-de-projeto-decorados categoria-de-projeto-edificios categoria-de-projeto-mostras\" role=\"listitem\">\n\t\t\t<a class=\"elementor-post__thumbnail__link\" href=\"https:\/\/davidbastos.com.br\/en\/projeto\/casacor-bahia-espaco-comercial\/\">\n\t\t\t\t<div class=\"elementor-portfolio-item__img elementor-post__thumbnail\">\n\t\t\t<img decoding=\"async\" width=\"1920\" height=\"1278\" src=\"https:\/\/davidbastos.com.br\/wp-content\/uploads\/2026\/04\/08112012-Casa-Cor-DB-00002.webp\" class=\"attachment-full size-full wp-image-4798\" alt=\"\" srcset=\"https:\/\/davidbastos.com.br\/wp-content\/uploads\/2026\/04\/08112012-Casa-Cor-DB-00002.webp 1920w, https:\/\/davidbastos.com.br\/wp-content\/uploads\/2026\/04\/08112012-Casa-Cor-DB-00002-300x200.webp 300w, https:\/\/davidbastos.com.br\/wp-content\/uploads\/2026\/04\/08112012-Casa-Cor-DB-00002-1024x682.webp 1024w, https:\/\/davidbastos.com.br\/wp-content\/uploads\/2026\/04\/08112012-Casa-Cor-DB-00002-768x511.webp 768w, https:\/\/davidbastos.com.br\/wp-content\/uploads\/2026\/04\/08112012-Casa-Cor-DB-00002-1536x1022.webp 1536w, https:\/\/davidbastos.com.br\/wp-content\/uploads\/2026\/04\/08112012-Casa-Cor-DB-00002-18x12.webp 18w\" sizes=\"(max-width: 1920px) 100vw, 1920px\" \/>\t\t<\/div>\n\t\t\t\t<div class=\"elementor-portfolio-item__overlay\">\n\t\t\t\t<h3 class=\"elementor-portfolio-item__title\">\n\t\tCASACOR BAHIA 2012 &#8211; ESPA\u00c7O COMERCIAL\t\t<\/h3>\n\t\t\t\t<\/div>\n\t\t\t\t<\/a>\n\t\t<\/article>\n\t\t\t\t<article class=\"elementor-portfolio-item elementor-post elementor-filter-36 elementor-filter-18 post-4237 projeto type-projeto status-publish has-post-thumbnail hentry categoria-de-projeto-mostras categoria-de-projeto-restaurantes\" role=\"listitem\">\n\t\t\t<a class=\"elementor-post__thumbnail__link\" href=\"https:\/\/davidbastos.com.br\/en\/projeto\/casacor-2001-restaurante-por-david-bastos\/\">\n\t\t\t\t<div class=\"elementor-portfolio-item__img elementor-post__thumbnail\">\n\t\t\t<img decoding=\"async\" width=\"980\" height=\"759\" src=\"https:\/\/davidbastos.com.br\/wp-content\/uploads\/2026\/02\/c01.jpg\" class=\"attachment-full size-full wp-image-4246\" alt=\"\" srcset=\"https:\/\/davidbastos.com.br\/wp-content\/uploads\/2026\/02\/c01.jpg 980w, https:\/\/davidbastos.com.br\/wp-content\/uploads\/2026\/02\/c01-300x232.jpg 300w, https:\/\/davidbastos.com.br\/wp-content\/uploads\/2026\/02\/c01-768x595.jpg 768w, https:\/\/davidbastos.com.br\/wp-content\/uploads\/2026\/02\/c01-15x12.jpg 15w\" sizes=\"(max-width: 980px) 100vw, 980px\" \/>\t\t<\/div>\n\t\t\t\t<div class=\"elementor-portfolio-item__overlay\">\n\t\t\t\t<h3 class=\"elementor-portfolio-item__title\">\n\t\tCASACOR 2001 &#8211; Restaurante por David Bastos\t\t<\/h3>\n\t\t\t\t<\/div>\n\t\t\t\t<\/a>\n\t\t<\/article>\n\t\t\t\t<article class=\"elementor-portfolio-item elementor-post elementor-filter-16 elementor-filter-18 post-4212 projeto type-projeto status-publish has-post-thumbnail hentry categoria-de-projeto-comercial categoria-de-projeto-restaurantes\" role=\"listitem\">\n\t\t\t<a class=\"elementor-post__thumbnail__link\" href=\"https:\/\/davidbastos.com.br\/en\/projeto\/patio-italia-iguatemi-salvador\/\">\n\t\t\t\t<div class=\"elementor-portfolio-item__img elementor-post__thumbnail\">\n\t\t\t<img decoding=\"async\" width=\"1920\" height=\"1277\" src=\"https:\/\/davidbastos.com.br\/wp-content\/uploads\/2026\/02\/Patio-030.webp\" class=\"attachment-full size-full wp-image-4217\" alt=\"\" srcset=\"https:\/\/davidbastos.com.br\/wp-content\/uploads\/2026\/02\/Patio-030.webp 1920w, https:\/\/davidbastos.com.br\/wp-content\/uploads\/2026\/02\/Patio-030-300x200.webp 300w, https:\/\/davidbastos.com.br\/wp-content\/uploads\/2026\/02\/Patio-030-1024x681.webp 1024w, https:\/\/davidbastos.com.br\/wp-content\/uploads\/2026\/02\/Patio-030-768x511.webp 768w, https:\/\/davidbastos.com.br\/wp-content\/uploads\/2026\/02\/Patio-030-1536x1022.webp 1536w, https:\/\/davidbastos.com.br\/wp-content\/uploads\/2026\/02\/Patio-030-18x12.webp 18w\" sizes=\"(max-width: 1920px) 100vw, 1920px\" \/>\t\t<\/div>\n\t\t\t\t<div class=\"elementor-portfolio-item__overlay\">\n\t\t\t\t<h3 class=\"elementor-portfolio-item__title\">\n\t\tP\u00e1tio It\u00e1lia &#8211; Iguatemi Salvador\t\t<\/h3>\n\t\t\t\t<\/div>\n\t\t\t\t<\/a>\n\t\t<\/article>\n\t\t\t\t<article class=\"elementor-portfolio-item elementor-post elementor-filter-16 elementor-filter-41 post-3561 projeto type-projeto status-publish has-post-thumbnail hentry categoria-de-projeto-comercial categoria-de-projeto-escritorios\" role=\"listitem\">\n\t\t\t<a class=\"elementor-post__thumbnail__link\" href=\"https:\/\/davidbastos.com.br\/en\/projeto\/escritorio-amauri-itaim-bibi-viii\/\">\n\t\t\t\t<div class=\"elementor-portfolio-item__img elementor-post__thumbnail\">\n\t\t\t<img decoding=\"async\" width=\"1920\" height=\"1280\" src=\"https:\/\/davidbastos.com.br\/wp-content\/uploads\/2026\/01\/IMG_3703T.Reines.webp\" class=\"attachment-full size-full wp-image-3575\" alt=\"\" srcset=\"https:\/\/davidbastos.com.br\/wp-content\/uploads\/2026\/01\/IMG_3703T.Reines.webp 1920w, https:\/\/davidbastos.com.br\/wp-content\/uploads\/2026\/01\/IMG_3703T.Reines-300x200.webp 300w, https:\/\/davidbastos.com.br\/wp-content\/uploads\/2026\/01\/IMG_3703T.Reines-1024x683.webp 1024w, https:\/\/davidbastos.com.br\/wp-content\/uploads\/2026\/01\/IMG_3703T.Reines-768x512.webp 768w, https:\/\/davidbastos.com.br\/wp-content\/uploads\/2026\/01\/IMG_3703T.Reines-1536x1024.webp 1536w, https:\/\/davidbastos.com.br\/wp-content\/uploads\/2026\/01\/IMG_3703T.Reines-18x12.webp 18w\" sizes=\"(max-width: 1920px) 100vw, 1920px\" \/>\t\t<\/div>\n\t\t\t\t<div class=\"elementor-portfolio-item__overlay\">\n\t\t\t\t<h3 class=\"elementor-portfolio-item__title\">\n\t\tEscrit\u00f3rio Amauri &#8211; Itaim Bibi VIII\t\t<\/h3>\n\t\t\t\t<\/div>\n\t\t\t\t<\/a>\n\t\t<\/article>\n\t\t\t\t<article class=\"elementor-portfolio-item elementor-post elementor-filter-16 elementor-filter-41 post-3602 projeto type-projeto status-publish has-post-thumbnail hentry categoria-de-projeto-comercial categoria-de-projeto-escritorios\" role=\"listitem\">\n\t\t\t<a class=\"elementor-post__thumbnail__link\" href=\"https:\/\/davidbastos.com.br\/en\/projeto\/db-arquitetos-salvador\/\">\n\t\t\t\t<div class=\"elementor-portfolio-item__img elementor-post__thumbnail\">\n\t\t\t<img decoding=\"async\" width=\"1920\" height=\"1280\" src=\"https:\/\/davidbastos.com.br\/wp-content\/uploads\/2026\/01\/IMG_7539_T.Reines.webp\" class=\"attachment-full size-full wp-image-3614\" alt=\"\" srcset=\"https:\/\/davidbastos.com.br\/wp-content\/uploads\/2026\/01\/IMG_7539_T.Reines.webp 1920w, https:\/\/davidbastos.com.br\/wp-content\/uploads\/2026\/01\/IMG_7539_T.Reines-300x200.webp 300w, https:\/\/davidbastos.com.br\/wp-content\/uploads\/2026\/01\/IMG_7539_T.Reines-1024x683.webp 1024w, https:\/\/davidbastos.com.br\/wp-content\/uploads\/2026\/01\/IMG_7539_T.Reines-768x512.webp 768w, https:\/\/davidbastos.com.br\/wp-content\/uploads\/2026\/01\/IMG_7539_T.Reines-1536x1024.webp 1536w, https:\/\/davidbastos.com.br\/wp-content\/uploads\/2026\/01\/IMG_7539_T.Reines-18x12.webp 18w\" sizes=\"(max-width: 1920px) 100vw, 1920px\" \/>\t\t<\/div>\n\t\t\t\t<div class=\"elementor-portfolio-item__overlay\">\n\t\t\t\t<h3 class=\"elementor-portfolio-item__title\">\n\t\tDB Arquitetos &#8211; Salvador\t\t<\/h3>\n\t\t\t\t<\/div>\n\t\t\t\t<\/a>\n\t\t<\/article>\n\t\t\t\t<\/div>\n\t\t\t\t\t\t<\/div>\n\t\t\t\t<\/div>\n\t\t\t\t<\/div>\n\t\t\t\t<\/div>\n\t\t<div id=\"e-n-tab-content-655768162\" role=\"tabpanel\" aria-labelledby=\"e-n-tab-title-655768162\" data-tab-index=\"2\" style=\"--n-tabs-title-order: 2;\" class=\"elementor-element elementor-element-2485d83 e-con-full e-flex e-con e-child\" data-id=\"2485d83\" data-element_type=\"container\" data-e-type=\"container\">\n\t\t<div class=\"elementor-element elementor-element-6f9c8d4 e-con-full e-flex elementor-invisible e-con e-child\" data-id=\"6f9c8d4\" data-element_type=\"container\" data-e-type=\"container\" data-settings=\"{&quot;animation&quot;:&quot;fadeIn&quot;}\">\n\t\t\t\t<\/div>\n\t\t\t\t<\/div>\n\t\t<div id=\"e-n-tab-content-655768163\" role=\"tabpanel\" aria-labelledby=\"e-n-tab-title-655768163\" data-tab-index=\"3\" style=\"--n-tabs-title-order: 3;\" class=\"elementor-element elementor-element-82b8b12 e-flex e-con-boxed e-con e-child\" data-id=\"82b8b12\" data-element_type=\"container\" data-e-type=\"container\">\n\t\t\t\t\t<div class=\"e-con-inner\">\n\t\t<div class=\"elementor-element elementor-element-6809ad2 e-con-full e-flex elementor-invisible e-con e-child\" data-id=\"6809ad2\" data-element_type=\"container\" data-e-type=\"container\" data-settings=\"{&quot;animation&quot;:&quot;fadeIn&quot;}\">\n\t\t\t\t<div class=\"elementor-element elementor-element-4ca5994 elementor-grid-4 elementor-widget__width-inherit elementor-grid-tablet-2 elementor-grid-mobile-1 elementor-widget elementor-widget-portfolio\" data-id=\"4ca5994\" data-element_type=\"widget\" data-e-type=\"widget\" data-settings=\"{&quot;columns&quot;:&quot;4&quot;,&quot;row_gap&quot;:{&quot;unit&quot;:&quot;px&quot;,&quot;size&quot;:12,&quot;sizes&quot;:[]},&quot;columns_tablet&quot;:&quot;2&quot;,&quot;columns_mobile&quot;:&quot;1&quot;,&quot;item_ratio&quot;:{&quot;unit&quot;:&quot;px&quot;,&quot;size&quot;:0.66,&quot;sizes&quot;:[]},&quot;item_gap&quot;:{&quot;unit&quot;:&quot;px&quot;,&quot;size&quot;:&quot;&quot;,&quot;sizes&quot;:[]}}\" data-widget_type=\"portfolio.default\">\n\t\t\t\t<div class=\"elementor-widget-container\">\n\t\t\t\t\t\t\t<div class=\"elementor-portfolio elementor-grid elementor-posts-container\" role=\"list\">\n\t\t\t\t<article class=\"elementor-portfolio-item elementor-post elementor-filter-36 elementor-filter-18 post-954 projeto type-projeto status-publish has-post-thumbnail hentry categoria-de-projeto-mostras categoria-de-projeto-restaurantes\" role=\"listitem\">\n\t\t\t<a class=\"elementor-post__thumbnail__link\" href=\"https:\/\/davidbastos.com.br\/en\/projeto\/casacor-salvador-2025\/\">\n\t\t\t\t<div class=\"elementor-portfolio-item__img elementor-post__thumbnail\">\n\t\t\t<img decoding=\"async\" width=\"1920\" height=\"1280\" src=\"https:\/\/davidbastos.com.br\/wp-content\/uploads\/2025\/10\/mostra-casacor-25-cover.jpg\" class=\"attachment-full size-full wp-image-979\" alt=\"\" srcset=\"https:\/\/davidbastos.com.br\/wp-content\/uploads\/2025\/10\/mostra-casacor-25-cover.jpg 1920w, https:\/\/davidbastos.com.br\/wp-content\/uploads\/2025\/10\/mostra-casacor-25-cover-300x200.jpg 300w, https:\/\/davidbastos.com.br\/wp-content\/uploads\/2025\/10\/mostra-casacor-25-cover-1024x683.jpg 1024w, https:\/\/davidbastos.com.br\/wp-content\/uploads\/2025\/10\/mostra-casacor-25-cover-768x512.jpg 768w, https:\/\/davidbastos.com.br\/wp-content\/uploads\/2025\/10\/mostra-casacor-25-cover-1536x1024.jpg 1536w, https:\/\/davidbastos.com.br\/wp-content\/uploads\/2025\/10\/mostra-casacor-25-cover-18x12.jpg 18w\" sizes=\"(max-width: 1920px) 100vw, 1920px\" \/>\t\t<\/div>\n\t\t\t\t<div class=\"elementor-portfolio-item__overlay\">\n\t\t\t\t<h3 class=\"elementor-portfolio-item__title\">\n\t\tCasacor Salvador 2025 &#8211; Restaurante\t\t<\/h3>\n\t\t\t\t<\/div>\n\t\t\t\t<\/a>\n\t\t<\/article>\n\t\t\t\t<article class=\"elementor-portfolio-item elementor-post elementor-filter-36 elementor-filter-18 post-4237 projeto type-projeto status-publish has-post-thumbnail hentry categoria-de-projeto-mostras categoria-de-projeto-restaurantes\" role=\"listitem\">\n\t\t\t<a class=\"elementor-post__thumbnail__link\" href=\"https:\/\/davidbastos.com.br\/en\/projeto\/casacor-2001-restaurante-por-david-bastos\/\">\n\t\t\t\t<div class=\"elementor-portfolio-item__img elementor-post__thumbnail\">\n\t\t\t<img decoding=\"async\" width=\"980\" height=\"759\" src=\"https:\/\/davidbastos.com.br\/wp-content\/uploads\/2026\/02\/c01.jpg\" class=\"attachment-full size-full wp-image-4246\" alt=\"\" srcset=\"https:\/\/davidbastos.com.br\/wp-content\/uploads\/2026\/02\/c01.jpg 980w, https:\/\/davidbastos.com.br\/wp-content\/uploads\/2026\/02\/c01-300x232.jpg 300w, https:\/\/davidbastos.com.br\/wp-content\/uploads\/2026\/02\/c01-768x595.jpg 768w, https:\/\/davidbastos.com.br\/wp-content\/uploads\/2026\/02\/c01-15x12.jpg 15w\" sizes=\"(max-width: 980px) 100vw, 980px\" \/>\t\t<\/div>\n\t\t\t\t<div class=\"elementor-portfolio-item__overlay\">\n\t\t\t\t<h3 class=\"elementor-portfolio-item__title\">\n\t\tCASACOR 2001 &#8211; Restaurante por David Bastos\t\t<\/h3>\n\t\t\t\t<\/div>\n\t\t\t\t<\/a>\n\t\t<\/article>\n\t\t\t\t<article class=\"elementor-portfolio-item elementor-post elementor-filter-16 elementor-filter-18 post-4212 projeto type-projeto status-publish has-post-thumbnail hentry categoria-de-projeto-comercial categoria-de-projeto-restaurantes\" role=\"listitem\">\n\t\t\t<a class=\"elementor-post__thumbnail__link\" href=\"https:\/\/davidbastos.com.br\/en\/projeto\/patio-italia-iguatemi-salvador\/\">\n\t\t\t\t<div class=\"elementor-portfolio-item__img elementor-post__thumbnail\">\n\t\t\t<img decoding=\"async\" width=\"1920\" height=\"1277\" src=\"https:\/\/davidbastos.com.br\/wp-content\/uploads\/2026\/02\/Patio-030.webp\" class=\"attachment-full size-full wp-image-4217\" alt=\"\" srcset=\"https:\/\/davidbastos.com.br\/wp-content\/uploads\/2026\/02\/Patio-030.webp 1920w, https:\/\/davidbastos.com.br\/wp-content\/uploads\/2026\/02\/Patio-030-300x200.webp 300w, https:\/\/davidbastos.com.br\/wp-content\/uploads\/2026\/02\/Patio-030-1024x681.webp 1024w, https:\/\/davidbastos.com.br\/wp-content\/uploads\/2026\/02\/Patio-030-768x511.webp 768w, https:\/\/davidbastos.com.br\/wp-content\/uploads\/2026\/02\/Patio-030-1536x1022.webp 1536w, https:\/\/davidbastos.com.br\/wp-content\/uploads\/2026\/02\/Patio-030-18x12.webp 18w\" sizes=\"(max-width: 1920px) 100vw, 1920px\" \/>\t\t<\/div>\n\t\t\t\t<div class=\"elementor-portfolio-item__overlay\">\n\t\t\t\t<h3 class=\"elementor-portfolio-item__title\">\n\t\tP\u00e1tio It\u00e1lia &#8211; Iguatemi Salvador\t\t<\/h3>\n\t\t\t\t<\/div>\n\t\t\t\t<\/a>\n\t\t<\/article>\n\t\t\t\t<article class=\"elementor-portfolio-item elementor-post elementor-filter-16 elementor-filter-18 post-3871 projeto type-projeto status-publish has-post-thumbnail hentry categoria-de-projeto-comercial categoria-de-projeto-restaurantes\" role=\"listitem\">\n\t\t\t<a class=\"elementor-post__thumbnail__link\" href=\"https:\/\/davidbastos.com.br\/en\/projeto\/trapiche-adelaide-restaurante\/\">\n\t\t\t\t<div class=\"elementor-portfolio-item__img elementor-post__thumbnail\">\n\t\t\t<img decoding=\"async\" width=\"1920\" height=\"1280\" src=\"https:\/\/davidbastos.com.br\/wp-content\/uploads\/2026\/01\/IMG_4818.webp\" class=\"attachment-full size-full wp-image-3898\" alt=\"\" srcset=\"https:\/\/davidbastos.com.br\/wp-content\/uploads\/2026\/01\/IMG_4818.webp 1920w, https:\/\/davidbastos.com.br\/wp-content\/uploads\/2026\/01\/IMG_4818-300x200.webp 300w, https:\/\/davidbastos.com.br\/wp-content\/uploads\/2026\/01\/IMG_4818-1024x683.webp 1024w, https:\/\/davidbastos.com.br\/wp-content\/uploads\/2026\/01\/IMG_4818-768x512.webp 768w, https:\/\/davidbastos.com.br\/wp-content\/uploads\/2026\/01\/IMG_4818-1536x1024.webp 1536w, https:\/\/davidbastos.com.br\/wp-content\/uploads\/2026\/01\/IMG_4818-18x12.webp 18w\" sizes=\"(max-width: 1920px) 100vw, 1920px\" \/>\t\t<\/div>\n\t\t\t\t<div class=\"elementor-portfolio-item__overlay\">\n\t\t\t\t<h3 class=\"elementor-portfolio-item__title\">\n\t\tTrapiche Adelaide &#8211; Restaurante\t\t<\/h3>\n\t\t\t\t<\/div>\n\t\t\t\t<\/a>\n\t\t<\/article>\n\t\t\t\t<article class=\"elementor-portfolio-item elementor-post elementor-filter-16 elementor-filter-18 post-3864 projeto type-projeto status-publish has-post-thumbnail hentry categoria-de-projeto-comercial categoria-de-projeto-restaurantes\" role=\"listitem\">\n\t\t\t<a class=\"elementor-post__thumbnail__link\" href=\"https:\/\/davidbastos.com.br\/en\/projeto\/soho-restaurante-recife\/\">\n\t\t\t\t<div class=\"elementor-portfolio-item__img elementor-post__thumbnail\">\n\t\t\t<img decoding=\"async\" width=\"1504\" height=\"1000\" src=\"https:\/\/davidbastos.com.br\/wp-content\/uploads\/2026\/01\/fotos-soho-001_.jpg\" class=\"attachment-full size-full wp-image-3870\" alt=\"\" srcset=\"https:\/\/davidbastos.com.br\/wp-content\/uploads\/2026\/01\/fotos-soho-001_.jpg 1504w, https:\/\/davidbastos.com.br\/wp-content\/uploads\/2026\/01\/fotos-soho-001_-300x199.jpg 300w, https:\/\/davidbastos.com.br\/wp-content\/uploads\/2026\/01\/fotos-soho-001_-1024x681.jpg 1024w, https:\/\/davidbastos.com.br\/wp-content\/uploads\/2026\/01\/fotos-soho-001_-768x511.jpg 768w, https:\/\/davidbastos.com.br\/wp-content\/uploads\/2026\/01\/fotos-soho-001_-18x12.jpg 18w\" sizes=\"(max-width: 1504px) 100vw, 1504px\" \/>\t\t<\/div>\n\t\t\t\t<div class=\"elementor-portfolio-item__overlay\">\n\t\t\t\t<h3 class=\"elementor-portfolio-item__title\">\n\t\tSoho Restaurante &#8211; Recife\t\t<\/h3>\n\t\t\t\t<\/div>\n\t\t\t\t<\/a>\n\t\t<\/article>\n\t\t\t\t<article class=\"elementor-portfolio-item elementor-post elementor-filter-16 elementor-filter-18 post-3847 projeto type-projeto status-publish has-post-thumbnail hentry categoria-de-projeto-comercial categoria-de-projeto-restaurantes\" role=\"listitem\">\n\t\t\t<a class=\"elementor-post__thumbnail__link\" href=\"https:\/\/davidbastos.com.br\/en\/projeto\/soho-restaurante-bahia-marina\/\">\n\t\t\t\t<div class=\"elementor-portfolio-item__img elementor-post__thumbnail\">\n\t\t\t<img decoding=\"async\" width=\"1920\" height=\"1522\" src=\"https:\/\/davidbastos.com.br\/wp-content\/uploads\/2026\/01\/04.webp\" class=\"attachment-full size-full wp-image-3850\" alt=\"\" srcset=\"https:\/\/davidbastos.com.br\/wp-content\/uploads\/2026\/01\/04.webp 1920w, https:\/\/davidbastos.com.br\/wp-content\/uploads\/2026\/01\/04-300x238.webp 300w, https:\/\/davidbastos.com.br\/wp-content\/uploads\/2026\/01\/04-1024x812.webp 1024w, https:\/\/davidbastos.com.br\/wp-content\/uploads\/2026\/01\/04-768x609.webp 768w, https:\/\/davidbastos.com.br\/wp-content\/uploads\/2026\/01\/04-1536x1218.webp 1536w, https:\/\/davidbastos.com.br\/wp-content\/uploads\/2026\/01\/04-15x12.webp 15w\" sizes=\"(max-width: 1920px) 100vw, 1920px\" \/>\t\t<\/div>\n\t\t\t\t<div class=\"elementor-portfolio-item__overlay\">\n\t\t\t\t<h3 class=\"elementor-portfolio-item__title\">\n\t\tSoho Restaurante &#8211; Bahia Marina\t\t<\/h3>\n\t\t\t\t<\/div>\n\t\t\t\t<\/a>\n\t\t<\/article>\n\t\t\t\t<article class=\"elementor-portfolio-item elementor-post elementor-filter-16 elementor-filter-18 post-3827 projeto type-projeto status-publish has-post-thumbnail hentry categoria-de-projeto-comercial categoria-de-projeto-restaurantes\" role=\"listitem\">\n\t\t\t<a class=\"elementor-post__thumbnail__link\" href=\"https:\/\/davidbastos.com.br\/en\/projeto\/restaurante-fasano-interiores\/\">\n\t\t\t\t<div class=\"elementor-portfolio-item__img elementor-post__thumbnail\">\n\t\t\t<img decoding=\"async\" width=\"1920\" height=\"1280\" src=\"https:\/\/davidbastos.com.br\/wp-content\/uploads\/2026\/01\/IMG_0061.webp\" class=\"attachment-full size-full wp-image-3839\" alt=\"\" srcset=\"https:\/\/davidbastos.com.br\/wp-content\/uploads\/2026\/01\/IMG_0061.webp 1920w, https:\/\/davidbastos.com.br\/wp-content\/uploads\/2026\/01\/IMG_0061-300x200.webp 300w, https:\/\/davidbastos.com.br\/wp-content\/uploads\/2026\/01\/IMG_0061-1024x683.webp 1024w, https:\/\/davidbastos.com.br\/wp-content\/uploads\/2026\/01\/IMG_0061-768x512.webp 768w, https:\/\/davidbastos.com.br\/wp-content\/uploads\/2026\/01\/IMG_0061-1536x1024.webp 1536w, https:\/\/davidbastos.com.br\/wp-content\/uploads\/2026\/01\/IMG_0061-18x12.webp 18w\" sizes=\"(max-width: 1920px) 100vw, 1920px\" \/>\t\t<\/div>\n\t\t\t\t<div class=\"elementor-portfolio-item__overlay\">\n\t\t\t\t<h3 class=\"elementor-portfolio-item__title\">\n\t\tRestaurante Fasano &#8211; Interiores\t\t<\/h3>\n\t\t\t\t<\/div>\n\t\t\t\t<\/a>\n\t\t<\/article>\n\t\t\t\t<article class=\"elementor-portfolio-item elementor-post elementor-filter-16 elementor-filter-18 post-3681 projeto type-projeto status-publish has-post-thumbnail hentry categoria-de-projeto-comercial categoria-de-projeto-restaurantes\" role=\"listitem\">\n\t\t\t<a class=\"elementor-post__thumbnail__link\" href=\"https:\/\/davidbastos.com.br\/en\/projeto\/bar-da-ponta-trapiche-adelaide\/\">\n\t\t\t\t<div class=\"elementor-portfolio-item__img elementor-post__thumbnail\">\n\t\t\t<img decoding=\"async\" width=\"1920\" height=\"1521\" src=\"https:\/\/davidbastos.com.br\/wp-content\/uploads\/2026\/01\/Digitalizar0174.webp\" class=\"attachment-full size-full wp-image-3702\" alt=\"\" srcset=\"https:\/\/davidbastos.com.br\/wp-content\/uploads\/2026\/01\/Digitalizar0174.webp 1920w, https:\/\/davidbastos.com.br\/wp-content\/uploads\/2026\/01\/Digitalizar0174-300x238.webp 300w, https:\/\/davidbastos.com.br\/wp-content\/uploads\/2026\/01\/Digitalizar0174-1024x811.webp 1024w, https:\/\/davidbastos.com.br\/wp-content\/uploads\/2026\/01\/Digitalizar0174-768x608.webp 768w, https:\/\/davidbastos.com.br\/wp-content\/uploads\/2026\/01\/Digitalizar0174-1536x1217.webp 1536w, https:\/\/davidbastos.com.br\/wp-content\/uploads\/2026\/01\/Digitalizar0174-15x12.webp 15w\" sizes=\"(max-width: 1920px) 100vw, 1920px\" \/>\t\t<\/div>\n\t\t\t\t<div class=\"elementor-portfolio-item__overlay\">\n\t\t\t\t<h3 class=\"elementor-portfolio-item__title\">\n\t\tBar da Ponta &#8211; Trapiche Adelaide\t\t<\/h3>\n\t\t\t\t<\/div>\n\t\t\t\t<\/a>\n\t\t<\/article>\n\t\t\t\t<article class=\"elementor-portfolio-item elementor-post elementor-filter-16 elementor-filter-18 post-3669 projeto type-projeto status-publish has-post-thumbnail hentry categoria-de-projeto-comercial categoria-de-projeto-restaurantes\" role=\"listitem\">\n\t\t\t<a class=\"elementor-post__thumbnail__link\" href=\"https:\/\/davidbastos.com.br\/en\/projeto\/restaurante-lafayette-marina\/\">\n\t\t\t\t<div class=\"elementor-portfolio-item__img elementor-post__thumbnail\">\n\t\t\t<img decoding=\"async\" width=\"1920\" height=\"1285\" src=\"https:\/\/davidbastos.com.br\/wp-content\/uploads\/2026\/01\/Lafayette0001.webp\" class=\"attachment-full size-full wp-image-3679\" alt=\"\" srcset=\"https:\/\/davidbastos.com.br\/wp-content\/uploads\/2026\/01\/Lafayette0001.webp 1920w, https:\/\/davidbastos.com.br\/wp-content\/uploads\/2026\/01\/Lafayette0001-300x201.webp 300w, https:\/\/davidbastos.com.br\/wp-content\/uploads\/2026\/01\/Lafayette0001-1024x685.webp 1024w, https:\/\/davidbastos.com.br\/wp-content\/uploads\/2026\/01\/Lafayette0001-768x514.webp 768w, https:\/\/davidbastos.com.br\/wp-content\/uploads\/2026\/01\/Lafayette0001-1536x1028.webp 1536w, https:\/\/davidbastos.com.br\/wp-content\/uploads\/2026\/01\/Lafayette0001-18x12.webp 18w\" sizes=\"(max-width: 1920px) 100vw, 1920px\" \/>\t\t<\/div>\n\t\t\t\t<div class=\"elementor-portfolio-item__overlay\">\n\t\t\t\t<h3 class=\"elementor-portfolio-item__title\">\n\t\tRestaurante Lafayette &#8211; Marina\t\t<\/h3>\n\t\t\t\t<\/div>\n\t\t\t\t<\/a>\n\t\t<\/article>\n\t\t\t\t<article class=\"elementor-portfolio-item elementor-post elementor-filter-16 elementor-filter-18 post-3654 projeto type-projeto status-publish has-post-thumbnail hentry categoria-de-projeto-comercial categoria-de-projeto-restaurantes\" role=\"listitem\">\n\t\t\t<a class=\"elementor-post__thumbnail__link\" href=\"https:\/\/davidbastos.com.br\/en\/projeto\/restaurante-chez-bernard-salvador\/\">\n\t\t\t\t<div class=\"elementor-portfolio-item__img elementor-post__thumbnail\">\n\t\t\t<img decoding=\"async\" width=\"1920\" height=\"1285\" src=\"https:\/\/davidbastos.com.br\/wp-content\/uploads\/2026\/01\/Che-Bernard-001.webp\" class=\"attachment-full size-full wp-image-3665\" alt=\"\" srcset=\"https:\/\/davidbastos.com.br\/wp-content\/uploads\/2026\/01\/Che-Bernard-001.webp 1920w, https:\/\/davidbastos.com.br\/wp-content\/uploads\/2026\/01\/Che-Bernard-001-300x201.webp 300w, https:\/\/davidbastos.com.br\/wp-content\/uploads\/2026\/01\/Che-Bernard-001-1024x685.webp 1024w, https:\/\/davidbastos.com.br\/wp-content\/uploads\/2026\/01\/Che-Bernard-001-768x514.webp 768w, https:\/\/davidbastos.com.br\/wp-content\/uploads\/2026\/01\/Che-Bernard-001-1536x1028.webp 1536w, https:\/\/davidbastos.com.br\/wp-content\/uploads\/2026\/01\/Che-Bernard-001-18x12.webp 18w\" sizes=\"(max-width: 1920px) 100vw, 1920px\" \/>\t\t<\/div>\n\t\t\t\t<div class=\"elementor-portfolio-item__overlay\">\n\t\t\t\t<h3 class=\"elementor-portfolio-item__title\">\n\t\tRestaurante Chez Bernard &#8211; Salvador\t\t<\/h3>\n\t\t\t\t<\/div>\n\t\t\t\t<\/a>\n\t\t<\/article>\n\t\t\t\t<article class=\"elementor-portfolio-item elementor-post elementor-filter-16 elementor-filter-18 post-1172 projeto type-projeto status-publish has-post-thumbnail hentry categoria-de-projeto-comercial categoria-de-projeto-restaurantes\" role=\"listitem\">\n\t\t\t<a class=\"elementor-post__thumbnail__link\" href=\"https:\/\/davidbastos.com.br\/en\/projeto\/trapiche-adelaide\/\">\n\t\t\t\t<div class=\"elementor-portfolio-item__img elementor-post__thumbnail\">\n\t\t\t<img decoding=\"async\" width=\"1400\" height=\"900\" src=\"https:\/\/davidbastos.com.br\/wp-content\/uploads\/2025\/11\/trapiche-adelaide-2.webp\" class=\"attachment-full size-full wp-image-1173\" alt=\"\" srcset=\"https:\/\/davidbastos.com.br\/wp-content\/uploads\/2025\/11\/trapiche-adelaide-2.webp 1400w, https:\/\/davidbastos.com.br\/wp-content\/uploads\/2025\/11\/trapiche-adelaide-2-300x193.webp 300w, https:\/\/davidbastos.com.br\/wp-content\/uploads\/2025\/11\/trapiche-adelaide-2-1024x658.webp 1024w, https:\/\/davidbastos.com.br\/wp-content\/uploads\/2025\/11\/trapiche-adelaide-2-768x494.webp 768w, https:\/\/davidbastos.com.br\/wp-content\/uploads\/2025\/11\/trapiche-adelaide-2-18x12.webp 18w\" sizes=\"(max-width: 1400px) 100vw, 1400px\" \/>\t\t<\/div>\n\t\t\t\t<div class=\"elementor-portfolio-item__overlay\">\n\t\t\t\t<h3 class=\"elementor-portfolio-item__title\">\n\t\tTrapiche Adelaide\t\t<\/h3>\n\t\t\t\t<\/div>\n\t\t\t\t<\/a>\n\t\t<\/article>\n\t\t\t\t<\/div>\n\t\t\t\t\t\t<\/div>\n\t\t\t\t<\/div>\n\t\t\t\t<\/div>\n\t\t\t\t\t<\/div>\n\t\t\t\t<\/div>\n\t\t<div id=\"e-n-tab-content-655768164\" role=\"tabpanel\" aria-labelledby=\"e-n-tab-title-655768164\" data-tab-index=\"4\" style=\"--n-tabs-title-order: 4;\" class=\"elementor-element elementor-element-229a966 e-flex e-con-boxed e-con e-child\" data-id=\"229a966\" data-element_type=\"container\" data-e-type=\"container\">\n\t\t\t\t\t<div class=\"e-con-inner\">\n\t\t<div class=\"elementor-element elementor-element-b780a96 e-con-full e-flex elementor-invisible e-con e-child\" data-id=\"b780a96\" data-element_type=\"container\" data-e-type=\"container\" data-settings=\"{&quot;animation&quot;:&quot;fadeIn&quot;}\">\n\t\t\t\t<div class=\"elementor-element elementor-element-3b96dd2 elementor-grid-4 elementor-widget__width-inherit elementor-grid-tablet-2 elementor-grid-mobile-1 elementor-widget elementor-widget-portfolio\" data-id=\"3b96dd2\" data-element_type=\"widget\" data-e-type=\"widget\" data-settings=\"{&quot;columns&quot;:&quot;4&quot;,&quot;row_gap&quot;:{&quot;unit&quot;:&quot;px&quot;,&quot;size&quot;:12,&quot;sizes&quot;:[]},&quot;columns_tablet&quot;:&quot;2&quot;,&quot;columns_mobile&quot;:&quot;1&quot;,&quot;item_ratio&quot;:{&quot;unit&quot;:&quot;px&quot;,&quot;size&quot;:0.66,&quot;sizes&quot;:[]},&quot;item_gap&quot;:{&quot;unit&quot;:&quot;px&quot;,&quot;size&quot;:&quot;&quot;,&quot;sizes&quot;:[]}}\" data-widget_type=\"portfolio.default\">\n\t\t\t\t<div class=\"elementor-widget-container\">\n\t\t\t\t\t\t\t<div class=\"elementor-portfolio elementor-grid elementor-posts-container\" role=\"list\">\n\t\t\t\t<article class=\"elementor-portfolio-item elementor-post elementor-filter-16 elementor-filter-41 post-3561 projeto type-projeto status-publish has-post-thumbnail hentry categoria-de-projeto-comercial categoria-de-projeto-escritorios\" role=\"listitem\">\n\t\t\t<a class=\"elementor-post__thumbnail__link\" href=\"https:\/\/davidbastos.com.br\/en\/projeto\/escritorio-amauri-itaim-bibi-viii\/\">\n\t\t\t\t<div class=\"elementor-portfolio-item__img elementor-post__thumbnail\">\n\t\t\t<img decoding=\"async\" width=\"1920\" height=\"1280\" src=\"https:\/\/davidbastos.com.br\/wp-content\/uploads\/2026\/01\/IMG_3703T.Reines.webp\" class=\"attachment-full size-full wp-image-3575\" alt=\"\" srcset=\"https:\/\/davidbastos.com.br\/wp-content\/uploads\/2026\/01\/IMG_3703T.Reines.webp 1920w, https:\/\/davidbastos.com.br\/wp-content\/uploads\/2026\/01\/IMG_3703T.Reines-300x200.webp 300w, https:\/\/davidbastos.com.br\/wp-content\/uploads\/2026\/01\/IMG_3703T.Reines-1024x683.webp 1024w, https:\/\/davidbastos.com.br\/wp-content\/uploads\/2026\/01\/IMG_3703T.Reines-768x512.webp 768w, https:\/\/davidbastos.com.br\/wp-content\/uploads\/2026\/01\/IMG_3703T.Reines-1536x1024.webp 1536w, https:\/\/davidbastos.com.br\/wp-content\/uploads\/2026\/01\/IMG_3703T.Reines-18x12.webp 18w\" sizes=\"(max-width: 1920px) 100vw, 1920px\" \/>\t\t<\/div>\n\t\t\t\t<div class=\"elementor-portfolio-item__overlay\">\n\t\t\t\t<h3 class=\"elementor-portfolio-item__title\">\n\t\tEscrit\u00f3rio Amauri &#8211; Itaim Bibi VIII\t\t<\/h3>\n\t\t\t\t<\/div>\n\t\t\t\t<\/a>\n\t\t<\/article>\n\t\t\t\t<article class=\"elementor-portfolio-item elementor-post elementor-filter-16 elementor-filter-41 post-3602 projeto type-projeto status-publish has-post-thumbnail hentry categoria-de-projeto-comercial categoria-de-projeto-escritorios\" role=\"listitem\">\n\t\t\t<a class=\"elementor-post__thumbnail__link\" href=\"https:\/\/davidbastos.com.br\/en\/projeto\/db-arquitetos-salvador\/\">\n\t\t\t\t<div class=\"elementor-portfolio-item__img elementor-post__thumbnail\">\n\t\t\t<img decoding=\"async\" width=\"1920\" height=\"1280\" src=\"https:\/\/davidbastos.com.br\/wp-content\/uploads\/2026\/01\/IMG_7539_T.Reines.webp\" class=\"attachment-full size-full wp-image-3614\" alt=\"\" srcset=\"https:\/\/davidbastos.com.br\/wp-content\/uploads\/2026\/01\/IMG_7539_T.Reines.webp 1920w, https:\/\/davidbastos.com.br\/wp-content\/uploads\/2026\/01\/IMG_7539_T.Reines-300x200.webp 300w, https:\/\/davidbastos.com.br\/wp-content\/uploads\/2026\/01\/IMG_7539_T.Reines-1024x683.webp 1024w, https:\/\/davidbastos.com.br\/wp-content\/uploads\/2026\/01\/IMG_7539_T.Reines-768x512.webp 768w, https:\/\/davidbastos.com.br\/wp-content\/uploads\/2026\/01\/IMG_7539_T.Reines-1536x1024.webp 1536w, https:\/\/davidbastos.com.br\/wp-content\/uploads\/2026\/01\/IMG_7539_T.Reines-18x12.webp 18w\" sizes=\"(max-width: 1920px) 100vw, 1920px\" \/>\t\t<\/div>\n\t\t\t\t<div class=\"elementor-portfolio-item__overlay\">\n\t\t\t\t<h3 class=\"elementor-portfolio-item__title\">\n\t\tDB Arquitetos &#8211; Salvador\t\t<\/h3>\n\t\t\t\t<\/div>\n\t\t\t\t<\/a>\n\t\t<\/article>\n\t\t\t\t<article class=\"elementor-portfolio-item elementor-post elementor-filter-16 elementor-filter-41 post-3615 projeto type-projeto status-publish has-post-thumbnail hentry categoria-de-projeto-comercial categoria-de-projeto-escritorios\" role=\"listitem\">\n\t\t\t<a class=\"elementor-post__thumbnail__link\" href=\"https:\/\/davidbastos.com.br\/en\/projeto\/db-arquitetos-sao-paulo\/\">\n\t\t\t\t<div class=\"elementor-portfolio-item__img elementor-post__thumbnail\">\n\t\t\t<img decoding=\"async\" width=\"1920\" height=\"1280\" src=\"https:\/\/davidbastos.com.br\/wp-content\/uploads\/2026\/01\/T.Reines_IMG_0808.webp\" class=\"attachment-full size-full wp-image-3622\" alt=\"\" srcset=\"https:\/\/davidbastos.com.br\/wp-content\/uploads\/2026\/01\/T.Reines_IMG_0808.webp 1920w, https:\/\/davidbastos.com.br\/wp-content\/uploads\/2026\/01\/T.Reines_IMG_0808-300x200.webp 300w, https:\/\/davidbastos.com.br\/wp-content\/uploads\/2026\/01\/T.Reines_IMG_0808-1024x683.webp 1024w, https:\/\/davidbastos.com.br\/wp-content\/uploads\/2026\/01\/T.Reines_IMG_0808-768x512.webp 768w, https:\/\/davidbastos.com.br\/wp-content\/uploads\/2026\/01\/T.Reines_IMG_0808-1536x1024.webp 1536w, https:\/\/davidbastos.com.br\/wp-content\/uploads\/2026\/01\/T.Reines_IMG_0808-18x12.webp 18w\" sizes=\"(max-width: 1920px) 100vw, 1920px\" \/>\t\t<\/div>\n\t\t\t\t<div class=\"elementor-portfolio-item__overlay\">\n\t\t\t\t<h3 class=\"elementor-portfolio-item__title\">\n\t\tDB Arquitetos &#8211; S\u00e3o Paulo\t\t<\/h3>\n\t\t\t\t<\/div>\n\t\t\t\t<\/a>\n\t\t<\/article>\n\t\t\t\t<\/div>\n\t\t\t\t\t\t<\/div>\n\t\t\t\t<\/div>\n\t\t\t\t<\/div>\n\t\t\t\t\t<\/div>\n\t\t\t\t<\/div>\n\t\t\t\t\t<\/div>\n\t\t<\/div>\n\t\t\t\t\t\t<\/div>\n\t\t\t\t<\/div>\n\t\t\t\t<\/div>\n\t\t\t\t\t<\/div>\n\t\t\t\t<\/div>\n\t\t<div id=\"e-n-tab-content-2254086754\" role=\"tabpanel\" aria-labelledby=\"e-n-tab-title-2254086754\" data-tab-index=\"4\" style=\"--n-tabs-title-order: 4;\" class=\"elementor-element elementor-element-ec7b2e0 e-flex e-con-boxed e-con e-child\" data-id=\"ec7b2e0\" data-element_type=\"container\" data-e-type=\"container\">\n\t\t\t\t\t<div class=\"e-con-inner\">\n\t\t<div class=\"elementor-element elementor-element-1808b0e e-con-full e-flex elementor-invisible e-con e-child\" data-id=\"1808b0e\" data-element_type=\"container\" data-e-type=\"container\" data-settings=\"{&quot;animation&quot;:&quot;fadeIn&quot;}\">\n\t\t\t\t<div class=\"elementor-element elementor-element-139c70e elementor-grid-4 elementor-widget__width-inherit elementor-grid-tablet-2 elementor-grid-mobile-1 elementor-widget elementor-widget-portfolio\" data-id=\"139c70e\" data-element_type=\"widget\" data-e-type=\"widget\" data-settings=\"{&quot;columns&quot;:&quot;4&quot;,&quot;row_gap&quot;:{&quot;unit&quot;:&quot;px&quot;,&quot;size&quot;:12,&quot;sizes&quot;:[]},&quot;columns_tablet&quot;:&quot;2&quot;,&quot;columns_mobile&quot;:&quot;1&quot;,&quot;item_ratio&quot;:{&quot;unit&quot;:&quot;px&quot;,&quot;size&quot;:0.66,&quot;sizes&quot;:[]},&quot;item_gap&quot;:{&quot;unit&quot;:&quot;px&quot;,&quot;size&quot;:&quot;&quot;,&quot;sizes&quot;:[]}}\" data-widget_type=\"portfolio.default\">\n\t\t\t\t<div class=\"elementor-widget-container\">\n\t\t\t\t\t\t\t<div class=\"elementor-portfolio elementor-grid elementor-posts-container\" role=\"list\">\n\t\t\t\t<article class=\"elementor-portfolio-item elementor-post elementor-filter-36 post-3941 projeto type-projeto status-publish has-post-thumbnail hentry categoria-de-projeto-mostras\" role=\"listitem\">\n\t\t\t<a class=\"elementor-post__thumbnail__link\" href=\"https:\/\/davidbastos.com.br\/en\/projeto\/casacor-2015-casa-do-bosque\/\">\n\t\t\t\t<div class=\"elementor-portfolio-item__img elementor-post__thumbnail\">\n\t\t\t<img decoding=\"async\" width=\"1920\" height=\"1280\" src=\"https:\/\/davidbastos.com.br\/wp-content\/uploads\/2026\/01\/IMG_1699_Tuca_Reines.webp\" class=\"attachment-full size-full wp-image-3949\" alt=\"\" srcset=\"https:\/\/davidbastos.com.br\/wp-content\/uploads\/2026\/01\/IMG_1699_Tuca_Reines.webp 1920w, https:\/\/davidbastos.com.br\/wp-content\/uploads\/2026\/01\/IMG_1699_Tuca_Reines-300x200.webp 300w, https:\/\/davidbastos.com.br\/wp-content\/uploads\/2026\/01\/IMG_1699_Tuca_Reines-1024x683.webp 1024w, https:\/\/davidbastos.com.br\/wp-content\/uploads\/2026\/01\/IMG_1699_Tuca_Reines-768x512.webp 768w, https:\/\/davidbastos.com.br\/wp-content\/uploads\/2026\/01\/IMG_1699_Tuca_Reines-1536x1024.webp 1536w, https:\/\/davidbastos.com.br\/wp-content\/uploads\/2026\/01\/IMG_1699_Tuca_Reines-18x12.webp 18w\" sizes=\"(max-width: 1920px) 100vw, 1920px\" \/>\t\t<\/div>\n\t\t\t\t<div class=\"elementor-portfolio-item__overlay\">\n\t\t\t\t<h3 class=\"elementor-portfolio-item__title\">\n\t\tCASACOR 2015 &#8211; CASA DO BOSQUE\t\t<\/h3>\n\t\t\t\t<\/div>\n\t\t\t\t<\/a>\n\t\t<\/article>\n\t\t\t\t<article class=\"elementor-portfolio-item elementor-post elementor-filter-36 elementor-filter-18 post-954 projeto type-projeto status-publish has-post-thumbnail hentry categoria-de-projeto-mostras categoria-de-projeto-restaurantes\" role=\"listitem\">\n\t\t\t<a class=\"elementor-post__thumbnail__link\" href=\"https:\/\/davidbastos.com.br\/en\/projeto\/casacor-salvador-2025\/\">\n\t\t\t\t<div class=\"elementor-portfolio-item__img elementor-post__thumbnail\">\n\t\t\t<img decoding=\"async\" width=\"1920\" height=\"1280\" src=\"https:\/\/davidbastos.com.br\/wp-content\/uploads\/2025\/10\/mostra-casacor-25-cover.jpg\" class=\"attachment-full size-full wp-image-979\" alt=\"\" srcset=\"https:\/\/davidbastos.com.br\/wp-content\/uploads\/2025\/10\/mostra-casacor-25-cover.jpg 1920w, https:\/\/davidbastos.com.br\/wp-content\/uploads\/2025\/10\/mostra-casacor-25-cover-300x200.jpg 300w, https:\/\/davidbastos.com.br\/wp-content\/uploads\/2025\/10\/mostra-casacor-25-cover-1024x683.jpg 1024w, https:\/\/davidbastos.com.br\/wp-content\/uploads\/2025\/10\/mostra-casacor-25-cover-768x512.jpg 768w, https:\/\/davidbastos.com.br\/wp-content\/uploads\/2025\/10\/mostra-casacor-25-cover-1536x1024.jpg 1536w, https:\/\/davidbastos.com.br\/wp-content\/uploads\/2025\/10\/mostra-casacor-25-cover-18x12.jpg 18w\" sizes=\"(max-width: 1920px) 100vw, 1920px\" \/>\t\t<\/div>\n\t\t\t\t<div class=\"elementor-portfolio-item__overlay\">\n\t\t\t\t<h3 class=\"elementor-portfolio-item__title\">\n\t\tCasacor Salvador 2025 &#8211; Restaurante\t\t<\/h3>\n\t\t\t\t<\/div>\n\t\t\t\t<\/a>\n\t\t<\/article>\n\t\t\t\t<article class=\"elementor-portfolio-item elementor-post elementor-filter-36 post-1278 projeto type-projeto status-publish has-post-thumbnail hentry categoria-de-projeto-mostras\" role=\"listitem\">\n\t\t\t<a class=\"elementor-post__thumbnail__link\" href=\"https:\/\/davidbastos.com.br\/en\/projeto\/casacor-rio-2023-living-origem\/\">\n\t\t\t\t<div class=\"elementor-portfolio-item__img elementor-post__thumbnail\">\n\t\t\t<img decoding=\"async\" width=\"1707\" height=\"2560\" src=\"https:\/\/davidbastos.com.br\/wp-content\/uploads\/2025\/12\/0Z7A7216-1-scaled.webp\" class=\"attachment-full size-full wp-image-1287\" alt=\"\" srcset=\"https:\/\/davidbastos.com.br\/wp-content\/uploads\/2025\/12\/0Z7A7216-1-scaled.webp 1707w, https:\/\/davidbastos.com.br\/wp-content\/uploads\/2025\/12\/0Z7A7216-1-200x300.webp 200w, https:\/\/davidbastos.com.br\/wp-content\/uploads\/2025\/12\/0Z7A7216-1-683x1024.webp 683w, https:\/\/davidbastos.com.br\/wp-content\/uploads\/2025\/12\/0Z7A7216-1-768x1152.webp 768w, https:\/\/davidbastos.com.br\/wp-content\/uploads\/2025\/12\/0Z7A7216-1-1024x1536.webp 1024w, https:\/\/davidbastos.com.br\/wp-content\/uploads\/2025\/12\/0Z7A7216-1-1365x2048.webp 1365w, https:\/\/davidbastos.com.br\/wp-content\/uploads\/2025\/12\/0Z7A7216-1-8x12.webp 8w\" sizes=\"(max-width: 1707px) 100vw, 1707px\" \/>\t\t<\/div>\n\t\t\t\t<div class=\"elementor-portfolio-item__overlay\">\n\t\t\t\t<h3 class=\"elementor-portfolio-item__title\">\n\t\tCasacor Rio 2023 &#8211; Living Origem\t\t<\/h3>\n\t\t\t\t<\/div>\n\t\t\t\t<\/a>\n\t\t<\/article>\n\t\t\t\t<article class=\"elementor-portfolio-item elementor-post elementor-filter-36 post-3956 projeto type-projeto status-publish has-post-thumbnail hentry categoria-de-projeto-mostras\" role=\"listitem\">\n\t\t\t<a class=\"elementor-post__thumbnail__link\" href=\"https:\/\/davidbastos.com.br\/en\/projeto\/casacor-2017-bahia-estar-tropical\/\">\n\t\t\t\t<div class=\"elementor-portfolio-item__img elementor-post__thumbnail\">\n\t\t\t<img decoding=\"async\" width=\"1920\" height=\"1280\" src=\"https:\/\/davidbastos.com.br\/wp-content\/uploads\/2026\/01\/xd_160917_334_7292.webp\" class=\"attachment-full size-full wp-image-3968\" alt=\"\" srcset=\"https:\/\/davidbastos.com.br\/wp-content\/uploads\/2026\/01\/xd_160917_334_7292.webp 1920w, https:\/\/davidbastos.com.br\/wp-content\/uploads\/2026\/01\/xd_160917_334_7292-300x200.webp 300w, https:\/\/davidbastos.com.br\/wp-content\/uploads\/2026\/01\/xd_160917_334_7292-1024x683.webp 1024w, https:\/\/davidbastos.com.br\/wp-content\/uploads\/2026\/01\/xd_160917_334_7292-768x512.webp 768w, https:\/\/davidbastos.com.br\/wp-content\/uploads\/2026\/01\/xd_160917_334_7292-1536x1024.webp 1536w, https:\/\/davidbastos.com.br\/wp-content\/uploads\/2026\/01\/xd_160917_334_7292-18x12.webp 18w\" sizes=\"(max-width: 1920px) 100vw, 1920px\" \/>\t\t<\/div>\n\t\t\t\t<div class=\"elementor-portfolio-item__overlay\">\n\t\t\t\t<h3 class=\"elementor-portfolio-item__title\">\n\t\tCASACOR 2017 BAHIA &#8211; ESTAR TROPICAL\t\t<\/h3>\n\t\t\t\t<\/div>\n\t\t\t\t<\/a>\n\t\t<\/article>\n\t\t\t\t<article class=\"elementor-portfolio-item elementor-post elementor-filter-36 post-3929 projeto type-projeto status-publish has-post-thumbnail hentry categoria-de-projeto-mostras\" role=\"listitem\">\n\t\t\t<a class=\"elementor-post__thumbnail__link\" href=\"https:\/\/davidbastos.com.br\/en\/projeto\/casacor-sp-2014-palacio-moderno\/\">\n\t\t\t\t<div class=\"elementor-portfolio-item__img elementor-post__thumbnail\">\n\t\t\t<img decoding=\"async\" width=\"1920\" height=\"1280\" src=\"https:\/\/davidbastos.com.br\/wp-content\/uploads\/2026\/01\/IMG_4196_Tuca_Reines.webp\" class=\"attachment-full size-full wp-image-3934\" alt=\"\" srcset=\"https:\/\/davidbastos.com.br\/wp-content\/uploads\/2026\/01\/IMG_4196_Tuca_Reines.webp 1920w, https:\/\/davidbastos.com.br\/wp-content\/uploads\/2026\/01\/IMG_4196_Tuca_Reines-300x200.webp 300w, https:\/\/davidbastos.com.br\/wp-content\/uploads\/2026\/01\/IMG_4196_Tuca_Reines-1024x683.webp 1024w, https:\/\/davidbastos.com.br\/wp-content\/uploads\/2026\/01\/IMG_4196_Tuca_Reines-768x512.webp 768w, https:\/\/davidbastos.com.br\/wp-content\/uploads\/2026\/01\/IMG_4196_Tuca_Reines-1536x1024.webp 1536w, https:\/\/davidbastos.com.br\/wp-content\/uploads\/2026\/01\/IMG_4196_Tuca_Reines-18x12.webp 18w\" sizes=\"(max-width: 1920px) 100vw, 1920px\" \/>\t\t<\/div>\n\t\t\t\t<div class=\"elementor-portfolio-item__overlay\">\n\t\t\t\t<h3 class=\"elementor-portfolio-item__title\">\n\t\tCASACOR SP 2014 &#8211; Pal\u00e1cio Moderno\t\t<\/h3>\n\t\t\t\t<\/div>\n\t\t\t\t<\/a>\n\t\t<\/article>\n\t\t\t\t<article class=\"elementor-portfolio-item elementor-post elementor-filter-36 post-4657 projeto type-projeto status-publish has-post-thumbnail hentry categoria-de-projeto-mostras\" role=\"listitem\">\n\t\t\t<a class=\"elementor-post__thumbnail__link\" href=\"https:\/\/davidbastos.com.br\/en\/projeto\/casacor-2012-espaco-deca\/\">\n\t\t\t\t<div class=\"elementor-portfolio-item__img elementor-post__thumbnail\">\n\t\t\t<img decoding=\"async\" width=\"1920\" height=\"1279\" src=\"https:\/\/davidbastos.com.br\/wp-content\/uploads\/2026\/03\/IMG_0124Tuca-Reines.webp\" class=\"attachment-full size-full wp-image-4661\" alt=\"\" srcset=\"https:\/\/davidbastos.com.br\/wp-content\/uploads\/2026\/03\/IMG_0124Tuca-Reines.webp 1920w, https:\/\/davidbastos.com.br\/wp-content\/uploads\/2026\/03\/IMG_0124Tuca-Reines-300x200.webp 300w, https:\/\/davidbastos.com.br\/wp-content\/uploads\/2026\/03\/IMG_0124Tuca-Reines-1024x682.webp 1024w, https:\/\/davidbastos.com.br\/wp-content\/uploads\/2026\/03\/IMG_0124Tuca-Reines-768x512.webp 768w, https:\/\/davidbastos.com.br\/wp-content\/uploads\/2026\/03\/IMG_0124Tuca-Reines-1536x1023.webp 1536w, https:\/\/davidbastos.com.br\/wp-content\/uploads\/2026\/03\/IMG_0124Tuca-Reines-18x12.webp 18w\" sizes=\"(max-width: 1920px) 100vw, 1920px\" \/>\t\t<\/div>\n\t\t\t\t<div class=\"elementor-portfolio-item__overlay\">\n\t\t\t\t<h3 class=\"elementor-portfolio-item__title\">\n\t\tCASACOR 2012 &#8211; Espa\u00e7o Deca\t\t<\/h3>\n\t\t\t\t<\/div>\n\t\t\t\t<\/a>\n\t\t<\/article>\n\t\t\t\t<article class=\"elementor-portfolio-item elementor-post elementor-filter-36 post-4673 projeto type-projeto status-publish has-post-thumbnail hentry categoria-de-projeto-mostras\" role=\"listitem\">\n\t\t\t<a class=\"elementor-post__thumbnail__link\" href=\"https:\/\/davidbastos.com.br\/en\/projeto\/casacor-peru-2014-loft\/\">\n\t\t\t\t<div class=\"elementor-portfolio-item__img elementor-post__thumbnail\">\n\t\t\t<img decoding=\"async\" width=\"1920\" height=\"1281\" src=\"https:\/\/davidbastos.com.br\/wp-content\/uploads\/2026\/03\/IMG_6633.webp\" class=\"attachment-full size-full wp-image-4683\" alt=\"\" srcset=\"https:\/\/davidbastos.com.br\/wp-content\/uploads\/2026\/03\/IMG_6633.webp 1920w, https:\/\/davidbastos.com.br\/wp-content\/uploads\/2026\/03\/IMG_6633-300x200.webp 300w, https:\/\/davidbastos.com.br\/wp-content\/uploads\/2026\/03\/IMG_6633-1024x683.webp 1024w, https:\/\/davidbastos.com.br\/wp-content\/uploads\/2026\/03\/IMG_6633-768x512.webp 768w, https:\/\/davidbastos.com.br\/wp-content\/uploads\/2026\/03\/IMG_6633-1536x1025.webp 1536w, https:\/\/davidbastos.com.br\/wp-content\/uploads\/2026\/03\/IMG_6633-18x12.webp 18w\" sizes=\"(max-width: 1920px) 100vw, 1920px\" \/>\t\t<\/div>\n\t\t\t\t<div class=\"elementor-portfolio-item__overlay\">\n\t\t\t\t<h3 class=\"elementor-portfolio-item__title\">\n\t\tCASACOR PERU 2014 &#8211; LOFT\t\t<\/h3>\n\t\t\t\t<\/div>\n\t\t\t\t<\/a>\n\t\t<\/article>\n\t\t\t\t<article class=\"elementor-portfolio-item elementor-post elementor-filter-36 post-4812 projeto type-projeto status-publish has-post-thumbnail hentry categoria-de-projeto-mostras\" role=\"listitem\">\n\t\t\t<a class=\"elementor-post__thumbnail__link\" href=\"https:\/\/davidbastos.com.br\/en\/projeto\/casacor-2006-espaco-brastemp-gourmet\/\">\n\t\t\t\t<div class=\"elementor-portfolio-item__img elementor-post__thumbnail\">\n\t\t\t<img decoding=\"async\" width=\"1920\" height=\"1279\" src=\"https:\/\/davidbastos.com.br\/wp-content\/uploads\/2026\/04\/MG_0004.webp\" class=\"attachment-full size-full wp-image-4820\" alt=\"\" srcset=\"https:\/\/davidbastos.com.br\/wp-content\/uploads\/2026\/04\/MG_0004.webp 1920w, https:\/\/davidbastos.com.br\/wp-content\/uploads\/2026\/04\/MG_0004-300x200.webp 300w, https:\/\/davidbastos.com.br\/wp-content\/uploads\/2026\/04\/MG_0004-1024x682.webp 1024w, https:\/\/davidbastos.com.br\/wp-content\/uploads\/2026\/04\/MG_0004-768x512.webp 768w, https:\/\/davidbastos.com.br\/wp-content\/uploads\/2026\/04\/MG_0004-1536x1023.webp 1536w, https:\/\/davidbastos.com.br\/wp-content\/uploads\/2026\/04\/MG_0004-18x12.webp 18w\" sizes=\"(max-width: 1920px) 100vw, 1920px\" \/>\t\t<\/div>\n\t\t\t\t<div class=\"elementor-portfolio-item__overlay\">\n\t\t\t\t<h3 class=\"elementor-portfolio-item__title\">\n\t\tCASACOR 2006 &#8211; Espa\u00e7o Brastemp Gourmet\t\t<\/h3>\n\t\t\t\t<\/div>\n\t\t\t\t<\/a>\n\t\t<\/article>\n\t\t\t\t<article class=\"elementor-portfolio-item elementor-post elementor-filter-16 elementor-filter-22 elementor-filter-19 elementor-filter-36 post-4787 projeto type-projeto status-publish has-post-thumbnail hentry categoria-de-projeto-comercial categoria-de-projeto-decorados categoria-de-projeto-edificios categoria-de-projeto-mostras\" role=\"listitem\">\n\t\t\t<a class=\"elementor-post__thumbnail__link\" href=\"https:\/\/davidbastos.com.br\/en\/projeto\/casacor-bahia-espaco-comercial\/\">\n\t\t\t\t<div class=\"elementor-portfolio-item__img elementor-post__thumbnail\">\n\t\t\t<img decoding=\"async\" width=\"1920\" height=\"1278\" src=\"https:\/\/davidbastos.com.br\/wp-content\/uploads\/2026\/04\/08112012-Casa-Cor-DB-00002.webp\" class=\"attachment-full size-full wp-image-4798\" alt=\"\" srcset=\"https:\/\/davidbastos.com.br\/wp-content\/uploads\/2026\/04\/08112012-Casa-Cor-DB-00002.webp 1920w, https:\/\/davidbastos.com.br\/wp-content\/uploads\/2026\/04\/08112012-Casa-Cor-DB-00002-300x200.webp 300w, https:\/\/davidbastos.com.br\/wp-content\/uploads\/2026\/04\/08112012-Casa-Cor-DB-00002-1024x682.webp 1024w, https:\/\/davidbastos.com.br\/wp-content\/uploads\/2026\/04\/08112012-Casa-Cor-DB-00002-768x511.webp 768w, https:\/\/davidbastos.com.br\/wp-content\/uploads\/2026\/04\/08112012-Casa-Cor-DB-00002-1536x1022.webp 1536w, https:\/\/davidbastos.com.br\/wp-content\/uploads\/2026\/04\/08112012-Casa-Cor-DB-00002-18x12.webp 18w\" sizes=\"(max-width: 1920px) 100vw, 1920px\" \/>\t\t<\/div>\n\t\t\t\t<div class=\"elementor-portfolio-item__overlay\">\n\t\t\t\t<h3 class=\"elementor-portfolio-item__title\">\n\t\tCASACOR BAHIA 2012 &#8211; ESPA\u00c7O COMERCIAL\t\t<\/h3>\n\t\t\t\t<\/div>\n\t\t\t\t<\/a>\n\t\t<\/article>\n\t\t\t\t<article class=\"elementor-portfolio-item elementor-post elementor-filter-36 post-4776 projeto type-projeto status-publish has-post-thumbnail hentry categoria-de-projeto-mostras\" role=\"listitem\">\n\t\t\t<a class=\"elementor-post__thumbnail__link\" href=\"https:\/\/davidbastos.com.br\/en\/projeto\/casacor-bahia-2015-campo-grande\/\">\n\t\t\t\t<div class=\"elementor-portfolio-item__img elementor-post__thumbnail\">\n\t\t\t<img decoding=\"async\" width=\"1920\" height=\"1281\" src=\"https:\/\/davidbastos.com.br\/wp-content\/uploads\/2026\/04\/foto6.webp\" class=\"attachment-full size-full wp-image-4779\" alt=\"\" srcset=\"https:\/\/davidbastos.com.br\/wp-content\/uploads\/2026\/04\/foto6.webp 1920w, https:\/\/davidbastos.com.br\/wp-content\/uploads\/2026\/04\/foto6-300x200.webp 300w, https:\/\/davidbastos.com.br\/wp-content\/uploads\/2026\/04\/foto6-1024x683.webp 1024w, https:\/\/davidbastos.com.br\/wp-content\/uploads\/2026\/04\/foto6-768x512.webp 768w, https:\/\/davidbastos.com.br\/wp-content\/uploads\/2026\/04\/foto6-1536x1025.webp 1536w, https:\/\/davidbastos.com.br\/wp-content\/uploads\/2026\/04\/foto6-18x12.webp 18w\" sizes=\"(max-width: 1920px) 100vw, 1920px\" \/>\t\t<\/div>\n\t\t\t\t<div class=\"elementor-portfolio-item__overlay\">\n\t\t\t\t<h3 class=\"elementor-portfolio-item__title\">\n\t\tCASACOR BAHIA 2015 &#8211; CAMPO GRANDE\t\t<\/h3>\n\t\t\t\t<\/div>\n\t\t\t\t<\/a>\n\t\t<\/article>\n\t\t\t\t<article class=\"elementor-portfolio-item elementor-post elementor-filter-36 post-4767 projeto type-projeto status-publish has-post-thumbnail hentry categoria-de-projeto-mostras\" role=\"listitem\">\n\t\t\t<a class=\"elementor-post__thumbnail__link\" href=\"https:\/\/davidbastos.com.br\/en\/projeto\/casacor-campinas-2012\/\">\n\t\t\t\t<div class=\"elementor-portfolio-item__img elementor-post__thumbnail\">\n\t\t\t<img decoding=\"async\" width=\"1920\" height=\"1313\" src=\"https:\/\/davidbastos.com.br\/wp-content\/uploads\/2026\/04\/IMG_0271.webp\" class=\"attachment-full size-full wp-image-4774\" alt=\"\" srcset=\"https:\/\/davidbastos.com.br\/wp-content\/uploads\/2026\/04\/IMG_0271.webp 1920w, https:\/\/davidbastos.com.br\/wp-content\/uploads\/2026\/04\/IMG_0271-300x205.webp 300w, https:\/\/davidbastos.com.br\/wp-content\/uploads\/2026\/04\/IMG_0271-1024x700.webp 1024w, https:\/\/davidbastos.com.br\/wp-content\/uploads\/2026\/04\/IMG_0271-768x525.webp 768w, https:\/\/davidbastos.com.br\/wp-content\/uploads\/2026\/04\/IMG_0271-1536x1050.webp 1536w, https:\/\/davidbastos.com.br\/wp-content\/uploads\/2026\/04\/IMG_0271-18x12.webp 18w\" sizes=\"(max-width: 1920px) 100vw, 1920px\" \/>\t\t<\/div>\n\t\t\t\t<div class=\"elementor-portfolio-item__overlay\">\n\t\t\t\t<h3 class=\"elementor-portfolio-item__title\">\n\t\tCASACOR CAMPINAS 2012\t\t<\/h3>\n\t\t\t\t<\/div>\n\t\t\t\t<\/a>\n\t\t<\/article>\n\t\t\t\t<article class=\"elementor-portfolio-item elementor-post elementor-filter-22 elementor-filter-19 elementor-filter-36 post-4750 projeto type-projeto status-publish has-post-thumbnail hentry categoria-de-projeto-decorados categoria-de-projeto-edificios categoria-de-projeto-mostras\" role=\"listitem\">\n\t\t\t<a class=\"elementor-post__thumbnail__link\" href=\"https:\/\/davidbastos.com.br\/en\/projeto\/casacor-espirito-santo-showa\/\">\n\t\t\t\t<div class=\"elementor-portfolio-item__img elementor-post__thumbnail\">\n\t\t\t<img decoding=\"async\" width=\"1920\" height=\"1282\" src=\"https:\/\/davidbastos.com.br\/wp-content\/uploads\/2026\/04\/9440_CAMILA-SANTOS.FOT_.webp\" class=\"attachment-full size-full wp-image-4765\" alt=\"\" srcset=\"https:\/\/davidbastos.com.br\/wp-content\/uploads\/2026\/04\/9440_CAMILA-SANTOS.FOT_.webp 1920w, https:\/\/davidbastos.com.br\/wp-content\/uploads\/2026\/04\/9440_CAMILA-SANTOS.FOT_-300x200.webp 300w, https:\/\/davidbastos.com.br\/wp-content\/uploads\/2026\/04\/9440_CAMILA-SANTOS.FOT_-1024x684.webp 1024w, https:\/\/davidbastos.com.br\/wp-content\/uploads\/2026\/04\/9440_CAMILA-SANTOS.FOT_-768x513.webp 768w, https:\/\/davidbastos.com.br\/wp-content\/uploads\/2026\/04\/9440_CAMILA-SANTOS.FOT_-1536x1026.webp 1536w, https:\/\/davidbastos.com.br\/wp-content\/uploads\/2026\/04\/9440_CAMILA-SANTOS.FOT_-18x12.webp 18w\" sizes=\"(max-width: 1920px) 100vw, 1920px\" \/>\t\t<\/div>\n\t\t\t\t<div class=\"elementor-portfolio-item__overlay\">\n\t\t\t\t<h3 class=\"elementor-portfolio-item__title\">\n\t\tCASACOR ESP\u00cdRITO SANTO &#8211; SHOWA\t\t<\/h3>\n\t\t\t\t<\/div>\n\t\t\t\t<\/a>\n\t\t<\/article>\n\t\t\t\t<article class=\"elementor-portfolio-item elementor-post elementor-filter-36 post-4646 projeto type-projeto status-publish has-post-thumbnail hentry categoria-de-projeto-mostras\" role=\"listitem\">\n\t\t\t<a class=\"elementor-post__thumbnail__link\" href=\"https:\/\/davidbastos.com.br\/en\/projeto\/casacor-sp-2013-loft-jovem-empresario\/\">\n\t\t\t\t<div class=\"elementor-portfolio-item__img elementor-post__thumbnail\">\n\t\t\t<img decoding=\"async\" width=\"1920\" height=\"1279\" src=\"https:\/\/davidbastos.com.br\/wp-content\/uploads\/2026\/03\/IMG_2805_Tuca_Reines.webp\" class=\"attachment-full size-full wp-image-4648\" alt=\"\" srcset=\"https:\/\/davidbastos.com.br\/wp-content\/uploads\/2026\/03\/IMG_2805_Tuca_Reines.webp 1920w, https:\/\/davidbastos.com.br\/wp-content\/uploads\/2026\/03\/IMG_2805_Tuca_Reines-300x200.webp 300w, https:\/\/davidbastos.com.br\/wp-content\/uploads\/2026\/03\/IMG_2805_Tuca_Reines-1024x682.webp 1024w, https:\/\/davidbastos.com.br\/wp-content\/uploads\/2026\/03\/IMG_2805_Tuca_Reines-768x512.webp 768w, https:\/\/davidbastos.com.br\/wp-content\/uploads\/2026\/03\/IMG_2805_Tuca_Reines-1536x1023.webp 1536w, https:\/\/davidbastos.com.br\/wp-content\/uploads\/2026\/03\/IMG_2805_Tuca_Reines-18x12.webp 18w\" sizes=\"(max-width: 1920px) 100vw, 1920px\" \/>\t\t<\/div>\n\t\t\t\t<div class=\"elementor-portfolio-item__overlay\">\n\t\t\t\t<h3 class=\"elementor-portfolio-item__title\">\n\t\tCASACOR SP 2013 &#8211; Loft Jovem Empres\u00e1rio\t\t<\/h3>\n\t\t\t\t<\/div>\n\t\t\t\t<\/a>\n\t\t<\/article>\n\t\t\t\t<article class=\"elementor-portfolio-item elementor-post elementor-filter-36 post-4400 projeto type-projeto status-publish has-post-thumbnail hentry categoria-de-projeto-mostras\" role=\"listitem\">\n\t\t\t<a class=\"elementor-post__thumbnail__link\" href=\"https:\/\/davidbastos.com.br\/en\/projeto\/casacor-bahia-2012-living\/\">\n\t\t\t\t<div class=\"elementor-portfolio-item__img elementor-post__thumbnail\">\n\t\t\t<img decoding=\"async\" width=\"1920\" height=\"1513\" src=\"https:\/\/davidbastos.com.br\/wp-content\/uploads\/2026\/02\/Digitalizar0178.webp\" class=\"attachment-full size-full wp-image-4406\" alt=\"\" srcset=\"https:\/\/davidbastos.com.br\/wp-content\/uploads\/2026\/02\/Digitalizar0178.webp 1920w, https:\/\/davidbastos.com.br\/wp-content\/uploads\/2026\/02\/Digitalizar0178-300x236.webp 300w, https:\/\/davidbastos.com.br\/wp-content\/uploads\/2026\/02\/Digitalizar0178-1024x807.webp 1024w, https:\/\/davidbastos.com.br\/wp-content\/uploads\/2026\/02\/Digitalizar0178-768x605.webp 768w, https:\/\/davidbastos.com.br\/wp-content\/uploads\/2026\/02\/Digitalizar0178-1536x1210.webp 1536w, https:\/\/davidbastos.com.br\/wp-content\/uploads\/2026\/02\/Digitalizar0178-15x12.webp 15w\" sizes=\"(max-width: 1920px) 100vw, 1920px\" \/>\t\t<\/div>\n\t\t\t\t<div class=\"elementor-portfolio-item__overlay\">\n\t\t\t\t<h3 class=\"elementor-portfolio-item__title\">\n\t\tCASACOR Bahia 2012 &#8211; Living\t\t<\/h3>\n\t\t\t\t<\/div>\n\t\t\t\t<\/a>\n\t\t<\/article>\n\t\t\t\t<article class=\"elementor-portfolio-item elementor-post elementor-filter-36 post-1295 projeto type-projeto status-publish has-post-thumbnail hentry categoria-de-projeto-mostras\" role=\"listitem\">\n\t\t\t<a class=\"elementor-post__thumbnail__link\" href=\"https:\/\/davidbastos.com.br\/en\/projeto\/casacor-sao-paulo-2024-living\/\">\n\t\t\t\t<div class=\"elementor-portfolio-item__img elementor-post__thumbnail\">\n\t\t\t<img decoding=\"async\" width=\"1920\" height=\"1280\" src=\"https:\/\/davidbastos.com.br\/wp-content\/uploads\/2025\/12\/B0A4927-1.webp\" class=\"attachment-full size-full wp-image-1305\" alt=\"\" srcset=\"https:\/\/davidbastos.com.br\/wp-content\/uploads\/2025\/12\/B0A4927-1.webp 1920w, https:\/\/davidbastos.com.br\/wp-content\/uploads\/2025\/12\/B0A4927-1-300x200.webp 300w, https:\/\/davidbastos.com.br\/wp-content\/uploads\/2025\/12\/B0A4927-1-1024x683.webp 1024w, https:\/\/davidbastos.com.br\/wp-content\/uploads\/2025\/12\/B0A4927-1-768x512.webp 768w, https:\/\/davidbastos.com.br\/wp-content\/uploads\/2025\/12\/B0A4927-1-1536x1024.webp 1536w, https:\/\/davidbastos.com.br\/wp-content\/uploads\/2025\/12\/B0A4927-1-18x12.webp 18w\" sizes=\"(max-width: 1920px) 100vw, 1920px\" \/>\t\t<\/div>\n\t\t\t\t<div class=\"elementor-portfolio-item__overlay\">\n\t\t\t\t<h3 class=\"elementor-portfolio-item__title\">\n\t\tCasacor S\u00e3o Paulo 2024 -Living\t\t<\/h3>\n\t\t\t\t<\/div>\n\t\t\t\t<\/a>\n\t\t<\/article>\n\t\t\t\t<article class=\"elementor-portfolio-item elementor-post elementor-filter-36 post-1267 projeto type-projeto status-publish has-post-thumbnail hentry categoria-de-projeto-mostras\" role=\"listitem\">\n\t\t\t<a class=\"elementor-post__thumbnail__link\" href=\"https:\/\/davidbastos.com.br\/en\/projeto\/casacor-bahia-2023-bau\/\">\n\t\t\t\t<div class=\"elementor-portfolio-item__img elementor-post__thumbnail\">\n\t\t\t<img decoding=\"async\" width=\"1920\" height=\"1280\" src=\"https:\/\/davidbastos.com.br\/wp-content\/uploads\/2025\/12\/David-Bastos-Living-Bau-Foto-Gabriela-Daltro-Rev-1-300dpi-9794.webp\" class=\"attachment-full size-full wp-image-1268\" alt=\"\" srcset=\"https:\/\/davidbastos.com.br\/wp-content\/uploads\/2025\/12\/David-Bastos-Living-Bau-Foto-Gabriela-Daltro-Rev-1-300dpi-9794.webp 1920w, https:\/\/davidbastos.com.br\/wp-content\/uploads\/2025\/12\/David-Bastos-Living-Bau-Foto-Gabriela-Daltro-Rev-1-300dpi-9794-300x200.webp 300w, https:\/\/davidbastos.com.br\/wp-content\/uploads\/2025\/12\/David-Bastos-Living-Bau-Foto-Gabriela-Daltro-Rev-1-300dpi-9794-1024x683.webp 1024w, https:\/\/davidbastos.com.br\/wp-content\/uploads\/2025\/12\/David-Bastos-Living-Bau-Foto-Gabriela-Daltro-Rev-1-300dpi-9794-768x512.webp 768w, https:\/\/davidbastos.com.br\/wp-content\/uploads\/2025\/12\/David-Bastos-Living-Bau-Foto-Gabriela-Daltro-Rev-1-300dpi-9794-1536x1024.webp 1536w, https:\/\/davidbastos.com.br\/wp-content\/uploads\/2025\/12\/David-Bastos-Living-Bau-Foto-Gabriela-Daltro-Rev-1-300dpi-9794-18x12.webp 18w\" sizes=\"(max-width: 1920px) 100vw, 1920px\" \/>\t\t<\/div>\n\t\t\t\t<div class=\"elementor-portfolio-item__overlay\">\n\t\t\t\t<h3 class=\"elementor-portfolio-item__title\">\n\t\tCasacor Bahia 2023 &#8211; Ba\u00fa +\t\t<\/h3>\n\t\t\t\t<\/div>\n\t\t\t\t<\/a>\n\t\t<\/article>\n\t\t\t\t<article class=\"elementor-portfolio-item elementor-post elementor-filter-36 post-4300 projeto type-projeto status-publish has-post-thumbnail hentry categoria-de-projeto-mostras\" role=\"listitem\">\n\t\t\t<a class=\"elementor-post__thumbnail__link\" href=\"https:\/\/davidbastos.com.br\/en\/projeto\/casacor-bahia-1996-a-estreia-de-david-bastos-e-o-nascimento-de-um-icone-da-arquitetura-de-praia\/\">\n\t\t\t\t<div class=\"elementor-portfolio-item__img elementor-post__thumbnail\">\n\t\t\t<img decoding=\"async\" width=\"1171\" height=\"1487\" src=\"https:\/\/davidbastos.com.br\/wp-content\/uploads\/2026\/02\/CASA-COR-97-geral.jpg\" class=\"attachment-full size-full wp-image-4307\" alt=\"\" srcset=\"https:\/\/davidbastos.com.br\/wp-content\/uploads\/2026\/02\/CASA-COR-97-geral.jpg 1171w, https:\/\/davidbastos.com.br\/wp-content\/uploads\/2026\/02\/CASA-COR-97-geral-236x300.jpg 236w, https:\/\/davidbastos.com.br\/wp-content\/uploads\/2026\/02\/CASA-COR-97-geral-806x1024.jpg 806w, https:\/\/davidbastos.com.br\/wp-content\/uploads\/2026\/02\/CASA-COR-97-geral-768x975.jpg 768w, https:\/\/davidbastos.com.br\/wp-content\/uploads\/2026\/02\/CASA-COR-97-geral-9x12.jpg 9w\" sizes=\"(max-width: 1171px) 100vw, 1171px\" \/>\t\t<\/div>\n\t\t\t\t<div class=\"elementor-portfolio-item__overlay\">\n\t\t\t\t<h3 class=\"elementor-portfolio-item__title\">\n\t\tCASACOR Bahia 1996 | A estreia de David Bastos e o nascimento de um \u00edcone da arquitetura de praia\t\t<\/h3>\n\t\t\t\t<\/div>\n\t\t\t\t<\/a>\n\t\t<\/article>\n\t\t\t\t<article class=\"elementor-portfolio-item elementor-post elementor-filter-36 post-4289 projeto type-projeto status-publish has-post-thumbnail hentry categoria-de-projeto-mostras\" role=\"listitem\">\n\t\t\t<a class=\"elementor-post__thumbnail__link\" href=\"https:\/\/davidbastos.com.br\/en\/projeto\/casacor-bahia-1997-loft\/\">\n\t\t\t\t<div class=\"elementor-portfolio-item__img elementor-post__thumbnail\">\n\t\t\t<img decoding=\"async\" width=\"746\" height=\"767\" src=\"https:\/\/davidbastos.com.br\/wp-content\/uploads\/2026\/02\/cc34.jpg\" class=\"attachment-full size-full wp-image-4296\" alt=\"\" srcset=\"https:\/\/davidbastos.com.br\/wp-content\/uploads\/2026\/02\/cc34.jpg 746w, https:\/\/davidbastos.com.br\/wp-content\/uploads\/2026\/02\/cc34-292x300.jpg 292w, https:\/\/davidbastos.com.br\/wp-content\/uploads\/2026\/02\/cc34-12x12.jpg 12w\" sizes=\"(max-width: 746px) 100vw, 746px\" \/>\t\t<\/div>\n\t\t\t\t<div class=\"elementor-portfolio-item__overlay\">\n\t\t\t\t<h3 class=\"elementor-portfolio-item__title\">\n\t\tCASACOR Bahia 1997 &#8211; Loft\t\t<\/h3>\n\t\t\t\t<\/div>\n\t\t\t\t<\/a>\n\t\t<\/article>\n\t\t\t\t<article class=\"elementor-portfolio-item elementor-post elementor-filter-36 post-4275 projeto type-projeto status-publish has-post-thumbnail hentry categoria-de-projeto-mostras\" role=\"listitem\">\n\t\t\t<a class=\"elementor-post__thumbnail__link\" href=\"https:\/\/davidbastos.com.br\/en\/projeto\/casacor-bahia-2010-living-com-varanda\/\">\n\t\t\t\t<div class=\"elementor-portfolio-item__img elementor-post__thumbnail\">\n\t\t\t<img decoding=\"async\" width=\"2480\" height=\"1650\" src=\"https:\/\/davidbastos.com.br\/wp-content\/uploads\/2026\/02\/Casa-Cor_003.jpg\" class=\"attachment-full size-full wp-image-4284\" alt=\"\" srcset=\"https:\/\/davidbastos.com.br\/wp-content\/uploads\/2026\/02\/Casa-Cor_003.jpg 2480w, https:\/\/davidbastos.com.br\/wp-content\/uploads\/2026\/02\/Casa-Cor_003-300x200.jpg 300w, https:\/\/davidbastos.com.br\/wp-content\/uploads\/2026\/02\/Casa-Cor_003-1024x681.jpg 1024w, https:\/\/davidbastos.com.br\/wp-content\/uploads\/2026\/02\/Casa-Cor_003-768x511.jpg 768w, https:\/\/davidbastos.com.br\/wp-content\/uploads\/2026\/02\/Casa-Cor_003-1536x1022.jpg 1536w, https:\/\/davidbastos.com.br\/wp-content\/uploads\/2026\/02\/Casa-Cor_003-2048x1363.jpg 2048w, https:\/\/davidbastos.com.br\/wp-content\/uploads\/2026\/02\/Casa-Cor_003-18x12.jpg 18w\" sizes=\"(max-width: 2480px) 100vw, 2480px\" \/>\t\t<\/div>\n\t\t\t\t<div class=\"elementor-portfolio-item__overlay\">\n\t\t\t\t<h3 class=\"elementor-portfolio-item__title\">\n\t\tCASACOR Bahia 2010 &#8211; Living com varanda\t\t<\/h3>\n\t\t\t\t<\/div>\n\t\t\t\t<\/a>\n\t\t<\/article>\n\t\t\t\t<article class=\"elementor-portfolio-item elementor-post elementor-filter-36 post-4262 projeto type-projeto status-publish has-post-thumbnail hentry categoria-de-projeto-mostras\" role=\"listitem\">\n\t\t\t<a class=\"elementor-post__thumbnail__link\" href=\"https:\/\/davidbastos.com.br\/en\/projeto\/casacor-bahia-2007-refugio\/\">\n\t\t\t\t<div class=\"elementor-portfolio-item__img elementor-post__thumbnail\">\n\t\t\t<img decoding=\"async\" width=\"2560\" height=\"1713\" src=\"https:\/\/davidbastos.com.br\/wp-content\/uploads\/2026\/02\/Casa-Cor032-scaled.jpg\" class=\"attachment-full size-full wp-image-4268\" alt=\"\" srcset=\"https:\/\/davidbastos.com.br\/wp-content\/uploads\/2026\/02\/Casa-Cor032-scaled.jpg 2560w, https:\/\/davidbastos.com.br\/wp-content\/uploads\/2026\/02\/Casa-Cor032-300x201.jpg 300w, https:\/\/davidbastos.com.br\/wp-content\/uploads\/2026\/02\/Casa-Cor032-1024x685.jpg 1024w, https:\/\/davidbastos.com.br\/wp-content\/uploads\/2026\/02\/Casa-Cor032-768x514.jpg 768w, https:\/\/davidbastos.com.br\/wp-content\/uploads\/2026\/02\/Casa-Cor032-1536x1028.jpg 1536w, https:\/\/davidbastos.com.br\/wp-content\/uploads\/2026\/02\/Casa-Cor032-2048x1371.jpg 2048w, https:\/\/davidbastos.com.br\/wp-content\/uploads\/2026\/02\/Casa-Cor032-18x12.jpg 18w\" sizes=\"(max-width: 2560px) 100vw, 2560px\" \/>\t\t<\/div>\n\t\t\t\t<div class=\"elementor-portfolio-item__overlay\">\n\t\t\t\t<h3 class=\"elementor-portfolio-item__title\">\n\t\tCASACOR Bahia 2007 &#8211; Ref\u00fagio\t\t<\/h3>\n\t\t\t\t<\/div>\n\t\t\t\t<\/a>\n\t\t<\/article>\n\t\t\t\t<article class=\"elementor-portfolio-item elementor-post elementor-filter-36 elementor-filter-18 post-4237 projeto type-projeto status-publish has-post-thumbnail hentry categoria-de-projeto-mostras categoria-de-projeto-restaurantes\" role=\"listitem\">\n\t\t\t<a class=\"elementor-post__thumbnail__link\" href=\"https:\/\/davidbastos.com.br\/en\/projeto\/casacor-2001-restaurante-por-david-bastos\/\">\n\t\t\t\t<div class=\"elementor-portfolio-item__img elementor-post__thumbnail\">\n\t\t\t<img decoding=\"async\" width=\"980\" height=\"759\" src=\"https:\/\/davidbastos.com.br\/wp-content\/uploads\/2026\/02\/c01.jpg\" class=\"attachment-full size-full wp-image-4246\" alt=\"\" srcset=\"https:\/\/davidbastos.com.br\/wp-content\/uploads\/2026\/02\/c01.jpg 980w, https:\/\/davidbastos.com.br\/wp-content\/uploads\/2026\/02\/c01-300x232.jpg 300w, https:\/\/davidbastos.com.br\/wp-content\/uploads\/2026\/02\/c01-768x595.jpg 768w, https:\/\/davidbastos.com.br\/wp-content\/uploads\/2026\/02\/c01-15x12.jpg 15w\" sizes=\"(max-width: 980px) 100vw, 980px\" \/>\t\t<\/div>\n\t\t\t\t<div class=\"elementor-portfolio-item__overlay\">\n\t\t\t\t<h3 class=\"elementor-portfolio-item__title\">\n\t\tCASACOR 2001 &#8211; Restaurante por David Bastos\t\t<\/h3>\n\t\t\t\t<\/div>\n\t\t\t\t<\/a>\n\t\t<\/article>\n\t\t\t\t<article class=\"elementor-portfolio-item elementor-post elementor-filter-36 post-4223 projeto type-projeto status-publish has-post-thumbnail hentry categoria-de-projeto-mostras\" role=\"listitem\">\n\t\t\t<a class=\"elementor-post__thumbnail__link\" href=\"https:\/\/davidbastos.com.br\/en\/projeto\/casacor-bahia-1997-living\/\">\n\t\t\t\t<div class=\"elementor-portfolio-item__img elementor-post__thumbnail\">\n\t\t\t<img decoding=\"async\" width=\"2560\" height=\"2003\" src=\"https:\/\/davidbastos.com.br\/wp-content\/uploads\/2026\/02\/cc07-scaled.jpg\" class=\"attachment-full size-full wp-image-4226\" alt=\"\" srcset=\"https:\/\/davidbastos.com.br\/wp-content\/uploads\/2026\/02\/cc07-scaled.jpg 2560w, https:\/\/davidbastos.com.br\/wp-content\/uploads\/2026\/02\/cc07-300x235.jpg 300w, https:\/\/davidbastos.com.br\/wp-content\/uploads\/2026\/02\/cc07-1024x801.jpg 1024w, https:\/\/davidbastos.com.br\/wp-content\/uploads\/2026\/02\/cc07-768x601.jpg 768w, https:\/\/davidbastos.com.br\/wp-content\/uploads\/2026\/02\/cc07-1536x1202.jpg 1536w, https:\/\/davidbastos.com.br\/wp-content\/uploads\/2026\/02\/cc07-2048x1603.jpg 2048w, https:\/\/davidbastos.com.br\/wp-content\/uploads\/2026\/02\/cc07-15x12.jpg 15w\" sizes=\"(max-width: 2560px) 100vw, 2560px\" \/>\t\t<\/div>\n\t\t\t\t<div class=\"elementor-portfolio-item__overlay\">\n\t\t\t\t<h3 class=\"elementor-portfolio-item__title\">\n\t\tCASACOR Bahia 1997 &#8211; Living\t\t<\/h3>\n\t\t\t\t<\/div>\n\t\t\t\t<\/a>\n\t\t<\/article>\n\t\t\t\t<article class=\"elementor-portfolio-item elementor-post elementor-filter-36 post-4204 projeto type-projeto status-publish has-post-thumbnail hentry categoria-de-projeto-mostras\" role=\"listitem\">\n\t\t\t<a class=\"elementor-post__thumbnail__link\" href=\"https:\/\/davidbastos.com.br\/en\/projeto\/mostra-artefacto-2024-living-alemao-de-maresias\/\">\n\t\t\t\t<div class=\"elementor-portfolio-item__img elementor-post__thumbnail\">\n\t\t\t<img decoding=\"async\" width=\"1500\" height=\"844\" src=\"https:\/\/davidbastos.com.br\/wp-content\/uploads\/2026\/02\/2024_BeC_DavidBastos_03.jpg\" class=\"attachment-full size-full wp-image-4207\" alt=\"\" srcset=\"https:\/\/davidbastos.com.br\/wp-content\/uploads\/2026\/02\/2024_BeC_DavidBastos_03.jpg 1500w, https:\/\/davidbastos.com.br\/wp-content\/uploads\/2026\/02\/2024_BeC_DavidBastos_03-300x169.jpg 300w, https:\/\/davidbastos.com.br\/wp-content\/uploads\/2026\/02\/2024_BeC_DavidBastos_03-1024x576.jpg 1024w, https:\/\/davidbastos.com.br\/wp-content\/uploads\/2026\/02\/2024_BeC_DavidBastos_03-768x432.jpg 768w, https:\/\/davidbastos.com.br\/wp-content\/uploads\/2026\/02\/2024_BeC_DavidBastos_03-18x10.jpg 18w\" sizes=\"(max-width: 1500px) 100vw, 1500px\" \/>\t\t<\/div>\n\t\t\t\t<div class=\"elementor-portfolio-item__overlay\">\n\t\t\t\t<h3 class=\"elementor-portfolio-item__title\">\n\t\tMostra Artefacto 2024 &#8211; Living Alem\u00e3o de Maresias\t\t<\/h3>\n\t\t\t\t<\/div>\n\t\t\t\t<\/a>\n\t\t<\/article>\n\t\t\t\t<article class=\"elementor-portfolio-item elementor-post elementor-filter-36 post-2118 projeto type-projeto status-publish has-post-thumbnail hentry categoria-de-projeto-mostras\" role=\"listitem\">\n\t\t\t<a class=\"elementor-post__thumbnail__link\" href=\"https:\/\/davidbastos.com.br\/en\/projeto\/madeira-bonita-2023\/\">\n\t\t\t\t<div class=\"elementor-portfolio-item__img elementor-post__thumbnail\">\n\t\t\t<img decoding=\"async\" width=\"1920\" height=\"1280\" src=\"https:\/\/davidbastos.com.br\/wp-content\/uploads\/2025\/12\/CAPA-5.webp\" class=\"attachment-full size-full wp-image-2127\" alt=\"\" srcset=\"https:\/\/davidbastos.com.br\/wp-content\/uploads\/2025\/12\/CAPA-5.webp 1920w, https:\/\/davidbastos.com.br\/wp-content\/uploads\/2025\/12\/CAPA-5-300x200.webp 300w, https:\/\/davidbastos.com.br\/wp-content\/uploads\/2025\/12\/CAPA-5-1024x683.webp 1024w, https:\/\/davidbastos.com.br\/wp-content\/uploads\/2025\/12\/CAPA-5-768x512.webp 768w, https:\/\/davidbastos.com.br\/wp-content\/uploads\/2025\/12\/CAPA-5-1536x1024.webp 1536w, https:\/\/davidbastos.com.br\/wp-content\/uploads\/2025\/12\/CAPA-5-18x12.webp 18w\" sizes=\"(max-width: 1920px) 100vw, 1920px\" \/>\t\t<\/div>\n\t\t\t\t<div class=\"elementor-portfolio-item__overlay\">\n\t\t\t\t<h3 class=\"elementor-portfolio-item__title\">\n\t\tMadeira Bonita 2023\t\t<\/h3>\n\t\t\t\t<\/div>\n\t\t\t\t<\/a>\n\t\t<\/article>\n\t\t\t\t<article class=\"elementor-portfolio-item elementor-post elementor-filter-36 post-1316 projeto type-projeto status-publish has-post-thumbnail hentry categoria-de-projeto-mostras\" role=\"listitem\">\n\t\t\t<a class=\"elementor-post__thumbnail__link\" href=\"https:\/\/davidbastos.com.br\/en\/projeto\/expo-revestir-2023-brasigran\/\">\n\t\t\t\t<div class=\"elementor-portfolio-item__img elementor-post__thumbnail\">\n\t\t\t<img decoding=\"async\" width=\"1920\" height=\"1296\" src=\"https:\/\/davidbastos.com.br\/wp-content\/uploads\/2025\/12\/T.ReinesIMG_3422.webp\" class=\"attachment-full size-full wp-image-1319\" alt=\"\" srcset=\"https:\/\/davidbastos.com.br\/wp-content\/uploads\/2025\/12\/T.ReinesIMG_3422.webp 1920w, https:\/\/davidbastos.com.br\/wp-content\/uploads\/2025\/12\/T.ReinesIMG_3422-300x203.webp 300w, https:\/\/davidbastos.com.br\/wp-content\/uploads\/2025\/12\/T.ReinesIMG_3422-1024x691.webp 1024w, https:\/\/davidbastos.com.br\/wp-content\/uploads\/2025\/12\/T.ReinesIMG_3422-768x518.webp 768w, https:\/\/davidbastos.com.br\/wp-content\/uploads\/2025\/12\/T.ReinesIMG_3422-1536x1037.webp 1536w, https:\/\/davidbastos.com.br\/wp-content\/uploads\/2025\/12\/T.ReinesIMG_3422-18x12.webp 18w\" sizes=\"(max-width: 1920px) 100vw, 1920px\" \/>\t\t<\/div>\n\t\t\t\t<div class=\"elementor-portfolio-item__overlay\">\n\t\t\t\t<h3 class=\"elementor-portfolio-item__title\">\n\t\tExpo Revestir 2023 &#8211; Brasigran\t\t<\/h3>\n\t\t\t\t<\/div>\n\t\t\t\t<\/a>\n\t\t<\/article>\n\t\t\t\t<article class=\"elementor-portfolio-item elementor-post elementor-filter-36 post-1212 projeto type-projeto status-publish has-post-thumbnail hentry categoria-de-projeto-mostras\" role=\"listitem\">\n\t\t\t<a class=\"elementor-post__thumbnail__link\" href=\"https:\/\/davidbastos.com.br\/en\/projeto\/casacor-bahia-2018\/\">\n\t\t\t\t<div class=\"elementor-portfolio-item__img elementor-post__thumbnail\">\n\t\t\t<img decoding=\"async\" width=\"1920\" height=\"1280\" src=\"https:\/\/davidbastos.com.br\/wp-content\/uploads\/2025\/12\/xd_280918_651_0451_-1.webp\" class=\"attachment-full size-full wp-image-1227\" alt=\"\" srcset=\"https:\/\/davidbastos.com.br\/wp-content\/uploads\/2025\/12\/xd_280918_651_0451_-1.webp 1920w, https:\/\/davidbastos.com.br\/wp-content\/uploads\/2025\/12\/xd_280918_651_0451_-1-300x200.webp 300w, https:\/\/davidbastos.com.br\/wp-content\/uploads\/2025\/12\/xd_280918_651_0451_-1-1024x683.webp 1024w, https:\/\/davidbastos.com.br\/wp-content\/uploads\/2025\/12\/xd_280918_651_0451_-1-768x512.webp 768w, https:\/\/davidbastos.com.br\/wp-content\/uploads\/2025\/12\/xd_280918_651_0451_-1-1536x1024.webp 1536w, https:\/\/davidbastos.com.br\/wp-content\/uploads\/2025\/12\/xd_280918_651_0451_-1-18x12.webp 18w\" sizes=\"(max-width: 1920px) 100vw, 1920px\" \/>\t\t<\/div>\n\t\t\t\t<div class=\"elementor-portfolio-item__overlay\">\n\t\t\t\t<h3 class=\"elementor-portfolio-item__title\">\n\t\tCasacor Bahia 2018\t\t<\/h3>\n\t\t\t\t<\/div>\n\t\t\t\t<\/a>\n\t\t<\/article>\n\t\t\t\t<article class=\"elementor-portfolio-item elementor-post elementor-filter-36 post-1246 projeto type-projeto status-publish has-post-thumbnail hentry categoria-de-projeto-mostras\" role=\"listitem\">\n\t\t\t<a class=\"elementor-post__thumbnail__link\" href=\"https:\/\/davidbastos.com.br\/en\/projeto\/casacor-bahia-2019-restaurante-amado\/\">\n\t\t\t\t<div class=\"elementor-portfolio-item__img elementor-post__thumbnail\">\n\t\t\t<img decoding=\"async\" width=\"1920\" height=\"1325\" src=\"https:\/\/davidbastos.com.br\/wp-content\/uploads\/2025\/12\/xd_181019_927_7149-1.webp\" class=\"attachment-full size-full wp-image-1262\" alt=\"\" srcset=\"https:\/\/davidbastos.com.br\/wp-content\/uploads\/2025\/12\/xd_181019_927_7149-1.webp 1920w, https:\/\/davidbastos.com.br\/wp-content\/uploads\/2025\/12\/xd_181019_927_7149-1-300x207.webp 300w, https:\/\/davidbastos.com.br\/wp-content\/uploads\/2025\/12\/xd_181019_927_7149-1-1024x707.webp 1024w, https:\/\/davidbastos.com.br\/wp-content\/uploads\/2025\/12\/xd_181019_927_7149-1-768x530.webp 768w, https:\/\/davidbastos.com.br\/wp-content\/uploads\/2025\/12\/xd_181019_927_7149-1-1536x1060.webp 1536w, https:\/\/davidbastos.com.br\/wp-content\/uploads\/2025\/12\/xd_181019_927_7149-1-18x12.webp 18w\" sizes=\"(max-width: 1920px) 100vw, 1920px\" \/>\t\t<\/div>\n\t\t\t\t<div class=\"elementor-portfolio-item__overlay\">\n\t\t\t\t<h3 class=\"elementor-portfolio-item__title\">\n\t\tCasacor Bahia 2019 &#8211; Restaurante Amado\t\t<\/h3>\n\t\t\t\t<\/div>\n\t\t\t\t<\/a>\n\t\t<\/article>\n\t\t\t\t<\/div>\n\t\t\t\t\t\t<\/div>\n\t\t\t\t<\/div>\n\t\t\t\t<\/div>\n\t\t\t\t\t<\/div>\n\t\t\t\t<\/div>\n\t\t<div id=\"e-n-tab-content-2254086755\" role=\"tabpanel\" aria-labelledby=\"e-n-tab-title-2254086755\" data-tab-index=\"5\" style=\"--n-tabs-title-order: 5;\" class=\"elementor-element elementor-element-bff2afa e-flex e-con-boxed e-con e-child\" data-id=\"bff2afa\" data-element_type=\"container\" data-e-type=\"container\">\n\t\t\t\t\t<div class=\"e-con-inner\">\n\t\t<div class=\"elementor-element elementor-element-1cb2444 e-con-full e-flex e-con e-child\" data-id=\"1cb2444\" data-element_type=\"container\" data-e-type=\"container\">\n\t\t\t\t<div class=\"elementor-element elementor-element-77c1f60 e-n-tabs-none elementor-widget elementor-widget-n-tabs\" data-id=\"77c1f60\" data-element_type=\"widget\" data-e-type=\"widget\" data-settings=\"{&quot;tabs_justify_horizontal&quot;:&quot;start&quot;,&quot;horizontal_scroll_mobile&quot;:&quot;disable&quot;,&quot;horizontal_scroll&quot;:&quot;disable&quot;}\" data-widget_type=\"nested-tabs.default\">\n\t\t\t\t<div class=\"elementor-widget-container\">\n\t\t\t\t\t\t\t<div class=\"e-n-tabs\" data-widget-number=\"125575008\" aria-label=\"Tabs. Open items with Enter or Space, close with Escape and navigate using the Arrow keys.\">\n\t\t\t<div class=\"e-n-tabs-heading\" role=\"tablist\">\n\t\t\t\t\t<button id=\"e-n-tab-title-1255750081\" data-tab-title-id=\"e-n-tab-title-1255750081\" class=\"e-n-tab-title\" aria-selected=\"true\" data-tab-index=\"1\" role=\"tab\" tabindex=\"0\" aria-controls=\"e-n-tab-content-1255750081\" style=\"--n-tabs-title-order: 1;\">\n\t\t\t\t\t\t<span class=\"e-n-tab-title-text\">\n\t\t\t\tAll\t\t\t<\/span>\n\t\t<\/button>\n\t\t\t\t<button id=\"e-n-tab-title-1255750082\" data-tab-title-id=\"e-n-tab-title-1255750082\" class=\"e-n-tab-title\" aria-selected=\"false\" data-tab-index=\"2\" role=\"tab\" tabindex=\"-1\" aria-controls=\"e-n-tab-content-1255750082\" style=\"--n-tabs-title-order: 2;\">\n\t\t\t\t\t\t<span class=\"e-n-tab-title-text\">\n\t\t\t\t\u00c1reas Comuns\t\t\t<\/span>\n\t\t<\/button>\n\t\t\t\t<button id=\"e-n-tab-title-1255750083\" data-tab-title-id=\"e-n-tab-title-1255750083\" class=\"e-n-tab-title\" aria-selected=\"false\" data-tab-index=\"3\" role=\"tab\" tabindex=\"-1\" aria-controls=\"e-n-tab-content-1255750083\" style=\"--n-tabs-title-order: 3;\">\n\t\t\t\t\t\t<span class=\"e-n-tab-title-text\">\n\t\t\t\tDecorados\t\t\t<\/span>\n\t\t<\/button>\n\t\t\t\t<button id=\"e-n-tab-title-1255750084\" data-tab-title-id=\"e-n-tab-title-1255750084\" class=\"e-n-tab-title\" aria-selected=\"false\" data-tab-index=\"4\" role=\"tab\" tabindex=\"-1\" aria-controls=\"e-n-tab-content-1255750084\" style=\"--n-tabs-title-order: 4;\">\n\t\t\t\t\t\t<span class=\"e-n-tab-title-text\">\n\t\t\t\tFachadas\t\t\t<\/span>\n\t\t<\/button>\n\t\t\t\t\t<\/div>\n\t\t\t<div class=\"e-n-tabs-content\">\n\t\t\t\t<div id=\"e-n-tab-content-1255750081\" role=\"tabpanel\" aria-labelledby=\"e-n-tab-title-1255750081\" data-tab-index=\"1\" style=\"--n-tabs-title-order: 1;\" class=\"e-active elementor-element elementor-element-d1df98f e-con-full e-flex e-con e-child\" data-id=\"d1df98f\" data-element_type=\"container\" data-e-type=\"container\">\n\t\t<div class=\"elementor-element elementor-element-1906917 e-con-full e-flex elementor-invisible e-con e-child\" data-id=\"1906917\" data-element_type=\"container\" data-e-type=\"container\" data-settings=\"{&quot;animation&quot;:&quot;fadeIn&quot;}\">\n\t\t\t\t<div class=\"elementor-element elementor-element-9f4ee9a elementor-grid-4 elementor-widget__width-inherit elementor-grid-tablet-2 elementor-grid-mobile-1 elementor-widget elementor-widget-portfolio\" data-id=\"9f4ee9a\" data-element_type=\"widget\" data-e-type=\"widget\" data-settings=\"{&quot;columns&quot;:&quot;4&quot;,&quot;row_gap&quot;:{&quot;unit&quot;:&quot;px&quot;,&quot;size&quot;:12,&quot;sizes&quot;:[]},&quot;columns_tablet&quot;:&quot;2&quot;,&quot;columns_mobile&quot;:&quot;1&quot;,&quot;item_ratio&quot;:{&quot;unit&quot;:&quot;px&quot;,&quot;size&quot;:0.66,&quot;sizes&quot;:[]},&quot;item_gap&quot;:{&quot;unit&quot;:&quot;px&quot;,&quot;size&quot;:&quot;&quot;,&quot;sizes&quot;:[]}}\" data-widget_type=\"portfolio.default\">\n\t\t\t\t<div class=\"elementor-widget-container\">\n\t\t\t\t\t\t\t<div class=\"elementor-portfolio elementor-grid elementor-posts-container\" role=\"list\">\n\t\t\t\t<article class=\"elementor-portfolio-item elementor-post elementor-filter-16 elementor-filter-22 elementor-filter-19 elementor-filter-36 post-4787 projeto type-projeto status-publish has-post-thumbnail hentry categoria-de-projeto-comercial categoria-de-projeto-decorados categoria-de-projeto-edificios categoria-de-projeto-mostras\" role=\"listitem\">\n\t\t\t<a class=\"elementor-post__thumbnail__link\" href=\"https:\/\/davidbastos.com.br\/en\/projeto\/casacor-bahia-espaco-comercial\/\">\n\t\t\t\t<div class=\"elementor-portfolio-item__img elementor-post__thumbnail\">\n\t\t\t<img decoding=\"async\" width=\"1920\" height=\"1278\" src=\"https:\/\/davidbastos.com.br\/wp-content\/uploads\/2026\/04\/08112012-Casa-Cor-DB-00002.webp\" class=\"attachment-full size-full wp-image-4798\" alt=\"\" srcset=\"https:\/\/davidbastos.com.br\/wp-content\/uploads\/2026\/04\/08112012-Casa-Cor-DB-00002.webp 1920w, https:\/\/davidbastos.com.br\/wp-content\/uploads\/2026\/04\/08112012-Casa-Cor-DB-00002-300x200.webp 300w, https:\/\/davidbastos.com.br\/wp-content\/uploads\/2026\/04\/08112012-Casa-Cor-DB-00002-1024x682.webp 1024w, https:\/\/davidbastos.com.br\/wp-content\/uploads\/2026\/04\/08112012-Casa-Cor-DB-00002-768x511.webp 768w, https:\/\/davidbastos.com.br\/wp-content\/uploads\/2026\/04\/08112012-Casa-Cor-DB-00002-1536x1022.webp 1536w, https:\/\/davidbastos.com.br\/wp-content\/uploads\/2026\/04\/08112012-Casa-Cor-DB-00002-18x12.webp 18w\" sizes=\"(max-width: 1920px) 100vw, 1920px\" \/>\t\t<\/div>\n\t\t\t\t<div class=\"elementor-portfolio-item__overlay\">\n\t\t\t\t<h3 class=\"elementor-portfolio-item__title\">\n\t\tCASACOR BAHIA 2012 &#8211; ESPA\u00c7O COMERCIAL\t\t<\/h3>\n\t\t\t\t<\/div>\n\t\t\t\t<\/a>\n\t\t<\/article>\n\t\t\t\t<article class=\"elementor-portfolio-item elementor-post elementor-filter-22 elementor-filter-19 elementor-filter-36 post-4750 projeto type-projeto status-publish has-post-thumbnail hentry categoria-de-projeto-decorados categoria-de-projeto-edificios categoria-de-projeto-mostras\" role=\"listitem\">\n\t\t\t<a class=\"elementor-post__thumbnail__link\" href=\"https:\/\/davidbastos.com.br\/en\/projeto\/casacor-espirito-santo-showa\/\">\n\t\t\t\t<div class=\"elementor-portfolio-item__img elementor-post__thumbnail\">\n\t\t\t<img decoding=\"async\" width=\"1920\" height=\"1282\" src=\"https:\/\/davidbastos.com.br\/wp-content\/uploads\/2026\/04\/9440_CAMILA-SANTOS.FOT_.webp\" class=\"attachment-full size-full wp-image-4765\" alt=\"\" srcset=\"https:\/\/davidbastos.com.br\/wp-content\/uploads\/2026\/04\/9440_CAMILA-SANTOS.FOT_.webp 1920w, https:\/\/davidbastos.com.br\/wp-content\/uploads\/2026\/04\/9440_CAMILA-SANTOS.FOT_-300x200.webp 300w, https:\/\/davidbastos.com.br\/wp-content\/uploads\/2026\/04\/9440_CAMILA-SANTOS.FOT_-1024x684.webp 1024w, https:\/\/davidbastos.com.br\/wp-content\/uploads\/2026\/04\/9440_CAMILA-SANTOS.FOT_-768x513.webp 768w, https:\/\/davidbastos.com.br\/wp-content\/uploads\/2026\/04\/9440_CAMILA-SANTOS.FOT_-1536x1026.webp 1536w, https:\/\/davidbastos.com.br\/wp-content\/uploads\/2026\/04\/9440_CAMILA-SANTOS.FOT_-18x12.webp 18w\" sizes=\"(max-width: 1920px) 100vw, 1920px\" \/>\t\t<\/div>\n\t\t\t\t<div class=\"elementor-portfolio-item__overlay\">\n\t\t\t\t<h3 class=\"elementor-portfolio-item__title\">\n\t\tCASACOR ESP\u00cdRITO SANTO &#8211; SHOWA\t\t<\/h3>\n\t\t\t\t<\/div>\n\t\t\t\t<\/a>\n\t\t<\/article>\n\t\t\t\t<article class=\"elementor-portfolio-item elementor-post elementor-filter-20 elementor-filter-19 post-4498 projeto type-projeto status-publish has-post-thumbnail hentry categoria-de-projeto-areas-comuns categoria-de-projeto-edificios\" role=\"listitem\">\n\t\t\t<a class=\"elementor-post__thumbnail__link\" href=\"https:\/\/davidbastos.com.br\/en\/projeto\/the-frame-vila-nova-conceicao-areas-comuns\/\">\n\t\t\t\t<div class=\"elementor-portfolio-item__img elementor-post__thumbnail\">\n\t\t\t<img decoding=\"async\" width=\"1920\" height=\"1280\" src=\"https:\/\/davidbastos.com.br\/wp-content\/uploads\/2026\/03\/T.Reines_IMG_0731.webp\" class=\"attachment-full size-full wp-image-4519\" alt=\"\" srcset=\"https:\/\/davidbastos.com.br\/wp-content\/uploads\/2026\/03\/T.Reines_IMG_0731.webp 1920w, https:\/\/davidbastos.com.br\/wp-content\/uploads\/2026\/03\/T.Reines_IMG_0731-300x200.webp 300w, https:\/\/davidbastos.com.br\/wp-content\/uploads\/2026\/03\/T.Reines_IMG_0731-1024x683.webp 1024w, https:\/\/davidbastos.com.br\/wp-content\/uploads\/2026\/03\/T.Reines_IMG_0731-768x512.webp 768w, https:\/\/davidbastos.com.br\/wp-content\/uploads\/2026\/03\/T.Reines_IMG_0731-1536x1024.webp 1536w, https:\/\/davidbastos.com.br\/wp-content\/uploads\/2026\/03\/T.Reines_IMG_0731-18x12.webp 18w\" sizes=\"(max-width: 1920px) 100vw, 1920px\" \/>\t\t<\/div>\n\t\t\t\t<div class=\"elementor-portfolio-item__overlay\">\n\t\t\t\t<h3 class=\"elementor-portfolio-item__title\">\n\t\tThe Frame Vila Nova Concei\u00e7\u00e3o &#8211; \u00c1reas Comuns\t\t<\/h3>\n\t\t\t\t<\/div>\n\t\t\t\t<\/a>\n\t\t<\/article>\n\t\t\t\t<article class=\"elementor-portfolio-item elementor-post elementor-filter-22 elementor-filter-19 post-4140 projeto type-projeto status-publish has-post-thumbnail hentry categoria-de-projeto-decorados categoria-de-projeto-edificios\" role=\"listitem\">\n\t\t\t<a class=\"elementor-post__thumbnail__link\" href=\"https:\/\/davidbastos.com.br\/en\/projeto\/mundo-plaza-1-dormitorio\/\">\n\t\t\t\t<div class=\"elementor-portfolio-item__img elementor-post__thumbnail\">\n\t\t\t<img decoding=\"async\" width=\"1920\" height=\"1285\" src=\"https:\/\/davidbastos.com.br\/wp-content\/uploads\/2026\/02\/Mundo-plaza016.webp\" class=\"attachment-full size-full wp-image-4141\" alt=\"\" srcset=\"https:\/\/davidbastos.com.br\/wp-content\/uploads\/2026\/02\/Mundo-plaza016.webp 1920w, https:\/\/davidbastos.com.br\/wp-content\/uploads\/2026\/02\/Mundo-plaza016-300x201.webp 300w, https:\/\/davidbastos.com.br\/wp-content\/uploads\/2026\/02\/Mundo-plaza016-1024x685.webp 1024w, https:\/\/davidbastos.com.br\/wp-content\/uploads\/2026\/02\/Mundo-plaza016-768x514.webp 768w, https:\/\/davidbastos.com.br\/wp-content\/uploads\/2026\/02\/Mundo-plaza016-1536x1028.webp 1536w, https:\/\/davidbastos.com.br\/wp-content\/uploads\/2026\/02\/Mundo-plaza016-18x12.webp 18w\" sizes=\"(max-width: 1920px) 100vw, 1920px\" \/>\t\t<\/div>\n\t\t\t\t<div class=\"elementor-portfolio-item__overlay\">\n\t\t\t\t<h3 class=\"elementor-portfolio-item__title\">\n\t\tMundo Plaza &#8211; 1 dormit\u00f3rio\t\t<\/h3>\n\t\t\t\t<\/div>\n\t\t\t\t<\/a>\n\t\t<\/article>\n\t\t\t\t<article class=\"elementor-portfolio-item elementor-post elementor-filter-22 elementor-filter-19 post-4066 projeto type-projeto status-publish has-post-thumbnail hentry categoria-de-projeto-decorados categoria-de-projeto-edificios\" role=\"listitem\">\n\t\t\t<a class=\"elementor-post__thumbnail__link\" href=\"https:\/\/davidbastos.com.br\/en\/projeto\/decorado-le-parc-alphaville-salvador\/\">\n\t\t\t\t<div class=\"elementor-portfolio-item__img elementor-post__thumbnail\">\n\t\t\t<img decoding=\"async\" width=\"1920\" height=\"1285\" src=\"https:\/\/davidbastos.com.br\/wp-content\/uploads\/2026\/02\/Le-Parc_010.webp\" class=\"attachment-full size-full wp-image-4075\" alt=\"\" srcset=\"https:\/\/davidbastos.com.br\/wp-content\/uploads\/2026\/02\/Le-Parc_010.webp 1920w, https:\/\/davidbastos.com.br\/wp-content\/uploads\/2026\/02\/Le-Parc_010-300x201.webp 300w, https:\/\/davidbastos.com.br\/wp-content\/uploads\/2026\/02\/Le-Parc_010-1024x685.webp 1024w, https:\/\/davidbastos.com.br\/wp-content\/uploads\/2026\/02\/Le-Parc_010-768x514.webp 768w, https:\/\/davidbastos.com.br\/wp-content\/uploads\/2026\/02\/Le-Parc_010-1536x1028.webp 1536w, https:\/\/davidbastos.com.br\/wp-content\/uploads\/2026\/02\/Le-Parc_010-18x12.webp 18w\" sizes=\"(max-width: 1920px) 100vw, 1920px\" \/>\t\t<\/div>\n\t\t\t\t<div class=\"elementor-portfolio-item__overlay\">\n\t\t\t\t<h3 class=\"elementor-portfolio-item__title\">\n\t\tDecorado Le Parc &#8211; Alphaville Salvador\t\t<\/h3>\n\t\t\t\t<\/div>\n\t\t\t\t<\/a>\n\t\t<\/article>\n\t\t\t\t<article class=\"elementor-portfolio-item elementor-post elementor-filter-22 elementor-filter-19 post-3998 projeto type-projeto status-publish has-post-thumbnail hentry categoria-de-projeto-decorados categoria-de-projeto-edificios\" role=\"listitem\">\n\t\t\t<a class=\"elementor-post__thumbnail__link\" href=\"https:\/\/davidbastos.com.br\/en\/projeto\/decorado-horto-bela-vista-ssa\/\">\n\t\t\t\t<div class=\"elementor-portfolio-item__img elementor-post__thumbnail\">\n\t\t\t<img decoding=\"async\" width=\"1920\" height=\"1277\" src=\"https:\/\/davidbastos.com.br\/wp-content\/uploads\/2026\/02\/horto-bela-vista-006.webp\" class=\"attachment-full size-full wp-image-4005\" alt=\"\" srcset=\"https:\/\/davidbastos.com.br\/wp-content\/uploads\/2026\/02\/horto-bela-vista-006.webp 1920w, https:\/\/davidbastos.com.br\/wp-content\/uploads\/2026\/02\/horto-bela-vista-006-300x200.webp 300w, https:\/\/davidbastos.com.br\/wp-content\/uploads\/2026\/02\/horto-bela-vista-006-1024x681.webp 1024w, https:\/\/davidbastos.com.br\/wp-content\/uploads\/2026\/02\/horto-bela-vista-006-768x511.webp 768w, https:\/\/davidbastos.com.br\/wp-content\/uploads\/2026\/02\/horto-bela-vista-006-1536x1022.webp 1536w, https:\/\/davidbastos.com.br\/wp-content\/uploads\/2026\/02\/horto-bela-vista-006-18x12.webp 18w\" sizes=\"(max-width: 1920px) 100vw, 1920px\" \/>\t\t<\/div>\n\t\t\t\t<div class=\"elementor-portfolio-item__overlay\">\n\t\t\t\t<h3 class=\"elementor-portfolio-item__title\">\n\t\tDecorado &#8211; Horto Bela Vista SSA\t\t<\/h3>\n\t\t\t\t<\/div>\n\t\t\t\t<\/a>\n\t\t<\/article>\n\t\t\t\t<article class=\"elementor-portfolio-item elementor-post elementor-filter-5 elementor-filter-22 elementor-filter-19 post-3487 projeto type-projeto status-publish has-post-thumbnail hentry categoria-de-projeto-apartamentos categoria-de-projeto-decorados categoria-de-projeto-edificios\" role=\"listitem\">\n\t\t\t<a class=\"elementor-post__thumbnail__link\" href=\"https:\/\/davidbastos.com.br\/en\/projeto\/reserva-victoria-decorado-nazca-vitoria-es\/\">\n\t\t\t\t<div class=\"elementor-portfolio-item__img elementor-post__thumbnail\">\n\t\t\t<img decoding=\"async\" width=\"1920\" height=\"1283\" src=\"https:\/\/davidbastos.com.br\/wp-content\/uploads\/2026\/01\/2266_dez21-_-CAMILA-SANTOS.FOT_.webp\" class=\"attachment-full size-full wp-image-3499\" alt=\"\" srcset=\"https:\/\/davidbastos.com.br\/wp-content\/uploads\/2026\/01\/2266_dez21-_-CAMILA-SANTOS.FOT_.webp 1920w, https:\/\/davidbastos.com.br\/wp-content\/uploads\/2026\/01\/2266_dez21-_-CAMILA-SANTOS.FOT_-300x200.webp 300w, https:\/\/davidbastos.com.br\/wp-content\/uploads\/2026\/01\/2266_dez21-_-CAMILA-SANTOS.FOT_-1024x684.webp 1024w, https:\/\/davidbastos.com.br\/wp-content\/uploads\/2026\/01\/2266_dez21-_-CAMILA-SANTOS.FOT_-768x513.webp 768w, https:\/\/davidbastos.com.br\/wp-content\/uploads\/2026\/01\/2266_dez21-_-CAMILA-SANTOS.FOT_-1536x1026.webp 1536w, https:\/\/davidbastos.com.br\/wp-content\/uploads\/2026\/01\/2266_dez21-_-CAMILA-SANTOS.FOT_-18x12.webp 18w\" sizes=\"(max-width: 1920px) 100vw, 1920px\" \/>\t\t<\/div>\n\t\t\t\t<div class=\"elementor-portfolio-item__overlay\">\n\t\t\t\t<h3 class=\"elementor-portfolio-item__title\">\n\t\tReserva Vict\u00f3ria &#8211; Decorado Nazca &#8211; Vit\u00f3ria ES\t\t<\/h3>\n\t\t\t\t<\/div>\n\t\t\t\t<\/a>\n\t\t<\/article>\n\t\t\t\t<article class=\"elementor-portfolio-item elementor-post elementor-filter-20 elementor-filter-19 elementor-filter-21 post-3641 projeto type-projeto status-publish has-post-thumbnail hentry categoria-de-projeto-areas-comuns categoria-de-projeto-edificios categoria-de-projeto-fachadas\" role=\"listitem\">\n\t\t\t<a class=\"elementor-post__thumbnail__link\" href=\"https:\/\/davidbastos.com.br\/en\/projeto\/mozak-lagoa-fachada-e-areas-comuns\/\">\n\t\t\t\t<div class=\"elementor-portfolio-item__img elementor-post__thumbnail\">\n\t\t\t<img decoding=\"async\" width=\"1620\" height=\"1080\" src=\"https:\/\/davidbastos.com.br\/wp-content\/uploads\/2026\/01\/MG_1498-min.jpg\" class=\"attachment-full size-full wp-image-3643\" alt=\"\" srcset=\"https:\/\/davidbastos.com.br\/wp-content\/uploads\/2026\/01\/MG_1498-min.jpg 1620w, https:\/\/davidbastos.com.br\/wp-content\/uploads\/2026\/01\/MG_1498-min-300x200.jpg 300w, https:\/\/davidbastos.com.br\/wp-content\/uploads\/2026\/01\/MG_1498-min-1024x683.jpg 1024w, https:\/\/davidbastos.com.br\/wp-content\/uploads\/2026\/01\/MG_1498-min-768x512.jpg 768w, https:\/\/davidbastos.com.br\/wp-content\/uploads\/2026\/01\/MG_1498-min-1536x1024.jpg 1536w, https:\/\/davidbastos.com.br\/wp-content\/uploads\/2026\/01\/MG_1498-min-18x12.jpg 18w\" sizes=\"(max-width: 1620px) 100vw, 1620px\" \/>\t\t<\/div>\n\t\t\t\t<div class=\"elementor-portfolio-item__overlay\">\n\t\t\t\t<h3 class=\"elementor-portfolio-item__title\">\n\t\tMozak Lagoa &#8211; Fachada e \u00c1reas Comuns\t\t<\/h3>\n\t\t\t\t<\/div>\n\t\t\t\t<\/a>\n\t\t<\/article>\n\t\t\t\t<article class=\"elementor-portfolio-item elementor-post elementor-filter-20 elementor-filter-19 post-3625 projeto type-projeto status-publish has-post-thumbnail hentry categoria-de-projeto-areas-comuns categoria-de-projeto-edificios\" role=\"listitem\">\n\t\t\t<a class=\"elementor-post__thumbnail__link\" href=\"https:\/\/davidbastos.com.br\/en\/projeto\/areas-comuns-mansao-wildberger\/\">\n\t\t\t\t<div class=\"elementor-portfolio-item__img elementor-post__thumbnail\">\n\t\t\t<img decoding=\"async\" width=\"1920\" height=\"1280\" src=\"https:\/\/davidbastos.com.br\/wp-content\/uploads\/2026\/01\/T.Reines_IMG_8564.webp\" class=\"attachment-full size-full wp-image-3635\" alt=\"\" srcset=\"https:\/\/davidbastos.com.br\/wp-content\/uploads\/2026\/01\/T.Reines_IMG_8564.webp 1920w, https:\/\/davidbastos.com.br\/wp-content\/uploads\/2026\/01\/T.Reines_IMG_8564-300x200.webp 300w, https:\/\/davidbastos.com.br\/wp-content\/uploads\/2026\/01\/T.Reines_IMG_8564-1024x683.webp 1024w, https:\/\/davidbastos.com.br\/wp-content\/uploads\/2026\/01\/T.Reines_IMG_8564-768x512.webp 768w, https:\/\/davidbastos.com.br\/wp-content\/uploads\/2026\/01\/T.Reines_IMG_8564-1536x1024.webp 1536w, https:\/\/davidbastos.com.br\/wp-content\/uploads\/2026\/01\/T.Reines_IMG_8564-18x12.webp 18w\" sizes=\"(max-width: 1920px) 100vw, 1920px\" \/>\t\t<\/div>\n\t\t\t\t<div class=\"elementor-portfolio-item__overlay\">\n\t\t\t\t<h3 class=\"elementor-portfolio-item__title\">\n\t\t\u00c1reas comuns &#8211; Mans\u00e3o Wildberger\t\t<\/h3>\n\t\t\t\t<\/div>\n\t\t\t\t<\/a>\n\t\t<\/article>\n\t\t\t\t<article class=\"elementor-portfolio-item elementor-post elementor-filter-20 elementor-filter-19 elementor-filter-21 post-3589 projeto type-projeto status-publish has-post-thumbnail hentry categoria-de-projeto-areas-comuns categoria-de-projeto-edificios categoria-de-projeto-fachadas\" role=\"listitem\">\n\t\t\t<a class=\"elementor-post__thumbnail__link\" href=\"https:\/\/davidbastos.com.br\/en\/projeto\/areia-mozak-3d-leblon-iv\/\">\n\t\t\t\t<div class=\"elementor-portfolio-item__img elementor-post__thumbnail\">\n\t\t\t<img decoding=\"async\" width=\"1920\" height=\"1485\" src=\"https:\/\/davidbastos.com.br\/wp-content\/uploads\/2026\/01\/01_FACHADA-ACESSO_REV01_HR.webp\" class=\"attachment-full size-full wp-image-3597\" alt=\"\" srcset=\"https:\/\/davidbastos.com.br\/wp-content\/uploads\/2026\/01\/01_FACHADA-ACESSO_REV01_HR.webp 1920w, https:\/\/davidbastos.com.br\/wp-content\/uploads\/2026\/01\/01_FACHADA-ACESSO_REV01_HR-300x232.webp 300w, https:\/\/davidbastos.com.br\/wp-content\/uploads\/2026\/01\/01_FACHADA-ACESSO_REV01_HR-1024x792.webp 1024w, https:\/\/davidbastos.com.br\/wp-content\/uploads\/2026\/01\/01_FACHADA-ACESSO_REV01_HR-768x594.webp 768w, https:\/\/davidbastos.com.br\/wp-content\/uploads\/2026\/01\/01_FACHADA-ACESSO_REV01_HR-1536x1188.webp 1536w, https:\/\/davidbastos.com.br\/wp-content\/uploads\/2026\/01\/01_FACHADA-ACESSO_REV01_HR-16x12.webp 16w\" sizes=\"(max-width: 1920px) 100vw, 1920px\" \/>\t\t<\/div>\n\t\t\t\t<div class=\"elementor-portfolio-item__overlay\">\n\t\t\t\t<h3 class=\"elementor-portfolio-item__title\">\n\t\tAreia Mozak 3D &#8211; Leblon IV\t\t<\/h3>\n\t\t\t\t<\/div>\n\t\t\t\t<\/a>\n\t\t<\/article>\n\t\t\t\t<article class=\"elementor-portfolio-item elementor-post elementor-filter-22 elementor-filter-19 post-3576 projeto type-projeto status-publish has-post-thumbnail hentry categoria-de-projeto-decorados categoria-de-projeto-edificios\" role=\"listitem\">\n\t\t\t<a class=\"elementor-post__thumbnail__link\" href=\"https:\/\/davidbastos.com.br\/en\/projeto\/maam-yazbek-decorado-paraiso-ii\/\">\n\t\t\t\t<div class=\"elementor-portfolio-item__img elementor-post__thumbnail\">\n\t\t\t<img decoding=\"async\" width=\"1920\" height=\"1281\" src=\"https:\/\/davidbastos.com.br\/wp-content\/uploads\/2026\/01\/T.Reines__TRE8462.webp\" class=\"attachment-full size-full wp-image-3587\" alt=\"\" srcset=\"https:\/\/davidbastos.com.br\/wp-content\/uploads\/2026\/01\/T.Reines__TRE8462.webp 1920w, https:\/\/davidbastos.com.br\/wp-content\/uploads\/2026\/01\/T.Reines__TRE8462-300x200.webp 300w, https:\/\/davidbastos.com.br\/wp-content\/uploads\/2026\/01\/T.Reines__TRE8462-1024x683.webp 1024w, https:\/\/davidbastos.com.br\/wp-content\/uploads\/2026\/01\/T.Reines__TRE8462-768x512.webp 768w, https:\/\/davidbastos.com.br\/wp-content\/uploads\/2026\/01\/T.Reines__TRE8462-1536x1025.webp 1536w, https:\/\/davidbastos.com.br\/wp-content\/uploads\/2026\/01\/T.Reines__TRE8462-18x12.webp 18w\" sizes=\"(max-width: 1920px) 100vw, 1920px\" \/>\t\t<\/div>\n\t\t\t\t<div class=\"elementor-portfolio-item__overlay\">\n\t\t\t\t<h3 class=\"elementor-portfolio-item__title\">\n\t\tMAAM Yazbek &#8211; Decorado &#8211; Para\u00edso II\t\t<\/h3>\n\t\t\t\t<\/div>\n\t\t\t\t<\/a>\n\t\t<\/article>\n\t\t\t\t<article class=\"elementor-portfolio-item elementor-post elementor-filter-5 elementor-filter-22 elementor-filter-19 post-3475 projeto type-projeto status-publish has-post-thumbnail hentry categoria-de-projeto-apartamentos categoria-de-projeto-decorados categoria-de-projeto-edificios\" role=\"listitem\">\n\t\t\t<a class=\"elementor-post__thumbnail__link\" href=\"https:\/\/davidbastos.com.br\/en\/projeto\/jeronimo-155-decorado-yuny-incorporadora\/\">\n\t\t\t\t<div class=\"elementor-portfolio-item__img elementor-post__thumbnail\">\n\t\t\t<img decoding=\"async\" width=\"1920\" height=\"1266\" src=\"https:\/\/davidbastos.com.br\/wp-content\/uploads\/2026\/01\/CA_2365-1.webp\" class=\"attachment-full size-full wp-image-3479\" alt=\"\" srcset=\"https:\/\/davidbastos.com.br\/wp-content\/uploads\/2026\/01\/CA_2365-1.webp 1920w, https:\/\/davidbastos.com.br\/wp-content\/uploads\/2026\/01\/CA_2365-1-300x198.webp 300w, https:\/\/davidbastos.com.br\/wp-content\/uploads\/2026\/01\/CA_2365-1-1024x675.webp 1024w, https:\/\/davidbastos.com.br\/wp-content\/uploads\/2026\/01\/CA_2365-1-768x506.webp 768w, https:\/\/davidbastos.com.br\/wp-content\/uploads\/2026\/01\/CA_2365-1-1536x1013.webp 1536w, https:\/\/davidbastos.com.br\/wp-content\/uploads\/2026\/01\/CA_2365-1-18x12.webp 18w\" sizes=\"(max-width: 1920px) 100vw, 1920px\" \/>\t\t<\/div>\n\t\t\t\t<div class=\"elementor-portfolio-item__overlay\">\n\t\t\t\t<h3 class=\"elementor-portfolio-item__title\">\n\t\tJer\u00f4nimo 155 &#8211; Decorado Yuny Incorporadora    Itaim Bibi IX\t\t<\/h3>\n\t\t\t\t<\/div>\n\t\t\t\t<\/a>\n\t\t<\/article>\n\t\t\t\t<article class=\"elementor-portfolio-item elementor-post elementor-filter-22 elementor-filter-19 post-3526 projeto type-projeto status-publish has-post-thumbnail hentry categoria-de-projeto-decorados categoria-de-projeto-edificios\" role=\"listitem\">\n\t\t\t<a class=\"elementor-post__thumbnail__link\" href=\"https:\/\/davidbastos.com.br\/en\/projeto\/maam-yazbek-stand-de-vendas\/\">\n\t\t\t\t<div class=\"elementor-portfolio-item__img elementor-post__thumbnail\">\n\t\t\t<img decoding=\"async\" width=\"1920\" height=\"1281\" src=\"https:\/\/davidbastos.com.br\/wp-content\/uploads\/2026\/01\/T.Reines__TRE8336.webp\" class=\"attachment-full size-full wp-image-3535\" alt=\"\" srcset=\"https:\/\/davidbastos.com.br\/wp-content\/uploads\/2026\/01\/T.Reines__TRE8336.webp 1920w, https:\/\/davidbastos.com.br\/wp-content\/uploads\/2026\/01\/T.Reines__TRE8336-300x200.webp 300w, https:\/\/davidbastos.com.br\/wp-content\/uploads\/2026\/01\/T.Reines__TRE8336-1024x683.webp 1024w, https:\/\/davidbastos.com.br\/wp-content\/uploads\/2026\/01\/T.Reines__TRE8336-768x512.webp 768w, https:\/\/davidbastos.com.br\/wp-content\/uploads\/2026\/01\/T.Reines__TRE8336-1536x1025.webp 1536w, https:\/\/davidbastos.com.br\/wp-content\/uploads\/2026\/01\/T.Reines__TRE8336-18x12.webp 18w\" sizes=\"(max-width: 1920px) 100vw, 1920px\" \/>\t\t<\/div>\n\t\t\t\t<div class=\"elementor-portfolio-item__overlay\">\n\t\t\t\t<h3 class=\"elementor-portfolio-item__title\">\n\t\tMAAM Yazbek &#8211; Stand de Vendas\t\t<\/h3>\n\t\t\t\t<\/div>\n\t\t\t\t<\/a>\n\t\t<\/article>\n\t\t\t\t<article class=\"elementor-portfolio-item elementor-post elementor-filter-20 elementor-filter-19 post-2017 projeto type-projeto status-publish has-post-thumbnail hentry categoria-de-projeto-areas-comuns categoria-de-projeto-edificios\" role=\"listitem\">\n\t\t\t<a class=\"elementor-post__thumbnail__link\" href=\"https:\/\/davidbastos.com.br\/en\/projeto\/wildberger-areas-comuns\/\">\n\t\t\t\t<div class=\"elementor-portfolio-item__img elementor-post__thumbnail\">\n\t\t\t<img decoding=\"async\" width=\"1920\" height=\"1280\" src=\"https:\/\/davidbastos.com.br\/wp-content\/uploads\/2025\/12\/CAPA-2.webp\" class=\"attachment-full size-full wp-image-2025\" alt=\"\" srcset=\"https:\/\/davidbastos.com.br\/wp-content\/uploads\/2025\/12\/CAPA-2.webp 1920w, https:\/\/davidbastos.com.br\/wp-content\/uploads\/2025\/12\/CAPA-2-300x200.webp 300w, https:\/\/davidbastos.com.br\/wp-content\/uploads\/2025\/12\/CAPA-2-1024x683.webp 1024w, https:\/\/davidbastos.com.br\/wp-content\/uploads\/2025\/12\/CAPA-2-768x512.webp 768w, https:\/\/davidbastos.com.br\/wp-content\/uploads\/2025\/12\/CAPA-2-1536x1024.webp 1536w, https:\/\/davidbastos.com.br\/wp-content\/uploads\/2025\/12\/CAPA-2-18x12.webp 18w\" sizes=\"(max-width: 1920px) 100vw, 1920px\" \/>\t\t<\/div>\n\t\t\t\t<div class=\"elementor-portfolio-item__overlay\">\n\t\t\t\t<h3 class=\"elementor-portfolio-item__title\">\n\t\tWildberger &#8211; \u00c1reas Comuns\t\t<\/h3>\n\t\t\t\t<\/div>\n\t\t\t\t<\/a>\n\t\t<\/article>\n\t\t\t\t<article class=\"elementor-portfolio-item elementor-post elementor-filter-20 elementor-filter-19 elementor-filter-21 post-2010 projeto type-projeto status-publish has-post-thumbnail hentry categoria-de-projeto-areas-comuns categoria-de-projeto-edificios categoria-de-projeto-fachadas\" role=\"listitem\">\n\t\t\t<a class=\"elementor-post__thumbnail__link\" href=\"https:\/\/davidbastos.com.br\/en\/projeto\/mozak-areia-leblon\/\">\n\t\t\t\t<div class=\"elementor-portfolio-item__img elementor-post__thumbnail\">\n\t\t\t<img decoding=\"async\" width=\"1920\" height=\"2304\" src=\"https:\/\/davidbastos.com.br\/wp-content\/uploads\/2025\/12\/V-2-1.webp\" class=\"attachment-full size-full wp-image-2014\" alt=\"\" srcset=\"https:\/\/davidbastos.com.br\/wp-content\/uploads\/2025\/12\/V-2-1.webp 1920w, https:\/\/davidbastos.com.br\/wp-content\/uploads\/2025\/12\/V-2-1-250x300.webp 250w, https:\/\/davidbastos.com.br\/wp-content\/uploads\/2025\/12\/V-2-1-853x1024.webp 853w, https:\/\/davidbastos.com.br\/wp-content\/uploads\/2025\/12\/V-2-1-768x922.webp 768w, https:\/\/davidbastos.com.br\/wp-content\/uploads\/2025\/12\/V-2-1-1280x1536.webp 1280w, https:\/\/davidbastos.com.br\/wp-content\/uploads\/2025\/12\/V-2-1-1707x2048.webp 1707w, https:\/\/davidbastos.com.br\/wp-content\/uploads\/2025\/12\/V-2-1-10x12.webp 10w\" sizes=\"(max-width: 1920px) 100vw, 1920px\" \/>\t\t<\/div>\n\t\t\t\t<div class=\"elementor-portfolio-item__overlay\">\n\t\t\t\t<h3 class=\"elementor-portfolio-item__title\">\n\t\tMozak Areia &#8211; Leblon\t\t<\/h3>\n\t\t\t\t<\/div>\n\t\t\t\t<\/a>\n\t\t<\/article>\n\t\t\t\t<\/div>\n\t\t\t\t\t\t<\/div>\n\t\t\t\t<\/div>\n\t\t\t\t<\/div>\n\t\t\t\t<\/div>\n\t\t<div id=\"e-n-tab-content-1255750082\" role=\"tabpanel\" aria-labelledby=\"e-n-tab-title-1255750082\" data-tab-index=\"2\" style=\"--n-tabs-title-order: 2;\" class=\"elementor-element elementor-element-5cf1a2a e-con-full e-flex e-con e-child\" data-id=\"5cf1a2a\" data-element_type=\"container\" data-e-type=\"container\">\n\t\t<div class=\"elementor-element elementor-element-6d5877a e-con-full e-flex elementor-invisible e-con e-child\" data-id=\"6d5877a\" data-element_type=\"container\" data-e-type=\"container\" data-settings=\"{&quot;animation&quot;:&quot;fadeIn&quot;}\">\n\t\t\t\t<div class=\"elementor-element elementor-element-330ff5c elementor-grid-4 elementor-widget__width-inherit elementor-grid-tablet-2 elementor-grid-mobile-1 elementor-widget elementor-widget-portfolio\" data-id=\"330ff5c\" data-element_type=\"widget\" data-e-type=\"widget\" data-settings=\"{&quot;columns&quot;:&quot;4&quot;,&quot;row_gap&quot;:{&quot;unit&quot;:&quot;px&quot;,&quot;size&quot;:12,&quot;sizes&quot;:[]},&quot;columns_tablet&quot;:&quot;2&quot;,&quot;columns_mobile&quot;:&quot;1&quot;,&quot;item_ratio&quot;:{&quot;unit&quot;:&quot;px&quot;,&quot;size&quot;:0.66,&quot;sizes&quot;:[]},&quot;item_gap&quot;:{&quot;unit&quot;:&quot;px&quot;,&quot;size&quot;:&quot;&quot;,&quot;sizes&quot;:[]}}\" data-widget_type=\"portfolio.default\">\n\t\t\t\t<div class=\"elementor-widget-container\">\n\t\t\t\t\t\t\t<div class=\"elementor-portfolio elementor-grid elementor-posts-container\" role=\"list\">\n\t\t\t\t<article class=\"elementor-portfolio-item elementor-post elementor-filter-20 elementor-filter-19 post-4498 projeto type-projeto status-publish has-post-thumbnail hentry categoria-de-projeto-areas-comuns categoria-de-projeto-edificios\" role=\"listitem\">\n\t\t\t<a class=\"elementor-post__thumbnail__link\" href=\"https:\/\/davidbastos.com.br\/en\/projeto\/the-frame-vila-nova-conceicao-areas-comuns\/\">\n\t\t\t\t<div class=\"elementor-portfolio-item__img elementor-post__thumbnail\">\n\t\t\t<img decoding=\"async\" width=\"1920\" height=\"1280\" src=\"https:\/\/davidbastos.com.br\/wp-content\/uploads\/2026\/03\/T.Reines_IMG_0731.webp\" class=\"attachment-full size-full wp-image-4519\" alt=\"\" srcset=\"https:\/\/davidbastos.com.br\/wp-content\/uploads\/2026\/03\/T.Reines_IMG_0731.webp 1920w, https:\/\/davidbastos.com.br\/wp-content\/uploads\/2026\/03\/T.Reines_IMG_0731-300x200.webp 300w, https:\/\/davidbastos.com.br\/wp-content\/uploads\/2026\/03\/T.Reines_IMG_0731-1024x683.webp 1024w, https:\/\/davidbastos.com.br\/wp-content\/uploads\/2026\/03\/T.Reines_IMG_0731-768x512.webp 768w, https:\/\/davidbastos.com.br\/wp-content\/uploads\/2026\/03\/T.Reines_IMG_0731-1536x1024.webp 1536w, https:\/\/davidbastos.com.br\/wp-content\/uploads\/2026\/03\/T.Reines_IMG_0731-18x12.webp 18w\" sizes=\"(max-width: 1920px) 100vw, 1920px\" \/>\t\t<\/div>\n\t\t\t\t<div class=\"elementor-portfolio-item__overlay\">\n\t\t\t\t<h3 class=\"elementor-portfolio-item__title\">\n\t\tThe Frame Vila Nova Concei\u00e7\u00e3o &#8211; \u00c1reas Comuns\t\t<\/h3>\n\t\t\t\t<\/div>\n\t\t\t\t<\/a>\n\t\t<\/article>\n\t\t\t\t<article class=\"elementor-portfolio-item elementor-post elementor-filter-20 elementor-filter-19 elementor-filter-21 post-3641 projeto type-projeto status-publish has-post-thumbnail hentry categoria-de-projeto-areas-comuns categoria-de-projeto-edificios categoria-de-projeto-fachadas\" role=\"listitem\">\n\t\t\t<a class=\"elementor-post__thumbnail__link\" href=\"https:\/\/davidbastos.com.br\/en\/projeto\/mozak-lagoa-fachada-e-areas-comuns\/\">\n\t\t\t\t<div class=\"elementor-portfolio-item__img elementor-post__thumbnail\">\n\t\t\t<img decoding=\"async\" width=\"1620\" height=\"1080\" src=\"https:\/\/davidbastos.com.br\/wp-content\/uploads\/2026\/01\/MG_1498-min.jpg\" class=\"attachment-full size-full wp-image-3643\" alt=\"\" srcset=\"https:\/\/davidbastos.com.br\/wp-content\/uploads\/2026\/01\/MG_1498-min.jpg 1620w, https:\/\/davidbastos.com.br\/wp-content\/uploads\/2026\/01\/MG_1498-min-300x200.jpg 300w, https:\/\/davidbastos.com.br\/wp-content\/uploads\/2026\/01\/MG_1498-min-1024x683.jpg 1024w, https:\/\/davidbastos.com.br\/wp-content\/uploads\/2026\/01\/MG_1498-min-768x512.jpg 768w, https:\/\/davidbastos.com.br\/wp-content\/uploads\/2026\/01\/MG_1498-min-1536x1024.jpg 1536w, https:\/\/davidbastos.com.br\/wp-content\/uploads\/2026\/01\/MG_1498-min-18x12.jpg 18w\" sizes=\"(max-width: 1620px) 100vw, 1620px\" \/>\t\t<\/div>\n\t\t\t\t<div class=\"elementor-portfolio-item__overlay\">\n\t\t\t\t<h3 class=\"elementor-portfolio-item__title\">\n\t\tMozak Lagoa &#8211; Fachada e \u00c1reas Comuns\t\t<\/h3>\n\t\t\t\t<\/div>\n\t\t\t\t<\/a>\n\t\t<\/article>\n\t\t\t\t<article class=\"elementor-portfolio-item elementor-post elementor-filter-20 elementor-filter-19 post-3625 projeto type-projeto status-publish has-post-thumbnail hentry categoria-de-projeto-areas-comuns categoria-de-projeto-edificios\" role=\"listitem\">\n\t\t\t<a class=\"elementor-post__thumbnail__link\" href=\"https:\/\/davidbastos.com.br\/en\/projeto\/areas-comuns-mansao-wildberger\/\">\n\t\t\t\t<div class=\"elementor-portfolio-item__img elementor-post__thumbnail\">\n\t\t\t<img decoding=\"async\" width=\"1920\" height=\"1280\" src=\"https:\/\/davidbastos.com.br\/wp-content\/uploads\/2026\/01\/T.Reines_IMG_8564.webp\" class=\"attachment-full size-full wp-image-3635\" alt=\"\" srcset=\"https:\/\/davidbastos.com.br\/wp-content\/uploads\/2026\/01\/T.Reines_IMG_8564.webp 1920w, https:\/\/davidbastos.com.br\/wp-content\/uploads\/2026\/01\/T.Reines_IMG_8564-300x200.webp 300w, https:\/\/davidbastos.com.br\/wp-content\/uploads\/2026\/01\/T.Reines_IMG_8564-1024x683.webp 1024w, https:\/\/davidbastos.com.br\/wp-content\/uploads\/2026\/01\/T.Reines_IMG_8564-768x512.webp 768w, https:\/\/davidbastos.com.br\/wp-content\/uploads\/2026\/01\/T.Reines_IMG_8564-1536x1024.webp 1536w, https:\/\/davidbastos.com.br\/wp-content\/uploads\/2026\/01\/T.Reines_IMG_8564-18x12.webp 18w\" sizes=\"(max-width: 1920px) 100vw, 1920px\" \/>\t\t<\/div>\n\t\t\t\t<div class=\"elementor-portfolio-item__overlay\">\n\t\t\t\t<h3 class=\"elementor-portfolio-item__title\">\n\t\t\u00c1reas comuns &#8211; Mans\u00e3o Wildberger\t\t<\/h3>\n\t\t\t\t<\/div>\n\t\t\t\t<\/a>\n\t\t<\/article>\n\t\t\t\t<article class=\"elementor-portfolio-item elementor-post elementor-filter-20 elementor-filter-19 elementor-filter-21 post-3589 projeto type-projeto status-publish has-post-thumbnail hentry categoria-de-projeto-areas-comuns categoria-de-projeto-edificios categoria-de-projeto-fachadas\" role=\"listitem\">\n\t\t\t<a class=\"elementor-post__thumbnail__link\" href=\"https:\/\/davidbastos.com.br\/en\/projeto\/areia-mozak-3d-leblon-iv\/\">\n\t\t\t\t<div class=\"elementor-portfolio-item__img elementor-post__thumbnail\">\n\t\t\t<img decoding=\"async\" width=\"1920\" height=\"1485\" src=\"https:\/\/davidbastos.com.br\/wp-content\/uploads\/2026\/01\/01_FACHADA-ACESSO_REV01_HR.webp\" class=\"attachment-full size-full wp-image-3597\" alt=\"\" srcset=\"https:\/\/davidbastos.com.br\/wp-content\/uploads\/2026\/01\/01_FACHADA-ACESSO_REV01_HR.webp 1920w, https:\/\/davidbastos.com.br\/wp-content\/uploads\/2026\/01\/01_FACHADA-ACESSO_REV01_HR-300x232.webp 300w, https:\/\/davidbastos.com.br\/wp-content\/uploads\/2026\/01\/01_FACHADA-ACESSO_REV01_HR-1024x792.webp 1024w, https:\/\/davidbastos.com.br\/wp-content\/uploads\/2026\/01\/01_FACHADA-ACESSO_REV01_HR-768x594.webp 768w, https:\/\/davidbastos.com.br\/wp-content\/uploads\/2026\/01\/01_FACHADA-ACESSO_REV01_HR-1536x1188.webp 1536w, https:\/\/davidbastos.com.br\/wp-content\/uploads\/2026\/01\/01_FACHADA-ACESSO_REV01_HR-16x12.webp 16w\" sizes=\"(max-width: 1920px) 100vw, 1920px\" \/>\t\t<\/div>\n\t\t\t\t<div class=\"elementor-portfolio-item__overlay\">\n\t\t\t\t<h3 class=\"elementor-portfolio-item__title\">\n\t\tAreia Mozak 3D &#8211; Leblon IV\t\t<\/h3>\n\t\t\t\t<\/div>\n\t\t\t\t<\/a>\n\t\t<\/article>\n\t\t\t\t<article class=\"elementor-portfolio-item elementor-post elementor-filter-20 elementor-filter-19 post-2017 projeto type-projeto status-publish has-post-thumbnail hentry categoria-de-projeto-areas-comuns categoria-de-projeto-edificios\" role=\"listitem\">\n\t\t\t<a class=\"elementor-post__thumbnail__link\" href=\"https:\/\/davidbastos.com.br\/en\/projeto\/wildberger-areas-comuns\/\">\n\t\t\t\t<div class=\"elementor-portfolio-item__img elementor-post__thumbnail\">\n\t\t\t<img decoding=\"async\" width=\"1920\" height=\"1280\" src=\"https:\/\/davidbastos.com.br\/wp-content\/uploads\/2025\/12\/CAPA-2.webp\" class=\"attachment-full size-full wp-image-2025\" alt=\"\" srcset=\"https:\/\/davidbastos.com.br\/wp-content\/uploads\/2025\/12\/CAPA-2.webp 1920w, https:\/\/davidbastos.com.br\/wp-content\/uploads\/2025\/12\/CAPA-2-300x200.webp 300w, https:\/\/davidbastos.com.br\/wp-content\/uploads\/2025\/12\/CAPA-2-1024x683.webp 1024w, https:\/\/davidbastos.com.br\/wp-content\/uploads\/2025\/12\/CAPA-2-768x512.webp 768w, https:\/\/davidbastos.com.br\/wp-content\/uploads\/2025\/12\/CAPA-2-1536x1024.webp 1536w, https:\/\/davidbastos.com.br\/wp-content\/uploads\/2025\/12\/CAPA-2-18x12.webp 18w\" sizes=\"(max-width: 1920px) 100vw, 1920px\" \/>\t\t<\/div>\n\t\t\t\t<div class=\"elementor-portfolio-item__overlay\">\n\t\t\t\t<h3 class=\"elementor-portfolio-item__title\">\n\t\tWildberger &#8211; \u00c1reas Comuns\t\t<\/h3>\n\t\t\t\t<\/div>\n\t\t\t\t<\/a>\n\t\t<\/article>\n\t\t\t\t<article class=\"elementor-portfolio-item elementor-post elementor-filter-20 elementor-filter-19 elementor-filter-21 post-2010 projeto type-projeto status-publish has-post-thumbnail hentry categoria-de-projeto-areas-comuns categoria-de-projeto-edificios categoria-de-projeto-fachadas\" role=\"listitem\">\n\t\t\t<a class=\"elementor-post__thumbnail__link\" href=\"https:\/\/davidbastos.com.br\/en\/projeto\/mozak-areia-leblon\/\">\n\t\t\t\t<div class=\"elementor-portfolio-item__img elementor-post__thumbnail\">\n\t\t\t<img decoding=\"async\" width=\"1920\" height=\"2304\" src=\"https:\/\/davidbastos.com.br\/wp-content\/uploads\/2025\/12\/V-2-1.webp\" class=\"attachment-full size-full wp-image-2014\" alt=\"\" srcset=\"https:\/\/davidbastos.com.br\/wp-content\/uploads\/2025\/12\/V-2-1.webp 1920w, https:\/\/davidbastos.com.br\/wp-content\/uploads\/2025\/12\/V-2-1-250x300.webp 250w, https:\/\/davidbastos.com.br\/wp-content\/uploads\/2025\/12\/V-2-1-853x1024.webp 853w, https:\/\/davidbastos.com.br\/wp-content\/uploads\/2025\/12\/V-2-1-768x922.webp 768w, https:\/\/davidbastos.com.br\/wp-content\/uploads\/2025\/12\/V-2-1-1280x1536.webp 1280w, https:\/\/davidbastos.com.br\/wp-content\/uploads\/2025\/12\/V-2-1-1707x2048.webp 1707w, https:\/\/davidbastos.com.br\/wp-content\/uploads\/2025\/12\/V-2-1-10x12.webp 10w\" sizes=\"(max-width: 1920px) 100vw, 1920px\" \/>\t\t<\/div>\n\t\t\t\t<div class=\"elementor-portfolio-item__overlay\">\n\t\t\t\t<h3 class=\"elementor-portfolio-item__title\">\n\t\tMozak Areia &#8211; Leblon\t\t<\/h3>\n\t\t\t\t<\/div>\n\t\t\t\t<\/a>\n\t\t<\/article>\n\t\t\t\t<\/div>\n\t\t\t\t\t\t<\/div>\n\t\t\t\t<\/div>\n\t\t\t\t<\/div>\n\t\t\t\t<\/div>\n\t\t<div id=\"e-n-tab-content-1255750083\" role=\"tabpanel\" aria-labelledby=\"e-n-tab-title-1255750083\" data-tab-index=\"3\" style=\"--n-tabs-title-order: 3;\" class=\"elementor-element elementor-element-7af1f97 e-flex e-con-boxed e-con e-child\" data-id=\"7af1f97\" data-element_type=\"container\" data-e-type=\"container\">\n\t\t\t\t\t<div class=\"e-con-inner\">\n\t\t<div class=\"elementor-element elementor-element-0547a68 e-con-full e-flex elementor-invisible e-con e-child\" data-id=\"0547a68\" data-element_type=\"container\" data-e-type=\"container\" data-settings=\"{&quot;animation&quot;:&quot;fadeIn&quot;}\">\n\t\t\t\t<div class=\"elementor-element elementor-element-ac4c6bc elementor-grid-4 elementor-widget__width-inherit elementor-grid-tablet-2 elementor-grid-mobile-1 elementor-widget elementor-widget-portfolio\" data-id=\"ac4c6bc\" data-element_type=\"widget\" data-e-type=\"widget\" data-settings=\"{&quot;columns&quot;:&quot;4&quot;,&quot;row_gap&quot;:{&quot;unit&quot;:&quot;px&quot;,&quot;size&quot;:12,&quot;sizes&quot;:[]},&quot;columns_tablet&quot;:&quot;2&quot;,&quot;columns_mobile&quot;:&quot;1&quot;,&quot;item_ratio&quot;:{&quot;unit&quot;:&quot;px&quot;,&quot;size&quot;:0.66,&quot;sizes&quot;:[]},&quot;item_gap&quot;:{&quot;unit&quot;:&quot;px&quot;,&quot;size&quot;:&quot;&quot;,&quot;sizes&quot;:[]}}\" data-widget_type=\"portfolio.default\">\n\t\t\t\t<div class=\"elementor-widget-container\">\n\t\t\t\t\t\t\t<div class=\"elementor-portfolio elementor-grid elementor-posts-container\" role=\"list\">\n\t\t\t\t<article class=\"elementor-portfolio-item elementor-post elementor-filter-16 elementor-filter-22 elementor-filter-19 elementor-filter-36 post-4787 projeto type-projeto status-publish has-post-thumbnail hentry categoria-de-projeto-comercial categoria-de-projeto-decorados categoria-de-projeto-edificios categoria-de-projeto-mostras\" role=\"listitem\">\n\t\t\t<a class=\"elementor-post__thumbnail__link\" href=\"https:\/\/davidbastos.com.br\/en\/projeto\/casacor-bahia-espaco-comercial\/\">\n\t\t\t\t<div class=\"elementor-portfolio-item__img elementor-post__thumbnail\">\n\t\t\t<img decoding=\"async\" width=\"1920\" height=\"1278\" src=\"https:\/\/davidbastos.com.br\/wp-content\/uploads\/2026\/04\/08112012-Casa-Cor-DB-00002.webp\" class=\"attachment-full size-full wp-image-4798\" alt=\"\" srcset=\"https:\/\/davidbastos.com.br\/wp-content\/uploads\/2026\/04\/08112012-Casa-Cor-DB-00002.webp 1920w, https:\/\/davidbastos.com.br\/wp-content\/uploads\/2026\/04\/08112012-Casa-Cor-DB-00002-300x200.webp 300w, https:\/\/davidbastos.com.br\/wp-content\/uploads\/2026\/04\/08112012-Casa-Cor-DB-00002-1024x682.webp 1024w, https:\/\/davidbastos.com.br\/wp-content\/uploads\/2026\/04\/08112012-Casa-Cor-DB-00002-768x511.webp 768w, https:\/\/davidbastos.com.br\/wp-content\/uploads\/2026\/04\/08112012-Casa-Cor-DB-00002-1536x1022.webp 1536w, https:\/\/davidbastos.com.br\/wp-content\/uploads\/2026\/04\/08112012-Casa-Cor-DB-00002-18x12.webp 18w\" sizes=\"(max-width: 1920px) 100vw, 1920px\" \/>\t\t<\/div>\n\t\t\t\t<div class=\"elementor-portfolio-item__overlay\">\n\t\t\t\t<h3 class=\"elementor-portfolio-item__title\">\n\t\tCASACOR BAHIA 2012 &#8211; ESPA\u00c7O COMERCIAL\t\t<\/h3>\n\t\t\t\t<\/div>\n\t\t\t\t<\/a>\n\t\t<\/article>\n\t\t\t\t<article class=\"elementor-portfolio-item elementor-post elementor-filter-22 elementor-filter-19 elementor-filter-36 post-4750 projeto type-projeto status-publish has-post-thumbnail hentry categoria-de-projeto-decorados categoria-de-projeto-edificios categoria-de-projeto-mostras\" role=\"listitem\">\n\t\t\t<a class=\"elementor-post__thumbnail__link\" href=\"https:\/\/davidbastos.com.br\/en\/projeto\/casacor-espirito-santo-showa\/\">\n\t\t\t\t<div class=\"elementor-portfolio-item__img elementor-post__thumbnail\">\n\t\t\t<img decoding=\"async\" width=\"1920\" height=\"1282\" src=\"https:\/\/davidbastos.com.br\/wp-content\/uploads\/2026\/04\/9440_CAMILA-SANTOS.FOT_.webp\" class=\"attachment-full size-full wp-image-4765\" alt=\"\" srcset=\"https:\/\/davidbastos.com.br\/wp-content\/uploads\/2026\/04\/9440_CAMILA-SANTOS.FOT_.webp 1920w, https:\/\/davidbastos.com.br\/wp-content\/uploads\/2026\/04\/9440_CAMILA-SANTOS.FOT_-300x200.webp 300w, https:\/\/davidbastos.com.br\/wp-content\/uploads\/2026\/04\/9440_CAMILA-SANTOS.FOT_-1024x684.webp 1024w, https:\/\/davidbastos.com.br\/wp-content\/uploads\/2026\/04\/9440_CAMILA-SANTOS.FOT_-768x513.webp 768w, https:\/\/davidbastos.com.br\/wp-content\/uploads\/2026\/04\/9440_CAMILA-SANTOS.FOT_-1536x1026.webp 1536w, https:\/\/davidbastos.com.br\/wp-content\/uploads\/2026\/04\/9440_CAMILA-SANTOS.FOT_-18x12.webp 18w\" sizes=\"(max-width: 1920px) 100vw, 1920px\" \/>\t\t<\/div>\n\t\t\t\t<div class=\"elementor-portfolio-item__overlay\">\n\t\t\t\t<h3 class=\"elementor-portfolio-item__title\">\n\t\tCASACOR ESP\u00cdRITO SANTO &#8211; SHOWA\t\t<\/h3>\n\t\t\t\t<\/div>\n\t\t\t\t<\/a>\n\t\t<\/article>\n\t\t\t\t<article class=\"elementor-portfolio-item elementor-post elementor-filter-22 elementor-filter-19 post-4140 projeto type-projeto status-publish has-post-thumbnail hentry categoria-de-projeto-decorados categoria-de-projeto-edificios\" role=\"listitem\">\n\t\t\t<a class=\"elementor-post__thumbnail__link\" href=\"https:\/\/davidbastos.com.br\/en\/projeto\/mundo-plaza-1-dormitorio\/\">\n\t\t\t\t<div class=\"elementor-portfolio-item__img elementor-post__thumbnail\">\n\t\t\t<img decoding=\"async\" width=\"1920\" height=\"1285\" src=\"https:\/\/davidbastos.com.br\/wp-content\/uploads\/2026\/02\/Mundo-plaza016.webp\" class=\"attachment-full size-full wp-image-4141\" alt=\"\" srcset=\"https:\/\/davidbastos.com.br\/wp-content\/uploads\/2026\/02\/Mundo-plaza016.webp 1920w, https:\/\/davidbastos.com.br\/wp-content\/uploads\/2026\/02\/Mundo-plaza016-300x201.webp 300w, https:\/\/davidbastos.com.br\/wp-content\/uploads\/2026\/02\/Mundo-plaza016-1024x685.webp 1024w, https:\/\/davidbastos.com.br\/wp-content\/uploads\/2026\/02\/Mundo-plaza016-768x514.webp 768w, https:\/\/davidbastos.com.br\/wp-content\/uploads\/2026\/02\/Mundo-plaza016-1536x1028.webp 1536w, https:\/\/davidbastos.com.br\/wp-content\/uploads\/2026\/02\/Mundo-plaza016-18x12.webp 18w\" sizes=\"(max-width: 1920px) 100vw, 1920px\" \/>\t\t<\/div>\n\t\t\t\t<div class=\"elementor-portfolio-item__overlay\">\n\t\t\t\t<h3 class=\"elementor-portfolio-item__title\">\n\t\tMundo Plaza &#8211; 1 dormit\u00f3rio\t\t<\/h3>\n\t\t\t\t<\/div>\n\t\t\t\t<\/a>\n\t\t<\/article>\n\t\t\t\t<article class=\"elementor-portfolio-item elementor-post elementor-filter-22 elementor-filter-19 post-4066 projeto type-projeto status-publish has-post-thumbnail hentry categoria-de-projeto-decorados categoria-de-projeto-edificios\" role=\"listitem\">\n\t\t\t<a class=\"elementor-post__thumbnail__link\" href=\"https:\/\/davidbastos.com.br\/en\/projeto\/decorado-le-parc-alphaville-salvador\/\">\n\t\t\t\t<div class=\"elementor-portfolio-item__img elementor-post__thumbnail\">\n\t\t\t<img decoding=\"async\" width=\"1920\" height=\"1285\" src=\"https:\/\/davidbastos.com.br\/wp-content\/uploads\/2026\/02\/Le-Parc_010.webp\" class=\"attachment-full size-full wp-image-4075\" alt=\"\" srcset=\"https:\/\/davidbastos.com.br\/wp-content\/uploads\/2026\/02\/Le-Parc_010.webp 1920w, https:\/\/davidbastos.com.br\/wp-content\/uploads\/2026\/02\/Le-Parc_010-300x201.webp 300w, https:\/\/davidbastos.com.br\/wp-content\/uploads\/2026\/02\/Le-Parc_010-1024x685.webp 1024w, https:\/\/davidbastos.com.br\/wp-content\/uploads\/2026\/02\/Le-Parc_010-768x514.webp 768w, https:\/\/davidbastos.com.br\/wp-content\/uploads\/2026\/02\/Le-Parc_010-1536x1028.webp 1536w, https:\/\/davidbastos.com.br\/wp-content\/uploads\/2026\/02\/Le-Parc_010-18x12.webp 18w\" sizes=\"(max-width: 1920px) 100vw, 1920px\" \/>\t\t<\/div>\n\t\t\t\t<div class=\"elementor-portfolio-item__overlay\">\n\t\t\t\t<h3 class=\"elementor-portfolio-item__title\">\n\t\tDecorado Le Parc &#8211; Alphaville Salvador\t\t<\/h3>\n\t\t\t\t<\/div>\n\t\t\t\t<\/a>\n\t\t<\/article>\n\t\t\t\t<article class=\"elementor-portfolio-item elementor-post elementor-filter-22 elementor-filter-19 post-3998 projeto type-projeto status-publish has-post-thumbnail hentry categoria-de-projeto-decorados categoria-de-projeto-edificios\" role=\"listitem\">\n\t\t\t<a class=\"elementor-post__thumbnail__link\" href=\"https:\/\/davidbastos.com.br\/en\/projeto\/decorado-horto-bela-vista-ssa\/\">\n\t\t\t\t<div class=\"elementor-portfolio-item__img elementor-post__thumbnail\">\n\t\t\t<img decoding=\"async\" width=\"1920\" height=\"1277\" src=\"https:\/\/davidbastos.com.br\/wp-content\/uploads\/2026\/02\/horto-bela-vista-006.webp\" class=\"attachment-full size-full wp-image-4005\" alt=\"\" srcset=\"https:\/\/davidbastos.com.br\/wp-content\/uploads\/2026\/02\/horto-bela-vista-006.webp 1920w, https:\/\/davidbastos.com.br\/wp-content\/uploads\/2026\/02\/horto-bela-vista-006-300x200.webp 300w, https:\/\/davidbastos.com.br\/wp-content\/uploads\/2026\/02\/horto-bela-vista-006-1024x681.webp 1024w, https:\/\/davidbastos.com.br\/wp-content\/uploads\/2026\/02\/horto-bela-vista-006-768x511.webp 768w, https:\/\/davidbastos.com.br\/wp-content\/uploads\/2026\/02\/horto-bela-vista-006-1536x1022.webp 1536w, https:\/\/davidbastos.com.br\/wp-content\/uploads\/2026\/02\/horto-bela-vista-006-18x12.webp 18w\" sizes=\"(max-width: 1920px) 100vw, 1920px\" \/>\t\t<\/div>\n\t\t\t\t<div class=\"elementor-portfolio-item__overlay\">\n\t\t\t\t<h3 class=\"elementor-portfolio-item__title\">\n\t\tDecorado &#8211; Horto Bela Vista SSA\t\t<\/h3>\n\t\t\t\t<\/div>\n\t\t\t\t<\/a>\n\t\t<\/article>\n\t\t\t\t<article class=\"elementor-portfolio-item elementor-post elementor-filter-5 elementor-filter-22 elementor-filter-19 post-3487 projeto type-projeto status-publish has-post-thumbnail hentry categoria-de-projeto-apartamentos categoria-de-projeto-decorados categoria-de-projeto-edificios\" role=\"listitem\">\n\t\t\t<a class=\"elementor-post__thumbnail__link\" href=\"https:\/\/davidbastos.com.br\/en\/projeto\/reserva-victoria-decorado-nazca-vitoria-es\/\">\n\t\t\t\t<div class=\"elementor-portfolio-item__img elementor-post__thumbnail\">\n\t\t\t<img decoding=\"async\" width=\"1920\" height=\"1283\" src=\"https:\/\/davidbastos.com.br\/wp-content\/uploads\/2026\/01\/2266_dez21-_-CAMILA-SANTOS.FOT_.webp\" class=\"attachment-full size-full wp-image-3499\" alt=\"\" srcset=\"https:\/\/davidbastos.com.br\/wp-content\/uploads\/2026\/01\/2266_dez21-_-CAMILA-SANTOS.FOT_.webp 1920w, https:\/\/davidbastos.com.br\/wp-content\/uploads\/2026\/01\/2266_dez21-_-CAMILA-SANTOS.FOT_-300x200.webp 300w, https:\/\/davidbastos.com.br\/wp-content\/uploads\/2026\/01\/2266_dez21-_-CAMILA-SANTOS.FOT_-1024x684.webp 1024w, https:\/\/davidbastos.com.br\/wp-content\/uploads\/2026\/01\/2266_dez21-_-CAMILA-SANTOS.FOT_-768x513.webp 768w, https:\/\/davidbastos.com.br\/wp-content\/uploads\/2026\/01\/2266_dez21-_-CAMILA-SANTOS.FOT_-1536x1026.webp 1536w, https:\/\/davidbastos.com.br\/wp-content\/uploads\/2026\/01\/2266_dez21-_-CAMILA-SANTOS.FOT_-18x12.webp 18w\" sizes=\"(max-width: 1920px) 100vw, 1920px\" \/>\t\t<\/div>\n\t\t\t\t<div class=\"elementor-portfolio-item__overlay\">\n\t\t\t\t<h3 class=\"elementor-portfolio-item__title\">\n\t\tReserva Vict\u00f3ria &#8211; Decorado Nazca &#8211; Vit\u00f3ria ES\t\t<\/h3>\n\t\t\t\t<\/div>\n\t\t\t\t<\/a>\n\t\t<\/article>\n\t\t\t\t<article class=\"elementor-portfolio-item elementor-post elementor-filter-22 elementor-filter-19 post-3576 projeto type-projeto status-publish has-post-thumbnail hentry categoria-de-projeto-decorados categoria-de-projeto-edificios\" role=\"listitem\">\n\t\t\t<a class=\"elementor-post__thumbnail__link\" href=\"https:\/\/davidbastos.com.br\/en\/projeto\/maam-yazbek-decorado-paraiso-ii\/\">\n\t\t\t\t<div class=\"elementor-portfolio-item__img elementor-post__thumbnail\">\n\t\t\t<img decoding=\"async\" width=\"1920\" height=\"1281\" src=\"https:\/\/davidbastos.com.br\/wp-content\/uploads\/2026\/01\/T.Reines__TRE8462.webp\" class=\"attachment-full size-full wp-image-3587\" alt=\"\" srcset=\"https:\/\/davidbastos.com.br\/wp-content\/uploads\/2026\/01\/T.Reines__TRE8462.webp 1920w, https:\/\/davidbastos.com.br\/wp-content\/uploads\/2026\/01\/T.Reines__TRE8462-300x200.webp 300w, https:\/\/davidbastos.com.br\/wp-content\/uploads\/2026\/01\/T.Reines__TRE8462-1024x683.webp 1024w, https:\/\/davidbastos.com.br\/wp-content\/uploads\/2026\/01\/T.Reines__TRE8462-768x512.webp 768w, https:\/\/davidbastos.com.br\/wp-content\/uploads\/2026\/01\/T.Reines__TRE8462-1536x1025.webp 1536w, https:\/\/davidbastos.com.br\/wp-content\/uploads\/2026\/01\/T.Reines__TRE8462-18x12.webp 18w\" sizes=\"(max-width: 1920px) 100vw, 1920px\" \/>\t\t<\/div>\n\t\t\t\t<div class=\"elementor-portfolio-item__overlay\">\n\t\t\t\t<h3 class=\"elementor-portfolio-item__title\">\n\t\tMAAM Yazbek &#8211; Decorado &#8211; Para\u00edso II\t\t<\/h3>\n\t\t\t\t<\/div>\n\t\t\t\t<\/a>\n\t\t<\/article>\n\t\t\t\t<article class=\"elementor-portfolio-item elementor-post elementor-filter-5 elementor-filter-22 elementor-filter-19 post-3475 projeto type-projeto status-publish has-post-thumbnail hentry categoria-de-projeto-apartamentos categoria-de-projeto-decorados categoria-de-projeto-edificios\" role=\"listitem\">\n\t\t\t<a class=\"elementor-post__thumbnail__link\" href=\"https:\/\/davidbastos.com.br\/en\/projeto\/jeronimo-155-decorado-yuny-incorporadora\/\">\n\t\t\t\t<div class=\"elementor-portfolio-item__img elementor-post__thumbnail\">\n\t\t\t<img decoding=\"async\" width=\"1920\" height=\"1266\" src=\"https:\/\/davidbastos.com.br\/wp-content\/uploads\/2026\/01\/CA_2365-1.webp\" class=\"attachment-full size-full wp-image-3479\" alt=\"\" srcset=\"https:\/\/davidbastos.com.br\/wp-content\/uploads\/2026\/01\/CA_2365-1.webp 1920w, https:\/\/davidbastos.com.br\/wp-content\/uploads\/2026\/01\/CA_2365-1-300x198.webp 300w, https:\/\/davidbastos.com.br\/wp-content\/uploads\/2026\/01\/CA_2365-1-1024x675.webp 1024w, https:\/\/davidbastos.com.br\/wp-content\/uploads\/2026\/01\/CA_2365-1-768x506.webp 768w, https:\/\/davidbastos.com.br\/wp-content\/uploads\/2026\/01\/CA_2365-1-1536x1013.webp 1536w, https:\/\/davidbastos.com.br\/wp-content\/uploads\/2026\/01\/CA_2365-1-18x12.webp 18w\" sizes=\"(max-width: 1920px) 100vw, 1920px\" \/>\t\t<\/div>\n\t\t\t\t<div class=\"elementor-portfolio-item__overlay\">\n\t\t\t\t<h3 class=\"elementor-portfolio-item__title\">\n\t\tJer\u00f4nimo 155 &#8211; Decorado Yuny Incorporadora    Itaim Bibi IX\t\t<\/h3>\n\t\t\t\t<\/div>\n\t\t\t\t<\/a>\n\t\t<\/article>\n\t\t\t\t<article class=\"elementor-portfolio-item elementor-post elementor-filter-22 elementor-filter-19 post-3526 projeto type-projeto status-publish has-post-thumbnail hentry categoria-de-projeto-decorados categoria-de-projeto-edificios\" role=\"listitem\">\n\t\t\t<a class=\"elementor-post__thumbnail__link\" href=\"https:\/\/davidbastos.com.br\/en\/projeto\/maam-yazbek-stand-de-vendas\/\">\n\t\t\t\t<div class=\"elementor-portfolio-item__img elementor-post__thumbnail\">\n\t\t\t<img decoding=\"async\" width=\"1920\" height=\"1281\" src=\"https:\/\/davidbastos.com.br\/wp-content\/uploads\/2026\/01\/T.Reines__TRE8336.webp\" class=\"attachment-full size-full wp-image-3535\" alt=\"\" srcset=\"https:\/\/davidbastos.com.br\/wp-content\/uploads\/2026\/01\/T.Reines__TRE8336.webp 1920w, https:\/\/davidbastos.com.br\/wp-content\/uploads\/2026\/01\/T.Reines__TRE8336-300x200.webp 300w, https:\/\/davidbastos.com.br\/wp-content\/uploads\/2026\/01\/T.Reines__TRE8336-1024x683.webp 1024w, https:\/\/davidbastos.com.br\/wp-content\/uploads\/2026\/01\/T.Reines__TRE8336-768x512.webp 768w, https:\/\/davidbastos.com.br\/wp-content\/uploads\/2026\/01\/T.Reines__TRE8336-1536x1025.webp 1536w, https:\/\/davidbastos.com.br\/wp-content\/uploads\/2026\/01\/T.Reines__TRE8336-18x12.webp 18w\" sizes=\"(max-width: 1920px) 100vw, 1920px\" \/>\t\t<\/div>\n\t\t\t\t<div class=\"elementor-portfolio-item__overlay\">\n\t\t\t\t<h3 class=\"elementor-portfolio-item__title\">\n\t\tMAAM Yazbek &#8211; Stand de Vendas\t\t<\/h3>\n\t\t\t\t<\/div>\n\t\t\t\t<\/a>\n\t\t<\/article>\n\t\t\t\t<\/div>\n\t\t\t\t\t\t<\/div>\n\t\t\t\t<\/div>\n\t\t\t\t<\/div>\n\t\t\t\t\t<\/div>\n\t\t\t\t<\/div>\n\t\t<div id=\"e-n-tab-content-1255750084\" role=\"tabpanel\" aria-labelledby=\"e-n-tab-title-1255750084\" data-tab-index=\"4\" style=\"--n-tabs-title-order: 4;\" class=\"elementor-element elementor-element-c0d33d3 e-flex e-con-boxed e-con e-child\" data-id=\"c0d33d3\" data-element_type=\"container\" data-e-type=\"container\">\n\t\t\t\t\t<div class=\"e-con-inner\">\n\t\t<div class=\"elementor-element elementor-element-a2da84e e-con-full e-flex elementor-invisible e-con e-child\" data-id=\"a2da84e\" data-element_type=\"container\" data-e-type=\"container\" data-settings=\"{&quot;animation&quot;:&quot;fadeIn&quot;}\">\n\t\t\t\t<div class=\"elementor-element elementor-element-53e54ca elementor-grid-4 elementor-widget__width-inherit elementor-grid-tablet-2 elementor-grid-mobile-1 elementor-widget elementor-widget-portfolio\" data-id=\"53e54ca\" data-element_type=\"widget\" data-e-type=\"widget\" data-settings=\"{&quot;columns&quot;:&quot;4&quot;,&quot;row_gap&quot;:{&quot;unit&quot;:&quot;px&quot;,&quot;size&quot;:12,&quot;sizes&quot;:[]},&quot;columns_tablet&quot;:&quot;2&quot;,&quot;columns_mobile&quot;:&quot;1&quot;,&quot;item_ratio&quot;:{&quot;unit&quot;:&quot;px&quot;,&quot;size&quot;:0.66,&quot;sizes&quot;:[]},&quot;item_gap&quot;:{&quot;unit&quot;:&quot;px&quot;,&quot;size&quot;:&quot;&quot;,&quot;sizes&quot;:[]}}\" data-widget_type=\"portfolio.default\">\n\t\t\t\t<div class=\"elementor-widget-container\">\n\t\t\t\t\t\t\t<div class=\"elementor-portfolio elementor-grid elementor-posts-container\" role=\"list\">\n\t\t\t\t<article class=\"elementor-portfolio-item elementor-post elementor-filter-20 elementor-filter-19 elementor-filter-21 post-3641 projeto type-projeto status-publish has-post-thumbnail hentry categoria-de-projeto-areas-comuns categoria-de-projeto-edificios categoria-de-projeto-fachadas\" role=\"listitem\">\n\t\t\t<a class=\"elementor-post__thumbnail__link\" href=\"https:\/\/davidbastos.com.br\/en\/projeto\/mozak-lagoa-fachada-e-areas-comuns\/\">\n\t\t\t\t<div class=\"elementor-portfolio-item__img elementor-post__thumbnail\">\n\t\t\t<img decoding=\"async\" width=\"1620\" height=\"1080\" src=\"https:\/\/davidbastos.com.br\/wp-content\/uploads\/2026\/01\/MG_1498-min.jpg\" class=\"attachment-full size-full wp-image-3643\" alt=\"\" srcset=\"https:\/\/davidbastos.com.br\/wp-content\/uploads\/2026\/01\/MG_1498-min.jpg 1620w, https:\/\/davidbastos.com.br\/wp-content\/uploads\/2026\/01\/MG_1498-min-300x200.jpg 300w, https:\/\/davidbastos.com.br\/wp-content\/uploads\/2026\/01\/MG_1498-min-1024x683.jpg 1024w, https:\/\/davidbastos.com.br\/wp-content\/uploads\/2026\/01\/MG_1498-min-768x512.jpg 768w, https:\/\/davidbastos.com.br\/wp-content\/uploads\/2026\/01\/MG_1498-min-1536x1024.jpg 1536w, https:\/\/davidbastos.com.br\/wp-content\/uploads\/2026\/01\/MG_1498-min-18x12.jpg 18w\" sizes=\"(max-width: 1620px) 100vw, 1620px\" \/>\t\t<\/div>\n\t\t\t\t<div class=\"elementor-portfolio-item__overlay\">\n\t\t\t\t<h3 class=\"elementor-portfolio-item__title\">\n\t\tMozak Lagoa &#8211; Fachada e \u00c1reas Comuns\t\t<\/h3>\n\t\t\t\t<\/div>\n\t\t\t\t<\/a>\n\t\t<\/article>\n\t\t\t\t<article class=\"elementor-portfolio-item elementor-post elementor-filter-20 elementor-filter-19 elementor-filter-21 post-3589 projeto type-projeto status-publish has-post-thumbnail hentry categoria-de-projeto-areas-comuns categoria-de-projeto-edificios categoria-de-projeto-fachadas\" role=\"listitem\">\n\t\t\t<a class=\"elementor-post__thumbnail__link\" href=\"https:\/\/davidbastos.com.br\/en\/projeto\/areia-mozak-3d-leblon-iv\/\">\n\t\t\t\t<div class=\"elementor-portfolio-item__img elementor-post__thumbnail\">\n\t\t\t<img decoding=\"async\" width=\"1920\" height=\"1485\" src=\"https:\/\/davidbastos.com.br\/wp-content\/uploads\/2026\/01\/01_FACHADA-ACESSO_REV01_HR.webp\" class=\"attachment-full size-full wp-image-3597\" alt=\"\" srcset=\"https:\/\/davidbastos.com.br\/wp-content\/uploads\/2026\/01\/01_FACHADA-ACESSO_REV01_HR.webp 1920w, https:\/\/davidbastos.com.br\/wp-content\/uploads\/2026\/01\/01_FACHADA-ACESSO_REV01_HR-300x232.webp 300w, https:\/\/davidbastos.com.br\/wp-content\/uploads\/2026\/01\/01_FACHADA-ACESSO_REV01_HR-1024x792.webp 1024w, https:\/\/davidbastos.com.br\/wp-content\/uploads\/2026\/01\/01_FACHADA-ACESSO_REV01_HR-768x594.webp 768w, https:\/\/davidbastos.com.br\/wp-content\/uploads\/2026\/01\/01_FACHADA-ACESSO_REV01_HR-1536x1188.webp 1536w, https:\/\/davidbastos.com.br\/wp-content\/uploads\/2026\/01\/01_FACHADA-ACESSO_REV01_HR-16x12.webp 16w\" sizes=\"(max-width: 1920px) 100vw, 1920px\" \/>\t\t<\/div>\n\t\t\t\t<div class=\"elementor-portfolio-item__overlay\">\n\t\t\t\t<h3 class=\"elementor-portfolio-item__title\">\n\t\tAreia Mozak 3D &#8211; Leblon IV\t\t<\/h3>\n\t\t\t\t<\/div>\n\t\t\t\t<\/a>\n\t\t<\/article>\n\t\t\t\t<article class=\"elementor-portfolio-item elementor-post elementor-filter-20 elementor-filter-19 elementor-filter-21 post-2010 projeto type-projeto status-publish has-post-thumbnail hentry categoria-de-projeto-areas-comuns categoria-de-projeto-edificios categoria-de-projeto-fachadas\" role=\"listitem\">\n\t\t\t<a class=\"elementor-post__thumbnail__link\" href=\"https:\/\/davidbastos.com.br\/en\/projeto\/mozak-areia-leblon\/\">\n\t\t\t\t<div class=\"elementor-portfolio-item__img elementor-post__thumbnail\">\n\t\t\t<img decoding=\"async\" width=\"1920\" height=\"2304\" src=\"https:\/\/davidbastos.com.br\/wp-content\/uploads\/2025\/12\/V-2-1.webp\" class=\"attachment-full size-full wp-image-2014\" alt=\"\" srcset=\"https:\/\/davidbastos.com.br\/wp-content\/uploads\/2025\/12\/V-2-1.webp 1920w, https:\/\/davidbastos.com.br\/wp-content\/uploads\/2025\/12\/V-2-1-250x300.webp 250w, https:\/\/davidbastos.com.br\/wp-content\/uploads\/2025\/12\/V-2-1-853x1024.webp 853w, https:\/\/davidbastos.com.br\/wp-content\/uploads\/2025\/12\/V-2-1-768x922.webp 768w, https:\/\/davidbastos.com.br\/wp-content\/uploads\/2025\/12\/V-2-1-1280x1536.webp 1280w, https:\/\/davidbastos.com.br\/wp-content\/uploads\/2025\/12\/V-2-1-1707x2048.webp 1707w, https:\/\/davidbastos.com.br\/wp-content\/uploads\/2025\/12\/V-2-1-10x12.webp 10w\" sizes=\"(max-width: 1920px) 100vw, 1920px\" \/>\t\t<\/div>\n\t\t\t\t<div class=\"elementor-portfolio-item__overlay\">\n\t\t\t\t<h3 class=\"elementor-portfolio-item__title\">\n\t\tMozak Areia &#8211; Leblon\t\t<\/h3>\n\t\t\t\t<\/div>\n\t\t\t\t<\/a>\n\t\t<\/article>\n\t\t\t\t<\/div>\n\t\t\t\t\t\t<\/div>\n\t\t\t\t<\/div>\n\t\t\t\t<\/div>\n\t\t\t\t\t<\/div>\n\t\t\t\t<\/div>\n\t\t\t\t\t<\/div>\n\t\t<\/div>\n\t\t\t\t\t\t<\/div>\n\t\t\t\t<\/div>\n\t\t\t\t<\/div>\n\t\t\t\t\t<\/div>\n\t\t\t\t<\/div>\n\t\t<div id=\"e-n-tab-content-2254086756\" role=\"tabpanel\" aria-labelledby=\"e-n-tab-title-2254086756\" data-tab-index=\"6\" style=\"--n-tabs-title-order: 6;\" class=\"elementor-element elementor-element-5e9d7f1 e-flex e-con-boxed e-con e-child\" data-id=\"5e9d7f1\" data-element_type=\"container\" data-e-type=\"container\">\n\t\t\t\t\t<div class=\"e-con-inner\">\n\t\t<div class=\"elementor-element elementor-element-f697884 e-con-full e-flex elementor-invisible e-con e-child\" data-id=\"f697884\" data-element_type=\"container\" data-e-type=\"container\" data-settings=\"{&quot;animation&quot;:&quot;fadeIn&quot;}\">\n\t\t\t\t<div class=\"elementor-element elementor-element-0ae58e4 elementor-grid-4 elementor-widget__width-inherit elementor-grid-tablet-2 elementor-grid-mobile-1 elementor-widget elementor-widget-portfolio\" data-id=\"0ae58e4\" data-element_type=\"widget\" data-e-type=\"widget\" data-settings=\"{&quot;columns&quot;:&quot;4&quot;,&quot;row_gap&quot;:{&quot;unit&quot;:&quot;px&quot;,&quot;size&quot;:12,&quot;sizes&quot;:[]},&quot;columns_tablet&quot;:&quot;2&quot;,&quot;columns_mobile&quot;:&quot;1&quot;,&quot;item_ratio&quot;:{&quot;unit&quot;:&quot;px&quot;,&quot;size&quot;:0.66,&quot;sizes&quot;:[]},&quot;item_gap&quot;:{&quot;unit&quot;:&quot;px&quot;,&quot;size&quot;:&quot;&quot;,&quot;sizes&quot;:[]}}\" data-widget_type=\"portfolio.default\">\n\t\t\t\t<div class=\"elementor-widget-container\">\n\t\t\t\t\t\t\t<div class=\"elementor-portfolio elementor-grid elementor-posts-container\" role=\"list\">\n\t\t\t\t<article class=\"elementor-portfolio-item elementor-post elementor-filter-9 elementor-filter-11 elementor-filter-24 elementor-filter-23 post-4374 projeto type-projeto status-publish has-post-thumbnail hentry categoria-de-projeto-casas categoria-de-projeto-casas-urbanas categoria-de-projeto-condominios categoria-de-projeto-urbanismo\" role=\"listitem\">\n\t\t\t<a class=\"elementor-post__thumbnail__link\" href=\"https:\/\/davidbastos.com.br\/en\/projeto\/boutique-villas-cascais\/\">\n\t\t\t\t<div class=\"elementor-portfolio-item__img elementor-post__thumbnail\">\n\t\t\t<img decoding=\"async\" width=\"1920\" height=\"1440\" src=\"https:\/\/davidbastos.com.br\/wp-content\/uploads\/2026\/02\/182.webp\" class=\"attachment-full size-full wp-image-4386\" alt=\"\" srcset=\"https:\/\/davidbastos.com.br\/wp-content\/uploads\/2026\/02\/182.webp 1920w, https:\/\/davidbastos.com.br\/wp-content\/uploads\/2026\/02\/182-300x225.webp 300w, https:\/\/davidbastos.com.br\/wp-content\/uploads\/2026\/02\/182-1024x768.webp 1024w, https:\/\/davidbastos.com.br\/wp-content\/uploads\/2026\/02\/182-768x576.webp 768w, https:\/\/davidbastos.com.br\/wp-content\/uploads\/2026\/02\/182-1536x1152.webp 1536w, https:\/\/davidbastos.com.br\/wp-content\/uploads\/2026\/02\/182-16x12.webp 16w\" sizes=\"(max-width: 1920px) 100vw, 1920px\" \/>\t\t<\/div>\n\t\t\t\t<div class=\"elementor-portfolio-item__overlay\">\n\t\t\t\t<h3 class=\"elementor-portfolio-item__title\">\n\t\tBoutique Villas Cascais\t\t<\/h3>\n\t\t\t\t<\/div>\n\t\t\t\t<\/a>\n\t\t<\/article>\n\t\t\t\t<article class=\"elementor-portfolio-item elementor-post elementor-filter-25 elementor-filter-23 post-4621 projeto type-projeto status-publish has-post-thumbnail hentry categoria-de-projeto-beach-club categoria-de-projeto-urbanismo\" role=\"listitem\">\n\t\t\t<a class=\"elementor-post__thumbnail__link\" href=\"https:\/\/davidbastos.com.br\/en\/projeto\/areas-comuns-e-conceito-condominio-corumbau\/\">\n\t\t\t\t<div class=\"elementor-portfolio-item__img elementor-post__thumbnail\">\n\t\t\t<img decoding=\"async\" width=\"1920\" height=\"1022\" src=\"https:\/\/davidbastos.com.br\/wp-content\/uploads\/2026\/03\/000.webp\" class=\"attachment-full size-full wp-image-4624\" alt=\"\" srcset=\"https:\/\/davidbastos.com.br\/wp-content\/uploads\/2026\/03\/000.webp 1920w, https:\/\/davidbastos.com.br\/wp-content\/uploads\/2026\/03\/000-300x160.webp 300w, https:\/\/davidbastos.com.br\/wp-content\/uploads\/2026\/03\/000-1024x545.webp 1024w, https:\/\/davidbastos.com.br\/wp-content\/uploads\/2026\/03\/000-768x409.webp 768w, https:\/\/davidbastos.com.br\/wp-content\/uploads\/2026\/03\/000-1536x818.webp 1536w, https:\/\/davidbastos.com.br\/wp-content\/uploads\/2026\/03\/000-18x10.webp 18w\" sizes=\"(max-width: 1920px) 100vw, 1920px\" \/>\t\t<\/div>\n\t\t\t\t<div class=\"elementor-portfolio-item__overlay\">\n\t\t\t\t<h3 class=\"elementor-portfolio-item__title\">\n\t\t\u00c1reas Comuns e Conceito condom\u00ednio Corumbau\t\t<\/h3>\n\t\t\t\t<\/div>\n\t\t\t\t<\/a>\n\t\t<\/article>\n\t\t\t\t<article class=\"elementor-portfolio-item elementor-post elementor-filter-25 elementor-filter-24 elementor-filter-23 post-4609 projeto type-projeto status-publish has-post-thumbnail hentry categoria-de-projeto-beach-club categoria-de-projeto-condominios categoria-de-projeto-urbanismo\" role=\"listitem\">\n\t\t\t<a class=\"elementor-post__thumbnail__link\" href=\"https:\/\/davidbastos.com.br\/en\/projeto\/guaiu-hotel-e-eventos\/\">\n\t\t\t\t<div class=\"elementor-portfolio-item__img elementor-post__thumbnail\">\n\t\t\t<img decoding=\"async\" width=\"1920\" height=\"864\" src=\"https:\/\/davidbastos.com.br\/wp-content\/uploads\/2026\/03\/1.webp\" class=\"attachment-full size-full wp-image-4617\" alt=\"\" srcset=\"https:\/\/davidbastos.com.br\/wp-content\/uploads\/2026\/03\/1.webp 1920w, https:\/\/davidbastos.com.br\/wp-content\/uploads\/2026\/03\/1-300x135.webp 300w, https:\/\/davidbastos.com.br\/wp-content\/uploads\/2026\/03\/1-1024x461.webp 1024w, https:\/\/davidbastos.com.br\/wp-content\/uploads\/2026\/03\/1-768x346.webp 768w, https:\/\/davidbastos.com.br\/wp-content\/uploads\/2026\/03\/1-1536x691.webp 1536w, https:\/\/davidbastos.com.br\/wp-content\/uploads\/2026\/03\/1-18x8.webp 18w\" sizes=\"(max-width: 1920px) 100vw, 1920px\" \/>\t\t<\/div>\n\t\t\t\t<div class=\"elementor-portfolio-item__overlay\">\n\t\t\t\t<h3 class=\"elementor-portfolio-item__title\">\n\t\tGuai\u00fa &#8211; Hotel e Eventos\t\t<\/h3>\n\t\t\t\t<\/div>\n\t\t\t\t<\/a>\n\t\t<\/article>\n\t\t\t\t<article class=\"elementor-portfolio-item elementor-post elementor-filter-25 elementor-filter-24 elementor-filter-26 elementor-filter-27 elementor-filter-23 post-4450 projeto type-projeto status-publish has-post-thumbnail hentry categoria-de-projeto-beach-club categoria-de-projeto-condominios categoria-de-projeto-obras categoria-de-projeto-projetos-em-andamento categoria-de-projeto-urbanismo\" role=\"listitem\">\n\t\t\t<a class=\"elementor-post__thumbnail__link\" href=\"https:\/\/davidbastos.com.br\/en\/projeto\/casa-buzios-areas-comuns-e-casas-modelo\/\">\n\t\t\t\t<div class=\"elementor-portfolio-item__img elementor-post__thumbnail\">\n\t\t\t<img decoding=\"async\" width=\"1920\" height=\"1011\" src=\"https:\/\/davidbastos.com.br\/wp-content\/uploads\/2026\/03\/01.webp\" class=\"attachment-full size-full wp-image-4459\" alt=\"\" srcset=\"https:\/\/davidbastos.com.br\/wp-content\/uploads\/2026\/03\/01.webp 1920w, https:\/\/davidbastos.com.br\/wp-content\/uploads\/2026\/03\/01-300x158.webp 300w, https:\/\/davidbastos.com.br\/wp-content\/uploads\/2026\/03\/01-1024x539.webp 1024w, https:\/\/davidbastos.com.br\/wp-content\/uploads\/2026\/03\/01-768x404.webp 768w, https:\/\/davidbastos.com.br\/wp-content\/uploads\/2026\/03\/01-1536x809.webp 1536w, https:\/\/davidbastos.com.br\/wp-content\/uploads\/2026\/03\/01-18x9.webp 18w\" sizes=\"(max-width: 1920px) 100vw, 1920px\" \/>\t\t<\/div>\n\t\t\t\t<div class=\"elementor-portfolio-item__overlay\">\n\t\t\t\t<h3 class=\"elementor-portfolio-item__title\">\n\t\tCasa B\u00fazios &#8211; \u00c1reas comuns e Casas Modelo\t\t<\/h3>\n\t\t\t\t<\/div>\n\t\t\t\t<\/a>\n\t\t<\/article>\n\t\t\t\t<article class=\"elementor-portfolio-item elementor-post elementor-filter-26 elementor-filter-27 elementor-filter-23 post-4419 projeto type-projeto status-publish has-post-thumbnail hentry categoria-de-projeto-obras categoria-de-projeto-projetos-em-andamento categoria-de-projeto-urbanismo\" role=\"listitem\">\n\t\t\t<a class=\"elementor-post__thumbnail__link\" href=\"https:\/\/davidbastos.com.br\/en\/projeto\/taipe-trancoso-areas-comuns-em-obra-3d\/\">\n\t\t\t\t<div class=\"elementor-portfolio-item__img elementor-post__thumbnail\">\n\t\t\t<img decoding=\"async\" width=\"1920\" height=\"1232\" src=\"https:\/\/davidbastos.com.br\/wp-content\/uploads\/2026\/03\/1715202811-013_Aerea_Falesia_A_03.webp\" class=\"attachment-full size-full wp-image-4431\" alt=\"\" srcset=\"https:\/\/davidbastos.com.br\/wp-content\/uploads\/2026\/03\/1715202811-013_Aerea_Falesia_A_03.webp 1920w, https:\/\/davidbastos.com.br\/wp-content\/uploads\/2026\/03\/1715202811-013_Aerea_Falesia_A_03-300x193.webp 300w, https:\/\/davidbastos.com.br\/wp-content\/uploads\/2026\/03\/1715202811-013_Aerea_Falesia_A_03-1024x657.webp 1024w, https:\/\/davidbastos.com.br\/wp-content\/uploads\/2026\/03\/1715202811-013_Aerea_Falesia_A_03-768x493.webp 768w, https:\/\/davidbastos.com.br\/wp-content\/uploads\/2026\/03\/1715202811-013_Aerea_Falesia_A_03-1536x986.webp 1536w, https:\/\/davidbastos.com.br\/wp-content\/uploads\/2026\/03\/1715202811-013_Aerea_Falesia_A_03-18x12.webp 18w\" sizes=\"(max-width: 1920px) 100vw, 1920px\" \/>\t\t<\/div>\n\t\t\t\t<div class=\"elementor-portfolio-item__overlay\">\n\t\t\t\t<h3 class=\"elementor-portfolio-item__title\">\n\t\tTa\u00edpe Trancoso &#8211; \u00c1reas comuns (em obra) 3D\t\t<\/h3>\n\t\t\t\t<\/div>\n\t\t\t\t<\/a>\n\t\t<\/article>\n\t\t\t\t<\/div>\n\t\t\t\t\t\t<\/div>\n\t\t\t\t<\/div>\n\t\t\t\t<\/div>\n\t\t\t\t\t<\/div>\n\t\t\t\t<\/div>\n\t\t\t\t\t<\/div>\n\t\t<\/div>\n\t\t\t\t\t\t<\/div>\n\t\t\t\t<\/div>\n\t\t\t\t<\/div>\n\t\t\t\t<\/div>","protected":false},"excerpt":{"rendered":"<p>Apartamentos Casas Comercial Mostras Edif\u00edcios Urbanismo Todos Coberturas Gardens Apartamento Marion &#8211; 1\u00ba im\u00f3vel do David Bastos em SP One Sixty &#8211; Vila Ol\u00edmpia III Itaim Bibi Cobertura Vila Nova Concei\u00e7\u00e3o Apartamento David Bastos V &#8211; Rio Verde Copacabana Itaim Bibi VI Vila Nova Concei\u00e7\u00e3o VI Wildberger III &#8211; Corredor da Vit\u00f3ria III Wildberger I [&hellip;]<\/p>","protected":false},"author":1,"featured_media":0,"parent":0,"menu_order":0,"comment_status":"closed","ping_status":"closed","template":"","meta":{"_acf_changed":false,"footnotes":""},"class_list":["post-277","page","type-page","status-publish","hentry"],"acf":[],"aioseo_notices":[],"_hostinger_reach_plugin_has_subscription_block":false,"_hostinger_reach_plugin_is_elementor":false,"_links":{"self":[{"href":"https:\/\/davidbastos.com.br\/en\/wp-json\/wp\/v2\/pages\/277","targetHints":{"allow":["GET"]}}],"collection":[{"href":"https:\/\/davidbastos.com.br\/en\/wp-json\/wp\/v2\/pages"}],"about":[{"href":"https:\/\/davidbastos.com.br\/en\/wp-json\/wp\/v2\/types\/page"}],"author":[{"embeddable":true,"href":"https:\/\/davidbastos.com.br\/en\/wp-json\/wp\/v2\/users\/1"}],"replies":[{"embeddable":true,"href":"https:\/\/davidbastos.com.br\/en\/wp-json\/wp\/v2\/comments?post=277"}],"version-history":[{"count":157,"href":"https:\/\/davidbastos.com.br\/en\/wp-json\/wp\/v2\/pages\/277\/revisions"}],"predecessor-version":[{"id":4692,"href":"https:\/\/davidbastos.com.br\/en\/wp-json\/wp\/v2\/pages\/277\/revisions\/4692"}],"wp:attachment":[{"href":"https:\/\/davidbastos.com.br\/en\/wp-json\/wp\/v2\/media?parent=277"}],"curies":[{"name":"wp","href":"https:\/\/api.w.org\/{rel}","templated":true}]}}